{"id":2764,"date":"2016-02-27T16:55:13","date_gmt":"2016-02-27T15:55:13","guid":{"rendered":"https:\/\/myallmeeting.com\/?page_id=2764"},"modified":"2025-06-17T17:16:45","modified_gmt":"2025-06-17T15:16:45","slug":"mentions-legales","status":"publish","type":"page","link":"https:\/\/www.myallmeeting.com\/fr\/mentions-legales\/","title":{"rendered":"CGU &#8211; Donn\u00e9es personnelles &#8211; Mentions l\u00e9gales"},"content":{"rendered":"<div class=\"container fs-wysiwyg mb-5\">\n<h2 class=\"wp-block-heading\" id=\"h-mentions-legales\">Mentions l\u00e9gales<\/h2>\n<\/div>\n\n<div class=\"container fs-wysiwyg mb-5\">\n<p>Vous \u00eates actuellement connect\u00e9 au site des prestations de s\u00e9minaire ou r\u00e9unions du groupe ACCOR. L\u2019utilisateur en ayant acc\u00e8s \u00e0 ce site s\u2019engage \u00e0 se conformer aux pr\u00e9sentes conditions d\u2019utilisation.<\/p>\n<\/div>\n\n<div class=\"container fs-wysiwyg mb-5\">\n<h3 class=\"wp-block-heading\" id=\"h-informations-editeur\">INFORMATIONS \u00c9DITEUR :<\/h3>\n<\/div>\n\n<div class=\"container fs-wysiwyg mb-5\">\n<p>Ce site est \u00e9dit\u00e9 par : ACCOR SA, Soci\u00e9t\u00e9 Anonyme immatricul\u00e9e au Registre du Commerce et des Soci\u00e9t\u00e9s sous le N\u00b0 RCS NANTERRE B 602 036 444, et dont le n\u00b0 de TVA intracommunautaire est FR 93 602 036 444, et inscrite au registre des agents de voyage et autres op\u00e9rateurs de s\u00e9jour sous le n\u00b0IM091100035. Garant : Aon \u2013 Avenue 77, Block A and Block B, Level 3 \u2013 Triq in-Negozju, Zone 3 \u2013 Central Business District, Birkirkara, CBD 3010 Malta. Assureur : CHUBB \u2013 Tour Opus \u2013 31 place des Corolles \u2013 92400 Courbevois \u2013 France.<\/p>\n<\/div>\n\n<div class=\"container fs-wysiwyg mb-5\">\n<h2 class=\"wp-block-heading\" id=\"h-accor-sa\">Accor SA<\/h2>\n<\/div>\n\n<div class=\"container fs-wysiwyg mb-5\">\n<p>Si\u00e8ge social <br>82, rue Henri Farman <br>CS 20077 <br>92445 ISSY-LES-MOULINEAUX FRANCE <br>T\u00e9l : +33 (0)1 45 38 86 00 <br><br>Directeur de la publication : Sebastien BAZIN<\/p>\n<\/div>\n\n<div class=\"container fs-wysiwyg mb-5\">\n<h3 class=\"wp-block-heading\" id=\"h-informations-hebergeur\">INFORMATIONS H\u00c9BERGEUR :<\/h3>\n<\/div>\n\n<div class=\"container fs-wysiwyg mb-5\">\n<p>Ce site est \u00e9dit\u00e9 par : <\/p>\n<\/div>\n\n<div class=\"container fs-wysiwyg mb-5\">\n<p><strong>OVH<\/strong><\/p>\n<\/div>\n\n<div class=\"container fs-wysiwyg mb-5\">\n<p>SAS au capital de 10 069 020\u20ac <br>RCS Lille M\u00e9tropole 424 761 419 00045 \/ Code APE 2620Z <br>N\u00b0 TVA : FR 22 424 761 419 <br>Si\u00e8ge Social : 2, rue Kellerman \u2013 59 100 ROUBAIX \u2013 France <\/p>\n<\/div>\n\n<div class=\"container fs-wysiwyg mb-5\">\n<h3 class=\"wp-block-heading\" id=\"h-protection-des-donnees-personnelles\">PROTECTION DES DONNEES PERSONNELLES : <\/h3>\n<\/div>\n\n<div class=\"container fs-wysiwyg mb-5\">\n<p>Pour en savoir plus sur la politique du Groupe Accor en mati\u00e8re de protection des donn\u00e9es personnelles, veuillez consulter la Charte de protection des donn\u00e9es personnelles des clients du Groupe Accor en cliquant directement sur le bouton \u00ab Donn\u00e9es Personnelles \u00bb situ\u00e9 en haut de cette page.<\/p>\n<\/div>\n\n<div class=\"container fs-wysiwyg mb-5\">\n<h3 class=\"wp-block-heading\" id=\"h-droits-d-auteur-copyright\">PROPRI\u00c9T\u00c9 INTELLECTUELLE : <\/h3>\n<\/div>\n\n<div class=\"container fs-wysiwyg mb-5\">\n<p>La marque Accor, ainsi que l&rsquo;ensemble des marques figuratives ou non et plus g\u00e9n\u00e9ralement tout autre signe distinctif figurant sur le Site, qu&rsquo;ils soient d\u00e9pos\u00e9s ou non (les \u00ab <strong>Marques <\/strong>\u00bb) sont et demeurent la propri\u00e9t\u00e9 exclusive d\u2019Accor ou ont \u00e9t\u00e9 conc\u00e9d\u00e9s en licence \u00e0 Accor. Aucun droit ni aucune licence d\u2019utilisation n\u2019est accord\u00e9 \u00e0 l\u2019Utilisateur en ce qui concerne les Marques.<\/p>\n<\/div>\n\n<div class=\"container fs-wysiwyg mb-5\">\n<p>Le Site et tous les \u00e9l\u00e9ments graphiques, textuels, visuels et photographiques y figurant, notamment toutes les illustrations, images, dessins et mod\u00e8les, photographies, caract\u00e8res, \u00e9l\u00e9ments textuels, d\u00e9cors, modes de pr\u00e9sentation, modalit\u00e9s d\u2019acc\u00e8s aux donn\u00e9es, bases de donn\u00e9es ou autre organisation des donn\u00e9es, graphismes ou autres \u00e9l\u00e9ments figurant sur le Site  (le \u00ab <strong>Contenu<\/strong> \u00bb) sont et demeurent la propri\u00e9t\u00e9 exclusive de Accor ou ont \u00e9t\u00e9 conc\u00e9d\u00e9s en licence \u00e0 Accor et sont prot\u00e9g\u00e9s par des droits de propri\u00e9t\u00e9 intellectuelle. Aucun droit ni aucune licence d\u2019utilisation n\u2019est accord\u00e9 \u00e0 l\u2019Utilisateur en ce qui concerne le Contenu.<\/p>\n<\/div>\n\n<div class=\"container fs-wysiwyg mb-5\">\n<p>Les Marques, le Site et\/ou le Contenu ne peuvent en aucun cas \u00eatre en tout ou partie modifi\u00e9s, reproduits, repr\u00e9sent\u00e9s, transmis, distribu\u00e9s, affich\u00e9s, vendus, int\u00e9gr\u00e9s dans une \u0153uvre d\u00e9riv\u00e9e ou autre type d\u2019\u0153uvre et ce, sur quelque support que ce soit. Plus g\u00e9n\u00e9ralement, les Marques, le Site et\/ou le Contenu sont fournis aux fins personnelles, priv\u00e9es et non commerciales de l\u2019Utilisateur. L\u2019usage de tout ou partie des Marques, du Site et\/ou du Contenu, notamment par t\u00e9l\u00e9chargement, reproduction, transmission, repr\u00e9sentation ou affichage \u00e0 d\u2019autres fins que celles pr\u00e9vues aux pr\u00e9sentes CGU est strictement interdit.<\/p>\n<\/div>\n\n<div class=\"container fs-wysiwyg mb-5\">\n<p>Sous r\u00e9serve du respect des pr\u00e9sentes CGU, Accor accorde aux Utilisateurs un droit personnel, non-exclusif et non-transf\u00e9rable d\u2019acc\u00e8s et d\u2019utilisation du Site, du Contenu et\/ou des Marques uniquement pour l\u2019utilisation personnelle et priv\u00e9e des Utilisateurs et \u00e0 des fins non commerciales. Par voie de cons\u00e9quence, il est strictement interdit de :<\/p>\n<\/div>\n\n<div class=\"container fs-wysiwyg mb-5\">\n<p>-copier, reproduire, repr\u00e9senter\/afficher, diffuser, distribuer et\/ou publier, de fa\u00e7on d\u00e9finitive ou provisoire, tout ou partie du Site et\/ou du Contenu et\/ou des Marques par tout moyen ou proc\u00e9d\u00e9 (notamment, le caching, le framing, etc.) et ce, sur tout support connu ou inconnu \u00e0 ce jour;<\/p>\n<\/div>\n\n<div class=\"container fs-wysiwyg mb-5\">\n<p>-cr\u00e9er des \u0153uvres d\u00e9riv\u00e9es \u00e0 partir du Site et\/ou du Contenu et\/ou des Marques ;<\/p>\n<\/div>\n\n<div class=\"container fs-wysiwyg mb-5\">\n<p>-modifier, traduire, adapter ou transformer tout ou partie du Site et\/ou du Contenu et\/ou des Marques;<\/p>\n<\/div>\n\n<div class=\"container fs-wysiwyg mb-5\">\n<p>-d\u00e9sassembler ou d\u00e9compiler le Site et\/ou le Contenu ou proc\u00e9der \u00e0 leur ing\u00e9nierie inverse;<\/p>\n<\/div>\n\n<div class=\"container fs-wysiwyg mb-5\">\n<p>-distribuer, transmettre, transf\u00e9rer, diffuser, vendre, louer, conc\u00e9der sous licence ou exploiter, de quelque mani\u00e8re que ce soit, tout ou partie du Site et\/ou du Contenu et\/ou des Marques.<\/p>\n<\/div>\n\n\n<ul class=\"wp-block-list\">\n<li><\/li>\n<\/ul>\n\n\n\n<ul class=\"wp-block-list\">\n<li><\/li>\n<\/ul>\n\n\n<div class=\"container fs-wysiwyg mb-5\">\n<h3 class=\"wp-block-heading\" id=\"h-credit-photographies\">CR\u00c9DIT PHOTOGRAPHIES<\/h3>\n<\/div>\n\n<div class=\"container fs-wysiwyg mb-5\">\n<p>Pour en savoir plus sur les photographies utilis\u00e9es sur le site www.myallmeeting.com, veuillez consulter la rubrique ci-dessous <strong>Cr\u00e9dit photos<\/strong>.<\/p>\n<\/div>\n\n<div class=\"container fs-wysiwyg mb-5\">\n<h3 class=\"wp-block-heading\" id=\"h-responsabilite\">RESPONSABILIT\u00c9<\/h3>\n<\/div>\n\n<div class=\"container fs-wysiwyg mb-5\">\n<p>Le Site et son Contenu sont fournis \u00ab en l&rsquo;\u00e9tat \u00bb et sous r\u00e9serve de leur disponibilit\u00e9. L\u2019Utilisateur est seul responsable de son utilisation du Site et de son Contenu et, notamment, du respect des obligations qui lui incombent aux termes des pr\u00e9sentes CGU.<\/p>\n<\/div>\n\n<div class=\"container fs-wysiwyg mb-5\">\n<p>Accor ne garantit pas que le Site ou son Contenu soit exempt d\u2019erreur ou accessible de mani\u00e8re ininterrompue. Le Site est normalement accessible 24 heures sur 24, et 7 jours sur 7, sous r\u00e9serve d\u2019un cas de force majeure, de la disponibilit\u00e9 du r\u00e9seau Internet et\/ou des interruptions du Site pour des raisons techniques li\u00e9es \u00e0 des mises \u00e0 jour du Site, \u00e0 sa maintenance ou \u00e0 toute autre cause technique. Accor s\u2019engage, dans le cadre d\u2019une obligation de moyens, \u00e0 fournir un acc\u00e8s au Site dans les conditions pr\u00e9vues aux pr\u00e9sentes CGU, et \u00e0 tout mettre en \u0153uvre afin de rem\u00e9dier \u00e0 tout dysfonctionnement, suspension ou interruption du Site port\u00e9 \u00e0 sa connaissance. L\u2019Utilisateur reconnait et convient que Accor pourra se trouver dans l\u2019obligation de suspendre momentan\u00e9ment ou d\u00e9finitivement l\u2019acc\u00e8s au Site sans pr\u00e9avis, notamment pour des raisons techniques et\/ou de maintenance, quelle qu\u2019en soit l\u2019origine ou la cause, sans que cela n\u2019entra\u00eene une quelconque responsabilit\u00e9 \u00e0 sa charge.<\/p>\n<\/div>\n\n<div class=\"container fs-wysiwyg mb-5\">\n<p>Il est \u00e9galement pr\u00e9cis\u00e9 que le r\u00e9seau Internet et les syst\u00e8mes d\u2019information et de t\u00e9l\u00e9communications utilis\u00e9s dans le cadre de l\u2019acc\u00e8s au Site et de son utilisation ne sont pas exempts d\u2019erreurs ou de bogues et que des interruptions et pannes peuvent occasionnellement survenir. La responsabilit\u00e9 d\u2019Accor ne saurait \u00eatre engag\u00e9e pour tous les inconv\u00e9nients, pertes ou dommages li\u00e9s \u00e0 l&rsquo;utilisation du r\u00e9seau Internet, y compris, notamment, en cas de transmission et\/ou de r\u00e9ception de donn\u00e9es et\/ou d\u2019informations sur Internet de mauvaise qualit\u00e9, tout d\u00e9faut de r\u00e9ception d\u2019\u00e9quipements ou de lignes de communication, tout dysfonctionnement du r\u00e9seau Internet emp\u00eachant le bon fonctionnement du Site  et, plus g\u00e9n\u00e9ralement, toute perte ou dommage d\u00e9coulant de l\u2019utilisation du Site , du r\u00e9seau Internet et des syst\u00e8mes d\u2019information et de t\u00e9l\u00e9communications. Accor, ses dirigeants et ses salari\u00e9s ne sauraient \u00eatre tenus responsables de toute perte ou dommage, quelle qu\u2019en soit la cause, d\u00e9coulant de l\u2019utilisation du Site, dont l\u2019Utilisateur est seul responsable. Il appartient aux Utilisateurs de prendre toutes les mesures appropri\u00e9es afin d\u2019assurer la s\u00e9curit\u00e9 de leurs \u00e9quipements, donn\u00e9es, logiciels ou autres \u00e9l\u00e9ments leur appartenant, notamment contre toute contamination par un virus et\/ou toute tentative d\u2019intrusion dont ils pourraient \u00eatre victimes.<\/p>\n<\/div>\n\n<div class=\"container fs-wysiwyg mb-5\">\n<h3 class=\"wp-block-heading\" id=\"h-responsabilite\">FORCE MAJEURE<\/h3>\n<\/div>\n\n<div class=\"container fs-wysiwyg mb-5\">\n<p>La force majeure s&rsquo;entend de tout \u00e9v\u00e9nement qui \u00e9chappe au contr\u00f4le de l\u2019une des parties, qui ne pouvait \u00eatre raisonnablement pr\u00e9vu lors de la conclusion du contrat et dont les effets ne peuvent \u00eatre \u00e9vit\u00e9s par des mesures appropri\u00e9es, emp\u00eachant l&rsquo;ex\u00e9cution de tout ou partie de ses obligations pr\u00e9vues au contrat. Sont consid\u00e9r\u00e9s comme cas de force majeure ou cas fortuit ceux habituellement reconnus par la jurisprudence des Cours et Tribunaux fran\u00e7ais.<\/p>\n<\/div>\n\n<div class=\"container fs-wysiwyg mb-5\">\n<p>Chaque partie ne pourra \u00eatre tenue responsable \u00e0 l&rsquo;\u00e9gard de l&rsquo;autre partie en cas d&rsquo;inex\u00e9cution de ses obligations r\u00e9sultant d&rsquo;un \u00e9v\u00e9nement de force majeure. Il est express\u00e9ment convenu que la force majeure suspend, pour les parties, l&rsquo;ex\u00e9cution de leurs obligations r\u00e9ciproques et que chaque partie supporte la charge des frais qui en d\u00e9coulent.<\/p>\n<\/div>\n\n<div class=\"container fs-wysiwyg mb-5\">\n<h3 class=\"wp-block-heading\" id=\"h-responsabilite\">DISPOSITIONS DIVERSES<\/h3>\n<\/div>\n\n<div class=\"container fs-wysiwyg mb-5\">\n<p>Le Site est disponible en fran\u00e7ais, anglais, espagnol, italien, portuguais, et allemand. La langue fran\u00e7aise faisant foi, dans l\u2019hypoth\u00e8se o\u00f9 le Site ferait l\u2019objet d\u2019une traduction en langue \u00e9trang\u00e8re, la langue fran\u00e7aise pr\u00e9vaudra sur toute autre traduction en cas de contestation, litige, difficult\u00e9 d&rsquo;interpr\u00e9tation ou d&rsquo;ex\u00e9cution des pr\u00e9sentes conditions et de fa\u00e7on plus g\u00e9n\u00e9rale concernant les relations existantes entre les parties.<\/p>\n<\/div>\n\n<div class=\"container fs-wysiwyg mb-5\">\n<p>Si une ou plusieurs dispositions des pr\u00e9sentes CGU sont jug\u00e9es invalides ou inapplicables en vertu d\u2019une loi ou de toute r\u00e8glementation applicable ou par une d\u00e9cision d\u2019une juridiction comp\u00e9tente, cette disposition sera supprim\u00e9e mais sans que cela n\u2019affecte la validit\u00e9 ou l\u2019applicabilit\u00e9 des autres dispositions.<\/p>\n<\/div>\n\n<div class=\"container fs-wysiwyg mb-5\">\n<p>Tout manquement par Accor \u00e0 faire valoir ses droits en vertu d\u2019une quelconque disposition des pr\u00e9sentes CGU ne saurait \u00eatre consid\u00e9r\u00e9 ou interpr\u00e9t\u00e9 comme valant renonciation au b\u00e9n\u00e9fice de cette disposition ou au droit de la faire appliquer ult\u00e9rieurement et\/ou \u00e0 tout recours que Accor peut exercer en cas de manquement \u00e0 cette disposition.<\/p>\n<\/div>\n\n<div class=\"container fs-wysiwyg mb-5\">\n<h3 class=\"wp-block-heading\" id=\"h-responsabilite\">LOI APPLICABLE &#8211; R\u00c9CLAMATIONS ET LITIGES<\/h3>\n<\/div>\n\n<div class=\"container fs-wysiwyg mb-5\">\n<p>Les pr\u00e9sentes CGU sont r\u00e9gies et interpr\u00e9t\u00e9es conform\u00e9ment au droit fran\u00e7ais, sans faire obstacle aux dispositions imp\u00e9ratives protectrices \u00e9ventuellement applicables du pays de r\u00e9sidence des consommateurs.<\/p>\n<\/div>\n\n<div class=\"container fs-wysiwyg mb-5\">\n<p>En cas de r\u00e9clamation ou de litige en lien avec, ou d\u00e9coulant de, l\u2019application, l\u2019interpr\u00e9tation ou l\u2019ex\u00e9cution des pr\u00e9sentes CGU, les parties s\u2019engagent \u00e0 rechercher un r\u00e8glement amiable au diff\u00e9rend. \u00c0 d\u00e9faut d\u2019accord amiable dans un d\u00e9lai de deux (2) mois \u00e0 compter de la r\u00e9ception par Accor d\u2019une notification \u00e9crite l\u2019informant du litige adress\u00e9e conform\u00e9ment aux termes ci-dessus, chaque partie pourra porter le litige devant les tribunaux fran\u00e7ais comp\u00e9tents, \u00e9tant toutefois entendu que l\u2019Utilisateur pourra recourir \u00e0 une proc\u00e9dure alternative de r\u00e8glement du diff\u00e9rend dont, notamment, une proc\u00e9dure de m\u00e9diation via la plateforme europ\u00e9enne de r\u00e8glement en ligne des litiges accessible \u00e0 l\u2019adresse <a href=\"http:\/\/ec.europa.eu\/odr\">http:\/\/ec.europa.eu\/odr<\/a> qui tentera de r\u00e9soudre le diff\u00e9rend \u00e0 l\u2019amiable.<\/p>\n<\/div>\n\n<div class=\"container fs-wysiwyg mb-5\">\n<h3 class=\"wp-block-heading\" id=\"h-responsabilite\">Contact<\/h3>\n<\/div>\n\n<div class=\"container fs-wysiwyg mb-5\">\n<p>Pour toute information compl\u00e9mentaire ou plainte relative \u00e0 l&rsquo;utilisation du Site, l&rsquo;Utilisateur peut envoyer un e-mail \u00e0 l&rsquo;adresse enab2bmarketing@accor.com ou par courrier \u00e0 l&rsquo;adresse indiqu\u00e9e ci-dessus.<\/p>\n<\/div>\n\n<div class=\"container fs-wysiwyg mb-5\">\n<h2 class=\"wp-block-heading\" id=\"h-cookies-et-autre-traceurs\">Cookies et autre traceurs<\/h2>\n<\/div>\n\n<div class=\"container fs-wysiwyg mb-5\">\n<p>Accor SA utilise des cookies et d\u2019autres traceurs sur ses sites de r\u00e9servation en ligne. Pour en savoir plus sur l\u2019utilisation de ces traceurs par Accor et pour les param\u00e9trer, veuillez consulter notre politique relative aux traceurs.<\/p>\n<\/div>\n\n<div class=\"container fs-wysiwyg mb-5\">\n<h3 class=\"wp-block-heading\" id=\"h-cookies\">COOKIES<\/h3>\n<\/div>\n\n<div class=\"container fs-wysiwyg mb-5\">\n<p>Sur le site internet MyALLMeeting, Accor et ses partenaires souhaitent stocker ou acc\u00e9der \u00e0 des informations sur votre terminal pour : (i) faire fonctionner les sites et vous fournir les services que vous demandez (vous ne pouvez pas les refuser); (ii) am\u00e9liorer et personnaliser les fonctionnalit\u00e9s des sites; (iii) mesurer l\u2019audience et la performance des sites; (iv) \u00e9tablir un profil de vos int\u00e9r\u00eats pour vous proposer des publicit\u00e9s pertinentes; (v) vous permettre d\u2019interagir avec des r\u00e9seaux sociaux. Vous pourrez modifier vos choix \u00e0 tout moment en cliquant sur le lien \u00ab Cookies \u00bb en bas de page. Les cookies sont des petits fichiers textes qui peuvent \u00eatre utilis\u00e9s par les sites web pour rendre l\u2019exp\u00e9rience utilisateur plus efficace. La loi stipule que nous ne pouvons stocker des cookies sur votre appareil que s\u2019ils sont strictement n\u00e9cessaires au fonctionnement de ce site. Pour tous les autres types de cookies, nous avons besoin de votre permission. Ce site utilise diff\u00e9rents types de cookies. Certains cookies sont plac\u00e9s par les services tiers qui apparaissent sur nos pages. \u00c0 tout moment, vous pouvez modifier ou retirer votre consentement d\u00e8s la D\u00e9claration relative aux cookies sur notre site web. En savoir plus sur qui nous sommes, comment vous pouvez nous contacter et comment nous traitons les donn\u00e9es personnelles veuillez voir notre Politique confidentialit\u00e9. Veuillez indiquer l\u2019identifiant de votre consentement et la date \u00e0 laquelle vous nous avez contact\u00e9s concernant votre consentement. Votre consentement s\u2019applique aux domaines suivants : myallmeeting.com <\/p>\n<\/div>\n\n\n<div class=\"container fs-wysiwyg mb-5\">\n<script\n  id=\"CookieDeclaration\"\n  src=\"https:\/\/consent.cookiebot.com\/1e97d2fb-c095-4908-97b8-057c48f98f4c\/cd.js\"\n  type=\"text\/javascript\"\n><\/script>\n<\/div>\n\n\n<div class=\"container fs-wysiwyg mb-5\">\n<h2 class=\"wp-block-heading\" id=\"h-credits-photos\">Cr\u00e9dits photos<\/h2>\n<\/div>\n\n<div class=\"container fs-wysiwyg mb-5\">\n<p><strong>Les photos pr\u00e9sent\u00e9es sur le site ne sont pas contractuelles.<\/strong> <br>\u00a9 Copyright phototh\u00e8que Accor \u00a9 Maud Delaflotte \u00a9 Fabrice Rambert \u00a9 Abaca Corporate\/Jacques-Yves Gucia \u00a9 Yoan Chevojon \u00a9 Tommy Picone \u00a9 Francis Amiand \u00a9 Jennifer Marionnaud \u00a9 Franck Gallen \u00a9 Abaca Corporate\/Philippe Louzon \u00a9 Gilles Trillard \u00a9 Axel Ruhomaully \u00a9 Pierre-Emmanuel Rastoin \u00a9 Patrick Tohier \/ Photomobile \u00a9 Christine Dransard \u00a9 Philip Clark \u00a9 Stefan Kraus \u00a9 Fabian Charaffi \u00a9 Abaca Corporate\/Cyril Chauvin \u00a9 Abaca Corporate\/S\u00e9bastien Calvet \u00a9 Christophe Rambert \u00a9 Yann Bouvier \u00a9 Abaca Corporate\/Boris Zuliani \u00a9 Brice Canonne \u00a9 Dan Viesner \u00a9 Philippe Wang \u00a9 Abaca Corporate\/Pierre Charriau \u00a9 Abaca Corporate\/Marie-Caroline Lucat \u00a9 Abaca Corporate\/Annelore Van Herwijnen \u00a9 Abaca Corporate\/Antoine Huot \u00a9 Karl Hab \u00a9 Edouard Lapeyre \u00a9 4B Company \u00a9 Abaca Corporate\/Jo Hanley \u00a9 Tom Evangelidis \u00a9 Abaca Corporate\/Darren Lennon \u00a9 Mickael Weiss \u00a9 Abaca Corporate\/Sylvie Curty \u00a9 Abaca Corporate\/Serge Detalle \u00a9 Emmanuel Ferrand \u00a9 Heath Worsley \u00a9 Abaca Corporate\/Anthony Lanneretonne \u00a9 Alexis Armanet \u00a9 Sylwia Murat\u00f3w-Boduch \u00a9 Abaca Corporate\/S\u00e9bastien Jourdan \u00a9 Matthieu Lemaire-Courapied \u00a9 Geoff Lung \u00a9 Damien Bredberg \u00a9 DR \u00a9 Fotolia\/Bajabandito \u00a9 St\u00e9phane Kossmann \u00a9 Pierre Guillere \u00a9 J.P Bost \u00a9 Pierre Jean Rey \u00a9 Abaca Corporate\/Fabrice Malard \u00a9 Office du Tourisme de Nantes \/ P.G\u00e9rard \u00a9 Abaca Corporate\/Vincent Bauza \u00a9 OT Saint-Germain-en-Laye \u00a9 JC N\u2019Diaye \u00a9 Francois Leguen \u00a9 Fontainebleau Tourisme \u00a9 OTB\/Fran\u00e7ois Poincet \u00a9 Jo\u00ebl Biletta \u00a9 Groupe C2 360 \u00a9 Abaca Corporate\/Stefan Kraus \u00a9 Abaca Corporate\/Didier Delmas \u00a9 Abaca Corporate\/Carl Diner \u00a9 Abaca Corporate\/Nicolas Fleur\u00e9 \u00a9 Serge Detalle \u00a9 Lazi \u2013 CRT Centre \u00a9 Samuel Dhote \u00a9 Bertrand Podemski \u00a9 Jean Guichard \u00a9 Jean Marc Ricome \u00a9 Yvan Moreau \u00a9 Serge Manelli \u00a9 Fanch Galivel \u00a9 Olivier Guerrin \u00a9 Yoann Bremond \u00a9 J\u00e9r\u00e9my Lacave \u00a9 Eric Cuvillier \u00a9 Christian Poncelet \u00a9 Glenn Aitken \u00a9 Gr\u00e9goire Gardette \u00a9 Yves Mahe \u00a9 Yannick Labrousse \u00a9 Marie-Charlotte Mussi \u00a9 Dominique Torchut \u00a9 Claude Rodriguez \u00a9 Thierry Gaillac \u00a9 Abaca Corporate\/Valerie Broquisse \u00a9 Philippe Praliaud \u00a9 Fr\u00e9d\u00e9ric Baron-Morin \u00a9 Emmanuel Reyboz \u00a9 Abaca Corporate\/J\u00e9r\u00e9mie Mazenq \u00a9 Aurelie Evrard \u00a9 Abaca Corporate\/Manu Reyboz \u00a9 Virginie Fran\u00e7ois \u00a9 Abaca Corporate\/Maurine Tric \u00a9 Xavier Ferrand \u00a9 Marc Bertrand \u00a9 Andrew Porter \u00a9 Abaca Corporate\/Etienne Ruggeri \u00a9 Jacques Yves Gucia \u00a9 David Grimbert \u00a9 Jean-Luc Gay \u00a9 Fr\u00e9d\u00e9ric Jouhanin \u00a9 Thierry Bou\u00ebt \u00a9 Antoine Huot \u00a9 Pascal Reynaud \u00a9 Philippe Voncken \u00a9 Tadeu Brunelli \u00a9 Sarah Knoblauch \u00a9 Nicolas Coup\u00e9 \u00a9 J\u00e9rome Kelagopian \u00a9 Anne-Emmanuelle Thion \u00a9 Paris Tourist Office \u2013 Photographe : \u00a9 Sarah Sergent \u00a9 Paris Tourist Office \u2013 Photographe : Jacques Lebar \u00a9 Julien Philippy \u00a9 Franck Sonnet \u00a9 Fr\u00e9d\u00e9ric Chateaux \u00a9 Marc Bouquet \u00a9 Abaca Corporate\/Christian Creutz \u00a9 Alban Gilbert \u00a9 Loic Bourniquel \u00a9 Aur\u00e9lie Voisin \u00a9 Gr\u00e9gor Onipenko \u00a9 Abaca Corporate\/Christophe Urbain \u00a9 St\u00e9phane Lapeyre \u00a9 Frederic Brasiles \u00a9 Julien Philippy \u00a9 Elisabeth Rossolin \u00a9 Alain Issock \u00a9 David Gl\u00e9varec \u00a9 Denis-John Savey \u00a9 Vincent Meyer \u00a9 Abaca Corporate\/David Manaud \u00a9 Abaca Corporate\/France Dubois \u00a9 Christian Pedrotti \u00a9 Abaca Corporate\/Leo Bigiaoui \u00a9 Vincent Louis \u00a9 Abaca Corporate\/Valerie Broquisse \u00a9 Alban Danguy Des D\u00e9serts \u00a9 Fr\u00e9d\u00e9ric Soulat \u00a9 Gilles Dubois \u00a9 Caroline Moureaux \u00a9 Jack Burlot \u00a9 Michel Jaussaud \u00a9 Sylvia Montesinos \u00a9 Olivier Gorgues \u00a9 Cl\u00e9ment Zigliani \u00a9 Paris Tourist Office \u2013 Photographe : \u00a9 Daniel Thierry \u00a9 David Lefranc \u00a9 Robert Smith \u00a9 Bruno Longo \u00a9 Fotobubbles Tech Pvt Ltd \u00a9 Patrick Alberra \u00a9 Ayoub Rahali \u00a9 Laurent Banquet \u00a9 Pascal Delage \u00a9 Abaca Corporate\/Anne-Emmanuelle Thion \u00a9 Sandrine Rouelle \u00a9 Fabrice Mahaut \u00a9 Nicolas Richard \u00a9 Aur\u00e9lien Banchereau \u00a9 Jean-Fran\u00e7ois Couty \u00a9 Abaca Corporate\/Elodie Winter \u00a9 Beno\u00eet Audouin \u00a9 Yann David \u00a9 Atelier Demoulin \u00a9 Maryvonne Desdoits \u00a9 Olivier Robinet \u00a9 Arnold Van West \u00a9 Michael Spencer \u00a9 Cathy Dubuisson \u00a9 Luc Selvais \u00a9 St\u00e9phane Michaux \u00a9 Fr\u00e9d\u00e9ric Margueron \u00a9 Abaca Corporate\/C\u00e9dric Chass\u00e9 \u00a9 Mathieu Pecheur \u00a9 OT Rennes \u00a9 Fran\u00e7ois Gaudin \u00a9 Guillaume Gad \u00a9 Benoit Pailley \u00a9 Xavier Muyard \u00a9 Michael Kolcheski \u00a9 Herv\u00e9 Leclair \u00a9 Laurent Pichot-Allamand \u00a9 Jean-Gabriel Soula \u00a9 Erick Larrieu \u00a9 Olivier Photo \u00a9 Karin Creuzet \u00a9 Jean-Marc Simmonet \u00a9 Xavier Cominardi \u00a9 G\u00e9rard Vallet \u00a9 Jean Guichard \u00a9 Jean Guichard \u00a9 Dubai Tourism-DTCM \u00a9 Charly Erwin \u00a9 Benjamin Alcazar Madrazo \u00a9 Ludovic Aubert \u00a9 Abaca Corporate\/Jeff Bauche \u00a9 Agus Darmika \u00a9 Tadeu Brunelli \u00a9 Fran\u00e7ois Poincet \u00a9 Jean-Charles Laurent \u00a9 Laurent Warin \u00a9 Igloo Architectures \u00a9 Jean-Fran\u00e7ois \u00a9 David Francois \u00a9 C. Baudot \u00a9 Maurice Rebeix \u00a9 Abaca Corporate\/Julien Valantin \u00a9 Daniela Petrel \u00a9 Fr\u00e9d\u00e9ric de Baillancourt \u00a9 Jean-Luc Abraini \u00a9 Nico Hertgen \u00a9 Jean-Luc Abraini \u00a9 Francis Waldman \u00a9 David Nakache \u00a9 Francis Claria \u00a9 Herv\u00e9 Delaroque \u00a9 Abaca Corporate\/Lina Skukausk\u00e9 \u00a9 Antoine Pesch \u00a9 Philippe Sautier \u00a9 Fran\u00e7ois Aubonnet \u00a9 G\u00e9rald Angibaud \u00a9 Sarah Arphi \u00a9 Christian Michel \u00a9 Guillaume Fraysse \u00a9 Emmanuel Lattes \u00a9 Christophe Bielsa \u00a9 Clermont Fu \u00a9 Paul Klensch \u00a9 C\u00e9dric Masselon \u00a9 Marc Grenier \u00a9 Adrien Anelli \u00a9 Ville de Charleville-Me\u0301zie\u0300res \u00a9 Carl Gustin \u00a9 Sophie Bluy \u00a9 OT Aix Les Bains \u2013 Gilles Lansard \u00a9 Christopher Willan \u00a9 iStock\/Rawpixel \u00a9 Pierre Eyraud \u00a9 J\u00e9r\u00f4me Mondi\u00e8re \u00a9 Frank Herfort \u00a9 Eugenio Mario Martins da Silva \u00a9 Alice Bernard \u00a9Yannig Groux \u00a9 Thomas Dhellemmes \u00a9 Ludovic Gombert \u00a9 Christoph Weiss \u00a9 Pascal Kyriazis \u00a9 Fran\u00e7oise Gaudin \u00a9 Minh Tang \u00a9 Romain Deyla \u00a9 Abaca Corporate\/Aleksandre Pinel \u00a9 Fr\u00e9d\u00e9ric Maligne \u00a9 Brice Dirl\u00e8s \u00a9 Christophe Aubailly \u00a9 Daniel Joubert \u00a9 Amandine Moreau \u00a9 Office du Tourisme de Nantes \/ P.G\u00e9rard \u00a9 Nicolas Durand \u00a9 Charles Edouard Gil \u00a9 St\u00e9phane Marie \u00a9 C\u00e9line Lecamus-Locatelli \u00a9 Pierre Sevin \u00a9 Halit Cumhur Aygun \u00a9 Carlos Henao \u00a9 iStock\/Liderina \u00a9 Benoit Baert \u00a9 Hugo Mercier \u00a9 Sylvie Curlyi \u00a9 Christophe Kicien \u00a9 Julien Boisard \u00a9 Manon Levet \u00a9 Alban Hefti \u00a9 Jessica Lecubin \u00a9 Benoit Dupin \u00a9 Anne Lanta \u00a9 Rapha\u00ebl Bianchi \u00a9 Abaca Corporate\/Cyril Folliot \u00a9 Abaca Corporate\/Giuliano Ottaviani \u00a9 V\u00e9ronique Mati \u00a9 Johanna Pesendorfer \u00a9 Fr\u00e9d\u00e9ric Goutorbe \u00a9 Abaca Corporate\/Jean-Paul Lefret \u00a9 jean-Philippe Juen \u00a9 Victoria Magnani \u00a9 Gr\u00e9gory Deutsch \u00a9 Hong-Phuc Bui \u00a9 Gilles Bonugli \u00a9 Eric Bergoend \u00a9 Jean-Michel Gueugnot \u00a9 Jonathan Barbot \u00a9 Fabrice Noguera \u00a9 Romain Ricard \u00a9 Emilie Polak \u00a9 Thomas Aubin \u00a9 Fabrice Arfaras \u00a9 Abaca Corporate\/Julien Fernandez \u00a9 S\u00e9bastien Besselia \u00a9 Nicolas Gomez \u00a9 Abaca Corporate\/Philippe Costes \u00a9 Alexis Courcoux \u00a9 Christophe Pean \u00a9 Matthieu Aveaux \u00a9 Azeline Qu\u00e9mard \u00a9 Maxime M\u00e9an \u00a9 Emmaunel Duclos \u00a9 Georgi Lazarevski \u00a9 Philippe Dalaudi\u00e8re \u00a9 Leslie Refine \u00a9 Fabrice Duneau \u00a9 Michel Renac \u00a9 Lo\u00efc Picon \u00a9 Benoit Bouclet \u00a9 Jean-No\u00ebl Lanthiez \u00a9 Julien Holdrinet \u00a9 S\u00e9bastien Texier \u00a9 Fran\u00e7ois Leteuil \u00a9 St\u00e9phanie Biscaye \u00a9 Erwan Daniel \u00a9 Boris Chauvet \u00a9 Anthony Cottarel \u00a9 Charley Bohy \u00a9 Serge Lohner \u00a9 Bernard Galeron \u00a9 Emilie Chaix \u00a9 Herv\u00e9 Fabre \u00a9 Yann Millo \u00a9 Audrey Lestrade \u00a9 Fr\u00e9d\u00e9ric Berthet \u00a9 Abaca Corporate\/Fabrice Dunou \u00a9 Magali Poujol \u00a9 Abaca Corporate\/Erwan Piquet \u00a9 Abaca Corporate\/Patrick Galibert \u00a9 Fassih Belmokhtar \u00a9 Rodolphe Franchi \u00a9 Abaca Corporate\/Yoan Chevojon \u00a9 Axel Crevaux \u00a9 Yannick Ceva \u00a9 Veldman \/ Reyboz \u00a9 J\u00e9r\u00e9my Cuenin \u00a9 Kishore Ramsoondur \u00a9 Mickael Vevres \u00a9 Christophe Ichou \u00a9 Bogdan Girbeau \u00a9 Philippe Gromelle \u00a9 Antoine Motard \u00a9 Arnaud Lombard \u00a9 Samuel Ferdjioui \u00a9 Alain Martineau \u00a9 Nassib Traboulsi \u00a9 Mathieu Leick \u00a9 Didier Dorsay \u00a9 Olivier Pain \u00a9 William Denizet \u00a9 Agence Blanchet d\u2019Istria \u00a9 Franc\u00e7ois Webre \u00a9 Anthony Cosquer \u00a9 Thomas Lombard \u00a9 Abaca Corporate\/Johann Majerus \u00a9 Caroline Garnier \u00a9 Thierry Barret \u00a9 Kevin Soler \u00a9 Hugues Lagarde \u00a9 Mylene Grolleau \u00a9 S\u00e9bastien Browaeys \u00a9 Olivier Rimbon Foeller \u00a9 Loic Bisoli \u00a9 Arnaud Chapelle \u00a9 Sandrine Mariaud \u00a9 Philippe Cauneau \u00a9 Melida Berton \u00a9 Philippe Jacques \u00a9 Florent Dappelo \u00a9 Val\u00e9rie Mate \u00a9 Gwendal Besnard \u00a9 Maude Artarit \u00a9 Abaca Corporate\/Jonah Samyn \u00a9 Emilie Balle \u00a9 Thierry Crestan \u00a9 Fr\u00e9d\u00e9ric Garrigues \u00a9 Pierre Jayet \u00a9 J\u00e9r\u00f4me Mondiere \u00a9 Fr\u00e9d\u00e9ric Fortin \u00a9 Thomas Kuchel \u00a9 Franck Taillade \u00a9 Ronan Le Meur \u00a9 Jean-Fran\u00e7ois Anterrion \u00a9 C\u00e9dric Tuizat \u00a9 Thierry Puyfages \u00a9 Sarah Gineston \u00a9 Daniel Amilhastre \u00a9 Option d\u2019int\u00e9rieur \u00a9 Marc Jauneaud \u00a9 Abaca Corporate\/Richard Soberka \u00a9 Jean-Fran\u00e7ois Hamard \u00a9 Abaca Corporate\/Julien Fernandez \u00a9 Dominique Moreau \u00a9 J\u00e9r\u00f4me Pladec \u00a9 H\u00e9l\u00e8ne Goux \u00a9 Etienne Straub \u00a9 Christian Roy \u00a9 Antoine Muzard \u00a9 Arnaud Valz-Blin \u00a9 Jean-Marc Famarelli \u00a9 Patrick Rogma \u00a9 Damien Delburg \u00a9 R\u00e9mi Pujol \u00a9 Damien Soissons \u00a9 Philippe Brazil \u00a9 Manuel Clauzier \u00a9 Elodie Vimard \u00a9 L\u00e9o Valdet Hiseni \u00a9 Jean-Louis Leclerc \u00a9 Wesley Coopman \u00a9 Adam Huddleston \u00a9 Guillaume Reynaud \u00a9 Eric Roger \u00a9 Boris Antona \u00a9 Oana Sisu \u00a9 Arnaud Lasnier \u00a9 Abaca Corporate\/Guillaume Satre \u00a9 Xavier Morize \u00a9 Gilles Galas \u00a9 Ali Rangoonwalla \u00a9 Abaca Corporate\/Adam Wiseman \u00a9 Lionel Bricon \u00a9 David Glevarec \u00a9 Robert Boucher \u00a9 Fran\u00e7ois Dugue \u00a9 Estelle Portejoie \u00a9 Anna Podkowinska \u00a9 Fabrice Prezzo \u00a9 Matthieu Gouot \u00a9 Jean Luc Abraini \u00a9 Alexander Krips \u00a9 Felice Eacobellis \u00a9 Copyright 2017 FRHI \u00a9 Philippe Piron \u00a9 Shootin Video \u00a9 Nathalie Rossolin \u00a9 Alexandre Halberdier \u00a9 Jean-Marc Delagarde \u00a9 Philippe Lutz \u00a9 Marina Le \u00a9 Julien Pontarolo \u00a9 Olivier Pravert \u00a9 Sam Nugroho \u00a9 Masano Kawana \u00a9 Abaca Corporate\/Bob Coscarelli \u00a9 Abaca Corporate\/Vangelis Paterakis \u00a9 J.J L\u2019H\u00e9ritier \u00a9 Jose Humberto Leite Ribeiro Silva Pinto \u00a9 Fernando Zequinao \u00a9 Mi Xu \u00a9 Ben Fisher \u00a9 Jasmin Falzagic \u00a9 Guillaume Grasset \u00a9 Arnaud Laplanche \u00a9 Valentine Hallouin \u00a9 Abaca Corporate\/Pavlos Efthimiou \u00a9 Simon Bourcier \u00a9 Jeremy Teper \u00a9 Marion Smodila \u00a9 Sebastien Giraud \u00a9 Stephan Julliard \u00a9 Julie Limont \u00a9 Marl\u00e8ne Descaillot \u00a9 Ang\u00e9lique Chapon \u00a9 Morbihan Affaires \u00a9 Mathilde Marechal \u00a9 Joakim Leroy \u2013 Getty-Images \u00a9 SergeyAK, iStock Editorial \u2013 Getty Images Plus \u00a9 Ross Helen, iStock \u2013 Getty Images Plus \u00a9 Ventdusud, iStock Getty Images Plus \u00a9 Caroline Moureaux \u00a9 B. Dirl\u00e8s et F. Maligne \u00a9 Damien Dohmen \u00a9 Pixelfit, E+, Getty-Images \u00a9 Technotr, E+, Getty-Images \u00a9 Xantana, iStock, Getty-Images \u00a9 EoNaYa, iStock, Getty Images \u00a9 Eric Cowez, iStock, Getty Images \u00a9 Rostislav Sedlacek, iStock, Getty Images \u00a9 Olivier Bertin \u00a9 RossHelen, iStock, Getty Images Plus \u00a9 DaLiu, iStock, Editorial Getty Images Plus \u00a9 amesy E+ \u00a9 Monticelllo, iStock, Getty Images Plus \u00a9 Nicolas Daumas \/ EyeEm, Getty-Images \u00a9 Therry, iStock, Getty Images Plus \u00a9 Southtownboy, iStock, Getty Images Plus \u00a9 Benkrut, iStock, Getty Images Plus \u00a9 Florian Claudel \u00a9 Thehague, iStock, Getty Images Plus \u00a9 Benkrut, iStock, Getty Images Plus \u00a9 Kodachrome 25, iStock, Getty Images Plus \u00a9 RossHelen, iStock, Getty Images Plus \u00a9 Picture Reflex, iStock, Getty Images Plus \u00a9 Clodio, iStock, Getty Images Plus \u00a9 CarmenGabriela Clodio, iStock, Getty Images Plus \u00a9 George Rudy, iStock, Getty Images Plus \u00a9 Neirfy, iStock, Getty Images Plus \u00a9 Alxpin, iStock, Getty Images Plus \u00a9 Serge Detalle, GettyImages-842445384 (c) pixelfit \u2013 E, GettyImages-876683340 (c) nd3000 iStock Getty Images Plus, GettyImages-941265460 (c) skynesher \u2013 E \u00a9 Ivan-balvan iSotck Getty Images Plus \u00a9 pixelfit \u2013 E+ \u00a9 Ridofranz iStock \u2013 Getty Images Plus \u00a9 mediaphotos \u2013 iStock Getty Images Plus \u00a9 natasaadzic \u2013 iStock Getty Images Plus \u00a9 Tadej Zupancic \u2013 E \u00a9 mantra.com.au \u00a9 group.accor.com \u00a9 Cameravit \u2013 iStock Getty Images \u00a9 Peopleimages \u2013 E+ Getty Image \u00a9 Fizkes \u2013 iStock Getty Images plus \u00a9 AdobeStock_27481151 \u00a9 AdobeStock_176616972 \u00a9 AdobeStock_211030563 \u00a9 Dominika Waskiewicz Kepa \u00a9 Thomas Baumhauer \u00a9 Ilya Davidovich \u00a9 Vicenzo Scudieri \u00a9 Sylvie Banquetel \u00a9 Marc Dantan \u00a9 Tamer Harteviouglu \u00a9 Miguel Bosch Tapiolas \u00a9 Jesus Alonso \u00a9 Bruno Cohen \u00a9 B\u00e9r\u00e9nice \u00a9 IRUAUD IRStone \u2013 Adobe Stock \u00a9 Bernard Girardin \u00a9 Afinocchiaro \u2013 Adobe Stock \u00a9 Harald Schaack \u00a9 Delphine Coutant \u00a9 Bill Lorenz \u00a9 Shoootin France \u00a9 Jean S\u00e9bastien Batailler \u00a9 Patricia Hendrychova-Estanguet \u00a9 Sahawat Hiranwattana \u00a9 Daniel Martins Pinheiro \u00a9 Teddy Morellec \u00a9 Tuan Nguyen \u00a9 Willmotte et Associ\u00e9s \u00a9 Eric Gaboriaud \u00a9Manu Reyboz \u00a9 Annecy Aventure \u00a9 Aliz\u00e9e Delsol \u00a9 Jean-Luc Rollier \u00a9 Jonathan Sayeb \u00a9 Aaron Joel Santos \u00a9 Philippe Gisselbrecht \u00a9 LOL\u00cb \u00a9 Abaca Corporate\/Donja Pitsch \u00a9 ONLY LYON Tourisme et Congr\u00e8s \u00ae Brice Genevois \u00a9 Paule Santoni \u00a9 Tessa Chrisp \u00a9 Yaron Jansen \u00a9 Jean Francois Hamard \u00a9 Franck Lavis \u00a9 Gilles Bertrand \u00a9 Nicolas Jacquemin \u00a9 Emmanuel Berthier \u00a9 Philippe Fitte \u00a9 Renaud Lemaire \u00a9 Abaca Corporate\/Laurent Mayeux \u00a9 Zenchef \u00a9 Pavlos Efthimiou \u00a9 Mickael Pallu \u00a9 Daniel Ricardo Bengoa Teran \u00a9 Abaca Corporate\/Francesco Luciani \u00a9 St\u00e9phane Garcia \u00a9 William Kerdoncuff \u00a9 C\u00e9lia Guemache \u00a9 Abaca Corporate\/Jacques-Yves Guciamiou \u00a9 Guillaume Durand \u00a9 Ponton 3 \u00a9 H\u00e9l\u00e8ne Gravet \u00a9 H\u00e9l\u00e8ne-Capucine Henry \u00a9 Micha\u00ebl Guichard @Prodhappy \u00a9 Sylvie Curty \u00a9 Nicolas Drobieux \u00a9 Kadmy \u00a9 Abaca Corporate \u00a9 Aidan De La Paz \u00a9 Abaca Press\/Victor Marvillet \u00a9 Pedro Mendes \u00a9 Christopher Amat \u00a9 Linea Lombardo \u00a9 Abaca Press\/Donja Pitsch \u00a9 Audrey Rutz \u00a9 Abaca Press\/Pierre Charriau \u00a9 Joffrey Wingrove \u00a9 St\u00e9phane Michaud \u00a9 G\u00e9rard H\u00e9lo\u00efse \u00a9 Philippe Hahn \u00a9 Dewandra Djelantik \u00a9 Leonid Andronov \u00a9 olrat \u00a9 joakimbkk \u00a9 Kbarzycki \u00a9 Vasyl Dolmatov \u00a9 Prostock-Studio \u00a9 Noppasin \u00a9 Mario Drescher \u00a9 Pierre-Emmanuel Fresel \u00a9 Bosca78 \u00a9 Jesus alonso \u00a9 Vladislav Zolotov \u00a9 jenifoto \u00a9 Christos Drazos \u00a9 Abaca Press\/Stefan Kuhn \u00a9 Abaca Press\/Xabier Aldazabal \u00a9 Mariano Vittorio Casti \u00a9 Krzysztof Kasprzyk \u00a9 Joseph Briaire \u00a9 Donja Pitsch \u00a9 danilsnegmb \u00a9 johnkellerman \u00a9 jacquesvandinteren \u00a9 istock \u00a9 OT Pays de Gex \u2013 La Faucille \u00a9 Anne Moscatello \u00a9 Jean-Christophe Leroy \u00a9 Amandine Haussy \u00a9 Nicolas Anetson \u00a9 Mark Cassar \u00a9 Franz Veit \u00a9 Coey Zeng \u00a9 Andrea Sissons \u00a9 Sheryl Mae Basilio \u00a9 Gerlach Delissen \u00a9 DDP Images\/Klaus Hecke \u00a9 Abaca Press\/Philippe Louzon \u00a9 Hugo Aussenac \u00a9 Christophe Gay \u00a9 Ruben Hidalgo Quintero \u00a9 Wei Sihui \u00a9 Mr Fougeirol \u00a9 Jui-Chi Chan \u00a9 anouchka \u00a9 Sandra Stampfli \u00a9 Thomas Demarczyk \u00a9 cristianoalessandro \u00a9 Abaca Press\/Alexandre Oliveira \u00a9 Jeremy Goguillon \u00a9 Manuel Charlon \u00a9 Julien Rambaud \u00a9 St\u00e9phane Marie \u00a9 ADT Touraine \u2013 Jean-Christophe Coutand \u00a9 Cecile Langlois \u00a9 Alexandre Leclercq \u00a9 Abaca Press\/Marie-Caroline Lucat \u00a9 Maxime Dufour \u00a9 Thys Merks \u00a9 Abaca Press\/Jean-Paul Lefret \u00a9 Marge Communication \u00a9 Marc Plantec \u00a9 Dario Garofalo \u00a9 Guillaume Ayer \u00a9 Abaca Press\/Antoine Huot \u00a9 Flavio Ricci \u00a9 Abaca Press\/Thierry Sauvage \u00a9 Michael Towley \u00a9 Nadia Gunardisurya \u00a9 Thomas Andersen \u00a9 Dusko Vlaovic \u00a9 Laurence Bouin \u00a9 Laurent Duquesne \u00a9 Mateusz Torbus \u00a9 Neil Soriano \u00a9 RomoloTavani<\/p>\n<\/div>","protected":false},"excerpt":{"rendered":"<p>Mentions l\u00e9gales Vous \u00eates actuellement connect\u00e9 au site des prestations de s\u00e9minaire ou r\u00e9unions du groupe ACCOR. L\u2019utilisateur en ayant acc\u00e8s \u00e0 ce site s\u2019engage \u00e0 se conformer aux pr\u00e9sentes conditions d\u2019utilisation. INFORMATIONS \u00c9DITEUR : Ce site est \u00e9dit\u00e9 par : ACCOR SA, Soci\u00e9t\u00e9 Anonyme immatricul\u00e9e au Registre du Commerce et des Soci\u00e9t\u00e9s sous le [&hellip;]<\/p>\n","protected":false},"author":1,"featured_media":16046498,"parent":0,"menu_order":0,"comment_status":"closed","ping_status":"closed","template":"template-fidelite.php","meta":{"_acf_changed":true,"footnotes":""},"class_list":["post-2764","page","type-page","status-publish","has-post-thumbnail","hentry"],"acf":[],"yoast_head":"<title>Mentions L\u00e9gales - MonMeeting<\/title>\n<meta name=\"robots\" content=\"index, follow, max-snippet:-1, max-image-preview:large, max-video-preview:-1\" \/>\n<link rel=\"canonical\" href=\"https:\/\/www.myallmeeting.com\/fr\/wp-json\/wp\/v2\/pages\/2764\" \/>\n<meta property=\"og:locale\" content=\"fr_FR\" \/>\n<meta property=\"og:type\" content=\"article\" \/>\n<meta property=\"og:title\" content=\"Mentions L\u00e9gales - MonMeeting\" \/>\n<meta property=\"og:description\" content=\"Mentions l\u00e9gales Vous \u00eates actuellement connect\u00e9 au site des prestations de s\u00e9minaire ou r\u00e9unions du groupe ACCOR. L\u2019utilisateur en ayant acc\u00e8s \u00e0 ce site s\u2019engage \u00e0 se conformer aux pr\u00e9sentes conditions d\u2019utilisation. INFORMATIONS \u00c9DITEUR : Ce site est \u00e9dit\u00e9 par : ACCOR SA, Soci\u00e9t\u00e9 Anonyme immatricul\u00e9e au Registre du Commerce et des Soci\u00e9t\u00e9s sous le [&hellip;]\" \/>\n<meta property=\"og:url\" content=\"https:\/\/www.myallmeeting.com\/fr\/mentions-legales\/\" \/>\n<meta property=\"og:site_name\" content=\"Accor MyAllMeeting.com\" \/>\n<meta property=\"article:modified_time\" content=\"2025-06-17T15:16:45+00:00\" \/>\n<meta property=\"og:image\" content=\"https:\/\/myallmeeting.com\/wp-content\/uploads\/2024\/07\/Demande-de-devis-banniere.png\" \/>\n\t<meta property=\"og:image:width\" content=\"1920\" \/>\n\t<meta property=\"og:image:height\" content=\"570\" \/>\n\t<meta property=\"og:image:type\" content=\"image\/png\" \/>\n<meta name=\"twitter:card\" content=\"summary_large_image\" \/>\n<meta name=\"twitter:label1\" content=\"Dur\u00e9e de lecture estim\u00e9e\" \/>\n\t<meta name=\"twitter:data1\" content=\"22 minutes\" \/>\n<script type=\"application\/ld+json\" class=\"yoast-schema-graph\">{\"@context\":\"https:\/\/schema.org\",\"@graph\":[{\"@type\":\"WebPage\",\"@id\":\"https:\/\/www.myallmeeting.com\/fr\/mentions-legales\/\",\"url\":\"https:\/\/www.myallmeeting.com\/fr\/mentions-legales\/\",\"name\":\"Mentions L\u00e9gales - MonMeeting\",\"isPartOf\":{\"@id\":\"https:\/\/www.myallmeeting.com\/fr\/#website\"},\"primaryImageOfPage\":{\"@id\":\"https:\/\/www.myallmeeting.com\/fr\/mentions-legales\/#primaryimage\"},\"image\":{\"@id\":\"https:\/\/www.myallmeeting.com\/fr\/mentions-legales\/#primaryimage\"},\"thumbnailUrl\":\"https:\/\/www.myallmeeting.com\/wp-content\/uploads\/2024\/07\/Demande-de-devis-banniere.png\",\"datePublished\":\"2016-02-27T15:55:13+00:00\",\"dateModified\":\"2025-06-17T15:16:45+00:00\",\"breadcrumb\":{\"@id\":\"https:\/\/www.myallmeeting.com\/fr\/mentions-legales\/#breadcrumb\"},\"inLanguage\":\"fr-FR\",\"potentialAction\":[{\"@type\":\"ReadAction\",\"target\":[\"https:\/\/www.myallmeeting.com\/fr\/mentions-legales\/\"]}]},{\"@type\":\"ImageObject\",\"inLanguage\":\"fr-FR\",\"@id\":\"https:\/\/www.myallmeeting.com\/fr\/mentions-legales\/#primaryimage\",\"url\":\"https:\/\/www.myallmeeting.com\/wp-content\/uploads\/2024\/07\/Demande-de-devis-banniere.png\",\"contentUrl\":\"https:\/\/www.myallmeeting.com\/wp-content\/uploads\/2024\/07\/Demande-de-devis-banniere.png\",\"width\":1920,\"height\":570,\"caption\":\"demande de devis\"},{\"@type\":\"BreadcrumbList\",\"@id\":\"https:\/\/www.myallmeeting.com\/fr\/mentions-legales\/#breadcrumb\",\"itemListElement\":[{\"@type\":\"ListItem\",\"position\":1,\"name\":\"Accueil\",\"item\":\"https:\/\/myallmeeting.com\/fr\/\"},{\"@type\":\"ListItem\",\"position\":2,\"name\":\"CGU &#8211; Donn\u00e9es personnelles &#8211; Mentions l\u00e9gales\"}]},{\"@type\":\"WebSite\",\"@id\":\"https:\/\/www.myallmeeting.com\/fr\/#website\",\"url\":\"https:\/\/www.myallmeeting.com\/fr\/\",\"name\":\"Accor MyAllMeeting.com\",\"description\":\"Les Meilleurs lieux pour vos Ev\u00e9nements Professionnels\",\"publisher\":{\"@id\":\"https:\/\/www.myallmeeting.com\/fr\/#organization\"},\"potentialAction\":[{\"@type\":\"SearchAction\",\"target\":{\"@type\":\"EntryPoint\",\"urlTemplate\":\"https:\/\/www.myallmeeting.com\/fr\/?s={search_term_string}\"},\"query-input\":{\"@type\":\"PropertyValueSpecification\",\"valueRequired\":true,\"valueName\":\"search_term_string\"}}],\"inLanguage\":\"fr-FR\"},{\"@type\":\"Organization\",\"@id\":\"https:\/\/www.myallmeeting.com\/fr\/#organization\",\"name\":\"ACCOR\",\"url\":\"https:\/\/www.myallmeeting.com\/fr\/\",\"logo\":{\"@type\":\"ImageObject\",\"inLanguage\":\"fr-FR\",\"@id\":\"https:\/\/www.myallmeeting.com\/fr\/#\/schema\/logo\/image\/\",\"url\":\"\",\"contentUrl\":\"\",\"caption\":\"ACCOR\"},\"image\":{\"@id\":\"https:\/\/www.myallmeeting.com\/fr\/#\/schema\/logo\/image\/\"}}]}<\/script>","yoast_head_json":{"title":"Mentions L\u00e9gales - MonMeeting","robots":{"index":"index","follow":"follow","max-snippet":"max-snippet:-1","max-image-preview":"max-image-preview:large","max-video-preview":"max-video-preview:-1"},"canonical":"https:\/\/www.myallmeeting.com\/fr\/wp-json\/wp\/v2\/pages\/2764","og_locale":"fr_FR","og_type":"article","og_title":"Mentions L\u00e9gales - MonMeeting","og_description":"Mentions l\u00e9gales Vous \u00eates actuellement connect\u00e9 au site des prestations de s\u00e9minaire ou r\u00e9unions du groupe ACCOR. L\u2019utilisateur en ayant acc\u00e8s \u00e0 ce site s\u2019engage \u00e0 se conformer aux pr\u00e9sentes conditions d\u2019utilisation. INFORMATIONS \u00c9DITEUR : Ce site est \u00e9dit\u00e9 par : ACCOR SA, Soci\u00e9t\u00e9 Anonyme immatricul\u00e9e au Registre du Commerce et des Soci\u00e9t\u00e9s sous le [&hellip;]","og_url":"https:\/\/www.myallmeeting.com\/fr\/mentions-legales\/","og_site_name":"Accor MyAllMeeting.com","article_modified_time":"2025-06-17T15:16:45+00:00","og_image":[{"width":1920,"height":570,"url":"https:\/\/myallmeeting.com\/wp-content\/uploads\/2024\/07\/Demande-de-devis-banniere.png","type":"image\/png"}],"twitter_card":"summary_large_image","twitter_misc":{"Dur\u00e9e de lecture estim\u00e9e":"22 minutes"},"schema":{"@context":"https:\/\/schema.org","@graph":[{"@type":"WebPage","@id":"https:\/\/www.myallmeeting.com\/fr\/mentions-legales\/","url":"https:\/\/www.myallmeeting.com\/fr\/mentions-legales\/","name":"Mentions L\u00e9gales - MonMeeting","isPartOf":{"@id":"https:\/\/www.myallmeeting.com\/fr\/#website"},"primaryImageOfPage":{"@id":"https:\/\/www.myallmeeting.com\/fr\/mentions-legales\/#primaryimage"},"image":{"@id":"https:\/\/www.myallmeeting.com\/fr\/mentions-legales\/#primaryimage"},"thumbnailUrl":"https:\/\/www.myallmeeting.com\/wp-content\/uploads\/2024\/07\/Demande-de-devis-banniere.png","datePublished":"2016-02-27T15:55:13+00:00","dateModified":"2025-06-17T15:16:45+00:00","breadcrumb":{"@id":"https:\/\/www.myallmeeting.com\/fr\/mentions-legales\/#breadcrumb"},"inLanguage":"fr-FR","potentialAction":[{"@type":"ReadAction","target":["https:\/\/www.myallmeeting.com\/fr\/mentions-legales\/"]}]},{"@type":"ImageObject","inLanguage":"fr-FR","@id":"https:\/\/www.myallmeeting.com\/fr\/mentions-legales\/#primaryimage","url":"https:\/\/www.myallmeeting.com\/wp-content\/uploads\/2024\/07\/Demande-de-devis-banniere.png","contentUrl":"https:\/\/www.myallmeeting.com\/wp-content\/uploads\/2024\/07\/Demande-de-devis-banniere.png","width":1920,"height":570,"caption":"demande de devis"},{"@type":"BreadcrumbList","@id":"https:\/\/www.myallmeeting.com\/fr\/mentions-legales\/#breadcrumb","itemListElement":[{"@type":"ListItem","position":1,"name":"Accueil","item":"https:\/\/myallmeeting.com\/fr\/"},{"@type":"ListItem","position":2,"name":"CGU &#8211; Donn\u00e9es personnelles &#8211; Mentions l\u00e9gales"}]},{"@type":"WebSite","@id":"https:\/\/www.myallmeeting.com\/fr\/#website","url":"https:\/\/www.myallmeeting.com\/fr\/","name":"Accor MyAllMeeting.com","description":"Les Meilleurs lieux pour vos Ev\u00e9nements Professionnels","publisher":{"@id":"https:\/\/www.myallmeeting.com\/fr\/#organization"},"potentialAction":[{"@type":"SearchAction","target":{"@type":"EntryPoint","urlTemplate":"https:\/\/www.myallmeeting.com\/fr\/?s={search_term_string}"},"query-input":{"@type":"PropertyValueSpecification","valueRequired":true,"valueName":"search_term_string"}}],"inLanguage":"fr-FR"},{"@type":"Organization","@id":"https:\/\/www.myallmeeting.com\/fr\/#organization","name":"ACCOR","url":"https:\/\/www.myallmeeting.com\/fr\/","logo":{"@type":"ImageObject","inLanguage":"fr-FR","@id":"https:\/\/www.myallmeeting.com\/fr\/#\/schema\/logo\/image\/","url":"","contentUrl":"","caption":"ACCOR"},"image":{"@id":"https:\/\/www.myallmeeting.com\/fr\/#\/schema\/logo\/image\/"}}]}},"_links":{"self":[{"href":"https:\/\/www.myallmeeting.com\/fr\/wp-json\/wp\/v2\/pages\/2764","targetHints":{"allow":["GET"]}}],"collection":[{"href":"https:\/\/www.myallmeeting.com\/fr\/wp-json\/wp\/v2\/pages"}],"about":[{"href":"https:\/\/www.myallmeeting.com\/fr\/wp-json\/wp\/v2\/types\/page"}],"author":[{"embeddable":true,"href":"https:\/\/www.myallmeeting.com\/fr\/wp-json\/wp\/v2\/users\/1"}],"replies":[{"embeddable":true,"href":"https:\/\/www.myallmeeting.com\/fr\/wp-json\/wp\/v2\/comments?post=2764"}],"version-history":[{"count":0,"href":"https:\/\/www.myallmeeting.com\/fr\/wp-json\/wp\/v2\/pages\/2764\/revisions"}],"wp:featuredmedia":[{"embeddable":true,"href":"https:\/\/www.myallmeeting.com\/fr\/wp-json\/wp\/v2\/media\/16046498"}],"wp:attachment":[{"href":"https:\/\/www.myallmeeting.com\/fr\/wp-json\/wp\/v2\/media?parent=2764"}],"curies":[{"name":"wp","href":"https:\/\/api.w.org\/{rel}","templated":true}]}}