{"id":16555010,"date":"2024-10-29T13:57:46","date_gmt":"2024-10-29T12:57:46","guid":{"rendered":"https:\/\/myallmeeting.com\/paris-society-2\/"},"modified":"2025-07-29T15:43:23","modified_gmt":"2025-07-29T13:43:23","slug":"paris-society","status":"publish","type":"page","link":"https:\/\/www.myallmeeting.com\/fr\/paris-society\/","title":{"rendered":"Paris Society"},"content":{"rendered":"<!-- START OF : Composant : block-periscope-theme-section-composant-30-texte-image-citation.php -->\n<div class=\"tic position-relative fs-wysiwyg pt-9 mb-5 mb-lg-22\" data-component=\"30-texte-image-citation\">\n\t<div class=\"container-fluid\" style=\"--bs-gutter-x: 0\">\n\t\t<div class=\"row\" style=\"--bs-gutter-x: 0\">\n\t\t\t<div class=\"col-lg-6 offset-lg-1\"> \n\t\t\t\t<div class=\"tic__top__img position-relative me-2 me-lg-0\">\n\t\t\t\t\t\t\t\t\t\t<img decoding=\"async\" src=\"https:\/\/www.myallmeeting.com\/wp-content\/uploads\/2024\/10\/Events-ParisLongchamp-220725-001-932x645.jpg\" alt=\"\" width=\"932\" height=\"562\" loading=\"lazy\" class=\"w-100\" \/>\n\t\t\t\t\t\t\t\t\t\t<div class=\"position-absolute text-white z-1 text-center t-0 l-0 w-100 p-4 pt-lg-8 pe-lg-20\">\n\t\t\t\t\t\t\t\t\t\t\t\t\t\t\t\t\t<\/div>\n\t\t\t\t<\/div>\n\t\t\t<\/div>\n\t\t\t<div class=\"col-lg-4\">\n\t\t\t\t<div class=\"tic__content position-relative bg-white pt-2 pb-0 px-2 py-lg-7 py-xl-9 px-lg-5 px-xl-10 pt-lg-9\">\n\t\t\t\t\t\t\t\t\t\t\t\t\t\t\t<div class=\"tic__content__titre unna fs-32 fs-xl-60 text-primary lh-xs mb-2 mb-lg-3 mb-xl-5\">Paris Society<\/div>\n\t\t\t\t\t\t\t\t\t\t\t\t\t\t\t<div class=\"fs-lg-13 fs-xl-18 mb-4 mb-xl-7 lh-sm\"><p>Avec un portefeuille exclusif de 70 lieux d\u2019exception, Paris Society est devenu un acteur incontournable de l\u2019hospitalit\u00e9 \u00e0 la fran\u00e7aise. Paris Society Events offre \u00e0 ses clients des espaces uniques pour leurs \u00e9v\u00e9nements, qu\u2019ils soient professionnels ou priv\u00e9s. Des rooftops avec vue imprenable aux vastes jardins du Bois de Boulogne, des clubs embl\u00e9matiques aux tr\u00e9sors cach\u00e9s au c\u0153ur de mus\u00e9es parisiens, nous s\u00e9lectionnons les plus belles adresses pour cr\u00e9er des moments qui leur ressemblent.<\/p>\n<p>Notre \u00e9quipe d\u2019experts passionn\u00e9s, entour\u00e9e des meilleurs prestataires, garantit un service attentif et impeccable. Chez Paris Society Events, nous mettons tout en \u0153uvre pour cr\u00e9er des instants m\u00e9morables, renforcer les liens et c\u00e9l\u00e9brer avec passion l\u2019art de recevoir, car nos clients sont avant tout nos h\u00f4tes.<\/p>\n<p>&nbsp;<\/p>\n<p>Pour plus d&rsquo;informations, veuillez contacter <strong><a aria-label=\"Link Louise.GABILLAUD@accor.com\" id=\"menurbg8\" href=\"mailto:Louise.GABILLAUD@accor.com\" rel=\"noreferrer noopener\" target=\"_blank\" class=\"fui-Link ___1q1shib f2hkw1w f3rmtva f1ewtqcl fyind8e f1k6fduh f1w7gpdv fk6fouc fjoy568 figsok6 f1s184ao f1mk8lai fnbmjn9 f1o700av f13mvf36 f1cmlufx f9n3di6 f1ids18y f1tx3yz7 f1deo86v f1eh06m1 f1iescvh fhgqx19 f1olyrje f1p93eir f1nev41a f1h8hb77 f1lqvz6u f10aw75t fsle3fq f17ae5zn\" title=\"mailto:louise.gabillaud@accor.com\">Louise.GABILLAUD@accor.com<\/a><\/strong><\/p>\n<\/div>\n\t\t\t\t\t\t\t\t\t\t\t\t\t\t\t<div class=\"text-center text-lg-end\">\n\t\t\t\t\t\t<a href=\"https:\/\/accor.showpad.com\/share\/q9f9NZyW3q6oduLHPeBTv\" target=\"_blank\" class=\"btn btn-primary btn-hover-translate-right d-inline-flex align-items-center justify-content-center justify-content-lg-start gap-2 gap-lg-1\">\n\t\t\t\t\t\t\t<span>D\u00e9couvrez tous les lieux<\/span>\n\t\t\t\t\t\t\t<svg width=\"15\" height=\"20\" aria-hidden=\"true\">\n\t\t\t\t\t\t\t\t<use xlink:href=\"https:\/\/www.myallmeeting.com\/wp-content\/themes\/accor\/assets\/images\/sprite.svg#btn-arrow-white\"><\/use>\n\t\t\t\t\t\t\t<\/svg>\n\t\t\t\t\t\t<\/a>\n\t\t\t\t\t<\/div>\n\t\t\t\t\t\t\t\t\t<\/div>\n\t\t\t<\/div>\n\t\t<\/div>\n\t<\/div>\n\t<div class=\"tic__blank bg-white pt-8 pt-lg-0\">\t\t\n\t\t<div class=\"container-fluid\" style=\"--bs-gutter-x: 0\">\n\t\t\t<div class=\"row\" style=\"--bs-gutter-x: 0\">\n\t\t\t\t<div class=\"col-lg-6\">\n\t\t\t\t\t<div class=\"tic__bottom position-relative bg-primary text-secondary pt-4 pb-5\">\n\t\t\t\t\t\t<div class=\"d-flex gap-1 gap-md-4\">\n\t\t\t\t\t\t\t<div class=\"tic__bottom__imgs d-flex flex-shrink-0 align-items-center\">\n\t\t\t\t\t\t\t\t\t\t\t\t\t\t\t\t<img decoding=\"async\" src=\"https:\/\/www.myallmeeting.com\/wp-content\/uploads\/2024\/10\/Tables-Maxims-240425-236-scaled.jpg\" class=\"tic__bottom__img tic__bottom__img--1 of-cover rounded-3 opacity-50\" alt=\"\" width=\"192\" height=\"346\" loading=\"lazy\" \/>\n\t\t\t\t\t\t\t\t\t\t\t\t\t\t\t\t\t\t\t\t\t\t\t\t<img decoding=\"async\" src=\"https:\/\/www.myallmeeting.com\/wp-content\/uploads\/2024\/10\/MAM-hot-news-portrait-909x1209-2.png\" class=\"tic__bottom__img tic__bottom__img--2 of-cover rounded-3 z-1\" alt=\"\" width=\"192\" height=\"346\" loading=\"lazy\" \/>\n\t\t\t\t\t\t\t\t\t\t\t\t\t\t\t<\/div>\n\t\t\t\t\t\t\t<div class=\"tic__bottom__quote text-secondary lh-xs\">\n\t\t\t\t\t\t\t\t\t\t\t\t\t\t\t\t<div class=\"unna fs-18 fs-lg-19 fs-xl-30 mb-2 mb-xl-3\">Pionniers dans l&#039;art de recevoir<\/div>\n\t\t\t\t\t\t\t\t\t\t\t\t\t\t\t\t\t\t\t\t\t\t\t\t\t\t\t\t\t\t\t<\/div>\n\t\t\t\t\t\t<\/div>\n\t\t\t\t\t\t\t\t\t\t\t<\/div>\n\t\t\t\t<\/div>\n\t\t\t<\/div>\n\t\t<\/div>\n\t<\/div>\n<\/div>\n<!-- END OF : Composant : block-periscope-theme-section-composant-30-texte-image-citation.php -->\n\n\n<!-- START OF : Composant : block-periscope-theme-section-composant-31-bloc-image-cta.php -->\n\t<div class=\"icta position-relative fs-wysiwyg icta--reverse\" data-component=\"31-bloc-image-cta\" data-reverse=\"oui\">\n\t\t<div class=\"container-fluid\">\n\t\t\t<div class=\"row\">\n\t\t\t\t<div class=\"col-lg-5 offset-lg-1 d-lg-flex\"> \n\t\t\t\t\t<div class=\"icta__content position-relative bg-white pt-2 pb-2 px-2 pb-lg-0 pt-lg-7 pt-xl-9 px-lg-7 px-xl-10 mt-lg-9 z-1\">\n\t\t\t\t\t\t\t\t\t\t\t\t\t\t\t\t\t\t<div class=\"unna fs-32 fs-lg-39 fs-xl-60 text-primary lh-xs mb-2 mb-xl-5\">Coeur Sacr\u00e9<\/div>\n\t\t\t\t\t\t\t\t\t\t\t\t\t\t\t\t\t\t\t<div class=\"fs-lg-15 fs-xl-18 lh-sm \"><div class=\"ewa-rteLine\">\n<div class=\"ewa-rteLine\">\n<div class=\"ewa-rteLine\">\n<div class=\"ewa-rteLine\">\n<div class=\"ewa-rteLine\">Apr\u00e8s une ascension \u00e0 bord du c\u00e9l\u00e8bre funiculaire de la butte Montmartre, poussez les portes de Coeur Sacr\u00e9.<\/div>\n<div class=\"ewa-rteLine\">Porte de droite, prenez les escaliers en colima\u00e7on, premier \u00e9tage, vous \u00eates arriv\u00e9. Un espace d\u00e9gag\u00e9, lumineux et \u00e0 taille humaine s\u2019offre \u00e0 vous. Pour vos \u00e9v\u00e9nements priv\u00e9s et corporate, cet espace se privatise et se module selon vos envies : mariages, cocktails dinatoires, lancements de produits, s\u00e9minaires, \u00e9v\u00e9nements plus festifs&#8230;<\/div>\n<div class=\"ewa-rteLine\">Le clou du spectacle : offrez \u00e0 vos invit\u00e9s deux terrasses exceptionnelles. T\u00eate \u00e0 t\u00eate avec la basilique du Sacr\u00e9-Coeur ou panorama sur la Tour Eiffel et les toits de Paris.<\/div>\n<\/div>\n<\/div>\n<\/div>\n<\/div>\n<\/div>\n\t\t\t\t\t\t\t\t\t\t\t\t\t\t\t\t\t<\/div>\n\t\t\t\t<\/div>\n\t\t\t\t\t\t\t\t<div class=\"col-lg-5 order-first order-lg-last\">\n\t\t\t\t\t<div class=\"icta__top__img h-100 position-relative me-2 me-lg-0\">\n\t\t\t\t\t\t<img decoding=\"async\" src=\"https:\/\/www.myallmeeting.com\/wp-content\/uploads\/2024\/10\/Coeur-Sacre-932x645.jpg\" alt=\"\" width=\"932\" height=\"562\" loading=\"lazy\" \/>\n\t\t\t\t\t\t<div class=\"position-absolute text-white z-1 text-center t-0 l-0 w-100 pt-4 pt-lg-8\">\n\t\t\t\t\t\t\t\t\t\t\t\t\t\t\t\t\t\t<\/div>\n\t\t\t\t\t<\/div>\n\t\t\t\t<\/div>\n\t\t\t\t\t\t\t<\/div>\n\t\t<\/div>\n\t<\/div>\n<!-- END OF : Composant : block-periscope-theme-section-composant-31-bloc-image-cta.php -->\n\n\n<!-- START OF : Composant : block-periscope-theme-section-composant-31-bloc-image-cta.php -->\n\t<div class=\"icta position-relative fs-wysiwyg\" data-component=\"31-bloc-image-cta\" data-reverse=\"non\">\n\t\t<div class=\"container-fluid\">\n\t\t\t<div class=\"row\">\n\t\t\t\t\t\t\t\t<div class=\"col-lg-6 offset-lg-1\"> \n\t\t\t\t\t<div class=\"icta__top__img h-100 position-relative me-2 me-lg-0\">\n\t\t\t\t\t\t<img decoding=\"async\" src=\"https:\/\/www.myallmeeting.com\/wp-content\/uploads\/2024\/10\/CATHEDRALE.jpg\" alt=\"\" width=\"932\" height=\"562\" loading=\"lazy\" \/>\n\t\t\t\t\t\t<div class=\"position-absolute text-white z-1 text-center t-0 l-0 w-100 pt-4 pt-lg-8\">\n\t\t\t\t\t\t\t\t\t\t\t\t\t\t\t\t\t\t<\/div>\n\t\t\t\t\t<\/div>\n\t\t\t\t<\/div>\n\t\t\t\t\t\t\t\t<div class=\"col-lg-4 d-lg-flex\">\n\t\t\t\t\t<div class=\"icta__content position-relative bg-white pt-2 pb-2 px-2 pb-lg-0 pt-lg-7 pt-xl-9 px-lg-7 px-xl-10 mt-lg-9\">\n\t\t\t\t\t\t\t\t\t\t\t\t\t\t\t\t\t\t<div class=\"unna fs-32 fs-lg-39 fs-xl-60 text-primary lh-xs mb-2 mb-xl-5\">Cath\u00e9drale Am\u00e9ricaine<\/div>\n\t\t\t\t\t\t\t\t\t\t\t\t\t\t\t\t\t\t<div class=\"fs-lg-15 fs-xl-18 lh-sm \"><div class=\"ewa-rteLine\">\n<div class=\"ewa-rteLine\">\n<div class=\"ewa-rteLine\">\n<div class=\"ewa-rteLine\">\n<p>Depuis plus de 130 ans, La Cath\u00e9drale Am\u00e9ricaine de la Sainte Trinit\u00e9 est un foyer spirituel pour une communaut\u00e9 internationale et multiculturelle. Inspir\u00e9s par ses racines am\u00e9ricaines, \u00e9piscopales et anglicanes ce lieu sacr\u00e9 est ouvert \u00e0 toutes les cultures, langues, et religions du monde. V\u00e9ritable centre culturel embl\u00e9matique de la capitale, la Cath\u00e9drale Am\u00e9ricaine de Paris accueille depuis des ann\u00e9es des d\u00e9fil\u00e9s de mode, des conf\u00e9rences, des productions cin\u00e9matographiques et t\u00e9l\u00e9visuelles, des promotions de produits, des jeux d\u2019\u00e9vasion&#8230;<\/p>\n<p>La Nef est l\u2019espace embl\u00e9matique de la Cath\u00e9drale Am\u00e9ricaine. Pouvant accueillir jusqu\u2019\u00e0 600 personnes, elle offre un cadre majestueux pour de grands \u00e9v\u00e9nements. D\u00eener aux chandelles sous les vo\u00fbtes, danser \u00e0 la lueur des vitraux, trinquer sous les ogives&#8230; Chaque exp\u00e9rience v\u00e9cue \u00e0 la Cath\u00e9drale Am\u00e9ricaine est unique, atypique et m\u00e9morable.<\/p>\n<\/div>\n<\/div>\n<\/div>\n<\/div>\n<\/div>\n\t\t\t\t\t\t\t\t\t\t\t\t\t\t\t\t\t<\/div>\n\t\t\t\t<\/div>\n\t\t\t<\/div>\n\t\t<\/div>\n\t<\/div>\n<!-- END OF : Composant : block-periscope-theme-section-composant-31-bloc-image-cta.php -->\n\n\n<!-- START OF : Composant : block-periscope-theme-section-composant-31-bloc-image-cta.php -->\n\t<div class=\"icta position-relative fs-wysiwyg icta--reverse\" data-component=\"31-bloc-image-cta\" data-reverse=\"oui\">\n\t\t<div class=\"container-fluid\">\n\t\t\t<div class=\"row\">\n\t\t\t\t<div class=\"col-lg-5 offset-lg-1 d-lg-flex\"> \n\t\t\t\t\t<div class=\"icta__content position-relative bg-white pt-2 pb-2 px-2 pb-lg-0 pt-lg-7 pt-xl-9 px-lg-7 px-xl-10 mt-lg-9 z-1\">\n\t\t\t\t\t\t\t\t\t\t\t\t\t\t\t\t\t\t<div class=\"unna fs-32 fs-lg-39 fs-xl-60 text-primary lh-xs mb-2 mb-xl-5\">Dernier Etage<\/div>\n\t\t\t\t\t\t\t\t\t\t\t\t\t\t\t\t\t\t\t<div class=\"fs-lg-15 fs-xl-18 lh-sm \"><div class=\"ewa-rteLine\">Situ\u00e9 \u00e0 proximit\u00e9 de la place de Clichy, dans le quartier branch\u00e9 et cosmopolite de Paris, au 7\u00e8me et dernier \u00e9tage d\u2019un ancien parking r\u00e9habilit\u00e9, le Dernier \u00c9tage donne de la hauteur \u00e0 vos \u00e9v\u00e9nements. Un \u00e9crin de modernit\u00e9 \u00e0 l\u2019esprit industriel et \u00e9pur\u00e9 offrant une vue \u00e9poustouflante sur les toits et monuments de Paris. Un panorama \u00e0 180\u00b0 qui \u00e9volue au rythme des saisons, du jour et de la nuit.<\/div>\n<\/div>\n\t\t\t\t\t\t\t\t\t\t\t\t\t\t\t\t\t<\/div>\n\t\t\t\t<\/div>\n\t\t\t\t\t\t\t\t<div class=\"col-lg-5 order-first order-lg-last\">\n\t\t\t\t\t<div class=\"icta__top__img h-100 position-relative me-2 me-lg-0\">\n\t\t\t\t\t\t<img decoding=\"async\" src=\"https:\/\/www.myallmeeting.com\/wp-content\/uploads\/2024\/10\/dernier-etage-932x645.jpg\" alt=\"\" width=\"932\" height=\"562\" loading=\"lazy\" \/>\n\t\t\t\t\t\t<div class=\"position-absolute text-white z-1 text-center t-0 l-0 w-100 pt-4 pt-lg-8\">\n\t\t\t\t\t\t\t\t\t\t\t\t\t\t\t\t\t\t<\/div>\n\t\t\t\t\t<\/div>\n\t\t\t\t<\/div>\n\t\t\t\t\t\t\t<\/div>\n\t\t<\/div>\n\t<\/div>\n<!-- END OF : Composant : block-periscope-theme-section-composant-31-bloc-image-cta.php -->\n\n\n<!-- START OF : Composant : block-periscope-theme-section-composant-31-bloc-image-cta.php -->\n\t<div class=\"icta position-relative fs-wysiwyg\" data-component=\"31-bloc-image-cta\" data-reverse=\"non\">\n\t\t<div class=\"container-fluid\">\n\t\t\t<div class=\"row\">\n\t\t\t\t\t\t\t\t<div class=\"col-lg-6 offset-lg-1\"> \n\t\t\t\t\t<div class=\"icta__top__img h-100 position-relative me-2 me-lg-0\">\n\t\t\t\t\t\t<img decoding=\"async\" src=\"https:\/\/www.myallmeeting.com\/wp-content\/uploads\/2024\/10\/BRIDGE-932x645.jpg\" alt=\"\" width=\"932\" height=\"562\" loading=\"lazy\" \/>\n\t\t\t\t\t\t<div class=\"position-absolute text-white z-1 text-center t-0 l-0 w-100 pt-4 pt-lg-8\">\n\t\t\t\t\t\t\t\t\t\t\t\t\t\t\t\t\t\t<\/div>\n\t\t\t\t\t<\/div>\n\t\t\t\t<\/div>\n\t\t\t\t\t\t\t\t<div class=\"col-lg-4 d-lg-flex\">\n\t\t\t\t\t<div class=\"icta__content position-relative bg-white pt-2 pb-2 px-2 pb-lg-0 pt-lg-7 pt-xl-9 px-lg-7 px-xl-10 mt-lg-9\">\n\t\t\t\t\t\t\t\t\t\t\t\t\t\t\t\t\t\t<div class=\"unna fs-32 fs-lg-39 fs-xl-60 text-primary lh-xs mb-2 mb-xl-5\">Bridge<\/div>\n\t\t\t\t\t\t\t\t\t\t\t\t\t\t\t\t\t\t<div class=\"fs-lg-15 fs-xl-18 lh-sm \"><div class=\"ewa-rteLine\">Inaugur\u00e9 pour l\u2019Exposition Universelle de Paris en 1900, le Pont Alexandre III \u00e9tait destin\u00e9 \u00e0 symboliser l\u2019amiti\u00e9 franco-russe, instaur\u00e9e par la signature de l\u2019alliance conclue en 1891 entre l\u2019empereur Alexandre III et le Pr\u00e9sident fran\u00e7ais, Sadi Carnot. La premi\u00e8re pierre fut pos\u00e9e par le tsar Nicolas II de Russie, au coeur du Bridge, l\u2019incontournable poumon festif et culturel du Pont.<br \/>\nLe Bridge, un lieu cr\u00e9\u00e9 par Paris Society, est pens\u00e9 pour un \u00e9v\u00e9nementiel modulable et personnalisable. Ce patrimoine parisien est modernis\u00e9 d\u2019une installation technique novatrice associant LEDS, projections et sonorit\u00e9s de pointe disponible \u00e0 chacun de vos \u00e9v\u00e9nements. \u00c0 l\u2019arriv\u00e9e du Printemps, les voies sur berges se transforment pour accueillir deux terrasses. Au choix : vue imprenable sur la Tour Eiffel ou \u00e0 l\u2019ombre sous le Pont.<\/div>\n<\/div>\n\t\t\t\t\t\t\t\t\t\t\t\t\t\t\t\t\t<\/div>\n\t\t\t\t<\/div>\n\t\t\t<\/div>\n\t\t<\/div>\n\t<\/div>\n<!-- END OF : Composant : block-periscope-theme-section-composant-31-bloc-image-cta.php -->\n\n\n<!-- START OF : Composant : block-periscope-theme-section-composant-31-bloc-image-cta.php -->\n\t<div class=\"icta position-relative fs-wysiwyg icta--reverse\" data-component=\"31-bloc-image-cta\" data-reverse=\"oui\">\n\t\t<div class=\"container-fluid\">\n\t\t\t<div class=\"row\">\n\t\t\t\t<div class=\"col-lg-5 offset-lg-1 d-lg-flex\"> \n\t\t\t\t\t<div class=\"icta__content position-relative bg-white pt-2 pb-2 px-2 pb-lg-0 pt-lg-7 pt-xl-9 px-lg-7 px-xl-10 mt-lg-9 z-1\">\n\t\t\t\t\t\t\t\t\t\t\t\t\t\t\t\t\t\t<div class=\"unna fs-32 fs-lg-39 fs-xl-60 text-primary lh-xs mb-2 mb-xl-5\">Hippodrome Paris Longchamps<\/div>\n\t\t\t\t\t\t\t\t\t\t\t\t\t\t\t\t\t\t\t<div class=\"fs-lg-15 fs-xl-18 lh-sm \"><div class=\"ewa-rteLine\">Temple historique des courses hippiques de galop nich\u00e9 au coeur du Bois de Boulogne, l\u2019hippodrome ParisLongchamp rompt avec les codes classiques des champs de courses traditionnels et devient un lieu de vie unique en son genre. Au mois d\u2019octobre, date du rendez-vous hippique le plus prestigieux de la saison : le Qatar Prix de l\u2019Arc de Triomphe. ParisLongchamp offre plus de 15 espaces privatisables ensembles ou s\u00e9paremment, et adapt\u00e9s \u00e0 tous vos \u00e9v\u00e9nements : conf\u00e9rence,<\/div>\n<div class=\"ewa-rteLine\">convention, journ\u00e9e d\u2019\u00e9tude, team building, lancement de produit, d\u00e9fil\u00e9 de mode, cocktail VIP, c\u00e9l\u00e9brations priv\u00e9es\u2026<\/div>\n<\/div>\n\t\t\t\t\t\t\t\t\t\t\t\t\t\t\t\t\t<\/div>\n\t\t\t\t<\/div>\n\t\t\t\t\t\t\t\t<div class=\"col-lg-5 order-first order-lg-last\">\n\t\t\t\t\t<div class=\"icta__top__img h-100 position-relative me-2 me-lg-0\">\n\t\t\t\t\t\t<img decoding=\"async\" src=\"https:\/\/www.myallmeeting.com\/wp-content\/uploads\/2024\/10\/Hippodrome-ParisLongchamp-932x645.jpg\" alt=\"\" width=\"932\" height=\"562\" loading=\"lazy\" \/>\n\t\t\t\t\t\t<div class=\"position-absolute text-white z-1 text-center t-0 l-0 w-100 pt-4 pt-lg-8\">\n\t\t\t\t\t\t\t\t\t\t\t\t\t\t\t\t\t\t<\/div>\n\t\t\t\t\t<\/div>\n\t\t\t\t<\/div>\n\t\t\t\t\t\t\t<\/div>\n\t\t<\/div>\n\t<\/div>\n<!-- END OF : Composant : block-periscope-theme-section-composant-31-bloc-image-cta.php -->\n\n\n<!-- START OF : Composant : block-periscope-theme-section-composant-31-bloc-image-cta.php -->\n\t<div class=\"icta position-relative fs-wysiwyg\" data-component=\"31-bloc-image-cta\" data-reverse=\"non\">\n\t\t<div class=\"container-fluid\">\n\t\t\t<div class=\"row\">\n\t\t\t\t\t\t\t\t<div class=\"col-lg-6 offset-lg-1\"> \n\t\t\t\t\t<div class=\"icta__top__img h-100 position-relative me-2 me-lg-0\">\n\t\t\t\t\t\t<img decoding=\"async\" src=\"https:\/\/www.myallmeeting.com\/wp-content\/uploads\/2024\/10\/Phantom-932x645.jpeg\" alt=\"\" width=\"932\" height=\"562\" loading=\"lazy\" \/>\n\t\t\t\t\t\t<div class=\"position-absolute text-white z-1 text-center t-0 l-0 w-100 pt-4 pt-lg-8\">\n\t\t\t\t\t\t\t\t\t\t\t\t\t\t\t\t\t\t<\/div>\n\t\t\t\t\t<\/div>\n\t\t\t\t<\/div>\n\t\t\t\t\t\t\t\t<div class=\"col-lg-4 d-lg-flex\">\n\t\t\t\t\t<div class=\"icta__content position-relative bg-white pt-2 pb-2 px-2 pb-lg-0 pt-lg-7 pt-xl-9 px-lg-7 px-xl-10 mt-lg-9\">\n\t\t\t\t\t\t\t\t\t\t\t\t\t\t\t\t\t\t<div class=\"unna fs-32 fs-lg-39 fs-xl-60 text-primary lh-xs mb-2 mb-xl-5\">PHANTOM<\/div>\n\t\t\t\t\t\t\t\t\t\t\t\t\t\t\t\t\t\t<div class=\"fs-lg-15 fs-xl-18 lh-sm \"><div class=\"ewa-rteLine\">\n<div class=\"ewa-rteLine\">\n<div class=\"ewa-rteLine\">PHANTOM est une entit\u00e9, un esprit qui habite depuis longtemps les murs de la mythique Accor Arena. Un lieu hybride proposant une exp\u00e9rience prot\u00e9iforme, une immersion dans un univers troublant, hors du temps, offrant de nouvelles perspectives, int\u00e9gralement d\u00e9di\u00e9 et pens\u00e9 pour la f\u00eate, la musique et les rencontres.<\/div>\n<div class=\"ewa-rteLine\">PHANTOM offre aux grandes entreprises nationales et internationales, une infrastructure cr\u00e9ative, inspirante et flexible en plein coeur de Paris. PHANTOM s\u2019impose comme le nouveau lieu incontournable pour des lancements de produits, d\u00e9fil\u00e9s de mode, shows TV ou tout \u00e9v\u00e9nement de grande envergure.<\/div>\n<\/div>\n<\/div>\n<\/div>\n\t\t\t\t\t\t\t\t\t\t\t\t\t\t\t\t\t<\/div>\n\t\t\t\t<\/div>\n\t\t\t<\/div>\n\t\t<\/div>\n\t<\/div>\n<!-- END OF : Composant : block-periscope-theme-section-composant-31-bloc-image-cta.php -->\n\n\n<!-- START OF : Composant : block-periscope-theme-section-composant-31-bloc-image-cta.php -->\n\t<div class=\"icta position-relative fs-wysiwyg icta--reverse\" data-component=\"31-bloc-image-cta\" data-reverse=\"oui\">\n\t\t<div class=\"container-fluid\">\n\t\t\t<div class=\"row\">\n\t\t\t\t<div class=\"col-lg-5 offset-lg-1 d-lg-flex\"> \n\t\t\t\t\t<div class=\"icta__content position-relative bg-white pt-2 pb-2 px-2 pb-lg-0 pt-lg-7 pt-xl-9 px-lg-7 px-xl-10 mt-lg-9 z-1\">\n\t\t\t\t\t\t\t\t\t\t\t\t\t\t\t\t\t\t<div class=\"unna fs-32 fs-lg-39 fs-xl-60 text-primary lh-xs mb-2 mb-xl-5\">ROYALE<\/div>\n\t\t\t\t\t\t\t\t\t\t\t\t\t\t\t\t\t\t\t<div class=\"fs-lg-15 fs-xl-18 lh-sm \"><div class=\"ewa-rteLine\">\n<div class=\"ewa-rteLine\">Au coeur du Triangle d\u2019or, \u00e9picentre du luxe et de l\u2019\u00e9l\u00e9gance, l\u2019h\u00f4tel particulier ROYALE vous ouvre les portes de son nouvel \u00e9crin haut de gamme. \u00c9tendu sur 900m2, l\u2019h\u00f4tel particulier ROYALE d\u00e9voile cinq niveaux distincts, qui s\u2019accordent avec \u00e9l\u00e9gance \u00e0 toutes les configurations \u00e9v\u00e9nementielles, cr\u00e9ant ainsi des instants uniques et sur mesure.<\/div>\n<div class=\"ewa-rteLine\">Prises de parole chez Edith, ateliers de travail chez Oscar, cocktails festifs chez Yves, repas assis chez Audrey, comit\u00e9s de direction chez Romy&#8230; Les diff\u00e9rents appartements de ROYALE offrent des possibilit\u00e9s infinies.<\/div>\n<\/div>\n<\/div>\n\t\t\t\t\t\t\t\t\t\t\t\t\t\t\t\t\t<\/div>\n\t\t\t\t<\/div>\n\t\t\t\t\t\t\t\t<div class=\"col-lg-5 order-first order-lg-last\">\n\t\t\t\t\t<div class=\"icta__top__img h-100 position-relative me-2 me-lg-0\">\n\t\t\t\t\t\t<img decoding=\"async\" src=\"https:\/\/www.myallmeeting.com\/wp-content\/uploads\/2024\/12\/1-min-932x645.jpg\" alt=\"\" width=\"932\" height=\"562\" loading=\"lazy\" \/>\n\t\t\t\t\t\t<div class=\"position-absolute text-white z-1 text-center t-0 l-0 w-100 pt-4 pt-lg-8\">\n\t\t\t\t\t\t\t\t\t\t\t\t\t\t\t\t\t\t<\/div>\n\t\t\t\t\t<\/div>\n\t\t\t\t<\/div>\n\t\t\t\t\t\t\t<\/div>\n\t\t<\/div>\n\t<\/div>\n<!-- END OF : Composant : block-periscope-theme-section-composant-31-bloc-image-cta.php -->\n\n\n<!-- START OF : Composant : block-periscope-theme-section-composant-31-bloc-image-cta.php -->\n\t<div class=\"icta position-relative fs-wysiwyg\" data-component=\"31-bloc-image-cta\" data-reverse=\"non\">\n\t\t<div class=\"container-fluid\">\n\t\t\t<div class=\"row\">\n\t\t\t\t\t\t\t\t<div class=\"col-lg-6 offset-lg-1\"> \n\t\t\t\t\t<div class=\"icta__top__img h-100 position-relative me-2 me-lg-0\">\n\t\t\t\t\t\t<img decoding=\"async\" src=\"https:\/\/www.myallmeeting.com\/wp-content\/uploads\/2024\/10\/TERMINAL7-932x645.jpg\" alt=\"\" width=\"932\" height=\"562\" loading=\"lazy\" \/>\n\t\t\t\t\t\t<div class=\"position-absolute text-white z-1 text-center t-0 l-0 w-100 pt-4 pt-lg-8\">\n\t\t\t\t\t\t\t\t\t\t\t\t\t\t\t\t\t\t<\/div>\n\t\t\t\t\t<\/div>\n\t\t\t\t<\/div>\n\t\t\t\t\t\t\t\t<div class=\"col-lg-4 d-lg-flex\">\n\t\t\t\t\t<div class=\"icta__content position-relative bg-white pt-2 pb-2 px-2 pb-lg-0 pt-lg-7 pt-xl-9 px-lg-7 px-xl-10 mt-lg-9\">\n\t\t\t\t\t\t\t\t\t\t\t\t\t\t\t\t\t\t<div class=\"unna fs-32 fs-lg-39 fs-xl-60 text-primary lh-xs mb-2 mb-xl-5\">Terminal 7<\/div>\n\t\t\t\t\t\t\t\t\t\t\t\t\t\t\t\t\t\t<div class=\"fs-lg-15 fs-xl-18 lh-sm \"><div class=\"ewa-rteLine\">\n<div class=\"ewa-rteLine\">\n<div class=\"ewa-rteLine\">\n<div class=\"ewa-rteLine\">\n<div class=\"ewa-rteLine\">\n<div class=\"ewa-rteLine\">\n<div class=\"ewa-rteLine\">Le Pavillon n\u00b07 du Parc des Expositions de la Porte de Versailles cache en son dernier \u00e9tage un magnifique plateau design de plus de 900 m2 aux multiples visages. Un lieu unique incarn\u00e9 par l\u2019oeuvre magistrale de l\u2019artiste br\u00e9silien Guto Requena (\u00ab Sensitive Star \u00bb, \u00ab Beyond the mirror \u00bb et \u00ab Dancing Pavilion \u00bb \u00e0 Rio de Janeiro) baptis\u00e9e : The Rhizomatic Grid.Enti\u00e8rement modulable, \u00e9quip\u00e9 et dot\u00e9 de la technologie du vid\u00e9omapping, le Terminal 7 est l\u2019espace de tous les possibles.<\/div>\n<\/div>\n<\/div>\n<\/div>\n<\/div>\n<\/div>\n<\/div>\n<\/div>\n\t\t\t\t\t\t\t\t\t\t\t\t\t\t\t\t\t<\/div>\n\t\t\t\t<\/div>\n\t\t\t<\/div>\n\t\t<\/div>\n\t<\/div>\n<!-- END OF : Composant : block-periscope-theme-section-composant-31-bloc-image-cta.php -->\n\n\n<!-- START OF : Composant : block-periscope-theme-section-composant-31-bloc-image-cta.php -->\n\t<div class=\"icta position-relative fs-wysiwyg icta--reverse\" data-component=\"31-bloc-image-cta\" data-reverse=\"oui\">\n\t\t<div class=\"container-fluid\">\n\t\t\t<div class=\"row\">\n\t\t\t\t<div class=\"col-lg-5 offset-lg-1 d-lg-flex\"> \n\t\t\t\t\t<div class=\"icta__content position-relative bg-white pt-2 pb-2 px-2 pb-lg-0 pt-lg-7 pt-xl-9 px-lg-7 px-xl-10 mt-lg-9 z-1\">\n\t\t\t\t\t\t\t\t\t\t\t\t\t\t\t\t\t\t<div class=\"unna fs-32 fs-lg-39 fs-xl-60 text-primary lh-xs mb-2 mb-xl-5\">Compagnie 1837<\/div>\n\t\t\t\t\t\t\t\t\t\t\t\t\t\t\t\t\t\t\t<div class=\"fs-lg-15 fs-xl-18 lh-sm \"><div class=\"ewa-rteLine\">\n<div class=\"ewa-rteLine\">\n<div class=\"ewa-rteLine\">\n<div class=\"ewa-rteLine\">\n<div class=\"ewa-rteLine\">\n<div class=\"ewa-rteLine\">\n<div class=\"ewa-rteLine\">\n<div class=\"ewa-rteLine\">V\u00e9ritable monument architectural et premi\u00e8re gare parisienne, elle s\u2019inscrit dans le faste de la Compagnie transatlantique et devient l\u2019h\u00f4tesse des Voyageurs-Dandies, en route vers la normandie et les paquebots filant vers New York. La Grande Salle se demarque par son plafond imitant l\u2019allure des rails de train, accentuant ainsi l\u2019\u00e9tendue grandiose dont elle est d\u00f4t\u00e9e. Ses 400m2 fusionnent l\u2019esth\u00e9tisme parisien et la modernit\u00e9 du si\u00e8cle pour cr\u00e9er un espace \u00e9v\u00e9nementiel exceptionnel. Lumineuse gr\u00e2ce \u00e0 ses nombreuses fen\u00eatres, on y contemple la Cour de Rome d\u2019un c\u00f4t\u00e9 et les voyageurs de la gare de l\u2019autre.<\/div>\n<\/div>\n<\/div>\n<\/div>\n<\/div>\n<\/div>\n<\/div>\n<\/div>\n<\/div>\n\t\t\t\t\t\t\t\t\t\t\t\t\t\t\t\t\t<\/div>\n\t\t\t\t<\/div>\n\t\t\t\t\t\t\t\t<div class=\"col-lg-5 order-first order-lg-last\">\n\t\t\t\t\t<div class=\"icta__top__img h-100 position-relative me-2 me-lg-0\">\n\t\t\t\t\t\t<img decoding=\"async\" src=\"https:\/\/www.myallmeeting.com\/wp-content\/uploads\/2024\/10\/La-Compagnie-1837-932x645.jpg\" alt=\"\" width=\"932\" height=\"562\" loading=\"lazy\" \/>\n\t\t\t\t\t\t<div class=\"position-absolute text-white z-1 text-center t-0 l-0 w-100 pt-4 pt-lg-8\">\n\t\t\t\t\t\t\t\t\t\t\t\t\t\t\t\t\t\t<\/div>\n\t\t\t\t\t<\/div>\n\t\t\t\t<\/div>\n\t\t\t\t\t\t\t<\/div>\n\t\t<\/div>\n\t<\/div>\n<!-- END OF : Composant : block-periscope-theme-section-composant-31-bloc-image-cta.php -->\n\n\n<!-- START OF : Composant : block-periscope-theme-section-composant-31-bloc-image-cta.php -->\n\t<div class=\"icta position-relative fs-wysiwyg\" data-component=\"31-bloc-image-cta\" data-reverse=\"non\">\n\t\t<div class=\"container-fluid\">\n\t\t\t<div class=\"row\">\n\t\t\t\t\t\t\t\t<div class=\"col-lg-6 offset-lg-1\"> \n\t\t\t\t\t<div class=\"icta__top__img h-100 position-relative me-2 me-lg-0\">\n\t\t\t\t\t\t<img decoding=\"async\" src=\"https:\/\/www.myallmeeting.com\/wp-content\/uploads\/2024\/10\/ClubHaussmann-932x645.jpg\" alt=\"\" width=\"932\" height=\"562\" loading=\"lazy\" \/>\n\t\t\t\t\t\t<div class=\"position-absolute text-white z-1 text-center t-0 l-0 w-100 pt-4 pt-lg-8\">\n\t\t\t\t\t\t\t\t\t\t\t\t\t\t\t\t\t\t<\/div>\n\t\t\t\t\t<\/div>\n\t\t\t\t<\/div>\n\t\t\t\t\t\t\t\t<div class=\"col-lg-4 d-lg-flex\">\n\t\t\t\t\t<div class=\"icta__content position-relative bg-white pt-2 pb-2 px-2 pb-lg-0 pt-lg-7 pt-xl-9 px-lg-7 px-xl-10 mt-lg-9\">\n\t\t\t\t\t\t\t\t\t\t\t\t\t\t\t\t\t\t<div class=\"unna fs-32 fs-lg-39 fs-xl-60 text-primary lh-xs mb-2 mb-xl-5\">Club Haussman<\/div>\n\t\t\t\t\t\t\t\t\t\t\t\t\t\t\t\t\t\t<div class=\"fs-lg-15 fs-xl-18 lh-sm \"><div class=\"ewa-rteLine\">\n<div class=\"ewa-rteLine\">\n<div class=\"ewa-rteLine\">\n<div class=\"ewa-rteLine\">\n<div class=\"ewa-rteLine\">V\u00e9ritable bond dans le temps, cette ancienne banque offre une majestueuse entr\u00e9e introduisant une salle de r\u00e9ception digne des plus grandes salles de spectacle de l\u2019\u00e9poque et une splendide mezzanine aux coffres-forts les plus pr\u00e9cieux. Chaque \u00e9v\u00e9nement se fait unique et authentique dans une atmosph\u00e8re somptueuse et s\u00e9duisante des ann\u00e9es 30. De la soir\u00e9e dansante \u00e0 la conf\u00e9rence, vos convives seront transport\u00e9s dans les souvenirs d\u2019une autre \u00e9poque.<\/div>\n<\/div>\n<\/div>\n<\/div>\n<\/div>\n<\/div>\n\t\t\t\t\t\t\t\t\t\t\t\t\t\t\t\t\t<\/div>\n\t\t\t\t<\/div>\n\t\t\t<\/div>\n\t\t<\/div>\n\t<\/div>\n<!-- END OF : Composant : block-periscope-theme-section-composant-31-bloc-image-cta.php -->\n","protected":false},"excerpt":{"rendered":"","protected":false},"author":27,"featured_media":16553132,"parent":0,"menu_order":0,"comment_status":"closed","ping_status":"closed","template":"","meta":{"_acf_changed":false,"footnotes":""},"class_list":["post-16555010","page","type-page","status-publish","has-post-thumbnail","hentry"],"acf":[],"yoast_head":"<title>Paris Society - Accor MyAllMeeting.com<\/title>\n<meta name=\"robots\" content=\"index, follow, max-snippet:-1, max-image-preview:large, max-video-preview:-1\" \/>\n<link rel=\"canonical\" href=\"https:\/\/www.myallmeeting.com\/fr\/wp-json\/wp\/v2\/pages\/16555010\" \/>\n<meta property=\"og:locale\" content=\"fr_FR\" \/>\n<meta property=\"og:type\" content=\"article\" \/>\n<meta property=\"og:title\" content=\"Paris Society - Accor MyAllMeeting.com\" \/>\n<meta property=\"og:url\" content=\"https:\/\/www.myallmeeting.com\/fr\/paris-society\/\" \/>\n<meta property=\"og:site_name\" content=\"Accor MyAllMeeting.com\" \/>\n<meta property=\"article:modified_time\" content=\"2025-07-29T13:43:23+00:00\" \/>\n<meta property=\"og:image\" content=\"https:\/\/myallmeeting.com\/wp-content\/uploads\/2024\/10\/MAM-baner-1920x570-2-1024x304.png\" \/>\n\t<meta property=\"og:image:width\" content=\"1024\" \/>\n\t<meta property=\"og:image:height\" content=\"304\" \/>\n\t<meta property=\"og:image:type\" content=\"image\/png\" \/>\n<meta name=\"twitter:card\" content=\"summary_large_image\" \/>\n<meta name=\"twitter:label1\" content=\"Dur\u00e9e de lecture estim\u00e9e\" \/>\n\t<meta name=\"twitter:data1\" content=\"9 minutes\" \/>\n<script type=\"application\/ld+json\" class=\"yoast-schema-graph\">{\"@context\":\"https:\/\/schema.org\",\"@graph\":[{\"@type\":\"WebPage\",\"@id\":\"https:\/\/www.myallmeeting.com\/fr\/paris-society\/\",\"url\":\"https:\/\/www.myallmeeting.com\/fr\/paris-society\/\",\"name\":\"Paris Society - Accor MyAllMeeting.com\",\"isPartOf\":{\"@id\":\"https:\/\/www.myallmeeting.com\/fr\/#website\"},\"primaryImageOfPage\":{\"@id\":\"https:\/\/www.myallmeeting.com\/fr\/paris-society\/#primaryimage\"},\"image\":{\"@id\":\"https:\/\/www.myallmeeting.com\/fr\/paris-society\/#primaryimage\"},\"thumbnailUrl\":\"https:\/\/www.myallmeeting.com\/wp-content\/uploads\/2024\/10\/MAM-baner-1920x570-2.png\",\"datePublished\":\"2024-10-29T12:57:46+00:00\",\"dateModified\":\"2025-07-29T13:43:23+00:00\",\"breadcrumb\":{\"@id\":\"https:\/\/www.myallmeeting.com\/fr\/paris-society\/#breadcrumb\"},\"inLanguage\":\"fr-FR\",\"potentialAction\":[{\"@type\":\"ReadAction\",\"target\":[\"https:\/\/www.myallmeeting.com\/fr\/paris-society\/\"]}]},{\"@type\":\"ImageObject\",\"inLanguage\":\"fr-FR\",\"@id\":\"https:\/\/www.myallmeeting.com\/fr\/paris-society\/#primaryimage\",\"url\":\"https:\/\/www.myallmeeting.com\/wp-content\/uploads\/2024\/10\/MAM-baner-1920x570-2.png\",\"contentUrl\":\"https:\/\/www.myallmeeting.com\/wp-content\/uploads\/2024\/10\/MAM-baner-1920x570-2.png\",\"width\":1920,\"height\":570},{\"@type\":\"BreadcrumbList\",\"@id\":\"https:\/\/www.myallmeeting.com\/fr\/paris-society\/#breadcrumb\",\"itemListElement\":[{\"@type\":\"ListItem\",\"position\":1,\"name\":\"Accueil\",\"item\":\"https:\/\/myallmeeting.com\/fr\/\"},{\"@type\":\"ListItem\",\"position\":2,\"name\":\"Paris Society\"}]},{\"@type\":\"WebSite\",\"@id\":\"https:\/\/www.myallmeeting.com\/fr\/#website\",\"url\":\"https:\/\/www.myallmeeting.com\/fr\/\",\"name\":\"Accor MyAllMeeting.com\",\"description\":\"Les Meilleurs lieux pour vos Ev\u00e9nements Professionnels\",\"publisher\":{\"@id\":\"https:\/\/www.myallmeeting.com\/fr\/#organization\"},\"potentialAction\":[{\"@type\":\"SearchAction\",\"target\":{\"@type\":\"EntryPoint\",\"urlTemplate\":\"https:\/\/www.myallmeeting.com\/fr\/?s={search_term_string}\"},\"query-input\":{\"@type\":\"PropertyValueSpecification\",\"valueRequired\":true,\"valueName\":\"search_term_string\"}}],\"inLanguage\":\"fr-FR\"},{\"@type\":\"Organization\",\"@id\":\"https:\/\/www.myallmeeting.com\/fr\/#organization\",\"name\":\"ACCOR\",\"url\":\"https:\/\/www.myallmeeting.com\/fr\/\",\"logo\":{\"@type\":\"ImageObject\",\"inLanguage\":\"fr-FR\",\"@id\":\"https:\/\/www.myallmeeting.com\/fr\/#\/schema\/logo\/image\/\",\"url\":\"\",\"contentUrl\":\"\",\"caption\":\"ACCOR\"},\"image\":{\"@id\":\"https:\/\/www.myallmeeting.com\/fr\/#\/schema\/logo\/image\/\"}}]}<\/script>","yoast_head_json":{"title":"Paris Society - Accor MyAllMeeting.com","robots":{"index":"index","follow":"follow","max-snippet":"max-snippet:-1","max-image-preview":"max-image-preview:large","max-video-preview":"max-video-preview:-1"},"canonical":"https:\/\/www.myallmeeting.com\/fr\/wp-json\/wp\/v2\/pages\/16555010","og_locale":"fr_FR","og_type":"article","og_title":"Paris Society - Accor MyAllMeeting.com","og_url":"https:\/\/www.myallmeeting.com\/fr\/paris-society\/","og_site_name":"Accor MyAllMeeting.com","article_modified_time":"2025-07-29T13:43:23+00:00","og_image":[{"width":1024,"height":304,"url":"https:\/\/myallmeeting.com\/wp-content\/uploads\/2024\/10\/MAM-baner-1920x570-2-1024x304.png","type":"image\/png"}],"twitter_card":"summary_large_image","twitter_misc":{"Dur\u00e9e de lecture estim\u00e9e":"9 minutes"},"schema":{"@context":"https:\/\/schema.org","@graph":[{"@type":"WebPage","@id":"https:\/\/www.myallmeeting.com\/fr\/paris-society\/","url":"https:\/\/www.myallmeeting.com\/fr\/paris-society\/","name":"Paris Society - Accor MyAllMeeting.com","isPartOf":{"@id":"https:\/\/www.myallmeeting.com\/fr\/#website"},"primaryImageOfPage":{"@id":"https:\/\/www.myallmeeting.com\/fr\/paris-society\/#primaryimage"},"image":{"@id":"https:\/\/www.myallmeeting.com\/fr\/paris-society\/#primaryimage"},"thumbnailUrl":"https:\/\/www.myallmeeting.com\/wp-content\/uploads\/2024\/10\/MAM-baner-1920x570-2.png","datePublished":"2024-10-29T12:57:46+00:00","dateModified":"2025-07-29T13:43:23+00:00","breadcrumb":{"@id":"https:\/\/www.myallmeeting.com\/fr\/paris-society\/#breadcrumb"},"inLanguage":"fr-FR","potentialAction":[{"@type":"ReadAction","target":["https:\/\/www.myallmeeting.com\/fr\/paris-society\/"]}]},{"@type":"ImageObject","inLanguage":"fr-FR","@id":"https:\/\/www.myallmeeting.com\/fr\/paris-society\/#primaryimage","url":"https:\/\/www.myallmeeting.com\/wp-content\/uploads\/2024\/10\/MAM-baner-1920x570-2.png","contentUrl":"https:\/\/www.myallmeeting.com\/wp-content\/uploads\/2024\/10\/MAM-baner-1920x570-2.png","width":1920,"height":570},{"@type":"BreadcrumbList","@id":"https:\/\/www.myallmeeting.com\/fr\/paris-society\/#breadcrumb","itemListElement":[{"@type":"ListItem","position":1,"name":"Accueil","item":"https:\/\/myallmeeting.com\/fr\/"},{"@type":"ListItem","position":2,"name":"Paris Society"}]},{"@type":"WebSite","@id":"https:\/\/www.myallmeeting.com\/fr\/#website","url":"https:\/\/www.myallmeeting.com\/fr\/","name":"Accor MyAllMeeting.com","description":"Les Meilleurs lieux pour vos Ev\u00e9nements Professionnels","publisher":{"@id":"https:\/\/www.myallmeeting.com\/fr\/#organization"},"potentialAction":[{"@type":"SearchAction","target":{"@type":"EntryPoint","urlTemplate":"https:\/\/www.myallmeeting.com\/fr\/?s={search_term_string}"},"query-input":{"@type":"PropertyValueSpecification","valueRequired":true,"valueName":"search_term_string"}}],"inLanguage":"fr-FR"},{"@type":"Organization","@id":"https:\/\/www.myallmeeting.com\/fr\/#organization","name":"ACCOR","url":"https:\/\/www.myallmeeting.com\/fr\/","logo":{"@type":"ImageObject","inLanguage":"fr-FR","@id":"https:\/\/www.myallmeeting.com\/fr\/#\/schema\/logo\/image\/","url":"","contentUrl":"","caption":"ACCOR"},"image":{"@id":"https:\/\/www.myallmeeting.com\/fr\/#\/schema\/logo\/image\/"}}]}},"_links":{"self":[{"href":"https:\/\/www.myallmeeting.com\/fr\/wp-json\/wp\/v2\/pages\/16555010","targetHints":{"allow":["GET"]}}],"collection":[{"href":"https:\/\/www.myallmeeting.com\/fr\/wp-json\/wp\/v2\/pages"}],"about":[{"href":"https:\/\/www.myallmeeting.com\/fr\/wp-json\/wp\/v2\/types\/page"}],"author":[{"embeddable":true,"href":"https:\/\/www.myallmeeting.com\/fr\/wp-json\/wp\/v2\/users\/27"}],"replies":[{"embeddable":true,"href":"https:\/\/www.myallmeeting.com\/fr\/wp-json\/wp\/v2\/comments?post=16555010"}],"version-history":[{"count":0,"href":"https:\/\/www.myallmeeting.com\/fr\/wp-json\/wp\/v2\/pages\/16555010\/revisions"}],"wp:featuredmedia":[{"embeddable":true,"href":"https:\/\/www.myallmeeting.com\/fr\/wp-json\/wp\/v2\/media\/16553132"}],"wp:attachment":[{"href":"https:\/\/www.myallmeeting.com\/fr\/wp-json\/wp\/v2\/media?parent=16555010"}],"curies":[{"name":"wp","href":"https:\/\/api.w.org\/{rel}","templated":true}]}}