{"id":15161112,"date":"2024-03-21T15:17:05","date_gmt":"2024-03-21T14:17:05","guid":{"rendered":"https:\/\/myallmeeting.com\/?page_id=15161112"},"modified":"2025-12-05T16:10:18","modified_gmt":"2025-12-05T15:10:18","slug":"actualite","status":"publish","type":"page","link":"https:\/\/www.myallmeeting.com\/fr\/actualite\/","title":{"rendered":"Actualit\u00e9"},"content":{"rendered":"<!-- START OF : Composant : block-periscope-theme-section-composant-32-hub-articles.php -->\n<div id=\"\" class=\"hub-articles pt-4 pb-7 pt-lg-6 pb-lg-7 px-lg-2 bg-beige mb-7 mb-lg-11 position-relative\" data-component=\"32-hub-articles\">\n\t<div class=\"container-fluid\">\n\t\t<div class=\"row\">\n\t\t\t<div class=\"offset-2 col-8\">\n\t\t\t\t<h2 class=\"unna fs-24 fs-lg-28 fs-xl-32 fs-xxl-36 fs-italic mb-4 mb-lg-6 text-center lh-xs ls-0\">D\u00e9couvrez nos derniers articles !<\/h2>\n\t\t\t<\/div>\n\t\t<\/div>\n\t<\/div>\n\t\t<div class=\"splide visible\">\n\t\t<div class=\"splide__track\">\n\t\t\t<div class=\"splide__list d-lg-flex\">\n\t\t\t\t\t\t\t\t\t<div class=\"splide__slide col-lg-4 col-xl-4 mb-lg-6\">\n\t\t\t\t\t\t<a href=\"https:\/\/www.myallmeeting.com\/fr\/article\/sustainable-by-design-comment-accor-faconne-lavenir-des-reunions-et-evenements-responsables\/\" class=\"card-hub-articles text-decoration-none link-primary text-end lh-xs d-flex flex-column align-items-end h-100\">\n\t\t\t\t\t\t\t<span class=\"card-hub-articles__img d-block ratio ratio-16x9 overflow-hidden\">\n\t\t\t\t\t\t\t\t\t\t\t\t\t\t\t\t<img decoding=\"async\" src=\"https:\/\/www.myallmeeting.com\/wp-content\/uploads\/2025\/12\/Image-banniere-28.png\" alt=\"\" width=\"616\" height=\"387\" loading=\"lazy\" \/>\t\t\t\t\t\t\t\n\t\t\t\t\t\t\t\t\t\t\t\t\t\t\t<\/span>\n\t\t\t\t\t\t\t\t\t\t\t\t\t\t<span class=\"card-hub-articles__content flex-grow-1 d-block bg-white position-relative\">\n\t\t\t\t\t\t\t\t\t\t\t\t\t\t\t\t\t\t\t\t\t\t\t\t<span class=\"d-block unna fs-17 fs-lg-23 fs-xl-32 mb-1\">Comment Accor fa\u00e7onne l\u2019avenir des r\u00e9unions et \u00e9v\u00e9nements responsables\u00a0<\/span>\n\t\t\t\t\t\t\t\t\t\t\t\t\t\t\t\t\t\t\t\t\t\t\t\t<span class=\"d-block fs-10 fs-lg-11 fs-xl-12 fs-xxl-14 text-black\">Une nouvelle g\u00e9n\u00e9ration d&#039;espaces de r\u00e9union voit le jour, o\u00f9 la mani\u00e8re dont nous nous r\u00e9unissons refl\u00e8te un engagement plus large en faveur de pratiques r\u00e9fl\u00e9chies et durables.<\/span>\n\t\t\t\t\t\t\t\t\t\t\t\t\t\t\t<\/span>\n\t\t\t\t\t\t\t\t\t\t\t\t\t\t<span class=\"btn btn-primary btn-hover-translate-right d-inline-flex justify-content-center justify-content-lg-start gap-2 gap-lg-1 z-1\">\n\t\t\t\t\t\t\t\t<span>\n\t\t\t\t\t\t\t\t\tD\u00e9couvrir\t\t\t\t\t\t\t\t<\/span>\n\t\t\t\t\t\t\t\t<svg width=\"15\" height=\"20\" aria-hidden=\"true\">\n\t\t\t\t\t\t\t\t\t<use xlink:href=\"https:\/\/www.myallmeeting.com\/wp-content\/themes\/accor\/assets\/images\/sprite.svg#btn-arrow-white\"><\/use>\n\t\t\t\t\t\t\t\t<\/svg>\n\t\t\t\t\t\t\t<\/span>\n\t\t\t\t\t\t<\/a>\n\t\t\t\t\t<\/div>\n\t\t\t\t\t\t\t\t\t<div class=\"splide__slide col-lg-4 col-xl-4 mb-lg-6\">\n\t\t\t\t\t\t<a href=\"https:\/\/www.myallmeeting.com\/fr\/article\/des-gestes-grandioses-aux-solutions-ingenieuses-lart-des-reunions-chez-raffles-sls-et-ibis\/\" class=\"card-hub-articles text-decoration-none link-primary text-end lh-xs d-flex flex-column align-items-end h-100\">\n\t\t\t\t\t\t\t<span class=\"card-hub-articles__img d-block ratio ratio-16x9 overflow-hidden\">\n\t\t\t\t\t\t\t\t\t\t\t\t\t\t\t\t<img decoding=\"async\" src=\"https:\/\/www.myallmeeting.com\/wp-content\/uploads\/2025\/11\/met_p_a039-43__original-scaled.jpeg\" alt=\"\" width=\"616\" height=\"387\" loading=\"lazy\" \/>\t\t\t\t\t\t\t\n\t\t\t\t\t\t\t\t\t\t\t\t\t\t\t<\/span>\n\t\t\t\t\t\t\t\t\t\t\t\t\t\t<span class=\"card-hub-articles__content flex-grow-1 d-block bg-white position-relative\">\n\t\t\t\t\t\t\t\t\t\t\t\t\t\t\t\t\t\t\t\t\t\t\t\t<span class=\"d-block unna fs-17 fs-lg-23 fs-xl-32 mb-1\">Des gestes grandioses aux solutions ing\u00e9nieuses : l\u2019art des r\u00e9unions chez Raffles, SLS et ibis\u00a0<\/span>\n\t\t\t\t\t\t\t\t\t\t\t\t\t\t\t\t\t\t\t\t\t\t\t\t<span class=\"d-block fs-10 fs-lg-11 fs-xl-12 fs-xxl-14 text-black\">Chaque r\u00e9union raconte une histoire &#8211; la seule question est : quelle histoire souhaitez-vous raconter ?<\/span>\n\t\t\t\t\t\t\t\t\t\t\t\t\t\t\t<\/span>\n\t\t\t\t\t\t\t\t\t\t\t\t\t\t<span class=\"btn btn-primary btn-hover-translate-right d-inline-flex justify-content-center justify-content-lg-start gap-2 gap-lg-1 z-1\">\n\t\t\t\t\t\t\t\t<span>\n\t\t\t\t\t\t\t\t\tD\u00e9couvrir\t\t\t\t\t\t\t\t<\/span>\n\t\t\t\t\t\t\t\t<svg width=\"15\" height=\"20\" aria-hidden=\"true\">\n\t\t\t\t\t\t\t\t\t<use xlink:href=\"https:\/\/www.myallmeeting.com\/wp-content\/themes\/accor\/assets\/images\/sprite.svg#btn-arrow-white\"><\/use>\n\t\t\t\t\t\t\t\t<\/svg>\n\t\t\t\t\t\t\t<\/span>\n\t\t\t\t\t\t<\/a>\n\t\t\t\t\t<\/div>\n\t\t\t\t\t\t\t\t\t<div class=\"splide__slide col-lg-4 col-xl-4 mb-lg-6\">\n\t\t\t\t\t\t<a href=\"https:\/\/www.myallmeeting.com\/fr\/article\/votre-reunion-votre-signature-pullman-fairmont-ou-mama-shelter\/\" class=\"card-hub-articles text-decoration-none link-primary text-end lh-xs d-flex flex-column align-items-end h-100\">\n\t\t\t\t\t\t\t<span class=\"card-hub-articles__img d-block ratio ratio-16x9 overflow-hidden\">\n\t\t\t\t\t\t\t\t\t\t\t\t\t\t\t\t<img decoding=\"async\" src=\"https:\/\/www.myallmeeting.com\/wp-content\/uploads\/2025\/11\/Image-banniere-20.png\" alt=\"\" width=\"616\" height=\"387\" loading=\"lazy\" \/>\t\t\t\t\t\t\t\n\t\t\t\t\t\t\t\t\t\t\t\t\t\t\t<\/span>\n\t\t\t\t\t\t\t\t\t\t\t\t\t\t<span class=\"card-hub-articles__content flex-grow-1 d-block bg-white position-relative\">\n\t\t\t\t\t\t\t\t\t\t\t\t\t\t\t\t\t\t\t\t\t\t\t\t<span class=\"d-block unna fs-17 fs-lg-23 fs-xl-32 mb-1\">Votre r\u00e9union, votre signature : Pullman, Fairmont ou Mama Shelter ?<\/span>\n\t\t\t\t\t\t\t\t\t\t\t\t\t\t\t\t\t\t\t\t\t\t\t\t<span class=\"d-block fs-10 fs-lg-11 fs-xl-12 fs-xxl-14 text-black\">Chaque \u00e9v\u00e9nement que vous organisez est un autoportrait. \n\nLa mani\u00e8re dont vous le structurez, l\u2019ambiance que vous cr\u00e9ez et l\u2019\u00e9motion que vous laissez derri\u00e8re vous, tout cela constitue votre propre expression. D\u00e9couvrez trois marques, trois styles, trois fa\u00e7ons d\u2019accueillir. <\/span>\n\t\t\t\t\t\t\t\t\t\t\t\t\t\t\t<\/span>\n\t\t\t\t\t\t\t\t\t\t\t\t\t\t<span class=\"btn btn-primary btn-hover-translate-right d-inline-flex justify-content-center justify-content-lg-start gap-2 gap-lg-1 z-1\">\n\t\t\t\t\t\t\t\t<span>\n\t\t\t\t\t\t\t\t\tD\u00e9couvrir\t\t\t\t\t\t\t\t<\/span>\n\t\t\t\t\t\t\t\t<svg width=\"15\" height=\"20\" aria-hidden=\"true\">\n\t\t\t\t\t\t\t\t\t<use xlink:href=\"https:\/\/www.myallmeeting.com\/wp-content\/themes\/accor\/assets\/images\/sprite.svg#btn-arrow-white\"><\/use>\n\t\t\t\t\t\t\t\t<\/svg>\n\t\t\t\t\t\t\t<\/span>\n\t\t\t\t\t\t<\/a>\n\t\t\t\t\t<\/div>\n\t\t\t\t\t\t\t\t\t\t\t\t\t<div class=\"splide__slide col-lg-4 col-xl-4 mb-lg-6 d-none\">\n\t\t\t\t\t\t<a href=\"https:\/\/www.myallmeeting.com\/fr\/article\/des-rassemblements-intimistes-aux-grandes-celebrations-trouvez-le-lieu-parfait\/\" class=\"card-hub-articles text-decoration-none link-primary text-end lh-xs d-flex flex-column align-items-end h-100\">\n\t\t\t\t\t\t\t<span class=\"card-hub-articles__img d-block ratio ratio-16x9 overflow-hidden\">\n\t\t\t\t\t\t\t\t\t\t\t\t\t\t\t\t<img decoding=\"async\" src=\"https:\/\/www.myallmeeting.com\/wp-content\/uploads\/2025\/11\/Image-banniere-19.png\" alt=\"\" width=\"616\" height=\"387\" loading=\"lazy\" \/>\t\t\t\t\t\t\t\n\t\t\t\t\t\t\t\t\t\t\t\t\t\t\t<\/span>\n\t\t\t\t\t\t\t\t\t\t\t\t\t\t<span class=\"card-hub-articles__content flex-grow-1 d-block bg-white position-relative\">\n\t\t\t\t\t\t\t\t\t\t\t\t\t\t\t\t\t\t\t\t\t\t\t\t<span class=\"d-block unna fs-17 fs-lg-23 fs-xl-32 mb-1\">Des rassemblements intimistes aux grandes c\u00e9l\u00e9brations \u2013 trouvez le lieu parfait\u00a0<\/span>\n\t\t\t\t\t\t\t\t\t\t\t\t\t\t\t\t\t\t\t\t\t\t\t\t<span class=\"d-block fs-10 fs-lg-11 fs-xl-12 fs-xxl-14 text-black\">Les c\u00e9l\u00e9brations marquent les \u00e9tapes cl\u00e9s de nos parcours, qu\u2019ils soient personnels ou professionnels. <\/span>\n\t\t\t\t\t\t\t\t\t\t\t\t\t\t\t<\/span>\n\t\t\t\t\t\t\t\t\t\t\t\t\t\t<span class=\"btn btn-primary btn-hover-translate-right d-inline-flex justify-content-center justify-content-lg-start gap-2 gap-lg-1 z-1\">\n\t\t\t\t\t\t\t\t<span>\n\t\t\t\t\t\t\t\t\tD\u00e9couvrir\t\t\t\t\t\t\t\t<\/span>\n\t\t\t\t\t\t\t\t<svg width=\"15\" height=\"20\" aria-hidden=\"true\">\n\t\t\t\t\t\t\t\t\t<use xlink:href=\"https:\/\/www.myallmeeting.com\/wp-content\/themes\/accor\/assets\/images\/sprite.svg#btn-arrow-white\"><\/use>\n\t\t\t\t\t\t\t\t<\/svg>\n\t\t\t\t\t\t\t<\/span>\n\t\t\t\t\t\t<\/a>\n\t\t\t\t\t<\/div>\n\t\t\t\t\t\t\t\t\t\t<div class=\"splide__slide col-lg-4 col-xl-4 mb-lg-6 d-none\">\n\t\t\t\t\t\t<a href=\"https:\/\/www.myallmeeting.com\/fr\/article\/fever-candlelight-quand-lart-de-lemotion-transforme-levenementiel\/\" class=\"card-hub-articles text-decoration-none link-primary text-end lh-xs d-flex flex-column align-items-end h-100\">\n\t\t\t\t\t\t\t<span class=\"card-hub-articles__img d-block ratio ratio-16x9 overflow-hidden\">\n\t\t\t\t\t\t\t\t\t\t\t\t\t\t\t\t<img decoding=\"async\" src=\"https:\/\/www.myallmeeting.com\/wp-content\/uploads\/2025\/08\/Banniere-4.png\" alt=\"\" width=\"616\" height=\"387\" loading=\"lazy\" \/>\t\t\t\t\t\t\t\n\t\t\t\t\t\t\t\t\t\t\t\t\t\t\t<\/span>\n\t\t\t\t\t\t\t\t\t\t\t\t\t\t<span class=\"card-hub-articles__content flex-grow-1 d-block bg-white position-relative\">\n\t\t\t\t\t\t\t\t\t\t\t\t\t\t\t\t\t\t\t\t\t\t\t\t<span class=\"d-block unna fs-17 fs-lg-23 fs-xl-32 mb-1\">Fever &amp; Candlelight\u00ae\u202f: Quand l\u2019art de l\u2019\u00e9motion transforme l\u2019\u00e9v\u00e8nementiel\u00a0<\/span>\n\t\t\t\t\t\t\t\t\t\t\t\t\t\t\t\t\t\t\t\t\t\t\t\t<span class=\"d-block fs-10 fs-lg-11 fs-xl-12 fs-xxl-14 text-black\">Fever, c\u2019est l\u2019art de transformer chaque sortie en exp\u00e9rience m\u00e9morable. <\/span>\n\t\t\t\t\t\t\t\t\t\t\t\t\t\t\t<\/span>\n\t\t\t\t\t\t\t\t\t\t\t\t\t\t<span class=\"btn btn-primary btn-hover-translate-right d-inline-flex justify-content-center justify-content-lg-start gap-2 gap-lg-1 z-1\">\n\t\t\t\t\t\t\t\t<span>\n\t\t\t\t\t\t\t\t\tD\u00e9couvrir\t\t\t\t\t\t\t\t<\/span>\n\t\t\t\t\t\t\t\t<svg width=\"15\" height=\"20\" aria-hidden=\"true\">\n\t\t\t\t\t\t\t\t\t<use xlink:href=\"https:\/\/www.myallmeeting.com\/wp-content\/themes\/accor\/assets\/images\/sprite.svg#btn-arrow-white\"><\/use>\n\t\t\t\t\t\t\t\t<\/svg>\n\t\t\t\t\t\t\t<\/span>\n\t\t\t\t\t\t<\/a>\n\t\t\t\t\t<\/div>\n\t\t\t\t\t\t\t\t\t\t<div class=\"splide__slide col-lg-4 col-xl-4 mb-lg-6 d-none\">\n\t\t\t\t\t\t<a href=\"https:\/\/www.myallmeeting.com\/fr\/article\/reunions-daffaires-mercure-ou-the-hoxton\/\" class=\"card-hub-articles text-decoration-none link-primary text-end lh-xs d-flex flex-column align-items-end h-100\">\n\t\t\t\t\t\t\t<span class=\"card-hub-articles__img d-block ratio ratio-16x9 overflow-hidden\">\n\t\t\t\t\t\t\t\t\t\t\t\t\t\t\t\t<img decoding=\"async\" src=\"https:\/\/www.myallmeeting.com\/wp-content\/uploads\/2025\/07\/Banniere-1-1.png\" alt=\"\" width=\"616\" height=\"387\" loading=\"lazy\" \/>\t\t\t\t\t\t\t\n\t\t\t\t\t\t\t\t\t\t\t\t\t\t\t<\/span>\n\t\t\t\t\t\t\t\t\t\t\t\t\t\t<span class=\"card-hub-articles__content flex-grow-1 d-block bg-white position-relative\">\n\t\t\t\t\t\t\t\t\t\t\t\t\t\t\t\t\t\t\t\t\t\t\t\t<span class=\"d-block unna fs-17 fs-lg-23 fs-xl-32 mb-1\">Pour vos r\u00e9unions d\u2019affaires, vous \u00eates plut\u00f4t lifestyle ou local\u202f? The Hoxton ou Mercure\u202f?\u00a0<\/span>\n\t\t\t\t\t\t\t\t\t\t\t\t\t\t\t\t\t\t\t\t\t\t\t\t<span class=\"d-block fs-10 fs-lg-11 fs-xl-12 fs-xxl-14 text-black\">Pour vos r\u00e9unions d\u2019affaires, vous \u00eates plut\u00f4t lifestyle ou local\u202f? The Hoxton ou Mercure\u202f? \n<\/span>\n\t\t\t\t\t\t\t\t\t\t\t\t\t\t\t<\/span>\n\t\t\t\t\t\t\t\t\t\t\t\t\t\t<span class=\"btn btn-primary btn-hover-translate-right d-inline-flex justify-content-center justify-content-lg-start gap-2 gap-lg-1 z-1\">\n\t\t\t\t\t\t\t\t<span>\n\t\t\t\t\t\t\t\t\tD\u00e9couvrir\t\t\t\t\t\t\t\t<\/span>\n\t\t\t\t\t\t\t\t<svg width=\"15\" height=\"20\" aria-hidden=\"true\">\n\t\t\t\t\t\t\t\t\t<use xlink:href=\"https:\/\/www.myallmeeting.com\/wp-content\/themes\/accor\/assets\/images\/sprite.svg#btn-arrow-white\"><\/use>\n\t\t\t\t\t\t\t\t<\/svg>\n\t\t\t\t\t\t\t<\/span>\n\t\t\t\t\t\t<\/a>\n\t\t\t\t\t<\/div>\n\t\t\t\t\t\t\t\t\t\t<div class=\"splide__slide col-lg-4 col-xl-4 mb-lg-6 d-none\">\n\t\t\t\t\t\t<a href=\"https:\/\/www.myallmeeting.com\/fr\/article\/destinations-mice-traditionnelles-versus-disruptives\/\" class=\"card-hub-articles text-decoration-none link-primary text-end lh-xs d-flex flex-column align-items-end h-100\">\n\t\t\t\t\t\t\t<span class=\"card-hub-articles__img d-block ratio ratio-16x9 overflow-hidden\">\n\t\t\t\t\t\t\t\t\t\t\t\t\t\t\t\t<img decoding=\"async\" src=\"https:\/\/www.myallmeeting.com\/wp-content\/uploads\/2025\/07\/MAM-imagery-1920-x-570-px-Baniere-2-1.png\" alt=\"\" width=\"616\" height=\"387\" loading=\"lazy\" \/>\t\t\t\t\t\t\t\n\t\t\t\t\t\t\t\t\t\t\t\t\t\t\t<\/span>\n\t\t\t\t\t\t\t\t\t\t\t\t\t\t<span class=\"card-hub-articles__content flex-grow-1 d-block bg-white position-relative\">\n\t\t\t\t\t\t\t\t\t\t\t\t\t\t\t\t\t\t\t\t\t\t\t\t<span class=\"d-block unna fs-17 fs-lg-23 fs-xl-32 mb-1\">DESTINATIONS MICE TRADITIONNELLES VERSUS DISRUPTIVES<\/span>\n\t\t\t\t\t\t\t\t\t\t\t\t\t\t\t\t\t\t\t\t\t\t\t\t<span class=\"d-block fs-10 fs-lg-11 fs-xl-12 fs-xxl-14 text-black\">Dans le monde en pleine mutation des r\u00e9unions et des \u00e9v\u00e9nements, le choix de la bonne destination n&#039;a jamais \u00e9t\u00e9 aussi important. <\/span>\n\t\t\t\t\t\t\t\t\t\t\t\t\t\t\t<\/span>\n\t\t\t\t\t\t\t\t\t\t\t\t\t\t<span class=\"btn btn-primary btn-hover-translate-right d-inline-flex justify-content-center justify-content-lg-start gap-2 gap-lg-1 z-1\">\n\t\t\t\t\t\t\t\t<span>\n\t\t\t\t\t\t\t\t\tD\u00e9couvrir\t\t\t\t\t\t\t\t<\/span>\n\t\t\t\t\t\t\t\t<svg width=\"15\" height=\"20\" aria-hidden=\"true\">\n\t\t\t\t\t\t\t\t\t<use xlink:href=\"https:\/\/www.myallmeeting.com\/wp-content\/themes\/accor\/assets\/images\/sprite.svg#btn-arrow-white\"><\/use>\n\t\t\t\t\t\t\t\t<\/svg>\n\t\t\t\t\t\t\t<\/span>\n\t\t\t\t\t\t<\/a>\n\t\t\t\t\t<\/div>\n\t\t\t\t\t\t\t\t\t\t<div class=\"splide__slide col-lg-4 col-xl-4 mb-lg-6 d-none\">\n\t\t\t\t\t\t<a href=\"https:\/\/www.myallmeeting.com\/fr\/article\/coolcations-redefinir-les-reunions-et-evenements-dete-avec-une-bouffee-dair-frais\/\" class=\"card-hub-articles text-decoration-none link-primary text-end lh-xs d-flex flex-column align-items-end h-100\">\n\t\t\t\t\t\t\t<span class=\"card-hub-articles__img d-block ratio ratio-16x9 overflow-hidden\">\n\t\t\t\t\t\t\t\t\t\t\t\t\t\t\t\t<img decoding=\"async\" src=\"https:\/\/www.myallmeeting.com\/wp-content\/uploads\/2025\/07\/MAM-imagery-1920-x-570-px-Baniere-4-1.png\" alt=\"\" width=\"616\" height=\"387\" loading=\"lazy\" \/>\t\t\t\t\t\t\t\n\t\t\t\t\t\t\t\t\t\t\t\t\t\t\t<\/span>\n\t\t\t\t\t\t\t\t\t\t\t\t\t\t<span class=\"card-hub-articles__content flex-grow-1 d-block bg-white position-relative\">\n\t\t\t\t\t\t\t\t\t\t\t\t\t\t\t\t\t\t\t\t\t\t\t\t<span class=\"d-block unna fs-17 fs-lg-23 fs-xl-32 mb-1\">Coolcations\u202f: Red\u00e9finir les r\u00e9unions et \u00e9v\u00e9nements d&rsquo;\u00e9t\u00e9 avec une bouff\u00e9e d&rsquo;air frais\u00a0\u00a0<\/span>\n\t\t\t\t\t\t\t\t\t\t\t\t\t\t\t\t\t\t\t\t\t\t\t\t<span class=\"d-block fs-10 fs-lg-11 fs-xl-12 fs-xxl-14 text-black\">L&#039;\u00e9t\u00e9 apporte une nouvelle \u00e9nergie, et les destinations plus fra\u00eeches deviennent rapidement les plus pris\u00e9es pour les r\u00e9unions et les \u00e9v\u00e9nements.<\/span>\n\t\t\t\t\t\t\t\t\t\t\t\t\t\t\t<\/span>\n\t\t\t\t\t\t\t\t\t\t\t\t\t\t<span class=\"btn btn-primary btn-hover-translate-right d-inline-flex justify-content-center justify-content-lg-start gap-2 gap-lg-1 z-1\">\n\t\t\t\t\t\t\t\t<span>\n\t\t\t\t\t\t\t\t\tD\u00e9couvrir\t\t\t\t\t\t\t\t<\/span>\n\t\t\t\t\t\t\t\t<svg width=\"15\" height=\"20\" aria-hidden=\"true\">\n\t\t\t\t\t\t\t\t\t<use xlink:href=\"https:\/\/www.myallmeeting.com\/wp-content\/themes\/accor\/assets\/images\/sprite.svg#btn-arrow-white\"><\/use>\n\t\t\t\t\t\t\t\t<\/svg>\n\t\t\t\t\t\t\t<\/span>\n\t\t\t\t\t\t<\/a>\n\t\t\t\t\t<\/div>\n\t\t\t\t\t\t\t\t\t\t<div class=\"splide__slide col-lg-4 col-xl-4 mb-lg-6 d-none\">\n\t\t\t\t\t\t<a href=\"https:\/\/www.myallmeeting.com\/fr\/article\/benelux-uk-des-destinations-inspirantes-pour-des-evenements-mice-memorables\/\" class=\"card-hub-articles text-decoration-none link-primary text-end lh-xs d-flex flex-column align-items-end h-100\">\n\t\t\t\t\t\t\t<span class=\"card-hub-articles__img d-block ratio ratio-16x9 overflow-hidden\">\n\t\t\t\t\t\t\t\t\t\t\t\t\t\t\t\t<img decoding=\"async\" src=\"https:\/\/www.myallmeeting.com\/wp-content\/uploads\/2025\/07\/MAM-imagery-1920-x-570-px-Baniere-6-2.png\" alt=\"\" width=\"616\" height=\"387\" loading=\"lazy\" \/>\t\t\t\t\t\t\t\n\t\t\t\t\t\t\t\t\t\t\t\t\t\t\t<\/span>\n\t\t\t\t\t\t\t\t\t\t\t\t\t\t<span class=\"card-hub-articles__content flex-grow-1 d-block bg-white position-relative\">\n\t\t\t\t\t\t\t\t\t\t\t\t\t\t\t\t\t\t\t\t\t\t\t\t<span class=\"d-block unna fs-17 fs-lg-23 fs-xl-32 mb-1\">BeNeLux &#038; UK : Des destinations inspirantes pour des \u00e9v\u00e9nements MICE m\u00e9morables\u00a0<\/span>\n\t\t\t\t\t\t\t\t\t\t\t\t\t\t\t\t\t\t\t\t\t\t\t\t<span class=\"d-block fs-10 fs-lg-11 fs-xl-12 fs-xxl-14 text-black\">Pour les organisateurs d&#039;\u00e9v\u00e9nements \u00e0 la recherche de lieux int\u00e9ressants et bien desservis. <\/span>\n\t\t\t\t\t\t\t\t\t\t\t\t\t\t\t<\/span>\n\t\t\t\t\t\t\t\t\t\t\t\t\t\t<span class=\"btn btn-primary btn-hover-translate-right d-inline-flex justify-content-center justify-content-lg-start gap-2 gap-lg-1 z-1\">\n\t\t\t\t\t\t\t\t<span>\n\t\t\t\t\t\t\t\t\tD\u00e9couvrir\t\t\t\t\t\t\t\t<\/span>\n\t\t\t\t\t\t\t\t<svg width=\"15\" height=\"20\" aria-hidden=\"true\">\n\t\t\t\t\t\t\t\t\t<use xlink:href=\"https:\/\/www.myallmeeting.com\/wp-content\/themes\/accor\/assets\/images\/sprite.svg#btn-arrow-white\"><\/use>\n\t\t\t\t\t\t\t\t<\/svg>\n\t\t\t\t\t\t\t<\/span>\n\t\t\t\t\t\t<\/a>\n\t\t\t\t\t<\/div>\n\t\t\t\t\t\t\t\t\t\t<div class=\"splide__slide col-lg-4 col-xl-4 mb-lg-6 d-none\">\n\t\t\t\t\t\t<a href=\"https:\/\/www.myallmeeting.com\/fr\/article\/avec-all-organisez-des-evenements-professionnels-adaptes-a-votre-budget\/\" class=\"card-hub-articles text-decoration-none link-primary text-end lh-xs d-flex flex-column align-items-end h-100\">\n\t\t\t\t\t\t\t<span class=\"card-hub-articles__img d-block ratio ratio-16x9 overflow-hidden\">\n\t\t\t\t\t\t\t\t\t\t\t\t\t\t\t\t<img decoding=\"async\" src=\"https:\/\/www.myallmeeting.com\/wp-content\/uploads\/2025\/01\/MAM-baner-1920x570-2025-01-10T131828.963.png\" alt=\"\" width=\"616\" height=\"387\" loading=\"lazy\" \/>\t\t\t\t\t\t\t\n\t\t\t\t\t\t\t\t\t\t\t\t\t\t\t<\/span>\n\t\t\t\t\t\t\t\t\t\t\t\t\t\t<span class=\"card-hub-articles__content flex-grow-1 d-block bg-white position-relative\">\n\t\t\t\t\t\t\t\t\t\t\t\t\t\t\t\t\t\t\t\t\t\t\t\t<span class=\"d-block unna fs-17 fs-lg-23 fs-xl-32 mb-1\">Avec ALL, organisez des \u00e9v\u00e9nements professionnels adapt\u00e9s \u00e0 votre budget<\/span>\n\t\t\t\t\t\t\t\t\t\t\t\t\t\t\t\t\t\t\t\t\t\t\t\t<span class=\"d-block fs-10 fs-lg-11 fs-xl-12 fs-xxl-14 text-black\">Parce que votre entreprise est unique, ALL &#8211; Accor Live Limitless vous propose des \u00e9v\u00e9nements sur-mesure<\/span>\n\t\t\t\t\t\t\t\t\t\t\t\t\t\t\t<\/span>\n\t\t\t\t\t\t\t\t\t\t\t\t\t\t<span class=\"btn btn-primary btn-hover-translate-right d-inline-flex justify-content-center justify-content-lg-start gap-2 gap-lg-1 z-1\">\n\t\t\t\t\t\t\t\t<span>\n\t\t\t\t\t\t\t\t\tD\u00e9couvrir\t\t\t\t\t\t\t\t<\/span>\n\t\t\t\t\t\t\t\t<svg width=\"15\" height=\"20\" aria-hidden=\"true\">\n\t\t\t\t\t\t\t\t\t<use xlink:href=\"https:\/\/www.myallmeeting.com\/wp-content\/themes\/accor\/assets\/images\/sprite.svg#btn-arrow-white\"><\/use>\n\t\t\t\t\t\t\t\t<\/svg>\n\t\t\t\t\t\t\t<\/span>\n\t\t\t\t\t\t<\/a>\n\t\t\t\t\t<\/div>\n\t\t\t\t\t\t\t\t\t\t<div class=\"splide__slide col-lg-4 col-xl-4 mb-lg-6 d-none\">\n\t\t\t\t\t\t<a href=\"https:\/\/www.myallmeeting.com\/fr\/article\/le-mice-dans-la-region-mediterraneenne\/\" class=\"card-hub-articles text-decoration-none link-primary text-end lh-xs d-flex flex-column align-items-end h-100\">\n\t\t\t\t\t\t\t<span class=\"card-hub-articles__img d-block ratio ratio-16x9 overflow-hidden\">\n\t\t\t\t\t\t\t\t\t\t\t\t\t\t\t\t<img decoding=\"async\" src=\"https:\/\/www.myallmeeting.com\/wp-content\/uploads\/2025\/07\/Marseille-mediterranee-banniere.png\" alt=\"\" width=\"616\" height=\"387\" loading=\"lazy\" \/>\t\t\t\t\t\t\t\n\t\t\t\t\t\t\t\t\t\t\t\t\t\t\t<\/span>\n\t\t\t\t\t\t\t\t\t\t\t\t\t\t<span class=\"card-hub-articles__content flex-grow-1 d-block bg-white position-relative\">\n\t\t\t\t\t\t\t\t\t\t\t\t\t\t\t\t\t\t\t\t\t\t\t\t<span class=\"d-block unna fs-17 fs-lg-23 fs-xl-32 mb-1\">Le MICE dans la r\u00e9gion m\u00e9diterran\u00e9enne<\/span>\n\t\t\t\t\t\t\t\t\t\t\t\t\t\t\t\t\t\t\t\t\t\t\t\t<span class=\"d-block fs-10 fs-lg-11 fs-xl-12 fs-xxl-14 text-black\">La M\u00e9diterran\u00e9e fait depuis longtemps r\u00eaver les vacanciers, mais elle s\u2019impose \u00e9galement comme une destination incontournable dans le secteur du MICE (Meetings, Incentives, Conferences, Exhibitions). <\/span>\n\t\t\t\t\t\t\t\t\t\t\t\t\t\t\t<\/span>\n\t\t\t\t\t\t\t\t\t\t\t\t\t\t<span class=\"btn btn-primary btn-hover-translate-right d-inline-flex justify-content-center justify-content-lg-start gap-2 gap-lg-1 z-1\">\n\t\t\t\t\t\t\t\t<span>\n\t\t\t\t\t\t\t\t\tD\u00e9couvrir\t\t\t\t\t\t\t\t<\/span>\n\t\t\t\t\t\t\t\t<svg width=\"15\" height=\"20\" aria-hidden=\"true\">\n\t\t\t\t\t\t\t\t\t<use xlink:href=\"https:\/\/www.myallmeeting.com\/wp-content\/themes\/accor\/assets\/images\/sprite.svg#btn-arrow-white\"><\/use>\n\t\t\t\t\t\t\t\t<\/svg>\n\t\t\t\t\t\t\t<\/span>\n\t\t\t\t\t\t<\/a>\n\t\t\t\t\t<\/div>\n\t\t\t\t\t\t\t\t\t\t<div class=\"splide__slide col-lg-4 col-xl-4 mb-lg-6 d-none\">\n\t\t\t\t\t\t<a href=\"https:\/\/www.myallmeeting.com\/fr\/article\/comment-accor-transforme-le-mice-avec-des-engagements-esg\/\" class=\"card-hub-articles text-decoration-none link-primary text-end lh-xs d-flex flex-column align-items-end h-100\">\n\t\t\t\t\t\t\t<span class=\"card-hub-articles__img d-block ratio ratio-16x9 overflow-hidden\">\n\t\t\t\t\t\t\t\t\t\t\t\t\t\t\t\t<img decoding=\"async\" src=\"https:\/\/www.myallmeeting.com\/wp-content\/uploads\/2025\/07\/ESG-banner.png\" alt=\"\" width=\"616\" height=\"387\" loading=\"lazy\" \/>\t\t\t\t\t\t\t\n\t\t\t\t\t\t\t\t\t\t\t\t\t\t\t<\/span>\n\t\t\t\t\t\t\t\t\t\t\t\t\t\t<span class=\"card-hub-articles__content flex-grow-1 d-block bg-white position-relative\">\n\t\t\t\t\t\t\t\t\t\t\t\t\t\t\t\t\t\t\t\t\t\t\t\t<span class=\"d-block unna fs-17 fs-lg-23 fs-xl-32 mb-1\">Comment Accor transforme le MICE avec des engagements ESG<\/span>\n\t\t\t\t\t\t\t\t\t\t\t\t\t\t\t\t\t\t\t\t\t\t\t\t<span class=\"d-block fs-10 fs-lg-11 fs-xl-12 fs-xxl-14 text-black\">Alors que les entreprises et les organisateurs d&#039;\u00e9v\u00e9nements recherchent des lieux qui correspondent \u00e0 leurs valeurs environnementales, sociales et de gouvernance (ESG), Accor rel\u00e8ve le d\u00e9fi. <\/span>\n\t\t\t\t\t\t\t\t\t\t\t\t\t\t\t<\/span>\n\t\t\t\t\t\t\t\t\t\t\t\t\t\t<span class=\"btn btn-primary btn-hover-translate-right d-inline-flex justify-content-center justify-content-lg-start gap-2 gap-lg-1 z-1\">\n\t\t\t\t\t\t\t\t<span>\n\t\t\t\t\t\t\t\t\tD\u00e9couvrir\t\t\t\t\t\t\t\t<\/span>\n\t\t\t\t\t\t\t\t<svg width=\"15\" height=\"20\" aria-hidden=\"true\">\n\t\t\t\t\t\t\t\t\t<use xlink:href=\"https:\/\/www.myallmeeting.com\/wp-content\/themes\/accor\/assets\/images\/sprite.svg#btn-arrow-white\"><\/use>\n\t\t\t\t\t\t\t\t<\/svg>\n\t\t\t\t\t\t\t<\/span>\n\t\t\t\t\t\t<\/a>\n\t\t\t\t\t<\/div>\n\t\t\t\t\t\t\t\t\t\t<div class=\"splide__slide col-lg-4 col-xl-4 mb-lg-6 d-none\">\n\t\t\t\t\t\t<a href=\"https:\/\/www.myallmeeting.com\/fr\/article\/novotel-ou-swissotel-entre-modernite-et-raffinement-quel-style-choisir-pour-vos-evenements-b2b\/\" class=\"card-hub-articles text-decoration-none link-primary text-end lh-xs d-flex flex-column align-items-end h-100\">\n\t\t\t\t\t\t\t<span class=\"card-hub-articles__img d-block ratio ratio-16x9 overflow-hidden\">\n\t\t\t\t\t\t\t\t\t\t\t\t\t\t\t\t<img decoding=\"async\" src=\"https:\/\/www.myallmeeting.com\/wp-content\/uploads\/2025\/01\/MAM-baner-1920x570-2025-01-10T164627.151.png\" alt=\"\" width=\"616\" height=\"387\" loading=\"lazy\" \/>\t\t\t\t\t\t\t\n\t\t\t\t\t\t\t\t\t\t\t\t\t\t\t<\/span>\n\t\t\t\t\t\t\t\t\t\t\t\t\t\t<span class=\"card-hub-articles__content flex-grow-1 d-block bg-white position-relative\">\n\t\t\t\t\t\t\t\t\t\t\t\t\t\t\t\t\t\t\t\t\t\t\t\t<span class=\"d-block unna fs-17 fs-lg-23 fs-xl-32 mb-1\">Novotel ou Swiss\u00f4tel\u00a0?\u00a0Entre modernit\u00e9 et raffinement, quel style choisir pour vos \u00e9v\u00e9nements B2B\u00a0?<\/span>\n\t\t\t\t\t\t\t\t\t\t\t\t\t\t\t\t\t\t\t\t\t\t\t\t<span class=\"d-block fs-10 fs-lg-11 fs-xl-12 fs-xxl-14 text-black\">Que vous cherchiez un cadre moderne et accueillant ou une \u00e9l\u00e9gance intemporelle, les marques Novotel et Swiss\u00f4tel s&#039;imposent comme des r\u00e9f\u00e9rences incontournables pour vos \u00e9v\u00e9nements B2B.<\/span>\n\t\t\t\t\t\t\t\t\t\t\t\t\t\t\t<\/span>\n\t\t\t\t\t\t\t\t\t\t\t\t\t\t<span class=\"btn btn-primary btn-hover-translate-right d-inline-flex justify-content-center justify-content-lg-start gap-2 gap-lg-1 z-1\">\n\t\t\t\t\t\t\t\t<span>\n\t\t\t\t\t\t\t\t\tD\u00e9couvrir\t\t\t\t\t\t\t\t<\/span>\n\t\t\t\t\t\t\t\t<svg width=\"15\" height=\"20\" aria-hidden=\"true\">\n\t\t\t\t\t\t\t\t\t<use xlink:href=\"https:\/\/www.myallmeeting.com\/wp-content\/themes\/accor\/assets\/images\/sprite.svg#btn-arrow-white\"><\/use>\n\t\t\t\t\t\t\t\t<\/svg>\n\t\t\t\t\t\t\t<\/span>\n\t\t\t\t\t\t<\/a>\n\t\t\t\t\t<\/div>\n\t\t\t\t\t\t\t\t\t\t<div class=\"splide__slide col-lg-4 col-xl-4 mb-lg-6 d-none\">\n\t\t\t\t\t\t<a href=\"https:\/\/www.myallmeeting.com\/fr\/article\/destinations-mice-tendances-et-bien-connectees-en-europe-centrale\/\" class=\"card-hub-articles text-decoration-none link-primary text-end lh-xs d-flex flex-column align-items-end h-100\">\n\t\t\t\t\t\t\t<span class=\"card-hub-articles__img d-block ratio ratio-16x9 overflow-hidden\">\n\t\t\t\t\t\t\t\t\t\t\t\t\t\t\t\t<img decoding=\"async\" src=\"https:\/\/www.myallmeeting.com\/wp-content\/uploads\/2025\/03\/MAM-imagery-1920-x-570-px-Baniere-1.png\" alt=\"\" width=\"616\" height=\"387\" loading=\"lazy\" \/>\t\t\t\t\t\t\t\n\t\t\t\t\t\t\t\t\t\t\t\t\t\t\t<\/span>\n\t\t\t\t\t\t\t\t\t\t\t\t\t\t<span class=\"card-hub-articles__content flex-grow-1 d-block bg-white position-relative\">\n\t\t\t\t\t\t\t\t\t\t\t\t\t\t\t\t\t\t\t\t\t\t\t\t<span class=\"d-block unna fs-17 fs-lg-23 fs-xl-32 mb-1\">Destinations MICE tendances et bien connect\u00e9es en Europe Centrale<\/span>\n\t\t\t\t\t\t\t\t\t\t\t\t\t\t\t\t\t\t\t\t\t\t\t\t<span class=\"d-block fs-10 fs-lg-11 fs-xl-12 fs-xxl-14 text-black\">Pour les organisateurs d&#039;\u00e9v\u00e9nements, la connectivit\u00e9 et le dynamisme sont des facteurs cl\u00e9s dans le choix d&#039;une destination.<\/span>\n\t\t\t\t\t\t\t\t\t\t\t\t\t\t\t<\/span>\n\t\t\t\t\t\t\t\t\t\t\t\t\t\t<span class=\"btn btn-primary btn-hover-translate-right d-inline-flex justify-content-center justify-content-lg-start gap-2 gap-lg-1 z-1\">\n\t\t\t\t\t\t\t\t<span>\n\t\t\t\t\t\t\t\t\tD\u00e9couvrir\t\t\t\t\t\t\t\t<\/span>\n\t\t\t\t\t\t\t\t<svg width=\"15\" height=\"20\" aria-hidden=\"true\">\n\t\t\t\t\t\t\t\t\t<use xlink:href=\"https:\/\/www.myallmeeting.com\/wp-content\/themes\/accor\/assets\/images\/sprite.svg#btn-arrow-white\"><\/use>\n\t\t\t\t\t\t\t\t<\/svg>\n\t\t\t\t\t\t\t<\/span>\n\t\t\t\t\t\t<\/a>\n\t\t\t\t\t<\/div>\n\t\t\t\t\t\t\t\t\t\t<div class=\"splide__slide col-lg-4 col-xl-4 mb-lg-6 d-none\">\n\t\t\t\t\t\t<a href=\"https:\/\/www.myallmeeting.com\/fr\/article\/decouvrez-loffre-all-pour-vos-reunions-et-evenements-professionnels-au-travers-de-4-de-nos-marques\/\" class=\"card-hub-articles text-decoration-none link-primary text-end lh-xs d-flex flex-column align-items-end h-100\">\n\t\t\t\t\t\t\t<span class=\"card-hub-articles__img d-block ratio ratio-16x9 overflow-hidden\">\n\t\t\t\t\t\t\t\t\t\t\t\t\t\t\t\t<img decoding=\"async\" src=\"https:\/\/www.myallmeeting.com\/wp-content\/uploads\/2024\/11\/MAM-baner-1920x570-33.png\" alt=\"\" width=\"616\" height=\"387\" loading=\"lazy\" \/>\t\t\t\t\t\t\t\n\t\t\t\t\t\t\t\t\t\t\t\t\t\t\t<\/span>\n\t\t\t\t\t\t\t\t\t\t\t\t\t\t<span class=\"card-hub-articles__content flex-grow-1 d-block bg-white position-relative\">\n\t\t\t\t\t\t\t\t\t\t\t\t\t\t\t\t\t\t\t\t\t\t\t\t<span class=\"d-block unna fs-17 fs-lg-23 fs-xl-32 mb-1\">D\u00e9couvrez l\u2019offre ALL pour vos r\u00e9unions et \u00e9v\u00e9nements professionnels au travers de 3 de nos marques<\/span>\n\t\t\t\t\t\t\t\t\t\t\t\t\t\t\t\t\t\t\t\t\t\t\t\t<span class=\"d-block fs-10 fs-lg-11 fs-xl-12 fs-xxl-14 text-black\">Entre M\u00f6venpick, Greet et Tribe, d\u00e9couvrez d\u00e8s maintenant l\u2019exp\u00e9rience business qui correspond le mieux \u00e0 vos attentes.<\/span>\n\t\t\t\t\t\t\t\t\t\t\t\t\t\t\t<\/span>\n\t\t\t\t\t\t\t\t\t\t\t\t\t\t<span class=\"btn btn-primary btn-hover-translate-right d-inline-flex justify-content-center justify-content-lg-start gap-2 gap-lg-1 z-1\">\n\t\t\t\t\t\t\t\t<span>\n\t\t\t\t\t\t\t\t\tD\u00e9couvrir\t\t\t\t\t\t\t\t<\/span>\n\t\t\t\t\t\t\t\t<svg width=\"15\" height=\"20\" aria-hidden=\"true\">\n\t\t\t\t\t\t\t\t\t<use xlink:href=\"https:\/\/www.myallmeeting.com\/wp-content\/themes\/accor\/assets\/images\/sprite.svg#btn-arrow-white\"><\/use>\n\t\t\t\t\t\t\t\t<\/svg>\n\t\t\t\t\t\t\t<\/span>\n\t\t\t\t\t\t<\/a>\n\t\t\t\t\t<\/div>\n\t\t\t\t\t\t\t\t\t\t<div class=\"splide__slide col-lg-4 col-xl-4 mb-lg-6 d-none\">\n\t\t\t\t\t\t<a href=\"https:\/\/www.myallmeeting.com\/fr\/article\/saintclair\/\" class=\"card-hub-articles text-decoration-none link-primary text-end lh-xs d-flex flex-column align-items-end h-100\">\n\t\t\t\t\t\t\t<span class=\"card-hub-articles__img d-block ratio ratio-16x9 overflow-hidden\">\n\t\t\t\t\t\t\t\t\t\t\t\t\t\t\t\t<img decoding=\"async\" src=\"https:\/\/www.myallmeeting.com\/wp-content\/uploads\/2024\/10\/MAM-imagery-1920-x-570-px-Baniere-15.png\" alt=\"\" width=\"616\" height=\"387\" loading=\"lazy\" \/>\t\t\t\t\t\t\t\n\t\t\t\t\t\t\t\t\t\t\t\t\t\t\t<\/span>\n\t\t\t\t\t\t\t\t\t\t\t\t\t\t<span class=\"card-hub-articles__content flex-grow-1 d-block bg-white position-relative\">\n\t\t\t\t\t\t\t\t\t\t\t\t\t\t\t\t\t\t\t\t\t\t\t\t<span class=\"d-block unna fs-17 fs-lg-23 fs-xl-32 mb-1\">SAINTCLAIR<\/span>\n\t\t\t\t\t\t\t\t\t\t\t\t\t\t\t\t\t\t\t\t\t\t\t\t<span class=\"d-block fs-10 fs-lg-11 fs-xl-12 fs-xxl-14 text-black\">Le go\u00fbt de la rencontre.<\/span>\n\t\t\t\t\t\t\t\t\t\t\t\t\t\t\t<\/span>\n\t\t\t\t\t\t\t\t\t\t\t\t\t\t<span class=\"btn btn-primary btn-hover-translate-right d-inline-flex justify-content-center justify-content-lg-start gap-2 gap-lg-1 z-1\">\n\t\t\t\t\t\t\t\t<span>\n\t\t\t\t\t\t\t\t\tD\u00e9couvrir\t\t\t\t\t\t\t\t<\/span>\n\t\t\t\t\t\t\t\t<svg width=\"15\" height=\"20\" aria-hidden=\"true\">\n\t\t\t\t\t\t\t\t\t<use xlink:href=\"https:\/\/www.myallmeeting.com\/wp-content\/themes\/accor\/assets\/images\/sprite.svg#btn-arrow-white\"><\/use>\n\t\t\t\t\t\t\t\t<\/svg>\n\t\t\t\t\t\t\t<\/span>\n\t\t\t\t\t\t<\/a>\n\t\t\t\t\t<\/div>\n\t\t\t\t\t\t\t\t\t\t<div class=\"splide__slide col-lg-4 col-xl-4 mb-lg-6 d-none\">\n\t\t\t\t\t\t<a href=\"https:\/\/www.myallmeeting.com\/fr\/article\/transformez-la-gestion-des-bagages-en-un-atout-strategique-pour-vos-evenements-et-seminaires\/\" class=\"card-hub-articles text-decoration-none link-primary text-end lh-xs d-flex flex-column align-items-end h-100\">\n\t\t\t\t\t\t\t<span class=\"card-hub-articles__img d-block ratio ratio-16x9 overflow-hidden\">\n\t\t\t\t\t\t\t\t\t\t\t\t\t\t\t\t<img decoding=\"async\" src=\"https:\/\/www.myallmeeting.com\/wp-content\/uploads\/2024\/10\/image-1920x570-1.png\" alt=\"\" width=\"616\" height=\"387\" loading=\"lazy\" \/>\t\t\t\t\t\t\t\n\t\t\t\t\t\t\t\t\t\t\t\t\t\t\t<\/span>\n\t\t\t\t\t\t\t\t\t\t\t\t\t\t<span class=\"card-hub-articles__content flex-grow-1 d-block bg-white position-relative\">\n\t\t\t\t\t\t\t\t\t\t\t\t\t\t\t\t\t\t\t\t\t\t\t\t<span class=\"d-block unna fs-17 fs-lg-23 fs-xl-32 mb-1\">Transformez la gestion des bagages en un atout strat\u00e9gique pour vos \u00e9v\u00e9nements et s\u00e9minaires<\/span>\n\t\t\t\t\t\t\t\t\t\t\t\t\t\t\t\t\t\t\t\t\t\t\t\t<span class=\"d-block fs-10 fs-lg-11 fs-xl-12 fs-xxl-14 text-black\">\u00d4ter la contrainte bagage de vos \u00e9v\u00e9nements ? La solution Alltheway allie confort et performance<\/span>\n\t\t\t\t\t\t\t\t\t\t\t\t\t\t\t<\/span>\n\t\t\t\t\t\t\t\t\t\t\t\t\t\t<span class=\"btn btn-primary btn-hover-translate-right d-inline-flex justify-content-center justify-content-lg-start gap-2 gap-lg-1 z-1\">\n\t\t\t\t\t\t\t\t<span>\n\t\t\t\t\t\t\t\t\tD\u00e9couvrir\t\t\t\t\t\t\t\t<\/span>\n\t\t\t\t\t\t\t\t<svg width=\"15\" height=\"20\" aria-hidden=\"true\">\n\t\t\t\t\t\t\t\t\t<use xlink:href=\"https:\/\/www.myallmeeting.com\/wp-content\/themes\/accor\/assets\/images\/sprite.svg#btn-arrow-white\"><\/use>\n\t\t\t\t\t\t\t\t<\/svg>\n\t\t\t\t\t\t\t<\/span>\n\t\t\t\t\t\t<\/a>\n\t\t\t\t\t<\/div>\n\t\t\t\t\t\t\t\t\t\t<div class=\"splide__slide col-lg-4 col-xl-4 mb-lg-6 d-none\">\n\t\t\t\t\t\t<a href=\"https:\/\/www.myallmeeting.com\/fr\/article\/decouvrez-leurope-de-lest-avec-accor\/\" class=\"card-hub-articles text-decoration-none link-primary text-end lh-xs d-flex flex-column align-items-end h-100\">\n\t\t\t\t\t\t\t<span class=\"card-hub-articles__img d-block ratio ratio-16x9 overflow-hidden\">\n\t\t\t\t\t\t\t\t\t\t\t\t\t\t\t\t<img decoding=\"async\" src=\"https:\/\/www.myallmeeting.com\/wp-content\/uploads\/2024\/07\/MAM-imagery-1920-x-570-px-Baniere-7.png\" alt=\"\" width=\"616\" height=\"387\" loading=\"lazy\" \/>\t\t\t\t\t\t\t\n\t\t\t\t\t\t\t\t\t\t\t\t\t\t\t<\/span>\n\t\t\t\t\t\t\t\t\t\t\t\t\t\t<span class=\"card-hub-articles__content flex-grow-1 d-block bg-white position-relative\">\n\t\t\t\t\t\t\t\t\t\t\t\t\t\t\t\t\t\t\t\t\t\t\t\t<span class=\"d-block unna fs-17 fs-lg-23 fs-xl-32 mb-1\">D\u00e9couvrez l&rsquo;Europe de l&rsquo;Est avec Accor<\/span>\n\t\t\t\t\t\t\t\t\t\t\t\t\t\t\t\t\t\t\t\t\t\t\t\t<span class=\"d-block fs-10 fs-lg-11 fs-xl-12 fs-xxl-14 text-black\">D\u00e9couvrez notre s\u00e9lection d&#039;h\u00f4tels pour d\u00e9couvrir l&#039;Europe de l&#039;Est avec Accor.<\/span>\n\t\t\t\t\t\t\t\t\t\t\t\t\t\t\t<\/span>\n\t\t\t\t\t\t\t\t\t\t\t\t\t\t<span class=\"btn btn-primary btn-hover-translate-right d-inline-flex justify-content-center justify-content-lg-start gap-2 gap-lg-1 z-1\">\n\t\t\t\t\t\t\t\t<span>\n\t\t\t\t\t\t\t\t\tD\u00e9couvrir\t\t\t\t\t\t\t\t<\/span>\n\t\t\t\t\t\t\t\t<svg width=\"15\" height=\"20\" aria-hidden=\"true\">\n\t\t\t\t\t\t\t\t\t<use xlink:href=\"https:\/\/www.myallmeeting.com\/wp-content\/themes\/accor\/assets\/images\/sprite.svg#btn-arrow-white\"><\/use>\n\t\t\t\t\t\t\t\t<\/svg>\n\t\t\t\t\t\t\t<\/span>\n\t\t\t\t\t\t<\/a>\n\t\t\t\t\t<\/div>\n\t\t\t\t\t\t\t\t\t\t<div class=\"splide__slide col-lg-4 col-xl-4 mb-lg-6 d-none\">\n\t\t\t\t\t\t<a href=\"https:\/\/www.myallmeeting.com\/fr\/article\/incentives-or-conventions-for-your-next-event\/\" class=\"card-hub-articles text-decoration-none link-primary text-end lh-xs d-flex flex-column align-items-end h-100\">\n\t\t\t\t\t\t\t<span class=\"card-hub-articles__img d-block ratio ratio-16x9 overflow-hidden\">\n\t\t\t\t\t\t\t\t\t\t\t\t\t\t\t\t<img decoding=\"async\" src=\"https:\/\/www.myallmeeting.com\/wp-content\/uploads\/2024\/07\/MAM-imagery-1920-x-570-px-Baniere-1.png\" alt=\"\" width=\"616\" height=\"387\" loading=\"lazy\" \/>\t\t\t\t\t\t\t\n\t\t\t\t\t\t\t\t\t\t\t\t\t\t\t<\/span>\n\t\t\t\t\t\t\t\t\t\t\t\t\t\t<span class=\"card-hub-articles__content flex-grow-1 d-block bg-white position-relative\">\n\t\t\t\t\t\t\t\t\t\t\t\t\t\t\t\t\t\t\t\t\t\t\t\t<span class=\"d-block unna fs-17 fs-lg-23 fs-xl-32 mb-1\">Incentive ou convention pour votre prochain \u00e9v\u00e8nement ?<\/span>\n\t\t\t\t\t\t\t\t\t\t\t\t\t\t\t\t\t\t\t\t\t\t\t\t<span class=\"d-block fs-10 fs-lg-11 fs-xl-12 fs-xxl-14 text-black\">Quel type d&#039;\u00e9v\u00e8nement vous correspondra le plus : incentives ou convention ?<\/span>\n\t\t\t\t\t\t\t\t\t\t\t\t\t\t\t<\/span>\n\t\t\t\t\t\t\t\t\t\t\t\t\t\t<span class=\"btn btn-primary btn-hover-translate-right d-inline-flex justify-content-center justify-content-lg-start gap-2 gap-lg-1 z-1\">\n\t\t\t\t\t\t\t\t<span>\n\t\t\t\t\t\t\t\t\tD\u00e9couvrir\t\t\t\t\t\t\t\t<\/span>\n\t\t\t\t\t\t\t\t<svg width=\"15\" height=\"20\" aria-hidden=\"true\">\n\t\t\t\t\t\t\t\t\t<use xlink:href=\"https:\/\/www.myallmeeting.com\/wp-content\/themes\/accor\/assets\/images\/sprite.svg#btn-arrow-white\"><\/use>\n\t\t\t\t\t\t\t\t<\/svg>\n\t\t\t\t\t\t\t<\/span>\n\t\t\t\t\t\t<\/a>\n\t\t\t\t\t<\/div>\n\t\t\t\t\t\t\t\t\t\t<div class=\"splide__slide col-lg-4 col-xl-4 mb-lg-6 d-none\">\n\t\t\t\t\t\t<a href=\"https:\/\/www.myallmeeting.com\/fr\/article\/lesprit-des-evenement-sportifs\/\" class=\"card-hub-articles text-decoration-none link-primary text-end lh-xs d-flex flex-column align-items-end h-100\">\n\t\t\t\t\t\t\t<span class=\"card-hub-articles__img d-block ratio ratio-16x9 overflow-hidden\">\n\t\t\t\t\t\t\t\t\t\t\t\t\t\t\t\t<img decoding=\"async\" src=\"https:\/\/www.myallmeeting.com\/wp-content\/uploads\/2024\/07\/MAM-imagery-1920-x-570-px-Baniere-2-1.png\" alt=\"\" width=\"616\" height=\"387\" loading=\"lazy\" \/>\t\t\t\t\t\t\t\n\t\t\t\t\t\t\t\t\t\t\t\t\t\t\t<\/span>\n\t\t\t\t\t\t\t\t\t\t\t\t\t\t<span class=\"card-hub-articles__content flex-grow-1 d-block bg-white position-relative\">\n\t\t\t\t\t\t\t\t\t\t\t\t\t\t\t\t\t\t\t\t\t\t\t\t<span class=\"d-block unna fs-17 fs-lg-23 fs-xl-32 mb-1\">L&rsquo;esprit des \u00e9v\u00e8nements sportifs<\/span>\n\t\t\t\t\t\t\t\t\t\t\t\t\t\t\t\t\t\t\t\t\t\t\t\t<span class=\"d-block fs-10 fs-lg-11 fs-xl-12 fs-xxl-14 text-black\">D\u00e9couvrez l&#039;esprit des \u00e9v\u00e8nements sportifs organisez chez Accor.<\/span>\n\t\t\t\t\t\t\t\t\t\t\t\t\t\t\t<\/span>\n\t\t\t\t\t\t\t\t\t\t\t\t\t\t<span class=\"btn btn-primary btn-hover-translate-right d-inline-flex justify-content-center justify-content-lg-start gap-2 gap-lg-1 z-1\">\n\t\t\t\t\t\t\t\t<span>\n\t\t\t\t\t\t\t\t\tD\u00e9couvrir\t\t\t\t\t\t\t\t<\/span>\n\t\t\t\t\t\t\t\t<svg width=\"15\" height=\"20\" aria-hidden=\"true\">\n\t\t\t\t\t\t\t\t\t<use xlink:href=\"https:\/\/www.myallmeeting.com\/wp-content\/themes\/accor\/assets\/images\/sprite.svg#btn-arrow-white\"><\/use>\n\t\t\t\t\t\t\t\t<\/svg>\n\t\t\t\t\t\t\t<\/span>\n\t\t\t\t\t\t<\/a>\n\t\t\t\t\t<\/div>\n\t\t\t\t\t\t\t\t\t\t<div class=\"splide__slide col-lg-4 col-xl-4 mb-lg-6 d-none\">\n\t\t\t\t\t\t<a href=\"https:\/\/www.myallmeeting.com\/fr\/article\/comment-allier-travail-et-loisirs\/\" class=\"card-hub-articles text-decoration-none link-primary text-end lh-xs d-flex flex-column align-items-end h-100\">\n\t\t\t\t\t\t\t<span class=\"card-hub-articles__img d-block ratio ratio-16x9 overflow-hidden\">\n\t\t\t\t\t\t\t\t\t\t\t\t\t\t\t\t<img decoding=\"async\" src=\"https:\/\/www.myallmeeting.com\/wp-content\/uploads\/2024\/07\/MAM-imagery-1920-x-570-px-Baniere-6.png\" alt=\"\" width=\"616\" height=\"387\" loading=\"lazy\" \/>\t\t\t\t\t\t\t\n\t\t\t\t\t\t\t\t\t\t\t\t\t\t\t<\/span>\n\t\t\t\t\t\t\t\t\t\t\t\t\t\t<span class=\"card-hub-articles__content flex-grow-1 d-block bg-white position-relative\">\n\t\t\t\t\t\t\t\t\t\t\t\t\t\t\t\t\t\t\t\t\t\t\t\t<span class=\"d-block unna fs-17 fs-lg-23 fs-xl-32 mb-1\">Comment allier travail et loisirs ?<\/span>\n\t\t\t\t\t\t\t\t\t\t\t\t\t\t\t\t\t\t\t\t\t\t\t\t<span class=\"d-block fs-10 fs-lg-11 fs-xl-12 fs-xxl-14 text-black\">D\u00e9couvrez les conseils de nos experts pour allier travail et loisirs.<\/span>\n\t\t\t\t\t\t\t\t\t\t\t\t\t\t\t<\/span>\n\t\t\t\t\t\t\t\t\t\t\t\t\t\t<span class=\"btn btn-primary btn-hover-translate-right d-inline-flex justify-content-center justify-content-lg-start gap-2 gap-lg-1 z-1\">\n\t\t\t\t\t\t\t\t<span>\n\t\t\t\t\t\t\t\t\tD\u00e9couvrir\t\t\t\t\t\t\t\t<\/span>\n\t\t\t\t\t\t\t\t<svg width=\"15\" height=\"20\" aria-hidden=\"true\">\n\t\t\t\t\t\t\t\t\t<use xlink:href=\"https:\/\/www.myallmeeting.com\/wp-content\/themes\/accor\/assets\/images\/sprite.svg#btn-arrow-white\"><\/use>\n\t\t\t\t\t\t\t\t<\/svg>\n\t\t\t\t\t\t\t<\/span>\n\t\t\t\t\t\t<\/a>\n\t\t\t\t\t<\/div>\n\t\t\t\t\t\t\t\t\t\t<div class=\"splide__slide col-lg-4 col-xl-4 mb-lg-6 d-none\">\n\t\t\t\t\t\t<a href=\"https:\/\/www.myallmeeting.com\/fr\/article\/vue-mer-ou-montagne-pour-votre-evenement-estival\/\" class=\"card-hub-articles text-decoration-none link-primary text-end lh-xs d-flex flex-column align-items-end h-100\">\n\t\t\t\t\t\t\t<span class=\"card-hub-articles__img d-block ratio ratio-16x9 overflow-hidden\">\n\t\t\t\t\t\t\t\t\t\t\t\t\t\t\t\t<img decoding=\"async\" src=\"https:\/\/www.myallmeeting.com\/wp-content\/uploads\/2024\/08\/MAM-imagery-1920-x-570-px-Baniere-3.png\" alt=\"\" width=\"616\" height=\"387\" loading=\"lazy\" \/>\t\t\t\t\t\t\t\n\t\t\t\t\t\t\t\t\t\t\t\t\t\t\t<\/span>\n\t\t\t\t\t\t\t\t\t\t\t\t\t\t<span class=\"card-hub-articles__content flex-grow-1 d-block bg-white position-relative\">\n\t\t\t\t\t\t\t\t\t\t\t\t\t\t\t\t\t\t\t\t\t\t\t\t<span class=\"d-block unna fs-17 fs-lg-23 fs-xl-32 mb-1\">Vue mer ou montagne pour votre \u00e9v\u00e8nement estival ?<\/span>\n\t\t\t\t\t\t\t\t\t\t\t\t\t\t\t\t\t\t\t\t\t\t\t\t<span class=\"d-block fs-10 fs-lg-11 fs-xl-12 fs-xxl-14 text-black\">D\u00e9cidez entre mer ou montagne pour votre prochain \u00e9v\u00e8nement avec Accor.<\/span>\n\t\t\t\t\t\t\t\t\t\t\t\t\t\t\t<\/span>\n\t\t\t\t\t\t\t\t\t\t\t\t\t\t<span class=\"btn btn-primary btn-hover-translate-right d-inline-flex justify-content-center justify-content-lg-start gap-2 gap-lg-1 z-1\">\n\t\t\t\t\t\t\t\t<span>\n\t\t\t\t\t\t\t\t\tD\u00e9couvrir\t\t\t\t\t\t\t\t<\/span>\n\t\t\t\t\t\t\t\t<svg width=\"15\" height=\"20\" aria-hidden=\"true\">\n\t\t\t\t\t\t\t\t\t<use xlink:href=\"https:\/\/www.myallmeeting.com\/wp-content\/themes\/accor\/assets\/images\/sprite.svg#btn-arrow-white\"><\/use>\n\t\t\t\t\t\t\t\t<\/svg>\n\t\t\t\t\t\t\t<\/span>\n\t\t\t\t\t\t<\/a>\n\t\t\t\t\t<\/div>\n\t\t\t\t\t\t\t\t\t\t<div class=\"splide__slide col-lg-4 col-xl-4 mb-lg-6 d-none\">\n\t\t\t\t\t\t<a href=\"https:\/\/www.myallmeeting.com\/fr\/article\/les-8-hotels-en-europe-ou-organiser-votre-seminaire-en-bord-de-mer\/\" class=\"card-hub-articles text-decoration-none link-primary text-end lh-xs d-flex flex-column align-items-end h-100\">\n\t\t\t\t\t\t\t<span class=\"card-hub-articles__img d-block ratio ratio-16x9 overflow-hidden\">\n\t\t\t\t\t\t\t\t\t\t\t\t\t\t\t\t<img decoding=\"async\" src=\"https:\/\/www.myallmeeting.com\/wp-content\/uploads\/2023\/07\/MAM-imagery-1920-x-570-px-Baniere-3.png\" alt=\"\" width=\"616\" height=\"387\" loading=\"lazy\" \/>\t\t\t\t\t\t\t\n\t\t\t\t\t\t\t\t\t\t\t\t\t\t\t<\/span>\n\t\t\t\t\t\t\t\t\t\t\t\t\t\t<span class=\"card-hub-articles__content flex-grow-1 d-block bg-white position-relative\">\n\t\t\t\t\t\t\t\t\t\t\t\t\t\t\t\t\t\t\t\t\t\t\t\t<span class=\"d-block unna fs-17 fs-lg-23 fs-xl-32 mb-1\">Les 8 h\u00f4tels en Europe o\u00f9 organiser votre s\u00e9minaire en bord de mer&#8230;<\/span>\n\t\t\t\t\t\t\t\t\t\t\t\t\t\t\t\t\t\t\t\t\t\t\t\t<span class=\"d-block fs-10 fs-lg-11 fs-xl-12 fs-xxl-14 text-black\">D\u00e9couvrez les 8 h\u00f4tels d\u00e9paysants pour un s\u00e9minaire en bord de mer.<\/span>\n\t\t\t\t\t\t\t\t\t\t\t\t\t\t\t<\/span>\n\t\t\t\t\t\t\t\t\t\t\t\t\t\t<span class=\"btn btn-primary btn-hover-translate-right d-inline-flex justify-content-center justify-content-lg-start gap-2 gap-lg-1 z-1\">\n\t\t\t\t\t\t\t\t<span>\n\t\t\t\t\t\t\t\t\tD\u00e9couvrir\t\t\t\t\t\t\t\t<\/span>\n\t\t\t\t\t\t\t\t<svg width=\"15\" height=\"20\" aria-hidden=\"true\">\n\t\t\t\t\t\t\t\t\t<use xlink:href=\"https:\/\/www.myallmeeting.com\/wp-content\/themes\/accor\/assets\/images\/sprite.svg#btn-arrow-white\"><\/use>\n\t\t\t\t\t\t\t\t<\/svg>\n\t\t\t\t\t\t\t<\/span>\n\t\t\t\t\t\t<\/a>\n\t\t\t\t\t<\/div>\n\t\t\t\t\t\t\t\t\t\t<div class=\"splide__slide col-lg-4 col-xl-4 mb-lg-6 d-none\">\n\t\t\t\t\t\t<a href=\"https:\/\/www.myallmeeting.com\/fr\/article\/greet-des-hotels-qui-font-du-bien\/\" class=\"card-hub-articles text-decoration-none link-primary text-end lh-xs d-flex flex-column align-items-end h-100\">\n\t\t\t\t\t\t\t<span class=\"card-hub-articles__img d-block ratio ratio-16x9 overflow-hidden\">\n\t\t\t\t\t\t\t\t\t\t\t\t\t\t\t\t<img decoding=\"async\" src=\"https:\/\/www.myallmeeting.com\/wp-content\/uploads\/2023\/05\/MAM-baner-1920x570-54.png\" alt=\"\" width=\"616\" height=\"387\" loading=\"lazy\" \/>\t\t\t\t\t\t\t\n\t\t\t\t\t\t\t\t\t\t\t\t\t\t\t<\/span>\n\t\t\t\t\t\t\t\t\t\t\t\t\t\t<span class=\"card-hub-articles__content flex-grow-1 d-block bg-white position-relative\">\n\t\t\t\t\t\t\t\t\t\t\t\t\t\t\t\t\t\t\t\t\t\t\t\t<span class=\"d-block unna fs-17 fs-lg-23 fs-xl-32 mb-1\">greet : des h\u00f4tels qui font du bien<\/span>\n\t\t\t\t\t\t\t\t\t\t\t\t\t\t\t\t\t\t\t\t\t\t\t\t<span class=\"d-block fs-10 fs-lg-11 fs-xl-12 fs-xxl-14 text-black\">Avec greet, Accor veut cr\u00e9er un mouvement d\u2019hospitalit\u00e9 positive et vous propose bien plus que des h\u00f4tels : des lieux en phase avec leur temps, centr\u00e9s sur l\u2019essentiel et anim\u00e9s par l\u2019envie de contribuer \u00e0 un monde meilleur<\/span>\n\t\t\t\t\t\t\t\t\t\t\t\t\t\t\t<\/span>\n\t\t\t\t\t\t\t\t\t\t\t\t\t\t<span class=\"btn btn-primary btn-hover-translate-right d-inline-flex justify-content-center justify-content-lg-start gap-2 gap-lg-1 z-1\">\n\t\t\t\t\t\t\t\t<span>\n\t\t\t\t\t\t\t\t\tD\u00e9couvrir\t\t\t\t\t\t\t\t<\/span>\n\t\t\t\t\t\t\t\t<svg width=\"15\" height=\"20\" aria-hidden=\"true\">\n\t\t\t\t\t\t\t\t\t<use xlink:href=\"https:\/\/www.myallmeeting.com\/wp-content\/themes\/accor\/assets\/images\/sprite.svg#btn-arrow-white\"><\/use>\n\t\t\t\t\t\t\t\t<\/svg>\n\t\t\t\t\t\t\t<\/span>\n\t\t\t\t\t\t<\/a>\n\t\t\t\t\t<\/div>\n\t\t\t\t\t\t\t\t\t\t<div class=\"splide__slide col-lg-4 col-xl-4 mb-lg-6 d-none\">\n\t\t\t\t\t\t<a href=\"https:\/\/www.myallmeeting.com\/fr\/article\/un-seminaire-en-montagne-visitez-le-top-8-de-nos-adresses-accor\/\" class=\"card-hub-articles text-decoration-none link-primary text-end lh-xs d-flex flex-column align-items-end h-100\">\n\t\t\t\t\t\t\t<span class=\"card-hub-articles__img d-block ratio ratio-16x9 overflow-hidden\">\n\t\t\t\t\t\t\t\t\t\t\t\t\t\t\t\t<img decoding=\"async\" src=\"https:\/\/www.myallmeeting.com\/wp-content\/uploads\/2023\/02\/Montagne.png\" alt=\"\" width=\"616\" height=\"387\" loading=\"lazy\" \/>\t\t\t\t\t\t\t\n\t\t\t\t\t\t\t\t\t\t\t\t\t\t\t<\/span>\n\t\t\t\t\t\t\t\t\t\t\t\t\t\t<span class=\"card-hub-articles__content flex-grow-1 d-block bg-white position-relative\">\n\t\t\t\t\t\t\t\t\t\t\t\t\t\t\t\t\t\t\t\t\t\t\t\t<span class=\"d-block unna fs-17 fs-lg-23 fs-xl-32 mb-1\">Un s\u00e9minaire en montagne : visitez le top 8 de nos adresses Accor<\/span>\n\t\t\t\t\t\t\t\t\t\t\t\t\t\t\t\t\t\t\t\t\t\t\t\t<span class=\"d-block fs-10 fs-lg-11 fs-xl-12 fs-xxl-14 text-black\">D\u00e9couvrez nos meilleures adresses au c\u0153ur de la montagne pour vos s\u00e9minaires.<\/span>\n\t\t\t\t\t\t\t\t\t\t\t\t\t\t\t<\/span>\n\t\t\t\t\t\t\t\t\t\t\t\t\t\t<span class=\"btn btn-primary btn-hover-translate-right d-inline-flex justify-content-center justify-content-lg-start gap-2 gap-lg-1 z-1\">\n\t\t\t\t\t\t\t\t<span>\n\t\t\t\t\t\t\t\t\tD\u00e9couvrir\t\t\t\t\t\t\t\t<\/span>\n\t\t\t\t\t\t\t\t<svg width=\"15\" height=\"20\" aria-hidden=\"true\">\n\t\t\t\t\t\t\t\t\t<use xlink:href=\"https:\/\/www.myallmeeting.com\/wp-content\/themes\/accor\/assets\/images\/sprite.svg#btn-arrow-white\"><\/use>\n\t\t\t\t\t\t\t\t<\/svg>\n\t\t\t\t\t\t\t<\/span>\n\t\t\t\t\t\t<\/a>\n\t\t\t\t\t<\/div>\n\t\t\t\t\t\t\t\t\t\t<div class=\"splide__slide col-lg-4 col-xl-4 mb-lg-6 d-none\">\n\t\t\t\t\t\t<a href=\"https:\/\/www.myallmeeting.com\/fr\/article\/le-luxe-et-la-durabilite-pour-vos-evenements-au-sofitel-barcelona-skipper\/\" class=\"card-hub-articles text-decoration-none link-primary text-end lh-xs d-flex flex-column align-items-end h-100\">\n\t\t\t\t\t\t\t<span class=\"card-hub-articles__img d-block ratio ratio-16x9 overflow-hidden\">\n\t\t\t\t\t\t\t\t\t\t\t\t\t\t\t\t<img decoding=\"async\" src=\"https:\/\/www.myallmeeting.com\/wp-content\/uploads\/2023\/01\/MAM-baner-1920x570-66.png\" alt=\"\" width=\"616\" height=\"387\" loading=\"lazy\" \/>\t\t\t\t\t\t\t\n\t\t\t\t\t\t\t\t\t\t\t\t\t\t\t<\/span>\n\t\t\t\t\t\t\t\t\t\t\t\t\t\t<span class=\"card-hub-articles__content flex-grow-1 d-block bg-white position-relative\">\n\t\t\t\t\t\t\t\t\t\t\t\t\t\t\t\t\t\t\t\t\t\t\t\t<span class=\"d-block unna fs-17 fs-lg-23 fs-xl-32 mb-1\">Le luxe et la durabilit\u00e9 pour vos \u00e9v\u00e9nements au Sofitel Barcelona Skipper<\/span>\n\t\t\t\t\t\t\t\t\t\t\t\t\t\t\t\t\t\t\t\t\t\t\t\t<span class=\"d-block fs-10 fs-lg-11 fs-xl-12 fs-xxl-14 text-black\">Venez d\u00e9couvrir les atouts du Sofitel Barcelona Skipper pour votre prochain \u00e9v\u00e8nement<\/span>\n\t\t\t\t\t\t\t\t\t\t\t\t\t\t\t<\/span>\n\t\t\t\t\t\t\t\t\t\t\t\t\t\t<span class=\"btn btn-primary btn-hover-translate-right d-inline-flex justify-content-center justify-content-lg-start gap-2 gap-lg-1 z-1\">\n\t\t\t\t\t\t\t\t<span>\n\t\t\t\t\t\t\t\t\tD\u00e9couvrir\t\t\t\t\t\t\t\t<\/span>\n\t\t\t\t\t\t\t\t<svg width=\"15\" height=\"20\" aria-hidden=\"true\">\n\t\t\t\t\t\t\t\t\t<use xlink:href=\"https:\/\/www.myallmeeting.com\/wp-content\/themes\/accor\/assets\/images\/sprite.svg#btn-arrow-white\"><\/use>\n\t\t\t\t\t\t\t\t<\/svg>\n\t\t\t\t\t\t\t<\/span>\n\t\t\t\t\t\t<\/a>\n\t\t\t\t\t<\/div>\n\t\t\t\t\t\t\t\t\t\t<div class=\"splide__slide col-lg-4 col-xl-4 mb-lg-6 d-none\">\n\t\t\t\t\t\t<a href=\"https:\/\/www.myallmeeting.com\/fr\/article\/novotel-madrid-city-las-ventas-neuf-salles-et-un-restaurant-avec-vue-panoramique-pour-vos-evenements\/\" class=\"card-hub-articles text-decoration-none link-primary text-end lh-xs d-flex flex-column align-items-end h-100\">\n\t\t\t\t\t\t\t<span class=\"card-hub-articles__img d-block ratio ratio-16x9 overflow-hidden\">\n\t\t\t\t\t\t\t\t\t\t\t\t\t\t\t\t<img decoding=\"async\" src=\"https:\/\/www.myallmeeting.com\/wp-content\/uploads\/2022\/12\/MAM-baner-1920x570-55.png\" alt=\"\" width=\"616\" height=\"387\" loading=\"lazy\" \/>\t\t\t\t\t\t\t\n\t\t\t\t\t\t\t\t\t\t\t\t\t\t\t<\/span>\n\t\t\t\t\t\t\t\t\t\t\t\t\t\t<span class=\"card-hub-articles__content flex-grow-1 d-block bg-white position-relative\">\n\t\t\t\t\t\t\t\t\t\t\t\t\t\t\t\t\t\t\t\t\t\t\t\t<span class=\"d-block unna fs-17 fs-lg-23 fs-xl-32 mb-1\">Novotel Madrid City Las Ventas : neuf salles et un restaurant avec vue panoramique pour vos \u00e9v\u00e9nements<\/span>\n\t\t\t\t\t\t\t\t\t\t\t\t\t\t\t\t\t\t\t\t\t\t\t\t<span class=\"d-block fs-10 fs-lg-11 fs-xl-12 fs-xxl-14 text-black\">Le Groupe Accor vous propose le Novotel Madrid City Las Ventas, l\u2019\u00e9crin parfait pour accueillir vos \u00e9v\u00e9nements de petite ou grande ampleur et vos collaborateurs.<\/span>\n\t\t\t\t\t\t\t\t\t\t\t\t\t\t\t<\/span>\n\t\t\t\t\t\t\t\t\t\t\t\t\t\t<span class=\"btn btn-primary btn-hover-translate-right d-inline-flex justify-content-center justify-content-lg-start gap-2 gap-lg-1 z-1\">\n\t\t\t\t\t\t\t\t<span>\n\t\t\t\t\t\t\t\t\tD\u00e9couvrir\t\t\t\t\t\t\t\t<\/span>\n\t\t\t\t\t\t\t\t<svg width=\"15\" height=\"20\" aria-hidden=\"true\">\n\t\t\t\t\t\t\t\t\t<use xlink:href=\"https:\/\/www.myallmeeting.com\/wp-content\/themes\/accor\/assets\/images\/sprite.svg#btn-arrow-white\"><\/use>\n\t\t\t\t\t\t\t\t<\/svg>\n\t\t\t\t\t\t\t<\/span>\n\t\t\t\t\t\t<\/a>\n\t\t\t\t\t<\/div>\n\t\t\t\t\t\t\t\t\t\t<div class=\"splide__slide col-lg-4 col-xl-4 mb-lg-6 d-none\">\n\t\t\t\t\t\t<a href=\"https:\/\/www.myallmeeting.com\/fr\/article\/lumiere-sur-le-novotel-lyon-bron-eurexpo\/\" class=\"card-hub-articles text-decoration-none link-primary text-end lh-xs d-flex flex-column align-items-end h-100\">\n\t\t\t\t\t\t\t<span class=\"card-hub-articles__img d-block ratio ratio-16x9 overflow-hidden\">\n\t\t\t\t\t\t\t\t\t\t\t\t\t\t\t\t<img decoding=\"async\" src=\"https:\/\/www.myallmeeting.com\/wp-content\/uploads\/2022\/12\/MAM-baner-1920x570-17.png\" alt=\"\" width=\"616\" height=\"387\" loading=\"lazy\" \/>\t\t\t\t\t\t\t\n\t\t\t\t\t\t\t\t\t\t\t\t\t\t\t<\/span>\n\t\t\t\t\t\t\t\t\t\t\t\t\t\t<span class=\"card-hub-articles__content flex-grow-1 d-block bg-white position-relative\">\n\t\t\t\t\t\t\t\t\t\t\t\t\t\t\t\t\t\t\t\t\t\t\t\t<span class=\"d-block unna fs-17 fs-lg-23 fs-xl-32 mb-1\">Lumi\u00e8re sur le Novotel Lyon Bron Eurexpo<\/span>\n\t\t\t\t\t\t\t\t\t\t\t\t\t\t\t\t\t\t\t\t\t\t\t\t<span class=\"d-block fs-10 fs-lg-11 fs-xl-12 fs-xxl-14 text-black\">Venez d\u00e9couvrir le Novotel Lyon Bron Eurexpo pour vos \u00e9v\u00e8nements en petit comit\u00e9 ou XXL.<\/span>\n\t\t\t\t\t\t\t\t\t\t\t\t\t\t\t<\/span>\n\t\t\t\t\t\t\t\t\t\t\t\t\t\t<span class=\"btn btn-primary btn-hover-translate-right d-inline-flex justify-content-center justify-content-lg-start gap-2 gap-lg-1 z-1\">\n\t\t\t\t\t\t\t\t<span>\n\t\t\t\t\t\t\t\t\tD\u00e9couvrir\t\t\t\t\t\t\t\t<\/span>\n\t\t\t\t\t\t\t\t<svg width=\"15\" height=\"20\" aria-hidden=\"true\">\n\t\t\t\t\t\t\t\t\t<use xlink:href=\"https:\/\/www.myallmeeting.com\/wp-content\/themes\/accor\/assets\/images\/sprite.svg#btn-arrow-white\"><\/use>\n\t\t\t\t\t\t\t\t<\/svg>\n\t\t\t\t\t\t\t<\/span>\n\t\t\t\t\t\t<\/a>\n\t\t\t\t\t<\/div>\n\t\t\t\t\t\t\t\t\t\t<div class=\"splide__slide col-lg-4 col-xl-4 mb-lg-6 d-none\">\n\t\t\t\t\t\t<a href=\"https:\/\/www.myallmeeting.com\/fr\/article\/au-pullman-bordeaux-lac-2000-m2-rien-que-pour-vos-seminaires\/\" class=\"card-hub-articles text-decoration-none link-primary text-end lh-xs d-flex flex-column align-items-end h-100\">\n\t\t\t\t\t\t\t<span class=\"card-hub-articles__img d-block ratio ratio-16x9 overflow-hidden\">\n\t\t\t\t\t\t\t\t\t\t\t\t\t\t\t\t<img decoding=\"async\" src=\"https:\/\/www.myallmeeting.com\/wp-content\/uploads\/2022\/10\/MAM-baner-1920x570-56.png\" alt=\"\" width=\"616\" height=\"387\" loading=\"lazy\" \/>\t\t\t\t\t\t\t\n\t\t\t\t\t\t\t\t\t\t\t\t\t\t\t<\/span>\n\t\t\t\t\t\t\t\t\t\t\t\t\t\t<span class=\"card-hub-articles__content flex-grow-1 d-block bg-white position-relative\">\n\t\t\t\t\t\t\t\t\t\t\t\t\t\t\t\t\t\t\t\t\t\t\t\t<span class=\"d-block unna fs-17 fs-lg-23 fs-xl-32 mb-1\">Au Pullman Bordeaux Lac : 2000 m2 rien que pour vos s\u00e9minaires !<\/span>\n\t\t\t\t\t\t\t\t\t\t\t\t\t\t\t\t\t\t\t\t\t\t\t\t<span class=\"d-block fs-10 fs-lg-11 fs-xl-12 fs-xxl-14 text-black\">Cet h\u00f4tel 4 \u00e9toiles, compos\u00e9 de 166 chambres, est situ\u00e9 au bord d&#039;un grand lac partag\u00e9 par les nageurs et les amateurs d&#039;aviron. Avec ses 2000 m\u00b2 d\u00e9di\u00e9s \u00e0 l&#039;organisation d&#039;\u00e9v\u00e9nements et son personnel aux petits soins, le Pullman Bordeaux Lac est l&#039;endroit id\u00e9al pour vos s\u00e9jours professionnels dans la capitale de la Nouvelle-Aquitaine,  Bordeaux.<\/span>\n\t\t\t\t\t\t\t\t\t\t\t\t\t\t\t<\/span>\n\t\t\t\t\t\t\t\t\t\t\t\t\t\t<span class=\"btn btn-primary btn-hover-translate-right d-inline-flex justify-content-center justify-content-lg-start gap-2 gap-lg-1 z-1\">\n\t\t\t\t\t\t\t\t<span>\n\t\t\t\t\t\t\t\t\tD\u00e9couvrir\t\t\t\t\t\t\t\t<\/span>\n\t\t\t\t\t\t\t\t<svg width=\"15\" height=\"20\" aria-hidden=\"true\">\n\t\t\t\t\t\t\t\t\t<use xlink:href=\"https:\/\/www.myallmeeting.com\/wp-content\/themes\/accor\/assets\/images\/sprite.svg#btn-arrow-white\"><\/use>\n\t\t\t\t\t\t\t\t<\/svg>\n\t\t\t\t\t\t\t<\/span>\n\t\t\t\t\t\t<\/a>\n\t\t\t\t\t<\/div>\n\t\t\t\t\t\t\t\t\t\t<div class=\"splide__slide col-lg-4 col-xl-4 mb-lg-6 d-none\">\n\t\t\t\t\t\t<a href=\"https:\/\/www.myallmeeting.com\/fr\/article\/lappart-by-pullman\/\" class=\"card-hub-articles text-decoration-none link-primary text-end lh-xs d-flex flex-column align-items-end h-100\">\n\t\t\t\t\t\t\t<span class=\"card-hub-articles__img d-block ratio ratio-16x9 overflow-hidden\">\n\t\t\t\t\t\t\t\t\t\t\t\t\t\t\t\t<img decoding=\"async\" src=\"https:\/\/www.myallmeeting.com\/wp-content\/uploads\/2022\/10\/MAM-baner-1920x570-29.png\" alt=\"\" width=\"616\" height=\"387\" loading=\"lazy\" \/>\t\t\t\t\t\t\t\n\t\t\t\t\t\t\t\t\t\t\t\t\t\t\t<\/span>\n\t\t\t\t\t\t\t\t\t\t\t\t\t\t<span class=\"card-hub-articles__content flex-grow-1 d-block bg-white position-relative\">\n\t\t\t\t\t\t\t\t\t\t\t\t\t\t\t\t\t\t\t\t\t\t\t\t<span class=\"d-block unna fs-17 fs-lg-23 fs-xl-32 mb-1\">L&rsquo;Appart by Pullman<\/span>\n\t\t\t\t\t\t\t\t\t\t\t\t\t\t\t\t\t\t\t\t\t\t\t\t<span class=\"d-block fs-10 fs-lg-11 fs-xl-12 fs-xxl-14 text-black\">D\u00e9couvrez ce concept unique au Pullman Paris Tour Eiffel<\/span>\n\t\t\t\t\t\t\t\t\t\t\t\t\t\t\t<\/span>\n\t\t\t\t\t\t\t\t\t\t\t\t\t\t<span class=\"btn btn-primary btn-hover-translate-right d-inline-flex justify-content-center justify-content-lg-start gap-2 gap-lg-1 z-1\">\n\t\t\t\t\t\t\t\t<span>\n\t\t\t\t\t\t\t\t\tD\u00e9couvrir\t\t\t\t\t\t\t\t<\/span>\n\t\t\t\t\t\t\t\t<svg width=\"15\" height=\"20\" aria-hidden=\"true\">\n\t\t\t\t\t\t\t\t\t<use xlink:href=\"https:\/\/www.myallmeeting.com\/wp-content\/themes\/accor\/assets\/images\/sprite.svg#btn-arrow-white\"><\/use>\n\t\t\t\t\t\t\t\t<\/svg>\n\t\t\t\t\t\t\t<\/span>\n\t\t\t\t\t\t<\/a>\n\t\t\t\t\t<\/div>\n\t\t\t\t\t\t\t\t\t\t<div class=\"splide__slide col-lg-4 col-xl-4 mb-lg-6 d-none\">\n\t\t\t\t\t\t<a href=\"https:\/\/www.myallmeeting.com\/fr\/article\/mercure-porto-gaia-evenements-et-vins-laccord-parfait\/\" class=\"card-hub-articles text-decoration-none link-primary text-end lh-xs d-flex flex-column align-items-end h-100\">\n\t\t\t\t\t\t\t<span class=\"card-hub-articles__img d-block ratio ratio-16x9 overflow-hidden\">\n\t\t\t\t\t\t\t\t\t\t\t\t\t\t\t\t<img decoding=\"async\" src=\"https:\/\/www.myallmeeting.com\/wp-content\/uploads\/2022\/09\/MAM-baner-1920x570-67.png\" alt=\"\" width=\"616\" height=\"387\" loading=\"lazy\" \/>\t\t\t\t\t\t\t\n\t\t\t\t\t\t\t\t\t\t\t\t\t\t\t<\/span>\n\t\t\t\t\t\t\t\t\t\t\t\t\t\t<span class=\"card-hub-articles__content flex-grow-1 d-block bg-white position-relative\">\n\t\t\t\t\t\t\t\t\t\t\t\t\t\t\t\t\t\t\t\t\t\t\t\t<span class=\"d-block unna fs-17 fs-lg-23 fs-xl-32 mb-1\">Mercure Porto Gaia : \u00e9v\u00e9nements et vins, l&rsquo;accord parfait<\/span>\n\t\t\t\t\t\t\t\t\t\t\t\t\t\t\t\t\t\t\t\t\t\t\t\t<span class=\"d-block fs-10 fs-lg-11 fs-xl-12 fs-xxl-14 text-black\">Un \u00e9tablissement Accor dans un quartier anim\u00e9 pour en d\u00e9couvrir plus sur Porto lors de votre prochain \u00e9v\u00e8nement d\u2019entreprise.<\/span>\n\t\t\t\t\t\t\t\t\t\t\t\t\t\t\t<\/span>\n\t\t\t\t\t\t\t\t\t\t\t\t\t\t<span class=\"btn btn-primary btn-hover-translate-right d-inline-flex justify-content-center justify-content-lg-start gap-2 gap-lg-1 z-1\">\n\t\t\t\t\t\t\t\t<span>\n\t\t\t\t\t\t\t\t\tD\u00e9couvrir\t\t\t\t\t\t\t\t<\/span>\n\t\t\t\t\t\t\t\t<svg width=\"15\" height=\"20\" aria-hidden=\"true\">\n\t\t\t\t\t\t\t\t\t<use xlink:href=\"https:\/\/www.myallmeeting.com\/wp-content\/themes\/accor\/assets\/images\/sprite.svg#btn-arrow-white\"><\/use>\n\t\t\t\t\t\t\t\t<\/svg>\n\t\t\t\t\t\t\t<\/span>\n\t\t\t\t\t\t<\/a>\n\t\t\t\t\t<\/div>\n\t\t\t\t\t\t\t\t\t\t<div class=\"splide__slide col-lg-4 col-xl-4 mb-lg-6 d-none\">\n\t\t\t\t\t\t<a href=\"https:\/\/www.myallmeeting.com\/fr\/article\/un-seminaire-sur-les-toits-de-paris-au-novotel-paris-vaugirard-montparnasse\/\" class=\"card-hub-articles text-decoration-none link-primary text-end lh-xs d-flex flex-column align-items-end h-100\">\n\t\t\t\t\t\t\t<span class=\"card-hub-articles__img d-block ratio ratio-16x9 overflow-hidden\">\n\t\t\t\t\t\t\t\t\t\t\t\t\t\t\t\t<img decoding=\"async\" src=\"https:\/\/www.myallmeeting.com\/wp-content\/uploads\/2022\/07\/MAM-baner-1920x570-20.png\" alt=\"\" width=\"616\" height=\"387\" loading=\"lazy\" \/>\t\t\t\t\t\t\t\n\t\t\t\t\t\t\t\t\t\t\t\t\t\t\t<\/span>\n\t\t\t\t\t\t\t\t\t\t\t\t\t\t<span class=\"card-hub-articles__content flex-grow-1 d-block bg-white position-relative\">\n\t\t\t\t\t\t\t\t\t\t\t\t\t\t\t\t\t\t\t\t\t\t\t\t<span class=\"d-block unna fs-17 fs-lg-23 fs-xl-32 mb-1\">Un s\u00e9minaire sur les toits de Paris au Novotel Paris Vaugirard Montparnasse<\/span>\n\t\t\t\t\t\t\t\t\t\t\t\t\t\t\t\t\t\t\t\t\t\t\t\t<span class=\"d-block fs-10 fs-lg-11 fs-xl-12 fs-xxl-14 text-black\">Les atouts de ce Novotel ne vous laisseront pas indiff\u00e9rent. Pour votre prochain \u00e9v\u00e8nement, venez d\u00e9couvrir un \u00e9tablissement disposant de 10 salles \u00e9v\u00e8nementielles, d\u2019un rooftop, et de bien d\u2019autres services.<\/span>\n\t\t\t\t\t\t\t\t\t\t\t\t\t\t\t<\/span>\n\t\t\t\t\t\t\t\t\t\t\t\t\t\t<span class=\"btn btn-primary btn-hover-translate-right d-inline-flex justify-content-center justify-content-lg-start gap-2 gap-lg-1 z-1\">\n\t\t\t\t\t\t\t\t<span>\n\t\t\t\t\t\t\t\t\tD\u00e9couvrir\t\t\t\t\t\t\t\t<\/span>\n\t\t\t\t\t\t\t\t<svg width=\"15\" height=\"20\" aria-hidden=\"true\">\n\t\t\t\t\t\t\t\t\t<use xlink:href=\"https:\/\/www.myallmeeting.com\/wp-content\/themes\/accor\/assets\/images\/sprite.svg#btn-arrow-white\"><\/use>\n\t\t\t\t\t\t\t\t<\/svg>\n\t\t\t\t\t\t\t<\/span>\n\t\t\t\t\t\t<\/a>\n\t\t\t\t\t<\/div>\n\t\t\t\t\t\t\t\t\t\t<div class=\"splide__slide col-lg-4 col-xl-4 mb-lg-6 d-none\">\n\t\t\t\t\t\t<a href=\"https:\/\/www.myallmeeting.com\/fr\/article\/novotel-milano-linate-aeroporto-un-jardin-secret-pour-vos-evenements\/\" class=\"card-hub-articles text-decoration-none link-primary text-end lh-xs d-flex flex-column align-items-end h-100\">\n\t\t\t\t\t\t\t<span class=\"card-hub-articles__img d-block ratio ratio-16x9 overflow-hidden\">\n\t\t\t\t\t\t\t\t\t\t\t\t\t\t\t\t<img decoding=\"async\" src=\"https:\/\/www.myallmeeting.com\/wp-content\/uploads\/2022\/07\/MAM-baner-1920x570-19.png\" alt=\"\" width=\"616\" height=\"387\" loading=\"lazy\" \/>\t\t\t\t\t\t\t\n\t\t\t\t\t\t\t\t\t\t\t\t\t\t\t<\/span>\n\t\t\t\t\t\t\t\t\t\t\t\t\t\t<span class=\"card-hub-articles__content flex-grow-1 d-block bg-white position-relative\">\n\t\t\t\t\t\t\t\t\t\t\t\t\t\t\t\t\t\t\t\t\t\t\t\t<span class=\"d-block unna fs-17 fs-lg-23 fs-xl-32 mb-1\">Novotel Milano Linate Aeroporto : un jardin secret pour vos \u00e9v\u00e9nements !<\/span>\n\t\t\t\t\t\t\t\t\t\t\t\t\t\t\t\t\t\t\t\t\t\t\t\t<span class=\"d-block fs-10 fs-lg-11 fs-xl-12 fs-xxl-14 text-black\">D\u00e9couvrez, pour votre prochain \u00e9v\u00e8nement, cette oasis de plaisir \u00e0 quelques kilom\u00e8tres du centre de Milan<\/span>\n\t\t\t\t\t\t\t\t\t\t\t\t\t\t\t<\/span>\n\t\t\t\t\t\t\t\t\t\t\t\t\t\t<span class=\"btn btn-primary btn-hover-translate-right d-inline-flex justify-content-center justify-content-lg-start gap-2 gap-lg-1 z-1\">\n\t\t\t\t\t\t\t\t<span>\n\t\t\t\t\t\t\t\t\tD\u00e9couvrir\t\t\t\t\t\t\t\t<\/span>\n\t\t\t\t\t\t\t\t<svg width=\"15\" height=\"20\" aria-hidden=\"true\">\n\t\t\t\t\t\t\t\t\t<use xlink:href=\"https:\/\/www.myallmeeting.com\/wp-content\/themes\/accor\/assets\/images\/sprite.svg#btn-arrow-white\"><\/use>\n\t\t\t\t\t\t\t\t<\/svg>\n\t\t\t\t\t\t\t<\/span>\n\t\t\t\t\t\t<\/a>\n\t\t\t\t\t<\/div>\n\t\t\t\t\t\t\t\t\t\t<div class=\"splide__slide col-lg-4 col-xl-4 mb-lg-6 d-none\">\n\t\t\t\t\t\t<a href=\"https:\/\/www.myallmeeting.com\/fr\/article\/huit-salles-rooftop-avec-piscine-et-vue-sur-athenes-pour-votre-evenement-au-novotel-athenes\/\" class=\"card-hub-articles text-decoration-none link-primary text-end lh-xs d-flex flex-column align-items-end h-100\">\n\t\t\t\t\t\t\t<span class=\"card-hub-articles__img d-block ratio ratio-16x9 overflow-hidden\">\n\t\t\t\t\t\t\t\t\t\t\t\t\t\t\t\t<img decoding=\"async\" src=\"https:\/\/www.myallmeeting.com\/wp-content\/uploads\/2022\/06\/MAM-baner-1920x570-62.png\" alt=\"\" width=\"616\" height=\"387\" loading=\"lazy\" \/>\t\t\t\t\t\t\t\n\t\t\t\t\t\t\t\t\t\t\t\t\t\t\t<\/span>\n\t\t\t\t\t\t\t\t\t\t\t\t\t\t<span class=\"card-hub-articles__content flex-grow-1 d-block bg-white position-relative\">\n\t\t\t\t\t\t\t\t\t\t\t\t\t\t\t\t\t\t\t\t\t\t\t\t<span class=\"d-block unna fs-17 fs-lg-23 fs-xl-32 mb-1\">Huit salles, rooftop avec piscine et vue sur Ath\u00e8nes pour votre \u00e9v\u00e9nement au Novotel Athenes<\/span>\n\t\t\t\t\t\t\t\t\t\t\t\t\t\t\t\t\t\t\t\t\t\t\t\t<span class=\"d-block fs-10 fs-lg-11 fs-xl-12 fs-xxl-14 text-black\">Venez d\u00e9couvrir des services uniques \u00e0 Ath\u00e8nes pour votre prochain \u00e9v\u00e8nement d\u2019entreprise<\/span>\n\t\t\t\t\t\t\t\t\t\t\t\t\t\t\t<\/span>\n\t\t\t\t\t\t\t\t\t\t\t\t\t\t<span class=\"btn btn-primary btn-hover-translate-right d-inline-flex justify-content-center justify-content-lg-start gap-2 gap-lg-1 z-1\">\n\t\t\t\t\t\t\t\t<span>\n\t\t\t\t\t\t\t\t\tD\u00e9couvrir\t\t\t\t\t\t\t\t<\/span>\n\t\t\t\t\t\t\t\t<svg width=\"15\" height=\"20\" aria-hidden=\"true\">\n\t\t\t\t\t\t\t\t\t<use xlink:href=\"https:\/\/www.myallmeeting.com\/wp-content\/themes\/accor\/assets\/images\/sprite.svg#btn-arrow-white\"><\/use>\n\t\t\t\t\t\t\t\t<\/svg>\n\t\t\t\t\t\t\t<\/span>\n\t\t\t\t\t\t<\/a>\n\t\t\t\t\t<\/div>\n\t\t\t\t\t\t\t\t\t\t<div class=\"splide__slide col-lg-4 col-xl-4 mb-lg-6 d-none\">\n\t\t\t\t\t\t<a href=\"https:\/\/www.myallmeeting.com\/fr\/article\/decouvrez-nos-4-meilleurs-hotels-pour-organiser-un-seminaire-au-pays-basque\/\" class=\"card-hub-articles text-decoration-none link-primary text-end lh-xs d-flex flex-column align-items-end h-100\">\n\t\t\t\t\t\t\t<span class=\"card-hub-articles__img d-block ratio ratio-16x9 overflow-hidden\">\n\t\t\t\t\t\t\t\t\t\t\t\t\t\t\t\t<img decoding=\"async\" src=\"https:\/\/www.myallmeeting.com\/wp-content\/uploads\/2022\/04\/MAM-imagery-1920-x-570-px-1.png\" alt=\"\" width=\"616\" height=\"387\" loading=\"lazy\" \/>\t\t\t\t\t\t\t\n\t\t\t\t\t\t\t\t\t\t\t\t\t\t\t<\/span>\n\t\t\t\t\t\t\t\t\t\t\t\t\t\t<span class=\"card-hub-articles__content flex-grow-1 d-block bg-white position-relative\">\n\t\t\t\t\t\t\t\t\t\t\t\t\t\t\t\t\t\t\t\t\t\t\t\t<span class=\"d-block unna fs-17 fs-lg-23 fs-xl-32 mb-1\">D\u00e9couvrez nos 4 meilleurs h\u00f4tels pour organiser un s\u00e9minaire au Pays basque<\/span>\n\t\t\t\t\t\t\t\t\t\t\t\t\t\t\t\t\t\t\t\t\t\t\t\t<span class=\"d-block fs-10 fs-lg-11 fs-xl-12 fs-xxl-14 text-black\">Emmenez vos \u00e9quipes au c\u0153ur du Pays Basque pour votre prochain s\u00e9minaire gr\u00e2ce \u00e0 notre s\u00e9lection d&#039;h\u00f4tels.<\/span>\n\t\t\t\t\t\t\t\t\t\t\t\t\t\t\t<\/span>\n\t\t\t\t\t\t\t\t\t\t\t\t\t\t<span class=\"btn btn-primary btn-hover-translate-right d-inline-flex justify-content-center justify-content-lg-start gap-2 gap-lg-1 z-1\">\n\t\t\t\t\t\t\t\t<span>\n\t\t\t\t\t\t\t\t\tD\u00e9couvrir\t\t\t\t\t\t\t\t<\/span>\n\t\t\t\t\t\t\t\t<svg width=\"15\" height=\"20\" aria-hidden=\"true\">\n\t\t\t\t\t\t\t\t\t<use xlink:href=\"https:\/\/www.myallmeeting.com\/wp-content\/themes\/accor\/assets\/images\/sprite.svg#btn-arrow-white\"><\/use>\n\t\t\t\t\t\t\t\t<\/svg>\n\t\t\t\t\t\t\t<\/span>\n\t\t\t\t\t\t<\/a>\n\t\t\t\t\t<\/div>\n\t\t\t\t\t\t\t\t\t\t<div class=\"splide__slide col-lg-4 col-xl-4 mb-lg-6 d-none\">\n\t\t\t\t\t\t<a href=\"https:\/\/www.myallmeeting.com\/fr\/article\/decouvrez-nos-4-meilleurs-hotels-pour-organiser-un-seminaire-en-sicile\/\" class=\"card-hub-articles text-decoration-none link-primary text-end lh-xs d-flex flex-column align-items-end h-100\">\n\t\t\t\t\t\t\t<span class=\"card-hub-articles__img d-block ratio ratio-16x9 overflow-hidden\">\n\t\t\t\t\t\t\t\t\t\t\t\t\t\t\t\t<img decoding=\"async\" src=\"https:\/\/www.myallmeeting.com\/wp-content\/uploads\/2022\/04\/MAM-imagery-1920-x-570-px-1-1.png\" alt=\"\" width=\"616\" height=\"387\" loading=\"lazy\" \/>\t\t\t\t\t\t\t\n\t\t\t\t\t\t\t\t\t\t\t\t\t\t\t<\/span>\n\t\t\t\t\t\t\t\t\t\t\t\t\t\t<span class=\"card-hub-articles__content flex-grow-1 d-block bg-white position-relative\">\n\t\t\t\t\t\t\t\t\t\t\t\t\t\t\t\t\t\t\t\t\t\t\t\t<span class=\"d-block unna fs-17 fs-lg-23 fs-xl-32 mb-1\">D\u00e9couvrez nos 4 meilleurs h\u00f4tels pour organiser un s\u00e9minaire en Sicile<\/span>\n\t\t\t\t\t\t\t\t\t\t\t\t\t\t\t\t\t\t\t\t\t\t\t\t<span class=\"d-block fs-10 fs-lg-11 fs-xl-12 fs-xxl-14 text-black\">Plongez dans les paysages siciliens pour vos s\u00e9minaires gr\u00e2ce \u00e0 nos adresses.<\/span>\n\t\t\t\t\t\t\t\t\t\t\t\t\t\t\t<\/span>\n\t\t\t\t\t\t\t\t\t\t\t\t\t\t<span class=\"btn btn-primary btn-hover-translate-right d-inline-flex justify-content-center justify-content-lg-start gap-2 gap-lg-1 z-1\">\n\t\t\t\t\t\t\t\t<span>\n\t\t\t\t\t\t\t\t\tD\u00e9couvrir\t\t\t\t\t\t\t\t<\/span>\n\t\t\t\t\t\t\t\t<svg width=\"15\" height=\"20\" aria-hidden=\"true\">\n\t\t\t\t\t\t\t\t\t<use xlink:href=\"https:\/\/www.myallmeeting.com\/wp-content\/themes\/accor\/assets\/images\/sprite.svg#btn-arrow-white\"><\/use>\n\t\t\t\t\t\t\t\t<\/svg>\n\t\t\t\t\t\t\t<\/span>\n\t\t\t\t\t\t<\/a>\n\t\t\t\t\t<\/div>\n\t\t\t\t\t\t\t\t\t\t<div class=\"splide__slide col-lg-4 col-xl-4 mb-lg-6 d-none\">\n\t\t\t\t\t\t<a href=\"https:\/\/www.myallmeeting.com\/fr\/article\/la-tete-dans-les-nuages-au-pullman-paris-montparnasse\/\" class=\"card-hub-articles text-decoration-none link-primary text-end lh-xs d-flex flex-column align-items-end h-100\">\n\t\t\t\t\t\t\t<span class=\"card-hub-articles__img d-block ratio ratio-16x9 overflow-hidden\">\n\t\t\t\t\t\t\t\t\t\t\t\t\t\t\t\t<img decoding=\"async\" src=\"https:\/\/www.myallmeeting.com\/wp-content\/uploads\/2022\/02\/Paris-aerial-view.png\" alt=\"\" width=\"616\" height=\"387\" loading=\"lazy\" \/>\t\t\t\t\t\t\t\n\t\t\t\t\t\t\t\t\t\t\t\t\t\t\t<\/span>\n\t\t\t\t\t\t\t\t\t\t\t\t\t\t<span class=\"card-hub-articles__content flex-grow-1 d-block bg-white position-relative\">\n\t\t\t\t\t\t\t\t\t\t\t\t\t\t\t\t\t\t\t\t\t\t\t\t<span class=\"d-block unna fs-17 fs-lg-23 fs-xl-32 mb-1\">La t\u00eate dans les nuages au Pullman Paris Montparnasse<\/span>\n\t\t\t\t\t\t\t\t\t\t\t\t\t\t\t\t\t\t\t\t\t\t\t\t<span class=\"d-block fs-10 fs-lg-11 fs-xl-12 fs-xxl-14 text-black\">R\u00eavez avec des \u00e9v\u00e8nements surplombants Paris au Pullman Paris Montparnasse.<\/span>\n\t\t\t\t\t\t\t\t\t\t\t\t\t\t\t<\/span>\n\t\t\t\t\t\t\t\t\t\t\t\t\t\t<span class=\"btn btn-primary btn-hover-translate-right d-inline-flex justify-content-center justify-content-lg-start gap-2 gap-lg-1 z-1\">\n\t\t\t\t\t\t\t\t<span>\n\t\t\t\t\t\t\t\t\tD\u00e9couvrir\t\t\t\t\t\t\t\t<\/span>\n\t\t\t\t\t\t\t\t<svg width=\"15\" height=\"20\" aria-hidden=\"true\">\n\t\t\t\t\t\t\t\t\t<use xlink:href=\"https:\/\/www.myallmeeting.com\/wp-content\/themes\/accor\/assets\/images\/sprite.svg#btn-arrow-white\"><\/use>\n\t\t\t\t\t\t\t\t<\/svg>\n\t\t\t\t\t\t\t<\/span>\n\t\t\t\t\t\t<\/a>\n\t\t\t\t\t<\/div>\n\t\t\t\t\t\t\t\t\t\t<div class=\"splide__slide col-lg-4 col-xl-4 mb-lg-6 d-none\">\n\t\t\t\t\t\t<a href=\"https:\/\/www.myallmeeting.com\/fr\/article\/organisez-un-evenement-glamour-en-petit-comite-au-sofitel-roma-villa-borghese\/\" class=\"card-hub-articles text-decoration-none link-primary text-end lh-xs d-flex flex-column align-items-end h-100\">\n\t\t\t\t\t\t\t<span class=\"card-hub-articles__img d-block ratio ratio-16x9 overflow-hidden\">\n\t\t\t\t\t\t\t\t\t\t\t\t\t\t\t\t<img decoding=\"async\" src=\"https:\/\/www.myallmeeting.com\/wp-content\/uploads\/2022\/02\/MAM-baner-1920x570-31.png\" alt=\"\" width=\"616\" height=\"387\" loading=\"lazy\" \/>\t\t\t\t\t\t\t\n\t\t\t\t\t\t\t\t\t\t\t\t\t\t\t<\/span>\n\t\t\t\t\t\t\t\t\t\t\t\t\t\t<span class=\"card-hub-articles__content flex-grow-1 d-block bg-white position-relative\">\n\t\t\t\t\t\t\t\t\t\t\t\t\t\t\t\t\t\t\t\t\t\t\t\t<span class=\"d-block unna fs-17 fs-lg-23 fs-xl-32 mb-1\">Organisez un \u00e9v\u00e8nement glamour en petit comit\u00e9 au Sofitel Roma Villa Borghese<\/span>\n\t\t\t\t\t\t\t\t\t\t\t\t\t\t\t\t\t\t\t\t\t\t\t\t<span class=\"d-block fs-10 fs-lg-11 fs-xl-12 fs-xxl-14 text-black\">Venez visiter Rome lors de votre prochain \u00e9v\u00e8nement professionnel, gr\u00e2ce au Sofitel Roma Villa Borghese.<\/span>\n\t\t\t\t\t\t\t\t\t\t\t\t\t\t\t<\/span>\n\t\t\t\t\t\t\t\t\t\t\t\t\t\t<span class=\"btn btn-primary btn-hover-translate-right d-inline-flex justify-content-center justify-content-lg-start gap-2 gap-lg-1 z-1\">\n\t\t\t\t\t\t\t\t<span>\n\t\t\t\t\t\t\t\t\tD\u00e9couvrir\t\t\t\t\t\t\t\t<\/span>\n\t\t\t\t\t\t\t\t<svg width=\"15\" height=\"20\" aria-hidden=\"true\">\n\t\t\t\t\t\t\t\t\t<use xlink:href=\"https:\/\/www.myallmeeting.com\/wp-content\/themes\/accor\/assets\/images\/sprite.svg#btn-arrow-white\"><\/use>\n\t\t\t\t\t\t\t\t<\/svg>\n\t\t\t\t\t\t\t<\/span>\n\t\t\t\t\t\t<\/a>\n\t\t\t\t\t<\/div>\n\t\t\t\t\t\t\t\t\t\t<div class=\"splide__slide col-lg-4 col-xl-4 mb-lg-6 d-none\">\n\t\t\t\t\t\t<a href=\"https:\/\/www.myallmeeting.com\/fr\/article\/des-hotels-pour-organiser-vos-evenements-face-a-la-mer\/\" class=\"card-hub-articles text-decoration-none link-primary text-end lh-xs d-flex flex-column align-items-end h-100\">\n\t\t\t\t\t\t\t<span class=\"card-hub-articles__img d-block ratio ratio-16x9 overflow-hidden\">\n\t\t\t\t\t\t\t\t\t\t\t\t\t\t\t\t<img decoding=\"async\" src=\"https:\/\/www.myallmeeting.com\/wp-content\/uploads\/2022\/02\/6838-28.jpg\" alt=\"\" width=\"616\" height=\"387\" loading=\"lazy\" \/>\t\t\t\t\t\t\t\n\t\t\t\t\t\t\t\t\t\t\t\t\t\t\t<\/span>\n\t\t\t\t\t\t\t\t\t\t\t\t\t\t<span class=\"card-hub-articles__content flex-grow-1 d-block bg-white position-relative\">\n\t\t\t\t\t\t\t\t\t\t\t\t\t\t\t\t\t\t\t\t\t\t\t\t<span class=\"d-block unna fs-17 fs-lg-23 fs-xl-32 mb-1\">Des h\u00f4tels pour organiser vos \u00e9v\u00e9nements face \u00e0 la mer<\/span>\n\t\t\t\t\t\t\t\t\t\t\t\t\t\t\t\t\t\t\t\t\t\t\t\t<span class=\"d-block fs-10 fs-lg-11 fs-xl-12 fs-xxl-14 text-black\">Plongez dans notre s\u00e9lection d&#039;h\u00f4tels pour vos \u00e9v\u00e9nements vue mer.<\/span>\n\t\t\t\t\t\t\t\t\t\t\t\t\t\t\t<\/span>\n\t\t\t\t\t\t\t\t\t\t\t\t\t\t<span class=\"btn btn-primary btn-hover-translate-right d-inline-flex justify-content-center justify-content-lg-start gap-2 gap-lg-1 z-1\">\n\t\t\t\t\t\t\t\t<span>\n\t\t\t\t\t\t\t\t\tD\u00e9couvrir\t\t\t\t\t\t\t\t<\/span>\n\t\t\t\t\t\t\t\t<svg width=\"15\" height=\"20\" aria-hidden=\"true\">\n\t\t\t\t\t\t\t\t\t<use xlink:href=\"https:\/\/www.myallmeeting.com\/wp-content\/themes\/accor\/assets\/images\/sprite.svg#btn-arrow-white\"><\/use>\n\t\t\t\t\t\t\t\t<\/svg>\n\t\t\t\t\t\t\t<\/span>\n\t\t\t\t\t\t<\/a>\n\t\t\t\t\t<\/div>\n\t\t\t\t\t\t\t\t\t\t<div class=\"splide__slide col-lg-4 col-xl-4 mb-lg-6 d-none\">\n\t\t\t\t\t\t<a href=\"https:\/\/www.myallmeeting.com\/fr\/article\/un-seminaire-vibrant-au-pullman-paris-centre-bercy\/\" class=\"card-hub-articles text-decoration-none link-primary text-end lh-xs d-flex flex-column align-items-end h-100\">\n\t\t\t\t\t\t\t<span class=\"card-hub-articles__img d-block ratio ratio-16x9 overflow-hidden\">\n\t\t\t\t\t\t\t\t\t\t\t\t\t\t\t\t<img decoding=\"async\" src=\"https:\/\/www.myallmeeting.com\/wp-content\/uploads\/2022\/01\/MAM-baner-1920x570-59.png\" alt=\"\" width=\"616\" height=\"387\" loading=\"lazy\" \/>\t\t\t\t\t\t\t\n\t\t\t\t\t\t\t\t\t\t\t\t\t\t\t<\/span>\n\t\t\t\t\t\t\t\t\t\t\t\t\t\t<span class=\"card-hub-articles__content flex-grow-1 d-block bg-white position-relative\">\n\t\t\t\t\t\t\t\t\t\t\t\t\t\t\t\t\t\t\t\t\t\t\t\t<span class=\"d-block unna fs-17 fs-lg-23 fs-xl-32 mb-1\">Un s\u00e9minaire vibrant au Pullman Paris Centre-Bercy<\/span>\n\t\t\t\t\t\t\t\t\t\t\t\t\t\t\t\t\t\t\t\t\t\t\t\t<span class=\"d-block fs-10 fs-lg-11 fs-xl-12 fs-xxl-14 text-black\">Venez d\u00e9couvrir les espaces impressionnants de cet \u00e9tablissement pour votre prochain \u00e9v\u00e8nement \u00e0 Paris<\/span>\n\t\t\t\t\t\t\t\t\t\t\t\t\t\t\t<\/span>\n\t\t\t\t\t\t\t\t\t\t\t\t\t\t<span class=\"btn btn-primary btn-hover-translate-right d-inline-flex justify-content-center justify-content-lg-start gap-2 gap-lg-1 z-1\">\n\t\t\t\t\t\t\t\t<span>\n\t\t\t\t\t\t\t\t\tD\u00e9couvrir\t\t\t\t\t\t\t\t<\/span>\n\t\t\t\t\t\t\t\t<svg width=\"15\" height=\"20\" aria-hidden=\"true\">\n\t\t\t\t\t\t\t\t\t<use xlink:href=\"https:\/\/www.myallmeeting.com\/wp-content\/themes\/accor\/assets\/images\/sprite.svg#btn-arrow-white\"><\/use>\n\t\t\t\t\t\t\t\t<\/svg>\n\t\t\t\t\t\t\t<\/span>\n\t\t\t\t\t\t<\/a>\n\t\t\t\t\t<\/div>\n\t\t\t\t\t\t\t\t\t\t<div class=\"splide__slide col-lg-4 col-xl-4 mb-lg-6 d-none\">\n\t\t\t\t\t\t<a href=\"https:\/\/www.myallmeeting.com\/fr\/article\/la-check-list-pour-organiser-des-evenements-durables\/\" class=\"card-hub-articles text-decoration-none link-primary text-end lh-xs d-flex flex-column align-items-end h-100\">\n\t\t\t\t\t\t\t<span class=\"card-hub-articles__img d-block ratio ratio-16x9 overflow-hidden\">\n\t\t\t\t\t\t\t\t\t\t\t\t\t\t\t\t<img decoding=\"async\" src=\"https:\/\/www.myallmeeting.com\/wp-content\/uploads\/2022\/01\/MAM-baner-1920x570-73.png\" alt=\"\" width=\"616\" height=\"387\" loading=\"lazy\" \/>\t\t\t\t\t\t\t\n\t\t\t\t\t\t\t\t\t\t\t\t\t\t\t<\/span>\n\t\t\t\t\t\t\t\t\t\t\t\t\t\t<span class=\"card-hub-articles__content flex-grow-1 d-block bg-white position-relative\">\n\t\t\t\t\t\t\t\t\t\t\t\t\t\t\t\t\t\t\t\t\t\t\t\t<span class=\"d-block unna fs-17 fs-lg-23 fs-xl-32 mb-1\">La Check-list pour organiser des \u00e9v\u00e9nements durables<\/span>\n\t\t\t\t\t\t\t\t\t\t\t\t\t\t\t\t\t\t\t\t\t\t\t\t<span class=\"d-block fs-10 fs-lg-11 fs-xl-12 fs-xxl-14 text-black\">Vous \u00eates charg\u00e9 d\u2019organiser un \u00e9v\u00e9nement professionnel type s\u00e9minaire ? Vous souhaitez proposer un \u00e9v\u00e9nement respectueux en termes de durabilit\u00e9 ?<\/span>\n\t\t\t\t\t\t\t\t\t\t\t\t\t\t\t<\/span>\n\t\t\t\t\t\t\t\t\t\t\t\t\t\t<span class=\"btn btn-primary btn-hover-translate-right d-inline-flex justify-content-center justify-content-lg-start gap-2 gap-lg-1 z-1\">\n\t\t\t\t\t\t\t\t<span>\n\t\t\t\t\t\t\t\t\tD\u00e9couvrir\t\t\t\t\t\t\t\t<\/span>\n\t\t\t\t\t\t\t\t<svg width=\"15\" height=\"20\" aria-hidden=\"true\">\n\t\t\t\t\t\t\t\t\t<use xlink:href=\"https:\/\/www.myallmeeting.com\/wp-content\/themes\/accor\/assets\/images\/sprite.svg#btn-arrow-white\"><\/use>\n\t\t\t\t\t\t\t\t<\/svg>\n\t\t\t\t\t\t\t<\/span>\n\t\t\t\t\t\t<\/a>\n\t\t\t\t\t<\/div>\n\t\t\t\t\t\t\t\t\t\t<div class=\"splide__slide col-lg-4 col-xl-4 mb-lg-6 d-none\">\n\t\t\t\t\t\t<a href=\"https:\/\/www.myallmeeting.com\/fr\/article\/loisirs-et-affaires-sur-nos-terrasses-avec-les-plus-belles-vues-en-europe-du-sud\/\" class=\"card-hub-articles text-decoration-none link-primary text-end lh-xs d-flex flex-column align-items-end h-100\">\n\t\t\t\t\t\t\t<span class=\"card-hub-articles__img d-block ratio ratio-16x9 overflow-hidden\">\n\t\t\t\t\t\t\t\t\t\t\t\t\t\t\t\t<img decoding=\"async\" src=\"https:\/\/www.myallmeeting.com\/wp-content\/uploads\/2021\/11\/MAM-imagery-1920-x-570-px-2.png\" alt=\"\" width=\"616\" height=\"387\" loading=\"lazy\" \/>\t\t\t\t\t\t\t\n\t\t\t\t\t\t\t\t\t\t\t\t\t\t\t<\/span>\n\t\t\t\t\t\t\t\t\t\t\t\t\t\t<span class=\"card-hub-articles__content flex-grow-1 d-block bg-white position-relative\">\n\t\t\t\t\t\t\t\t\t\t\t\t\t\t\t\t\t\t\t\t\t\t\t\t<span class=\"d-block unna fs-17 fs-lg-23 fs-xl-32 mb-1\">Loisirs et affaires sur nos terrasses avec les plus belles vues en Europe du Sud<\/span>\n\t\t\t\t\t\t\t\t\t\t\t\t\t\t\t\t\t\t\t\t\t\t\t\t<span class=\"d-block fs-10 fs-lg-11 fs-xl-12 fs-xxl-14 text-black\">Alliez travail et d\u00e9tente gr\u00e2ce aux magnifiques terrasses de nos h\u00f4tels en Europe du Sud.<\/span>\n\t\t\t\t\t\t\t\t\t\t\t\t\t\t\t<\/span>\n\t\t\t\t\t\t\t\t\t\t\t\t\t\t<span class=\"btn btn-primary btn-hover-translate-right d-inline-flex justify-content-center justify-content-lg-start gap-2 gap-lg-1 z-1\">\n\t\t\t\t\t\t\t\t<span>\n\t\t\t\t\t\t\t\t\tD\u00e9couvrir\t\t\t\t\t\t\t\t<\/span>\n\t\t\t\t\t\t\t\t<svg width=\"15\" height=\"20\" aria-hidden=\"true\">\n\t\t\t\t\t\t\t\t\t<use xlink:href=\"https:\/\/www.myallmeeting.com\/wp-content\/themes\/accor\/assets\/images\/sprite.svg#btn-arrow-white\"><\/use>\n\t\t\t\t\t\t\t\t<\/svg>\n\t\t\t\t\t\t\t<\/span>\n\t\t\t\t\t\t<\/a>\n\t\t\t\t\t<\/div>\n\t\t\t\t\t\t\t\t\t\t<div class=\"splide__slide col-lg-4 col-xl-4 mb-lg-6 d-none\">\n\t\t\t\t\t\t<a href=\"https:\/\/www.myallmeeting.com\/fr\/article\/jouez-la-collectif-avec-tribe\/\" class=\"card-hub-articles text-decoration-none link-primary text-end lh-xs d-flex flex-column align-items-end h-100\">\n\t\t\t\t\t\t\t<span class=\"card-hub-articles__img d-block ratio ratio-16x9 overflow-hidden\">\n\t\t\t\t\t\t\t\t\t\t\t\t\t\t\t\t<img decoding=\"async\" src=\"https:\/\/www.myallmeeting.com\/wp-content\/uploads\/2021\/06\/MAM-baner-1920x570-15.png\" alt=\"\" width=\"616\" height=\"387\" loading=\"lazy\" \/>\t\t\t\t\t\t\t\n\t\t\t\t\t\t\t\t\t\t\t\t\t\t\t<\/span>\n\t\t\t\t\t\t\t\t\t\t\t\t\t\t<span class=\"card-hub-articles__content flex-grow-1 d-block bg-white position-relative\">\n\t\t\t\t\t\t\t\t\t\t\t\t\t\t\t\t\t\t\t\t\t\t\t\t<span class=\"d-block unna fs-17 fs-lg-23 fs-xl-32 mb-1\">Jouez-la collectif avec Tribe<\/span>\n\t\t\t\t\t\t\t\t\t\t\t\t\t\t\t\t\t\t\t\t\t\t\t\t<span class=\"d-block fs-10 fs-lg-11 fs-xl-12 fs-xxl-14 text-black\">Venez d\u00e9couvrir les h\u00f4tels Tribe pour un \u00e9v\u00e9nement convivial.<\/span>\n\t\t\t\t\t\t\t\t\t\t\t\t\t\t\t<\/span>\n\t\t\t\t\t\t\t\t\t\t\t\t\t\t<span class=\"btn btn-primary btn-hover-translate-right d-inline-flex justify-content-center justify-content-lg-start gap-2 gap-lg-1 z-1\">\n\t\t\t\t\t\t\t\t<span>\n\t\t\t\t\t\t\t\t\tD\u00e9couvrir\t\t\t\t\t\t\t\t<\/span>\n\t\t\t\t\t\t\t\t<svg width=\"15\" height=\"20\" aria-hidden=\"true\">\n\t\t\t\t\t\t\t\t\t<use xlink:href=\"https:\/\/www.myallmeeting.com\/wp-content\/themes\/accor\/assets\/images\/sprite.svg#btn-arrow-white\"><\/use>\n\t\t\t\t\t\t\t\t<\/svg>\n\t\t\t\t\t\t\t<\/span>\n\t\t\t\t\t\t<\/a>\n\t\t\t\t\t<\/div>\n\t\t\t\t\t\t\t\t\t\t<div class=\"splide__slide col-lg-4 col-xl-4 mb-lg-6 d-none\">\n\t\t\t\t\t\t<a href=\"https:\/\/www.myallmeeting.com\/fr\/article\/nos-adresses-avec-rooftop-a-paris\/\" class=\"card-hub-articles text-decoration-none link-primary text-end lh-xs d-flex flex-column align-items-end h-100\">\n\t\t\t\t\t\t\t<span class=\"card-hub-articles__img d-block ratio ratio-16x9 overflow-hidden\">\n\t\t\t\t\t\t\t\t\t\t\t\t\t\t\t\t<img decoding=\"async\" src=\"https:\/\/www.myallmeeting.com\/wp-content\/uploads\/2021\/05\/Paris-aerial-view.png\" alt=\"\" width=\"616\" height=\"387\" loading=\"lazy\" \/>\t\t\t\t\t\t\t\n\t\t\t\t\t\t\t\t\t\t\t\t\t\t\t<\/span>\n\t\t\t\t\t\t\t\t\t\t\t\t\t\t<span class=\"card-hub-articles__content flex-grow-1 d-block bg-white position-relative\">\n\t\t\t\t\t\t\t\t\t\t\t\t\t\t\t\t\t\t\t\t\t\t\t\t<span class=\"d-block unna fs-17 fs-lg-23 fs-xl-32 mb-1\">Nos adresses avec rooftop \u00e0 Paris !<\/span>\n\t\t\t\t\t\t\t\t\t\t\t\t\t\t\t\t\t\t\t\t\t\t\t\t<span class=\"d-block fs-10 fs-lg-11 fs-xl-12 fs-xxl-14 text-black\">D\u00e9couvrez les vues de Paris gr\u00e2ce aux rooftops de nos h\u00f4tels.<\/span>\n\t\t\t\t\t\t\t\t\t\t\t\t\t\t\t<\/span>\n\t\t\t\t\t\t\t\t\t\t\t\t\t\t<span class=\"btn btn-primary btn-hover-translate-right d-inline-flex justify-content-center justify-content-lg-start gap-2 gap-lg-1 z-1\">\n\t\t\t\t\t\t\t\t<span>\n\t\t\t\t\t\t\t\t\tD\u00e9couvrir\t\t\t\t\t\t\t\t<\/span>\n\t\t\t\t\t\t\t\t<svg width=\"15\" height=\"20\" aria-hidden=\"true\">\n\t\t\t\t\t\t\t\t\t<use xlink:href=\"https:\/\/www.myallmeeting.com\/wp-content\/themes\/accor\/assets\/images\/sprite.svg#btn-arrow-white\"><\/use>\n\t\t\t\t\t\t\t\t<\/svg>\n\t\t\t\t\t\t\t<\/span>\n\t\t\t\t\t\t<\/a>\n\t\t\t\t\t<\/div>\n\t\t\t\t\t\t\t\t\t\t<div class=\"splide__slide col-lg-4 col-xl-4 mb-lg-6 d-none\">\n\t\t\t\t\t\t<a href=\"https:\/\/www.myallmeeting.com\/fr\/article\/une-reunion-grands-frissons-au-novotel-annecy-centre\/\" class=\"card-hub-articles text-decoration-none link-primary text-end lh-xs d-flex flex-column align-items-end h-100\">\n\t\t\t\t\t\t\t<span class=\"card-hub-articles__img d-block ratio ratio-16x9 overflow-hidden\">\n\t\t\t\t\t\t\t\t\t\t\t\t\t\t\t\t<img decoding=\"async\" src=\"https:\/\/www.myallmeeting.com\/wp-content\/uploads\/2021\/01\/MAM-baner-1920x570-10.png\" alt=\"\" width=\"616\" height=\"387\" loading=\"lazy\" \/>\t\t\t\t\t\t\t\n\t\t\t\t\t\t\t\t\t\t\t\t\t\t\t<\/span>\n\t\t\t\t\t\t\t\t\t\t\t\t\t\t<span class=\"card-hub-articles__content flex-grow-1 d-block bg-white position-relative\">\n\t\t\t\t\t\t\t\t\t\t\t\t\t\t\t\t\t\t\t\t\t\t\t\t<span class=\"d-block unna fs-17 fs-lg-23 fs-xl-32 mb-1\">Une r\u00e9union \u00ab\u00a0grands frissons\u00a0\u00bb au Novotel Annecy Centre<\/span>\n\t\t\t\t\t\t\t\t\t\t\t\t\t\t\t\t\t\t\t\t\t\t\t\t<span class=\"d-block fs-10 fs-lg-11 fs-xl-12 fs-xxl-14 text-black\">Venez d\u00e9couvrir la Venise des Alpes gr\u00e2ce au Novotel Annecy Centre<\/span>\n\t\t\t\t\t\t\t\t\t\t\t\t\t\t\t<\/span>\n\t\t\t\t\t\t\t\t\t\t\t\t\t\t<span class=\"btn btn-primary btn-hover-translate-right d-inline-flex justify-content-center justify-content-lg-start gap-2 gap-lg-1 z-1\">\n\t\t\t\t\t\t\t\t<span>\n\t\t\t\t\t\t\t\t\tD\u00e9couvrir\t\t\t\t\t\t\t\t<\/span>\n\t\t\t\t\t\t\t\t<svg width=\"15\" height=\"20\" aria-hidden=\"true\">\n\t\t\t\t\t\t\t\t\t<use xlink:href=\"https:\/\/www.myallmeeting.com\/wp-content\/themes\/accor\/assets\/images\/sprite.svg#btn-arrow-white\"><\/use>\n\t\t\t\t\t\t\t\t<\/svg>\n\t\t\t\t\t\t\t<\/span>\n\t\t\t\t\t\t<\/a>\n\t\t\t\t\t<\/div>\n\t\t\t\t\t\t\t\t\t\t<div class=\"splide__slide col-lg-4 col-xl-4 mb-lg-6 d-none\">\n\t\t\t\t\t\t<a href=\"https:\/\/www.myallmeeting.com\/fr\/article\/retour-aux-sources-au-mercure-aix-les-bains-domaine-de-marlioz\/\" class=\"card-hub-articles text-decoration-none link-primary text-end lh-xs d-flex flex-column align-items-end h-100\">\n\t\t\t\t\t\t\t<span class=\"card-hub-articles__img d-block ratio ratio-16x9 overflow-hidden\">\n\t\t\t\t\t\t\t\t\t\t\t\t\t\t\t\t<img decoding=\"async\" src=\"https:\/\/www.myallmeeting.com\/wp-content\/uploads\/2020\/09\/20200730_ROUGE_VIF_MERCURE_AIX_LES_BAINS_HEBRARD_007-1.jpg\" alt=\"Mercure Aix-les-Bains Domaine de Marlioz\" width=\"616\" height=\"387\" loading=\"lazy\" \/>\t\t\t\t\t\t\t\n\t\t\t\t\t\t\t\t\t\t\t\t\t\t\t<\/span>\n\t\t\t\t\t\t\t\t\t\t\t\t\t\t<span class=\"card-hub-articles__content flex-grow-1 d-block bg-white position-relative\">\n\t\t\t\t\t\t\t\t\t\t\t\t\t\t\t\t\t\t\t\t\t\t\t\t<span class=\"d-block unna fs-17 fs-lg-23 fs-xl-32 mb-1\">Retour aux sources au Mercure Aix-les-Bains Domaine de Marlioz<\/span>\n\t\t\t\t\t\t\t\t\t\t\t\t\t\t\t\t\t\t\t\t\t\t\t\t<span class=\"d-block fs-10 fs-lg-11 fs-xl-12 fs-xxl-14 text-black\">Venez d\u00e9couvrez la station thermale mythique c\u00e9l\u00e9br\u00e9e par Napol\u00e9on III, gr\u00e2ce au Domaine de Marlioz<\/span>\n\t\t\t\t\t\t\t\t\t\t\t\t\t\t\t<\/span>\n\t\t\t\t\t\t\t\t\t\t\t\t\t\t<span class=\"btn btn-primary btn-hover-translate-right d-inline-flex justify-content-center justify-content-lg-start gap-2 gap-lg-1 z-1\">\n\t\t\t\t\t\t\t\t<span>\n\t\t\t\t\t\t\t\t\tD\u00e9couvrir\t\t\t\t\t\t\t\t<\/span>\n\t\t\t\t\t\t\t\t<svg width=\"15\" height=\"20\" aria-hidden=\"true\">\n\t\t\t\t\t\t\t\t\t<use xlink:href=\"https:\/\/www.myallmeeting.com\/wp-content\/themes\/accor\/assets\/images\/sprite.svg#btn-arrow-white\"><\/use>\n\t\t\t\t\t\t\t\t<\/svg>\n\t\t\t\t\t\t\t<\/span>\n\t\t\t\t\t\t<\/a>\n\t\t\t\t\t<\/div>\n\t\t\t\t\t\t\t\t\t\t<div class=\"splide__slide col-lg-4 col-xl-4 mb-lg-6 d-none\">\n\t\t\t\t\t\t<a href=\"https:\/\/www.myallmeeting.com\/fr\/article\/toulouse-un-seminaire-au-coeur-de-loccitanie\/\" class=\"card-hub-articles text-decoration-none link-primary text-end lh-xs d-flex flex-column align-items-end h-100\">\n\t\t\t\t\t\t\t<span class=\"card-hub-articles__img d-block ratio ratio-16x9 overflow-hidden\">\n\t\t\t\t\t\t\t\t\t\t\t\t\t\t\t\t<img decoding=\"async\" src=\"https:\/\/www.myallmeeting.com\/wp-content\/uploads\/2020\/04\/Toulouse.png\" alt=\"\" width=\"616\" height=\"387\" loading=\"lazy\" \/>\t\t\t\t\t\t\t\n\t\t\t\t\t\t\t\t\t\t\t\t\t\t\t<\/span>\n\t\t\t\t\t\t\t\t\t\t\t\t\t\t<span class=\"card-hub-articles__content flex-grow-1 d-block bg-white position-relative\">\n\t\t\t\t\t\t\t\t\t\t\t\t\t\t\t\t\t\t\t\t\t\t\t\t<span class=\"d-block unna fs-17 fs-lg-23 fs-xl-32 mb-1\">Toulouse, un s\u00e9minaire au c\u0153ur de l\u2019Occitanie<\/span>\n\t\t\t\t\t\t\t\t\t\t\t\t\t\t\t\t\t\t\t\t\t\t\t\t<span class=\"d-block fs-10 fs-lg-11 fs-xl-12 fs-xxl-14 text-black\">D\u00e9couvrez la ville rose pour votre s\u00e9minaire avec nos h\u00f4tels.<\/span>\n\t\t\t\t\t\t\t\t\t\t\t\t\t\t\t<\/span>\n\t\t\t\t\t\t\t\t\t\t\t\t\t\t<span class=\"btn btn-primary btn-hover-translate-right d-inline-flex justify-content-center justify-content-lg-start gap-2 gap-lg-1 z-1\">\n\t\t\t\t\t\t\t\t<span>\n\t\t\t\t\t\t\t\t\tD\u00e9couvrir\t\t\t\t\t\t\t\t<\/span>\n\t\t\t\t\t\t\t\t<svg width=\"15\" height=\"20\" aria-hidden=\"true\">\n\t\t\t\t\t\t\t\t\t<use xlink:href=\"https:\/\/www.myallmeeting.com\/wp-content\/themes\/accor\/assets\/images\/sprite.svg#btn-arrow-white\"><\/use>\n\t\t\t\t\t\t\t\t<\/svg>\n\t\t\t\t\t\t\t<\/span>\n\t\t\t\t\t\t<\/a>\n\t\t\t\t\t<\/div>\n\t\t\t\t\t\t\t\t\t\t<div class=\"splide__slide col-lg-4 col-xl-4 mb-lg-6 d-none\">\n\t\t\t\t\t\t<a href=\"https:\/\/www.myallmeeting.com\/fr\/article\/un-seminaire-au-pays-des-cigales\/\" class=\"card-hub-articles text-decoration-none link-primary text-end lh-xs d-flex flex-column align-items-end h-100\">\n\t\t\t\t\t\t\t<span class=\"card-hub-articles__img d-block ratio ratio-16x9 overflow-hidden\">\n\t\t\t\t\t\t\t\t\t\t\t\t\t\t\t\t<img decoding=\"async\" src=\"https:\/\/www.myallmeeting.com\/wp-content\/uploads\/2020\/04\/Provence.png\" alt=\"\" width=\"616\" height=\"387\" loading=\"lazy\" \/>\t\t\t\t\t\t\t\n\t\t\t\t\t\t\t\t\t\t\t\t\t\t\t<\/span>\n\t\t\t\t\t\t\t\t\t\t\t\t\t\t<span class=\"card-hub-articles__content flex-grow-1 d-block bg-white position-relative\">\n\t\t\t\t\t\t\t\t\t\t\t\t\t\t\t\t\t\t\t\t\t\t\t\t<span class=\"d-block unna fs-17 fs-lg-23 fs-xl-32 mb-1\">Un s\u00e9minaire au pays des cigales<\/span>\n\t\t\t\t\t\t\t\t\t\t\t\t\t\t\t\t\t\t\t\t\t\t\t\t<span class=\"d-block fs-10 fs-lg-11 fs-xl-12 fs-xxl-14 text-black\">D\u00e9couvrez la r\u00e9gion proven\u00e7ale lors de vos s\u00e9minaires gr\u00e2ce \u00e0 nos h\u00f4tels.<\/span>\n\t\t\t\t\t\t\t\t\t\t\t\t\t\t\t<\/span>\n\t\t\t\t\t\t\t\t\t\t\t\t\t\t<span class=\"btn btn-primary btn-hover-translate-right d-inline-flex justify-content-center justify-content-lg-start gap-2 gap-lg-1 z-1\">\n\t\t\t\t\t\t\t\t<span>\n\t\t\t\t\t\t\t\t\tD\u00e9couvrir\t\t\t\t\t\t\t\t<\/span>\n\t\t\t\t\t\t\t\t<svg width=\"15\" height=\"20\" aria-hidden=\"true\">\n\t\t\t\t\t\t\t\t\t<use xlink:href=\"https:\/\/www.myallmeeting.com\/wp-content\/themes\/accor\/assets\/images\/sprite.svg#btn-arrow-white\"><\/use>\n\t\t\t\t\t\t\t\t<\/svg>\n\t\t\t\t\t\t\t<\/span>\n\t\t\t\t\t\t<\/a>\n\t\t\t\t\t<\/div>\n\t\t\t\t\t\t\t\t\t\t<div class=\"splide__slide col-lg-4 col-xl-4 mb-lg-6 d-none\">\n\t\t\t\t\t\t<a href=\"https:\/\/www.myallmeeting.com\/fr\/article\/faites-petiller-votre-seminaire-en-champagne\/\" class=\"card-hub-articles text-decoration-none link-primary text-end lh-xs d-flex flex-column align-items-end h-100\">\n\t\t\t\t\t\t\t<span class=\"card-hub-articles__img d-block ratio ratio-16x9 overflow-hidden\">\n\t\t\t\t\t\t\t\t\t\t\t\t\t\t\t\t<img decoding=\"async\" src=\"https:\/\/www.myallmeeting.com\/wp-content\/uploads\/2020\/04\/MAM-imagery-1920-x-570-px-2.png\" alt=\"\" width=\"616\" height=\"387\" loading=\"lazy\" \/>\t\t\t\t\t\t\t\n\t\t\t\t\t\t\t\t\t\t\t\t\t\t\t<\/span>\n\t\t\t\t\t\t\t\t\t\t\t\t\t\t<span class=\"card-hub-articles__content flex-grow-1 d-block bg-white position-relative\">\n\t\t\t\t\t\t\t\t\t\t\t\t\t\t\t\t\t\t\t\t\t\t\t\t<span class=\"d-block unna fs-17 fs-lg-23 fs-xl-32 mb-1\">Faites p\u00e9tiller votre s\u00e9minaire en Champagne<\/span>\n\t\t\t\t\t\t\t\t\t\t\t\t\t\t\t\t\t\t\t\t\t\t\t\t<span class=\"d-block fs-10 fs-lg-11 fs-xl-12 fs-xxl-14 text-black\">D\u00e9couvrez la r\u00e9gion Champagne lors de vos s\u00e9minaires gr\u00e2ce \u00e0 nos h\u00f4tels.<\/span>\n\t\t\t\t\t\t\t\t\t\t\t\t\t\t\t<\/span>\n\t\t\t\t\t\t\t\t\t\t\t\t\t\t<span class=\"btn btn-primary btn-hover-translate-right d-inline-flex justify-content-center justify-content-lg-start gap-2 gap-lg-1 z-1\">\n\t\t\t\t\t\t\t\t<span>\n\t\t\t\t\t\t\t\t\tD\u00e9couvrir\t\t\t\t\t\t\t\t<\/span>\n\t\t\t\t\t\t\t\t<svg width=\"15\" height=\"20\" aria-hidden=\"true\">\n\t\t\t\t\t\t\t\t\t<use xlink:href=\"https:\/\/www.myallmeeting.com\/wp-content\/themes\/accor\/assets\/images\/sprite.svg#btn-arrow-white\"><\/use>\n\t\t\t\t\t\t\t\t<\/svg>\n\t\t\t\t\t\t\t<\/span>\n\t\t\t\t\t\t<\/a>\n\t\t\t\t\t<\/div>\n\t\t\t\t\t\t\t\t\t\t<div class=\"splide__slide col-lg-4 col-xl-4 mb-lg-6 d-none\">\n\t\t\t\t\t\t<a href=\"https:\/\/www.myallmeeting.com\/fr\/article\/un-seminaire-relaxant-au-resort-thalassa-sea-spa-le-touquet\/\" class=\"card-hub-articles text-decoration-none link-primary text-end lh-xs d-flex flex-column align-items-end h-100\">\n\t\t\t\t\t\t\t<span class=\"card-hub-articles__img d-block ratio ratio-16x9 overflow-hidden\">\n\t\t\t\t\t\t\t\t\t\t\t\t\t\t\t\t<img decoding=\"async\" src=\"https:\/\/www.myallmeeting.com\/wp-content\/uploads\/2020\/03\/20200225_ROUGE_VIF_NOVOTEL_LE_TOUQUET_HEBRARD_021.jpg\" alt=\"\" width=\"616\" height=\"387\" loading=\"lazy\" \/>\t\t\t\t\t\t\t\n\t\t\t\t\t\t\t\t\t\t\t\t\t\t\t<\/span>\n\t\t\t\t\t\t\t\t\t\t\t\t\t\t<span class=\"card-hub-articles__content flex-grow-1 d-block bg-white position-relative\">\n\t\t\t\t\t\t\t\t\t\t\t\t\t\t\t\t\t\t\t\t\t\t\t\t<span class=\"d-block unna fs-17 fs-lg-23 fs-xl-32 mb-1\">Un s\u00e9minaire relaxant aux resorts Thalassa sea &amp; spa Le Touquet<\/span>\n\t\t\t\t\t\t\t\t\t\t\t\t\t\t\t\t\t\t\t\t\t\t\t\t<span class=\"d-block fs-10 fs-lg-11 fs-xl-12 fs-xxl-14 text-black\">D\u00e9couvrez ces deux h\u00f4tels alliant meeting et relaxation<\/span>\n\t\t\t\t\t\t\t\t\t\t\t\t\t\t\t<\/span>\n\t\t\t\t\t\t\t\t\t\t\t\t\t\t<span class=\"btn btn-primary btn-hover-translate-right d-inline-flex justify-content-center justify-content-lg-start gap-2 gap-lg-1 z-1\">\n\t\t\t\t\t\t\t\t<span>\n\t\t\t\t\t\t\t\t\tD\u00e9couvrir\t\t\t\t\t\t\t\t<\/span>\n\t\t\t\t\t\t\t\t<svg width=\"15\" height=\"20\" aria-hidden=\"true\">\n\t\t\t\t\t\t\t\t\t<use xlink:href=\"https:\/\/www.myallmeeting.com\/wp-content\/themes\/accor\/assets\/images\/sprite.svg#btn-arrow-white\"><\/use>\n\t\t\t\t\t\t\t\t<\/svg>\n\t\t\t\t\t\t\t<\/span>\n\t\t\t\t\t\t<\/a>\n\t\t\t\t\t<\/div>\n\t\t\t\t\t\t\t\t\t\t<div class=\"splide__slide col-lg-4 col-xl-4 mb-lg-6 d-none\">\n\t\t\t\t\t\t<a href=\"https:\/\/www.myallmeeting.com\/fr\/article\/un-seminaire-face-aux-embruns-au-pays-basque\/\" class=\"card-hub-articles text-decoration-none link-primary text-end lh-xs d-flex flex-column align-items-end h-100\">\n\t\t\t\t\t\t\t<span class=\"card-hub-articles__img d-block ratio ratio-16x9 overflow-hidden\">\n\t\t\t\t\t\t\t\t\t\t\t\t\t\t\t\t<img decoding=\"async\" src=\"https:\/\/www.myallmeeting.com\/wp-content\/uploads\/2020\/02\/Biarritz.png\" alt=\"\" width=\"616\" height=\"387\" loading=\"lazy\" \/>\t\t\t\t\t\t\t\n\t\t\t\t\t\t\t\t\t\t\t\t\t\t\t<\/span>\n\t\t\t\t\t\t\t\t\t\t\t\t\t\t<span class=\"card-hub-articles__content flex-grow-1 d-block bg-white position-relative\">\n\t\t\t\t\t\t\t\t\t\t\t\t\t\t\t\t\t\t\t\t\t\t\t\t<span class=\"d-block unna fs-17 fs-lg-23 fs-xl-32 mb-1\">Un s\u00e9minaire face aux embruns au Pays basque<\/span>\n\t\t\t\t\t\t\t\t\t\t\t\t\t\t\t\t\t\t\t\t\t\t\t\t<span class=\"d-block fs-10 fs-lg-11 fs-xl-12 fs-xxl-14 text-black\">Profitez des paysages et de la culture basque pour vos s\u00e9minaires gr\u00e2ce \u00e0 nos h\u00f4tels.<\/span>\n\t\t\t\t\t\t\t\t\t\t\t\t\t\t\t<\/span>\n\t\t\t\t\t\t\t\t\t\t\t\t\t\t<span class=\"btn btn-primary btn-hover-translate-right d-inline-flex justify-content-center justify-content-lg-start gap-2 gap-lg-1 z-1\">\n\t\t\t\t\t\t\t\t<span>\n\t\t\t\t\t\t\t\t\tD\u00e9couvrir\t\t\t\t\t\t\t\t<\/span>\n\t\t\t\t\t\t\t\t<svg width=\"15\" height=\"20\" aria-hidden=\"true\">\n\t\t\t\t\t\t\t\t\t<use xlink:href=\"https:\/\/www.myallmeeting.com\/wp-content\/themes\/accor\/assets\/images\/sprite.svg#btn-arrow-white\"><\/use>\n\t\t\t\t\t\t\t\t<\/svg>\n\t\t\t\t\t\t\t<\/span>\n\t\t\t\t\t\t<\/a>\n\t\t\t\t\t<\/div>\n\t\t\t\t\t\t\t\t\t\t<div class=\"splide__slide col-lg-4 col-xl-4 mb-lg-6 d-none\">\n\t\t\t\t\t\t<a href=\"https:\/\/www.myallmeeting.com\/fr\/article\/un-seminaire-avec-vue-sur-la-mediterranee\/\" class=\"card-hub-articles text-decoration-none link-primary text-end lh-xs d-flex flex-column align-items-end h-100\">\n\t\t\t\t\t\t\t<span class=\"card-hub-articles__img d-block ratio ratio-16x9 overflow-hidden\">\n\t\t\t\t\t\t\t\t\t\t\t\t\t\t\t\t<img decoding=\"async\" src=\"https:\/\/www.myallmeeting.com\/wp-content\/uploads\/2020\/02\/Antibes.png\" alt=\"\" width=\"616\" height=\"387\" loading=\"lazy\" \/>\t\t\t\t\t\t\t\n\t\t\t\t\t\t\t\t\t\t\t\t\t\t\t<\/span>\n\t\t\t\t\t\t\t\t\t\t\t\t\t\t<span class=\"card-hub-articles__content flex-grow-1 d-block bg-white position-relative\">\n\t\t\t\t\t\t\t\t\t\t\t\t\t\t\t\t\t\t\t\t\t\t\t\t<span class=\"d-block unna fs-17 fs-lg-23 fs-xl-32 mb-1\">Un s\u00e9minaire avec vue sur la M\u00e9diterran\u00e9e<\/span>\n\t\t\t\t\t\t\t\t\t\t\t\t\t\t\t\t\t\t\t\t\t\t\t\t<span class=\"d-block fs-10 fs-lg-11 fs-xl-12 fs-xxl-14 text-black\">D\u00e9couvrez nos h\u00f4tels face \u00e0 la M\u00e9diterran\u00e9e pour un s\u00e9minaire sal\u00e9.<\/span>\n\t\t\t\t\t\t\t\t\t\t\t\t\t\t\t<\/span>\n\t\t\t\t\t\t\t\t\t\t\t\t\t\t<span class=\"btn btn-primary btn-hover-translate-right d-inline-flex justify-content-center justify-content-lg-start gap-2 gap-lg-1 z-1\">\n\t\t\t\t\t\t\t\t<span>\n\t\t\t\t\t\t\t\t\tD\u00e9couvrir\t\t\t\t\t\t\t\t<\/span>\n\t\t\t\t\t\t\t\t<svg width=\"15\" height=\"20\" aria-hidden=\"true\">\n\t\t\t\t\t\t\t\t\t<use xlink:href=\"https:\/\/www.myallmeeting.com\/wp-content\/themes\/accor\/assets\/images\/sprite.svg#btn-arrow-white\"><\/use>\n\t\t\t\t\t\t\t\t<\/svg>\n\t\t\t\t\t\t\t<\/span>\n\t\t\t\t\t\t<\/a>\n\t\t\t\t\t<\/div>\n\t\t\t\t\t\t\t\t\t\t<div class=\"splide__slide col-lg-4 col-xl-4 mb-lg-6 d-none\">\n\t\t\t\t\t\t<a href=\"https:\/\/www.myallmeeting.com\/fr\/article\/offrez-a-vos-seminaires-le-charme-dune-normandie-accueillante-et-genereuse\/\" class=\"card-hub-articles text-decoration-none link-primary text-end lh-xs d-flex flex-column align-items-end h-100\">\n\t\t\t\t\t\t\t<span class=\"card-hub-articles__img d-block ratio ratio-16x9 overflow-hidden\">\n\t\t\t\t\t\t\t\t\t\t\t\t\t\t\t\t<img decoding=\"async\" src=\"https:\/\/www.myallmeeting.com\/wp-content\/uploads\/2020\/02\/Deauville.png\" alt=\"\" width=\"616\" height=\"387\" loading=\"lazy\" \/>\t\t\t\t\t\t\t\n\t\t\t\t\t\t\t\t\t\t\t\t\t\t\t<\/span>\n\t\t\t\t\t\t\t\t\t\t\t\t\t\t<span class=\"card-hub-articles__content flex-grow-1 d-block bg-white position-relative\">\n\t\t\t\t\t\t\t\t\t\t\t\t\t\t\t\t\t\t\t\t\t\t\t\t<span class=\"d-block unna fs-17 fs-lg-23 fs-xl-32 mb-1\">Offrez \u00e0 vos s\u00e9minaires le charme d\u2019une Normandie accueillante et g\u00e9n\u00e9reuse<\/span>\n\t\t\t\t\t\t\t\t\t\t\t\t\t\t\t\t\t\t\t\t\t\t\t\t<span class=\"d-block fs-10 fs-lg-11 fs-xl-12 fs-xxl-14 text-black\">D\u00e9couvrez la r\u00e9gion de la Normandie lors de vos s\u00e9minaires gr\u00e2ce au charme de nos h\u00f4tels.<\/span>\n\t\t\t\t\t\t\t\t\t\t\t\t\t\t\t<\/span>\n\t\t\t\t\t\t\t\t\t\t\t\t\t\t<span class=\"btn btn-primary btn-hover-translate-right d-inline-flex justify-content-center justify-content-lg-start gap-2 gap-lg-1 z-1\">\n\t\t\t\t\t\t\t\t<span>\n\t\t\t\t\t\t\t\t\tD\u00e9couvrir\t\t\t\t\t\t\t\t<\/span>\n\t\t\t\t\t\t\t\t<svg width=\"15\" height=\"20\" aria-hidden=\"true\">\n\t\t\t\t\t\t\t\t\t<use xlink:href=\"https:\/\/www.myallmeeting.com\/wp-content\/themes\/accor\/assets\/images\/sprite.svg#btn-arrow-white\"><\/use>\n\t\t\t\t\t\t\t\t<\/svg>\n\t\t\t\t\t\t\t<\/span>\n\t\t\t\t\t\t<\/a>\n\t\t\t\t\t<\/div>\n\t\t\t\t\t\t\t\t\t\t<div class=\"splide__slide col-lg-4 col-xl-4 mb-lg-6 d-none\">\n\t\t\t\t\t\t<a href=\"https:\/\/www.myallmeeting.com\/fr\/article\/top-12-des-ouvertures-2019-chez-accor-dans-le-monde\/\" class=\"card-hub-articles text-decoration-none link-primary text-end lh-xs d-flex flex-column align-items-end h-100\">\n\t\t\t\t\t\t\t<span class=\"card-hub-articles__img d-block ratio ratio-16x9 overflow-hidden\">\n\t\t\t\t\t\t\t\t\t\t\t\t\t\t\t\t<img decoding=\"async\" src=\"https:\/\/www.myallmeeting.com\/wp-content\/uploads\/2020\/01\/5274-49.jpg\" alt=\"\" width=\"616\" height=\"387\" loading=\"lazy\" \/>\t\t\t\t\t\t\t\n\t\t\t\t\t\t\t\t\t\t\t\t\t\t\t<\/span>\n\t\t\t\t\t\t\t\t\t\t\t\t\t\t<span class=\"card-hub-articles__content flex-grow-1 d-block bg-white position-relative\">\n\t\t\t\t\t\t\t\t\t\t\t\t\t\t\t\t\t\t\t\t\t\t\t\t<span class=\"d-block unna fs-17 fs-lg-23 fs-xl-32 mb-1\">Top 12 des ouvertures 2024 chez Accor dans le monde<\/span>\n\t\t\t\t\t\t\t\t\t\t\t\t\t\t\t\t\t\t\t\t\t\t\t\t<span class=\"d-block fs-10 fs-lg-11 fs-xl-12 fs-xxl-14 text-black\">Prenez votre envol en d\u00e9couvrant 12 des nouvelles adresses Accor disponibles \u00e0 l\u2019international. <\/span>\n\t\t\t\t\t\t\t\t\t\t\t\t\t\t\t<\/span>\n\t\t\t\t\t\t\t\t\t\t\t\t\t\t<span class=\"btn btn-primary btn-hover-translate-right d-inline-flex justify-content-center justify-content-lg-start gap-2 gap-lg-1 z-1\">\n\t\t\t\t\t\t\t\t<span>\n\t\t\t\t\t\t\t\t\tD\u00e9couvrir\t\t\t\t\t\t\t\t<\/span>\n\t\t\t\t\t\t\t\t<svg width=\"15\" height=\"20\" aria-hidden=\"true\">\n\t\t\t\t\t\t\t\t\t<use xlink:href=\"https:\/\/www.myallmeeting.com\/wp-content\/themes\/accor\/assets\/images\/sprite.svg#btn-arrow-white\"><\/use>\n\t\t\t\t\t\t\t\t<\/svg>\n\t\t\t\t\t\t\t<\/span>\n\t\t\t\t\t\t<\/a>\n\t\t\t\t\t<\/div>\n\t\t\t\t\t\t\t\t\t\t<div class=\"splide__slide col-lg-4 col-xl-4 mb-lg-6 d-none\">\n\t\t\t\t\t\t<a href=\"https:\/\/www.myallmeeting.com\/fr\/article\/prenez-un-bol-dair-frais-lors-de-votre-seminaire-en-charente-maritime\/\" class=\"card-hub-articles text-decoration-none link-primary text-end lh-xs d-flex flex-column align-items-end h-100\">\n\t\t\t\t\t\t\t<span class=\"card-hub-articles__img d-block ratio ratio-16x9 overflow-hidden\">\n\t\t\t\t\t\t\t\t\t\t\t\t\t\t\t\t<img decoding=\"async\" src=\"https:\/\/www.myallmeeting.com\/wp-content\/uploads\/2019\/11\/4671-26.jpg\" alt=\"S\u00e9minaire Charente-Maritime\" width=\"616\" height=\"387\" loading=\"lazy\" \/>\t\t\t\t\t\t\t\n\t\t\t\t\t\t\t\t\t\t\t\t\t\t\t<\/span>\n\t\t\t\t\t\t\t\t\t\t\t\t\t\t<span class=\"card-hub-articles__content flex-grow-1 d-block bg-white position-relative\">\n\t\t\t\t\t\t\t\t\t\t\t\t\t\t\t\t\t\t\t\t\t\t\t\t<span class=\"d-block unna fs-17 fs-lg-23 fs-xl-32 mb-1\">Prenez un bol d\u2019air frais lors de votre s\u00e9minaire en Charente-Maritime !<\/span>\n\t\t\t\t\t\t\t\t\t\t\t\t\t\t\t\t\t\t\t\t\t\t\t\t<span class=\"d-block fs-10 fs-lg-11 fs-xl-12 fs-xxl-14 text-black\">D\u00e9couvrez la r\u00e9gion de Charente-Maritime lors de vos s\u00e9minaires gr\u00e2ce \u00e0 nos h\u00f4tels.<\/span>\n\t\t\t\t\t\t\t\t\t\t\t\t\t\t\t<\/span>\n\t\t\t\t\t\t\t\t\t\t\t\t\t\t<span class=\"btn btn-primary btn-hover-translate-right d-inline-flex justify-content-center justify-content-lg-start gap-2 gap-lg-1 z-1\">\n\t\t\t\t\t\t\t\t<span>\n\t\t\t\t\t\t\t\t\tD\u00e9couvrir\t\t\t\t\t\t\t\t<\/span>\n\t\t\t\t\t\t\t\t<svg width=\"15\" height=\"20\" aria-hidden=\"true\">\n\t\t\t\t\t\t\t\t\t<use xlink:href=\"https:\/\/www.myallmeeting.com\/wp-content\/themes\/accor\/assets\/images\/sprite.svg#btn-arrow-white\"><\/use>\n\t\t\t\t\t\t\t\t<\/svg>\n\t\t\t\t\t\t\t<\/span>\n\t\t\t\t\t\t<\/a>\n\t\t\t\t\t<\/div>\n\t\t\t\t\t\t\t\t\t\t<div class=\"splide__slide col-lg-4 col-xl-4 mb-lg-6 d-none\">\n\t\t\t\t\t\t<a href=\"https:\/\/www.myallmeeting.com\/fr\/article\/un-seminaire-cosy-a-lhipark-by-adagio-nice\/\" class=\"card-hub-articles text-decoration-none link-primary text-end lh-xs d-flex flex-column align-items-end h-100\">\n\t\t\t\t\t\t\t<span class=\"card-hub-articles__img d-block ratio ratio-16x9 overflow-hidden\">\n\t\t\t\t\t\t\t\t\t\t\t\t\t\t\t\t<img decoding=\"async\" src=\"https:\/\/www.myallmeeting.com\/wp-content\/uploads\/2019\/10\/MAM-baner-1920x570-11.png\" alt=\"\" width=\"616\" height=\"387\" loading=\"lazy\" \/>\t\t\t\t\t\t\t\n\t\t\t\t\t\t\t\t\t\t\t\t\t\t\t<\/span>\n\t\t\t\t\t\t\t\t\t\t\t\t\t\t<span class=\"card-hub-articles__content flex-grow-1 d-block bg-white position-relative\">\n\t\t\t\t\t\t\t\t\t\t\t\t\t\t\t\t\t\t\t\t\t\t\t\t<span class=\"d-block unna fs-17 fs-lg-23 fs-xl-32 mb-1\">Un s\u00e9minaire cosy \u00e0 l\u2019Hipark by Adagio Nice<\/span>\n\t\t\t\t\t\t\t\t\t\t\t\t\t\t\t\t\t\t\t\t\t\t\t\t<span class=\"d-block fs-10 fs-lg-11 fs-xl-12 fs-xxl-14 text-black\">Venez d\u00e9couvrir un \u00ab chez-soi \u00bb pour professionnels en plein c\u0153ur de Nice, concept audacieux propos\u00e9 par l\u2019Aparthotel Adagio Nice Centre.<\/span>\n\t\t\t\t\t\t\t\t\t\t\t\t\t\t\t<\/span>\n\t\t\t\t\t\t\t\t\t\t\t\t\t\t<span class=\"btn btn-primary btn-hover-translate-right d-inline-flex justify-content-center justify-content-lg-start gap-2 gap-lg-1 z-1\">\n\t\t\t\t\t\t\t\t<span>\n\t\t\t\t\t\t\t\t\tD\u00e9couvrir\t\t\t\t\t\t\t\t<\/span>\n\t\t\t\t\t\t\t\t<svg width=\"15\" height=\"20\" aria-hidden=\"true\">\n\t\t\t\t\t\t\t\t\t<use xlink:href=\"https:\/\/www.myallmeeting.com\/wp-content\/themes\/accor\/assets\/images\/sprite.svg#btn-arrow-white\"><\/use>\n\t\t\t\t\t\t\t\t<\/svg>\n\t\t\t\t\t\t\t<\/span>\n\t\t\t\t\t\t<\/a>\n\t\t\t\t\t<\/div>\n\t\t\t\t\t\t\t\t\t\t<div class=\"splide__slide col-lg-4 col-xl-4 mb-lg-6 d-none\">\n\t\t\t\t\t\t<a href=\"https:\/\/www.myallmeeting.com\/fr\/article\/choisissez-les-hauts-de-france-pour-un-evenement-memorable\/\" class=\"card-hub-articles text-decoration-none link-primary text-end lh-xs d-flex flex-column align-items-end h-100\">\n\t\t\t\t\t\t\t<span class=\"card-hub-articles__img d-block ratio ratio-16x9 overflow-hidden\">\n\t\t\t\t\t\t\t\t\t\t\t\t\t\t\t\t<img decoding=\"async\" src=\"https:\/\/www.myallmeeting.com\/wp-content\/uploads\/2019\/10\/MAM-imagery-portrait.png\" alt=\"\" width=\"616\" height=\"387\" loading=\"lazy\" \/>\t\t\t\t\t\t\t\n\t\t\t\t\t\t\t\t\t\t\t\t\t\t\t<\/span>\n\t\t\t\t\t\t\t\t\t\t\t\t\t\t<span class=\"card-hub-articles__content flex-grow-1 d-block bg-white position-relative\">\n\t\t\t\t\t\t\t\t\t\t\t\t\t\t\t\t\t\t\t\t\t\t\t\t<span class=\"d-block unna fs-17 fs-lg-23 fs-xl-32 mb-1\">Choisissez les Hauts-de-France pour un \u00e9v\u00e9nement m\u00e9morable<\/span>\n\t\t\t\t\t\t\t\t\t\t\t\t\t\t\t\t\t\t\t\t\t\t\t\t<span class=\"d-block fs-10 fs-lg-11 fs-xl-12 fs-xxl-14 text-black\">R\u00e9servez l\u2019un de ces fabuleux h\u00f4tels dans un lieu authentique pour votre \u00e9v\u00e9nement.<\/span>\n\t\t\t\t\t\t\t\t\t\t\t\t\t\t\t<\/span>\n\t\t\t\t\t\t\t\t\t\t\t\t\t\t<span class=\"btn btn-primary btn-hover-translate-right d-inline-flex justify-content-center justify-content-lg-start gap-2 gap-lg-1 z-1\">\n\t\t\t\t\t\t\t\t<span>\n\t\t\t\t\t\t\t\t\tD\u00e9couvrir\t\t\t\t\t\t\t\t<\/span>\n\t\t\t\t\t\t\t\t<svg width=\"15\" height=\"20\" aria-hidden=\"true\">\n\t\t\t\t\t\t\t\t\t<use xlink:href=\"https:\/\/www.myallmeeting.com\/wp-content\/themes\/accor\/assets\/images\/sprite.svg#btn-arrow-white\"><\/use>\n\t\t\t\t\t\t\t\t<\/svg>\n\t\t\t\t\t\t\t<\/span>\n\t\t\t\t\t\t<\/a>\n\t\t\t\t\t<\/div>\n\t\t\t\t\t\t\t\t\t\t<div class=\"splide__slide col-lg-4 col-xl-4 mb-lg-6 d-none\">\n\t\t\t\t\t\t<a href=\"https:\/\/www.myallmeeting.com\/fr\/article\/apres-leffort-le-reconfort-au-spa\/\" class=\"card-hub-articles text-decoration-none link-primary text-end lh-xs d-flex flex-column align-items-end h-100\">\n\t\t\t\t\t\t\t<span class=\"card-hub-articles__img d-block ratio ratio-16x9 overflow-hidden\">\n\t\t\t\t\t\t\t\t\t\t\t\t\t\t\t\t<img decoding=\"async\" src=\"https:\/\/www.myallmeeting.com\/wp-content\/uploads\/2019\/10\/Spa-view.png\" alt=\"\" width=\"616\" height=\"387\" loading=\"lazy\" \/>\t\t\t\t\t\t\t\n\t\t\t\t\t\t\t\t\t\t\t\t\t\t\t<\/span>\n\t\t\t\t\t\t\t\t\t\t\t\t\t\t<span class=\"card-hub-articles__content flex-grow-1 d-block bg-white position-relative\">\n\t\t\t\t\t\t\t\t\t\t\t\t\t\t\t\t\t\t\t\t\t\t\t\t<span class=\"d-block unna fs-17 fs-lg-23 fs-xl-32 mb-1\">Apr\u00e8s l&rsquo;effort, le r\u00e9confort&#8230; Au Spa !<\/span>\n\t\t\t\t\t\t\t\t\t\t\t\t\t\t\t\t\t\t\t\t\t\t\t\t<span class=\"d-block fs-10 fs-lg-11 fs-xl-12 fs-xxl-14 text-black\">R\u00e9servez ces h\u00f4tels spas uniques pour allier travail et d\u00e9tente lors de vos s\u00e9minaires. <\/span>\n\t\t\t\t\t\t\t\t\t\t\t\t\t\t\t<\/span>\n\t\t\t\t\t\t\t\t\t\t\t\t\t\t<span class=\"btn btn-primary btn-hover-translate-right d-inline-flex justify-content-center justify-content-lg-start gap-2 gap-lg-1 z-1\">\n\t\t\t\t\t\t\t\t<span>\n\t\t\t\t\t\t\t\t\tD\u00e9couvrir\t\t\t\t\t\t\t\t<\/span>\n\t\t\t\t\t\t\t\t<svg width=\"15\" height=\"20\" aria-hidden=\"true\">\n\t\t\t\t\t\t\t\t\t<use xlink:href=\"https:\/\/www.myallmeeting.com\/wp-content\/themes\/accor\/assets\/images\/sprite.svg#btn-arrow-white\"><\/use>\n\t\t\t\t\t\t\t\t<\/svg>\n\t\t\t\t\t\t\t<\/span>\n\t\t\t\t\t\t<\/a>\n\t\t\t\t\t<\/div>\n\t\t\t\t\t\t\t\t\t\t<div class=\"splide__slide col-lg-4 col-xl-4 mb-lg-6 d-none\">\n\t\t\t\t\t\t<a href=\"https:\/\/www.myallmeeting.com\/fr\/article\/avec-wojo-le-coworking-sinvite-dans-les-hotels-accor\/\" class=\"card-hub-articles text-decoration-none link-primary text-end lh-xs d-flex flex-column align-items-end h-100\">\n\t\t\t\t\t\t\t<span class=\"card-hub-articles__img d-block ratio ratio-16x9 overflow-hidden\">\n\t\t\t\t\t\t\t\t\t\t\t\t\t\t\t\t<img decoding=\"async\" src=\"https:\/\/www.myallmeeting.com\/wp-content\/uploads\/2019\/10\/Coworking.png\" alt=\"\" width=\"616\" height=\"387\" loading=\"lazy\" \/>\t\t\t\t\t\t\t\n\t\t\t\t\t\t\t\t\t\t\t\t\t\t\t<\/span>\n\t\t\t\t\t\t\t\t\t\t\t\t\t\t<span class=\"card-hub-articles__content flex-grow-1 d-block bg-white position-relative\">\n\t\t\t\t\t\t\t\t\t\t\t\t\t\t\t\t\t\t\t\t\t\t\t\t<span class=\"d-block unna fs-17 fs-lg-23 fs-xl-32 mb-1\">Avec Wojo, le coworking s\u2019invite dans les h\u00f4tels Accor<\/span>\n\t\t\t\t\t\t\t\t\t\t\t\t\t\t\t\t\t\t\t\t\t\t\t\t<span class=\"d-block fs-10 fs-lg-11 fs-xl-12 fs-xxl-14 text-black\">Invitez vos \u00e9quipes \u00e0 travailler dans des espaces agr\u00e9ables avec Wojo.<\/span>\n\t\t\t\t\t\t\t\t\t\t\t\t\t\t\t<\/span>\n\t\t\t\t\t\t\t\t\t\t\t\t\t\t<span class=\"btn btn-primary btn-hover-translate-right d-inline-flex justify-content-center justify-content-lg-start gap-2 gap-lg-1 z-1\">\n\t\t\t\t\t\t\t\t<span>\n\t\t\t\t\t\t\t\t\tD\u00e9couvrir\t\t\t\t\t\t\t\t<\/span>\n\t\t\t\t\t\t\t\t<svg width=\"15\" height=\"20\" aria-hidden=\"true\">\n\t\t\t\t\t\t\t\t\t<use xlink:href=\"https:\/\/www.myallmeeting.com\/wp-content\/themes\/accor\/assets\/images\/sprite.svg#btn-arrow-white\"><\/use>\n\t\t\t\t\t\t\t\t<\/svg>\n\t\t\t\t\t\t\t<\/span>\n\t\t\t\t\t\t<\/a>\n\t\t\t\t\t<\/div>\n\t\t\t\t\t\t\t\t\t\t<div class=\"splide__slide col-lg-4 col-xl-4 mb-lg-6 d-none\">\n\t\t\t\t\t\t<a href=\"https:\/\/www.myallmeeting.com\/fr\/article\/un-seminaire-en-bretagne-pour-une-reunion-avec-la-mer\/\" class=\"card-hub-articles text-decoration-none link-primary text-end lh-xs d-flex flex-column align-items-end h-100\">\n\t\t\t\t\t\t\t<span class=\"card-hub-articles__img d-block ratio ratio-16x9 overflow-hidden\">\n\t\t\t\t\t\t\t\t\t\t\t\t\t\t\t\t<img decoding=\"async\" src=\"https:\/\/www.myallmeeting.com\/wp-content\/uploads\/2019\/09\/MAM-baner-1920x570-34.png\" alt=\"\" width=\"616\" height=\"387\" loading=\"lazy\" \/>\t\t\t\t\t\t\t\n\t\t\t\t\t\t\t\t\t\t\t\t\t\t\t<\/span>\n\t\t\t\t\t\t\t\t\t\t\t\t\t\t<span class=\"card-hub-articles__content flex-grow-1 d-block bg-white position-relative\">\n\t\t\t\t\t\t\t\t\t\t\t\t\t\t\t\t\t\t\t\t\t\t\t\t<span class=\"d-block unna fs-17 fs-lg-23 fs-xl-32 mb-1\">Un s\u00e9minaire en Bretagne pour une r\u00e9union avec la mer<\/span>\n\t\t\t\t\t\t\t\t\t\t\t\t\t\t\t\t\t\t\t\t\t\t\t\t<span class=\"d-block fs-10 fs-lg-11 fs-xl-12 fs-xxl-14 text-black\">D\u00e9couvrez les adresses Accor pour votre \u00e9v\u00e9nement en Bretagne.<\/span>\n\t\t\t\t\t\t\t\t\t\t\t\t\t\t\t<\/span>\n\t\t\t\t\t\t\t\t\t\t\t\t\t\t<span class=\"btn btn-primary btn-hover-translate-right d-inline-flex justify-content-center justify-content-lg-start gap-2 gap-lg-1 z-1\">\n\t\t\t\t\t\t\t\t<span>\n\t\t\t\t\t\t\t\t\tD\u00e9couvrir\t\t\t\t\t\t\t\t<\/span>\n\t\t\t\t\t\t\t\t<svg width=\"15\" height=\"20\" aria-hidden=\"true\">\n\t\t\t\t\t\t\t\t\t<use xlink:href=\"https:\/\/www.myallmeeting.com\/wp-content\/themes\/accor\/assets\/images\/sprite.svg#btn-arrow-white\"><\/use>\n\t\t\t\t\t\t\t\t<\/svg>\n\t\t\t\t\t\t\t<\/span>\n\t\t\t\t\t\t<\/a>\n\t\t\t\t\t<\/div>\n\t\t\t\t\t\t\t\t\t\t<div class=\"splide__slide col-lg-4 col-xl-4 mb-lg-6 d-none\">\n\t\t\t\t\t\t<a href=\"https:\/\/www.myallmeeting.com\/fr\/article\/un-seminaire-au-pied-des-alpes\/\" class=\"card-hub-articles text-decoration-none link-primary text-end lh-xs d-flex flex-column align-items-end h-100\">\n\t\t\t\t\t\t\t<span class=\"card-hub-articles__img d-block ratio ratio-16x9 overflow-hidden\">\n\t\t\t\t\t\t\t\t\t\t\t\t\t\t\t\t<img decoding=\"async\" src=\"https:\/\/www.myallmeeting.com\/wp-content\/uploads\/2019\/09\/MAM-baner-1920x570-37.png\" alt=\"\" width=\"616\" height=\"387\" loading=\"lazy\" \/>\t\t\t\t\t\t\t\n\t\t\t\t\t\t\t\t\t\t\t\t\t\t\t<\/span>\n\t\t\t\t\t\t\t\t\t\t\t\t\t\t<span class=\"card-hub-articles__content flex-grow-1 d-block bg-white position-relative\">\n\t\t\t\t\t\t\t\t\t\t\t\t\t\t\t\t\t\t\t\t\t\t\t\t<span class=\"d-block unna fs-17 fs-lg-23 fs-xl-32 mb-1\">Un s\u00e9minaire au pied des Alpes<\/span>\n\t\t\t\t\t\t\t\t\t\t\t\t\t\t\t\t\t\t\t\t\t\t\t\t<span class=\"d-block fs-10 fs-lg-11 fs-xl-12 fs-xxl-14 text-black\">D\u00e9couvrez nos plus belles adresses au pied des Alpes pour un s\u00e9minaire au grand air entre lacs, montagnes et for\u00eats<\/span>\n\t\t\t\t\t\t\t\t\t\t\t\t\t\t\t<\/span>\n\t\t\t\t\t\t\t\t\t\t\t\t\t\t<span class=\"btn btn-primary btn-hover-translate-right d-inline-flex justify-content-center justify-content-lg-start gap-2 gap-lg-1 z-1\">\n\t\t\t\t\t\t\t\t<span>\n\t\t\t\t\t\t\t\t\tD\u00e9couvrir\t\t\t\t\t\t\t\t<\/span>\n\t\t\t\t\t\t\t\t<svg width=\"15\" height=\"20\" aria-hidden=\"true\">\n\t\t\t\t\t\t\t\t\t<use xlink:href=\"https:\/\/www.myallmeeting.com\/wp-content\/themes\/accor\/assets\/images\/sprite.svg#btn-arrow-white\"><\/use>\n\t\t\t\t\t\t\t\t<\/svg>\n\t\t\t\t\t\t\t<\/span>\n\t\t\t\t\t\t<\/a>\n\t\t\t\t\t<\/div>\n\t\t\t\t\t\t\t\t\t\t<div class=\"splide__slide col-lg-4 col-xl-4 mb-lg-6 d-none\">\n\t\t\t\t\t\t<a href=\"https:\/\/www.myallmeeting.com\/fr\/article\/notre-selection-de-rooftops-accor-pour-vos-soirees-estivales\/\" class=\"card-hub-articles text-decoration-none link-primary text-end lh-xs d-flex flex-column align-items-end h-100\">\n\t\t\t\t\t\t\t<span class=\"card-hub-articles__img d-block ratio ratio-16x9 overflow-hidden\">\n\t\t\t\t\t\t\t\t\t\t\t\t\t\t\t\t<img decoding=\"async\" src=\"https:\/\/www.myallmeeting.com\/wp-content\/uploads\/2019\/06\/Sofitel-Marseille-Vieux-Port.png\" alt=\"\" width=\"616\" height=\"387\" loading=\"lazy\" \/>\t\t\t\t\t\t\t\n\t\t\t\t\t\t\t\t\t\t\t\t\t\t\t<\/span>\n\t\t\t\t\t\t\t\t\t\t\t\t\t\t<span class=\"card-hub-articles__content flex-grow-1 d-block bg-white position-relative\">\n\t\t\t\t\t\t\t\t\t\t\t\t\t\t\t\t\t\t\t\t\t\t\t\t<span class=\"d-block unna fs-17 fs-lg-23 fs-xl-32 mb-1\">Notre s\u00e9lection de rooftops Accor pour vos soir\u00e9es estivales<\/span>\n\t\t\t\t\t\t\t\t\t\t\t\t\t\t\t\t\t\t\t\t\t\t\t\t<span class=\"d-block fs-10 fs-lg-11 fs-xl-12 fs-xxl-14 text-black\">Soir\u00e9es estivales et rooftops vont de pair, d\u00e9couvrez notre s\u00e9lection<\/span>\n\t\t\t\t\t\t\t\t\t\t\t\t\t\t\t<\/span>\n\t\t\t\t\t\t\t\t\t\t\t\t\t\t<span class=\"btn btn-primary btn-hover-translate-right d-inline-flex justify-content-center justify-content-lg-start gap-2 gap-lg-1 z-1\">\n\t\t\t\t\t\t\t\t<span>\n\t\t\t\t\t\t\t\t\tD\u00e9couvrir\t\t\t\t\t\t\t\t<\/span>\n\t\t\t\t\t\t\t\t<svg width=\"15\" height=\"20\" aria-hidden=\"true\">\n\t\t\t\t\t\t\t\t\t<use xlink:href=\"https:\/\/www.myallmeeting.com\/wp-content\/themes\/accor\/assets\/images\/sprite.svg#btn-arrow-white\"><\/use>\n\t\t\t\t\t\t\t\t<\/svg>\n\t\t\t\t\t\t\t<\/span>\n\t\t\t\t\t\t<\/a>\n\t\t\t\t\t<\/div>\n\t\t\t\t\t\t\t\t\t\t<div class=\"splide__slide col-lg-4 col-xl-4 mb-lg-6 d-none\">\n\t\t\t\t\t\t<a href=\"https:\/\/www.myallmeeting.com\/fr\/article\/un-seminaire-le-long-du-rhone\/\" class=\"card-hub-articles text-decoration-none link-primary text-end lh-xs d-flex flex-column align-items-end h-100\">\n\t\t\t\t\t\t\t<span class=\"card-hub-articles__img d-block ratio ratio-16x9 overflow-hidden\">\n\t\t\t\t\t\t\t\t\t\t\t\t\t\t\t\t<img decoding=\"async\" src=\"https:\/\/www.myallmeeting.com\/wp-content\/uploads\/2019\/05\/MAM-baner-1920x570-38.png\" alt=\"\" width=\"616\" height=\"387\" loading=\"lazy\" \/>\t\t\t\t\t\t\t\n\t\t\t\t\t\t\t\t\t\t\t\t\t\t\t<\/span>\n\t\t\t\t\t\t\t\t\t\t\t\t\t\t<span class=\"card-hub-articles__content flex-grow-1 d-block bg-white position-relative\">\n\t\t\t\t\t\t\t\t\t\t\t\t\t\t\t\t\t\t\t\t\t\t\t\t<span class=\"d-block unna fs-17 fs-lg-23 fs-xl-32 mb-1\">Un s\u00e9minaire le long du Rh\u00f4ne<\/span>\n\t\t\t\t\t\t\t\t\t\t\t\t\t\t\t\t\t\t\t\t\t\t\t\t<span class=\"d-block fs-10 fs-lg-11 fs-xl-12 fs-xxl-14 text-black\">D\u2019Orange \u00e0 Arles, en passant par Avignon et N\u00eemes, nous vous invitons \u00e0 d\u00e9couvrir ou red\u00e9couvrir le sud de la France, la Provence, le Lub\u00e9ron et ses magnifiques villes au riche patrimoine historique et culturel.<\/span>\n\t\t\t\t\t\t\t\t\t\t\t\t\t\t\t<\/span>\n\t\t\t\t\t\t\t\t\t\t\t\t\t\t<span class=\"btn btn-primary btn-hover-translate-right d-inline-flex justify-content-center justify-content-lg-start gap-2 gap-lg-1 z-1\">\n\t\t\t\t\t\t\t\t<span>\n\t\t\t\t\t\t\t\t\tD\u00e9couvrir\t\t\t\t\t\t\t\t<\/span>\n\t\t\t\t\t\t\t\t<svg width=\"15\" height=\"20\" aria-hidden=\"true\">\n\t\t\t\t\t\t\t\t\t<use xlink:href=\"https:\/\/www.myallmeeting.com\/wp-content\/themes\/accor\/assets\/images\/sprite.svg#btn-arrow-white\"><\/use>\n\t\t\t\t\t\t\t\t<\/svg>\n\t\t\t\t\t\t\t<\/span>\n\t\t\t\t\t\t<\/a>\n\t\t\t\t\t<\/div>\n\t\t\t\t\t\t\t\t\t\t<div class=\"splide__slide col-lg-4 col-xl-4 mb-lg-6 d-none\">\n\t\t\t\t\t\t<a href=\"https:\/\/www.myallmeeting.com\/fr\/article\/un-seminaire-au-coeur-des-chateaux-de-la-loire\/\" class=\"card-hub-articles text-decoration-none link-primary text-end lh-xs d-flex flex-column align-items-end h-100\">\n\t\t\t\t\t\t\t<span class=\"card-hub-articles__img d-block ratio ratio-16x9 overflow-hidden\">\n\t\t\t\t\t\t\t\t\t\t\t\t\t\t\t\t<img decoding=\"async\" src=\"https:\/\/www.myallmeeting.com\/wp-content\/uploads\/2019\/04\/MAM-baner-1920x570-39.png\" alt=\"\" width=\"616\" height=\"387\" loading=\"lazy\" \/>\t\t\t\t\t\t\t\n\t\t\t\t\t\t\t\t\t\t\t\t\t\t\t<\/span>\n\t\t\t\t\t\t\t\t\t\t\t\t\t\t<span class=\"card-hub-articles__content flex-grow-1 d-block bg-white position-relative\">\n\t\t\t\t\t\t\t\t\t\t\t\t\t\t\t\t\t\t\t\t\t\t\t\t<span class=\"d-block unna fs-17 fs-lg-23 fs-xl-32 mb-1\">Un s\u00e9minaire au c\u0153ur des ch\u00e2teaux de la Loire<\/span>\n\t\t\t\t\t\t\t\t\t\t\t\t\t\t\t\t\t\t\t\t\t\t\t\t<span class=\"d-block fs-10 fs-lg-11 fs-xl-12 fs-xxl-14 text-black\">Ils resplendissent d\u2019Angers aux confins d\u2019Orl\u00e9ans\u2026 Les ch\u00e2teaux de la Loire constituent sans conteste des joyaux de notre patrimoine. <\/span>\n\t\t\t\t\t\t\t\t\t\t\t\t\t\t\t<\/span>\n\t\t\t\t\t\t\t\t\t\t\t\t\t\t<span class=\"btn btn-primary btn-hover-translate-right d-inline-flex justify-content-center justify-content-lg-start gap-2 gap-lg-1 z-1\">\n\t\t\t\t\t\t\t\t<span>\n\t\t\t\t\t\t\t\t\tD\u00e9couvrir\t\t\t\t\t\t\t\t<\/span>\n\t\t\t\t\t\t\t\t<svg width=\"15\" height=\"20\" aria-hidden=\"true\">\n\t\t\t\t\t\t\t\t\t<use xlink:href=\"https:\/\/www.myallmeeting.com\/wp-content\/themes\/accor\/assets\/images\/sprite.svg#btn-arrow-white\"><\/use>\n\t\t\t\t\t\t\t\t<\/svg>\n\t\t\t\t\t\t\t<\/span>\n\t\t\t\t\t\t<\/a>\n\t\t\t\t\t<\/div>\n\t\t\t\t\t\t\t\t\t\t<div class=\"splide__slide col-lg-4 col-xl-4 mb-lg-6 d-none\">\n\t\t\t\t\t\t<a href=\"https:\/\/www.myallmeeting.com\/fr\/article\/un-seminaire-en-alsace-le-long-de-la-route-des-vins\/\" class=\"card-hub-articles text-decoration-none link-primary text-end lh-xs d-flex flex-column align-items-end h-100\">\n\t\t\t\t\t\t\t<span class=\"card-hub-articles__img d-block ratio ratio-16x9 overflow-hidden\">\n\t\t\t\t\t\t\t\t\t\t\t\t\t\t\t\t<img decoding=\"async\" src=\"https:\/\/www.myallmeeting.com\/wp-content\/uploads\/2019\/04\/MAM-baner-1920x570-41.png\" alt=\"\" width=\"616\" height=\"387\" loading=\"lazy\" \/>\t\t\t\t\t\t\t\n\t\t\t\t\t\t\t\t\t\t\t\t\t\t\t<\/span>\n\t\t\t\t\t\t\t\t\t\t\t\t\t\t<span class=\"card-hub-articles__content flex-grow-1 d-block bg-white position-relative\">\n\t\t\t\t\t\t\t\t\t\t\t\t\t\t\t\t\t\t\t\t\t\t\t\t<span class=\"d-block unna fs-17 fs-lg-23 fs-xl-32 mb-1\">Un s\u00e9minaire en Alsace le long de la Route des Vins<\/span>\n\t\t\t\t\t\t\t\t\t\t\t\t\t\t\t\t\t\t\t\t\t\t\t\t<span class=\"d-block fs-10 fs-lg-11 fs-xl-12 fs-xxl-14 text-black\">L\u2019Alsace est la plus petite des r\u00e9gions fran\u00e7aises, mais elle pr\u00e9sente un fort int\u00e9r\u00eat touristique et une grande richesse culturelle. <\/span>\n\t\t\t\t\t\t\t\t\t\t\t\t\t\t\t<\/span>\n\t\t\t\t\t\t\t\t\t\t\t\t\t\t<span class=\"btn btn-primary btn-hover-translate-right d-inline-flex justify-content-center justify-content-lg-start gap-2 gap-lg-1 z-1\">\n\t\t\t\t\t\t\t\t<span>\n\t\t\t\t\t\t\t\t\tD\u00e9couvrir\t\t\t\t\t\t\t\t<\/span>\n\t\t\t\t\t\t\t\t<svg width=\"15\" height=\"20\" aria-hidden=\"true\">\n\t\t\t\t\t\t\t\t\t<use xlink:href=\"https:\/\/www.myallmeeting.com\/wp-content\/themes\/accor\/assets\/images\/sprite.svg#btn-arrow-white\"><\/use>\n\t\t\t\t\t\t\t\t<\/svg>\n\t\t\t\t\t\t\t<\/span>\n\t\t\t\t\t\t<\/a>\n\t\t\t\t\t<\/div>\n\t\t\t\t\t\t\t\t\t\t<div class=\"splide__slide col-lg-4 col-xl-4 mb-lg-6 d-none\">\n\t\t\t\t\t\t<a href=\"https:\/\/www.myallmeeting.com\/fr\/article\/la-grande-terrasse-hotel-spa-la-rochelle-mgallery-by-sofitel\/\" class=\"card-hub-articles text-decoration-none link-primary text-end lh-xs d-flex flex-column align-items-end h-100\">\n\t\t\t\t\t\t\t<span class=\"card-hub-articles__img d-block ratio ratio-16x9 overflow-hidden\">\n\t\t\t\t\t\t\t\t\t\t\t\t\t\t\t\t<img decoding=\"async\" src=\"https:\/\/www.myallmeeting.com\/wp-content\/uploads\/2019\/01\/MAM-baner-1920x570-12.png\" alt=\"\" width=\"616\" height=\"387\" loading=\"lazy\" \/>\t\t\t\t\t\t\t\n\t\t\t\t\t\t\t\t\t\t\t\t\t\t\t<\/span>\n\t\t\t\t\t\t\t\t\t\t\t\t\t\t<span class=\"card-hub-articles__content flex-grow-1 d-block bg-white position-relative\">\n\t\t\t\t\t\t\t\t\t\t\t\t\t\t\t\t\t\t\t\t\t\t\t\t<span class=\"d-block unna fs-17 fs-lg-23 fs-xl-32 mb-1\">La Grande Terrasse H\u00f4tel &#038; Spa La Rochelle MGallery by Sofitel<\/span>\n\t\t\t\t\t\t\t\t\t\t\t\t\t\t\t\t\t\t\t\t\t\t\t\t<span class=\"d-block fs-10 fs-lg-11 fs-xl-12 fs-xxl-14 text-black\">Venez d\u00e9couvrir sur la plage cet \u00e9tablissement Accor, avec restaurant sign\u00e9 Pierre Gagnaire et spa Nuxe pour votre prochain \u00e9v\u00e8nement  <\/span>\n\t\t\t\t\t\t\t\t\t\t\t\t\t\t\t<\/span>\n\t\t\t\t\t\t\t\t\t\t\t\t\t\t<span class=\"btn btn-primary btn-hover-translate-right d-inline-flex justify-content-center justify-content-lg-start gap-2 gap-lg-1 z-1\">\n\t\t\t\t\t\t\t\t<span>\n\t\t\t\t\t\t\t\t\tD\u00e9couvrir\t\t\t\t\t\t\t\t<\/span>\n\t\t\t\t\t\t\t\t<svg width=\"15\" height=\"20\" aria-hidden=\"true\">\n\t\t\t\t\t\t\t\t\t<use xlink:href=\"https:\/\/www.myallmeeting.com\/wp-content\/themes\/accor\/assets\/images\/sprite.svg#btn-arrow-white\"><\/use>\n\t\t\t\t\t\t\t\t<\/svg>\n\t\t\t\t\t\t\t<\/span>\n\t\t\t\t\t\t<\/a>\n\t\t\t\t\t<\/div>\n\t\t\t\t\t\t\t\t\t\t<div class=\"splide__slide col-lg-4 col-xl-4 mb-lg-6 d-none\">\n\t\t\t\t\t\t<a href=\"https:\/\/www.myallmeeting.com\/fr\/article\/les-6-erreurs-a-eviter-pour-reussir-votre-seminaire\/\" class=\"card-hub-articles text-decoration-none link-primary text-end lh-xs d-flex flex-column align-items-end h-100\">\n\t\t\t\t\t\t\t<span class=\"card-hub-articles__img d-block ratio ratio-16x9 overflow-hidden\">\n\t\t\t\t\t\t\t\t\t\t\t\t\t\t\t\t<img decoding=\"async\" src=\"https:\/\/www.myallmeeting.com\/wp-content\/uploads\/2017\/10\/Seminar-Accor.png\" alt=\"\" width=\"616\" height=\"387\" loading=\"lazy\" \/>\t\t\t\t\t\t\t\n\t\t\t\t\t\t\t\t\t\t\t\t\t\t\t<\/span>\n\t\t\t\t\t\t\t\t\t\t\t\t\t\t<span class=\"card-hub-articles__content flex-grow-1 d-block bg-white position-relative\">\n\t\t\t\t\t\t\t\t\t\t\t\t\t\t\t\t\t\t\t\t\t\t\t\t<span class=\"d-block unna fs-17 fs-lg-23 fs-xl-32 mb-1\">Les 6 erreurs \u00e0 \u00e9viter pour r\u00e9ussir votre s\u00e9minaire<\/span>\n\t\t\t\t\t\t\t\t\t\t\t\t\t\t\t\t\t\t\t\t\t\t\t\t<span class=\"d-block fs-10 fs-lg-11 fs-xl-12 fs-xxl-14 text-black\">Identifiez les 6 points cl\u00e9s \u00e0 \u00e9viter afin d\u2019exceller lors de vos s\u00e9minaires.<\/span>\n\t\t\t\t\t\t\t\t\t\t\t\t\t\t\t<\/span>\n\t\t\t\t\t\t\t\t\t\t\t\t\t\t<span class=\"btn btn-primary btn-hover-translate-right d-inline-flex justify-content-center justify-content-lg-start gap-2 gap-lg-1 z-1\">\n\t\t\t\t\t\t\t\t<span>\n\t\t\t\t\t\t\t\t\tD\u00e9couvrir\t\t\t\t\t\t\t\t<\/span>\n\t\t\t\t\t\t\t\t<svg width=\"15\" height=\"20\" aria-hidden=\"true\">\n\t\t\t\t\t\t\t\t\t<use xlink:href=\"https:\/\/www.myallmeeting.com\/wp-content\/themes\/accor\/assets\/images\/sprite.svg#btn-arrow-white\"><\/use>\n\t\t\t\t\t\t\t\t<\/svg>\n\t\t\t\t\t\t\t<\/span>\n\t\t\t\t\t\t<\/a>\n\t\t\t\t\t<\/div>\n\t\t\t\t\t\t\t\t\t\t<div class=\"splide__slide col-lg-4 col-xl-4 mb-lg-6 d-none\">\n\t\t\t\t\t\t<a href=\"https:\/\/www.myallmeeting.com\/fr\/article\/retards-en-reunion-comment-les-eviter\/\" class=\"card-hub-articles text-decoration-none link-primary text-end lh-xs d-flex flex-column align-items-end h-100\">\n\t\t\t\t\t\t\t<span class=\"card-hub-articles__img d-block ratio ratio-16x9 overflow-hidden\">\n\t\t\t\t\t\t\t\t\t\t\t\t\t\t\t\t<img decoding=\"async\" src=\"https:\/\/www.myallmeeting.com\/wp-content\/uploads\/2018\/11\/retard-reunion.png\" alt=\"\" width=\"616\" height=\"387\" loading=\"lazy\" \/>\t\t\t\t\t\t\t\n\t\t\t\t\t\t\t\t\t\t\t\t\t\t\t<\/span>\n\t\t\t\t\t\t\t\t\t\t\t\t\t\t<span class=\"card-hub-articles__content flex-grow-1 d-block bg-white position-relative\">\n\t\t\t\t\t\t\t\t\t\t\t\t\t\t\t\t\t\t\t\t\t\t\t\t<span class=\"d-block unna fs-17 fs-lg-23 fs-xl-32 mb-1\">Retards en r\u00e9union : comment les \u00e9viter ?<\/span>\n\t\t\t\t\t\t\t\t\t\t\t\t\t\t\t\t\t\t\t\t\t\t\t\t<span class=\"d-block fs-10 fs-lg-11 fs-xl-12 fs-xxl-14 text-black\">D\u00e9couvrez comment g\u00e9rer votre temps efficacement lors des r\u00e9unions afin d\u2019\u00e9viter tout retard.<\/span>\n\t\t\t\t\t\t\t\t\t\t\t\t\t\t\t<\/span>\n\t\t\t\t\t\t\t\t\t\t\t\t\t\t<span class=\"btn btn-primary btn-hover-translate-right d-inline-flex justify-content-center justify-content-lg-start gap-2 gap-lg-1 z-1\">\n\t\t\t\t\t\t\t\t<span>\n\t\t\t\t\t\t\t\t\tD\u00e9couvrir\t\t\t\t\t\t\t\t<\/span>\n\t\t\t\t\t\t\t\t<svg width=\"15\" height=\"20\" aria-hidden=\"true\">\n\t\t\t\t\t\t\t\t\t<use xlink:href=\"https:\/\/www.myallmeeting.com\/wp-content\/themes\/accor\/assets\/images\/sprite.svg#btn-arrow-white\"><\/use>\n\t\t\t\t\t\t\t\t<\/svg>\n\t\t\t\t\t\t\t<\/span>\n\t\t\t\t\t\t<\/a>\n\t\t\t\t\t<\/div>\n\t\t\t\t\t\t\t\t\t\t<div class=\"splide__slide col-lg-4 col-xl-4 mb-lg-6 d-none\">\n\t\t\t\t\t\t<a href=\"https:\/\/www.myallmeeting.com\/fr\/article\/esprit-industriel-chic-pour-vos-meetings-au-mercure-paris-gennevilliers\/\" class=\"card-hub-articles text-decoration-none link-primary text-end lh-xs d-flex flex-column align-items-end h-100\">\n\t\t\t\t\t\t\t<span class=\"card-hub-articles__img d-block ratio ratio-16x9 overflow-hidden\">\n\t\t\t\t\t\t\t\t\t\t\t\t\t\t\t\t<img decoding=\"async\" src=\"https:\/\/www.myallmeeting.com\/wp-content\/uploads\/2018\/11\/f95722384-HDR.jpg\" alt=\"ESPRIT INDUSTRIEL CHIC POUR VOS MEETINGS AU MERCURE PARIS GENNEVILLIERS\" width=\"616\" height=\"387\" loading=\"lazy\" \/>\t\t\t\t\t\t\t\n\t\t\t\t\t\t\t\t\t\t\t\t\t\t\t<\/span>\n\t\t\t\t\t\t\t\t\t\t\t\t\t\t<span class=\"card-hub-articles__content flex-grow-1 d-block bg-white position-relative\">\n\t\t\t\t\t\t\t\t\t\t\t\t\t\t\t\t\t\t\t\t\t\t\t\t<span class=\"d-block unna fs-17 fs-lg-23 fs-xl-32 mb-1\">Esprit industriel chic pour vos meetings au Mercure Paris Gennevilliers<\/span>\n\t\t\t\t\t\t\t\t\t\t\t\t\t\t\t\t\t\t\t\t\t\t\t\t<span class=\"d-block fs-10 fs-lg-11 fs-xl-12 fs-xxl-14 text-black\">Pour votre prochain \u00e9v\u00e8nement, venez d\u00e9couvrir cet h\u00f4tel au c\u0153ur d\u2019un p\u00f4le d\u2019activit\u00e9s dynamiques<\/span>\n\t\t\t\t\t\t\t\t\t\t\t\t\t\t\t<\/span>\n\t\t\t\t\t\t\t\t\t\t\t\t\t\t<span class=\"btn btn-primary btn-hover-translate-right d-inline-flex justify-content-center justify-content-lg-start gap-2 gap-lg-1 z-1\">\n\t\t\t\t\t\t\t\t<span>\n\t\t\t\t\t\t\t\t\tD\u00e9couvrir\t\t\t\t\t\t\t\t<\/span>\n\t\t\t\t\t\t\t\t<svg width=\"15\" height=\"20\" aria-hidden=\"true\">\n\t\t\t\t\t\t\t\t\t<use xlink:href=\"https:\/\/www.myallmeeting.com\/wp-content\/themes\/accor\/assets\/images\/sprite.svg#btn-arrow-white\"><\/use>\n\t\t\t\t\t\t\t\t<\/svg>\n\t\t\t\t\t\t\t<\/span>\n\t\t\t\t\t\t<\/a>\n\t\t\t\t\t<\/div>\n\t\t\t\t\t\t\t\t\t\t<div class=\"splide__slide col-lg-4 col-xl-4 mb-lg-6 d-none\">\n\t\t\t\t\t\t<a href=\"https:\/\/www.myallmeeting.com\/fr\/article\/top-8-de-nos-hotels-avec-spa-a-moins-de-4h-de-vol-de-paris\/\" class=\"card-hub-articles text-decoration-none link-primary text-end lh-xs d-flex flex-column align-items-end h-100\">\n\t\t\t\t\t\t\t<span class=\"card-hub-articles__img d-block ratio ratio-16x9 overflow-hidden\">\n\t\t\t\t\t\t\t\t\t\t\t\t\t\t\t\t<img decoding=\"async\" src=\"https:\/\/www.myallmeeting.com\/wp-content\/uploads\/2018\/11\/MAM-baner-1920x570-42.png\" alt=\"\" width=\"616\" height=\"387\" loading=\"lazy\" \/>\t\t\t\t\t\t\t\n\t\t\t\t\t\t\t\t\t\t\t\t\t\t\t<\/span>\n\t\t\t\t\t\t\t\t\t\t\t\t\t\t<span class=\"card-hub-articles__content flex-grow-1 d-block bg-white position-relative\">\n\t\t\t\t\t\t\t\t\t\t\t\t\t\t\t\t\t\t\t\t\t\t\t\t<span class=\"d-block unna fs-17 fs-lg-23 fs-xl-32 mb-1\">Top 6 de nos h\u00f4tels avec spa \u00e0 moins de 4h de vol de Paris<\/span>\n\t\t\t\t\t\t\t\t\t\t\t\t\t\t\t\t\t\t\t\t\t\t\t\t<span class=\"d-block fs-10 fs-lg-11 fs-xl-12 fs-xxl-14 text-black\">Tallin, Sousse, Londres ou encore Istanbul, voici notre s\u00e9lection des plus belles adresses Accor avec spa, \u00e0 quelques heures de vol de Paris, pour une r\u00e9union d\u00e9paysante et haut de gamme.<\/span>\n\t\t\t\t\t\t\t\t\t\t\t\t\t\t\t<\/span>\n\t\t\t\t\t\t\t\t\t\t\t\t\t\t<span class=\"btn btn-primary btn-hover-translate-right d-inline-flex justify-content-center justify-content-lg-start gap-2 gap-lg-1 z-1\">\n\t\t\t\t\t\t\t\t<span>\n\t\t\t\t\t\t\t\t\tD\u00e9couvrir\t\t\t\t\t\t\t\t<\/span>\n\t\t\t\t\t\t\t\t<svg width=\"15\" height=\"20\" aria-hidden=\"true\">\n\t\t\t\t\t\t\t\t\t<use xlink:href=\"https:\/\/www.myallmeeting.com\/wp-content\/themes\/accor\/assets\/images\/sprite.svg#btn-arrow-white\"><\/use>\n\t\t\t\t\t\t\t\t<\/svg>\n\t\t\t\t\t\t\t<\/span>\n\t\t\t\t\t\t<\/a>\n\t\t\t\t\t<\/div>\n\t\t\t\t\t\t\t\t\t\t<div class=\"splide__slide col-lg-4 col-xl-4 mb-lg-6 d-none\">\n\t\t\t\t\t\t<a href=\"https:\/\/www.myallmeeting.com\/fr\/article\/movenpick-le-choix-du-haut-de-gamme-pour-votre-reunion\/\" class=\"card-hub-articles text-decoration-none link-primary text-end lh-xs d-flex flex-column align-items-end h-100\">\n\t\t\t\t\t\t\t<span class=\"card-hub-articles__img d-block ratio ratio-16x9 overflow-hidden\">\n\t\t\t\t\t\t\t\t\t\t\t\t\t\t\t\t<img decoding=\"async\" src=\"https:\/\/www.myallmeeting.com\/wp-content\/uploads\/2018\/11\/MAM-baner-1920x570-68.png\" alt=\"\" width=\"616\" height=\"387\" loading=\"lazy\" \/>\t\t\t\t\t\t\t\n\t\t\t\t\t\t\t\t\t\t\t\t\t\t\t<\/span>\n\t\t\t\t\t\t\t\t\t\t\t\t\t\t<span class=\"card-hub-articles__content flex-grow-1 d-block bg-white position-relative\">\n\t\t\t\t\t\t\t\t\t\t\t\t\t\t\t\t\t\t\t\t\t\t\t\t<span class=\"d-block unna fs-17 fs-lg-23 fs-xl-32 mb-1\">M\u00f6venpick, le choix du haut-de-gamme pour votre r\u00e9union<\/span>\n\t\t\t\t\t\t\t\t\t\t\t\t\t\t\t\t\t\t\t\t\t\t\t\t<span class=\"d-block fs-10 fs-lg-11 fs-xl-12 fs-xxl-14 text-black\">Comment se distingue le r\u00e9seau M\u00f6venpick ? D\u00e9couvrez son histoire, qui fait de cette marque un choix unique pour votre prochain \u00e9v\u00e9nement.<\/span>\n\t\t\t\t\t\t\t\t\t\t\t\t\t\t\t<\/span>\n\t\t\t\t\t\t\t\t\t\t\t\t\t\t<span class=\"btn btn-primary btn-hover-translate-right d-inline-flex justify-content-center justify-content-lg-start gap-2 gap-lg-1 z-1\">\n\t\t\t\t\t\t\t\t<span>\n\t\t\t\t\t\t\t\t\tD\u00e9couvrir\t\t\t\t\t\t\t\t<\/span>\n\t\t\t\t\t\t\t\t<svg width=\"15\" height=\"20\" aria-hidden=\"true\">\n\t\t\t\t\t\t\t\t\t<use xlink:href=\"https:\/\/www.myallmeeting.com\/wp-content\/themes\/accor\/assets\/images\/sprite.svg#btn-arrow-white\"><\/use>\n\t\t\t\t\t\t\t\t<\/svg>\n\t\t\t\t\t\t\t<\/span>\n\t\t\t\t\t\t<\/a>\n\t\t\t\t\t<\/div>\n\t\t\t\t\t\t\t\t\t\t<div class=\"splide__slide col-lg-4 col-xl-4 mb-lg-6 d-none\">\n\t\t\t\t\t\t<a href=\"https:\/\/www.myallmeeting.com\/fr\/article\/top-10-de-nos-adresses-accor-au-coeur-des-plus-belles-montagnes-francaises\/\" class=\"card-hub-articles text-decoration-none link-primary text-end lh-xs d-flex flex-column align-items-end h-100\">\n\t\t\t\t\t\t\t<span class=\"card-hub-articles__img d-block ratio ratio-16x9 overflow-hidden\">\n\t\t\t\t\t\t\t\t\t\t\t\t\t\t\t\t<img decoding=\"async\" src=\"https:\/\/www.myallmeeting.com\/wp-content\/uploads\/2018\/10\/Destination-montagne.png\" alt=\"\" width=\"616\" height=\"387\" loading=\"lazy\" \/>\t\t\t\t\t\t\t\n\t\t\t\t\t\t\t\t\t\t\t\t\t\t\t<\/span>\n\t\t\t\t\t\t\t\t\t\t\t\t\t\t<span class=\"card-hub-articles__content flex-grow-1 d-block bg-white position-relative\">\n\t\t\t\t\t\t\t\t\t\t\t\t\t\t\t\t\t\t\t\t\t\t\t\t<span class=\"d-block unna fs-17 fs-lg-23 fs-xl-32 mb-1\">Top 10 de nos adresses Accor au c\u0153ur des plus belles montagnes fran\u00e7aises<\/span>\n\t\t\t\t\t\t\t\t\t\t\t\t\t\t\t\t\t\t\t\t\t\t\t\t<span class=\"d-block fs-10 fs-lg-11 fs-xl-12 fs-xxl-14 text-black\">D\u00e9couvrez les cha\u00eenes de montagnes fran\u00e7aises gr\u00e2ce \u00e0 nos h\u00f4tels aux Alpes et Pyr\u00e9n\u00e9es.<\/span>\n\t\t\t\t\t\t\t\t\t\t\t\t\t\t\t<\/span>\n\t\t\t\t\t\t\t\t\t\t\t\t\t\t<span class=\"btn btn-primary btn-hover-translate-right d-inline-flex justify-content-center justify-content-lg-start gap-2 gap-lg-1 z-1\">\n\t\t\t\t\t\t\t\t<span>\n\t\t\t\t\t\t\t\t\tD\u00e9couvrir\t\t\t\t\t\t\t\t<\/span>\n\t\t\t\t\t\t\t\t<svg width=\"15\" height=\"20\" aria-hidden=\"true\">\n\t\t\t\t\t\t\t\t\t<use xlink:href=\"https:\/\/www.myallmeeting.com\/wp-content\/themes\/accor\/assets\/images\/sprite.svg#btn-arrow-white\"><\/use>\n\t\t\t\t\t\t\t\t<\/svg>\n\t\t\t\t\t\t\t<\/span>\n\t\t\t\t\t\t<\/a>\n\t\t\t\t\t<\/div>\n\t\t\t\t\t\t\t\t\t\t<div class=\"splide__slide col-lg-4 col-xl-4 mb-lg-6 d-none\">\n\t\t\t\t\t\t<a href=\"https:\/\/www.myallmeeting.com\/fr\/article\/comment-encourager-une-bonne-participation-en-reunion\/\" class=\"card-hub-articles text-decoration-none link-primary text-end lh-xs d-flex flex-column align-items-end h-100\">\n\t\t\t\t\t\t\t<span class=\"card-hub-articles__img d-block ratio ratio-16x9 overflow-hidden\">\n\t\t\t\t\t\t\t\t\t\t\t\t\t\t\t\t<img decoding=\"async\" src=\"https:\/\/www.myallmeeting.com\/wp-content\/uploads\/2018\/10\/meeting-lifestyle.png\" alt=\"\" width=\"616\" height=\"387\" loading=\"lazy\" \/>\t\t\t\t\t\t\t\n\t\t\t\t\t\t\t\t\t\t\t\t\t\t\t<\/span>\n\t\t\t\t\t\t\t\t\t\t\t\t\t\t<span class=\"card-hub-articles__content flex-grow-1 d-block bg-white position-relative\">\n\t\t\t\t\t\t\t\t\t\t\t\t\t\t\t\t\t\t\t\t\t\t\t\t<span class=\"d-block unna fs-17 fs-lg-23 fs-xl-32 mb-1\">Comment encourager une bonne participation en r\u00e9union ?<\/span>\n\t\t\t\t\t\t\t\t\t\t\t\t\t\t\t\t\t\t\t\t\t\t\t\t<span class=\"d-block fs-10 fs-lg-11 fs-xl-12 fs-xxl-14 text-black\">Apprenez \u00e0 dynamiser vos r\u00e9unions pour plus de participation.<\/span>\n\t\t\t\t\t\t\t\t\t\t\t\t\t\t\t<\/span>\n\t\t\t\t\t\t\t\t\t\t\t\t\t\t<span class=\"btn btn-primary btn-hover-translate-right d-inline-flex justify-content-center justify-content-lg-start gap-2 gap-lg-1 z-1\">\n\t\t\t\t\t\t\t\t<span>\n\t\t\t\t\t\t\t\t\tD\u00e9couvrir\t\t\t\t\t\t\t\t<\/span>\n\t\t\t\t\t\t\t\t<svg width=\"15\" height=\"20\" aria-hidden=\"true\">\n\t\t\t\t\t\t\t\t\t<use xlink:href=\"https:\/\/www.myallmeeting.com\/wp-content\/themes\/accor\/assets\/images\/sprite.svg#btn-arrow-white\"><\/use>\n\t\t\t\t\t\t\t\t<\/svg>\n\t\t\t\t\t\t\t<\/span>\n\t\t\t\t\t\t<\/a>\n\t\t\t\t\t<\/div>\n\t\t\t\t\t\t\t\t\t\t<div class=\"splide__slide col-lg-4 col-xl-4 mb-lg-6 d-none\">\n\t\t\t\t\t\t<a href=\"https:\/\/www.myallmeeting.com\/fr\/article\/6-adresses-signees-potel-chabot-pour-un-seminaire-dexception\/\" class=\"card-hub-articles text-decoration-none link-primary text-end lh-xs d-flex flex-column align-items-end h-100\">\n\t\t\t\t\t\t\t<span class=\"card-hub-articles__img d-block ratio ratio-16x9 overflow-hidden\">\n\t\t\t\t\t\t\t\t\t\t\t\t\t\t\t<\/span>\n\t\t\t\t\t\t\t\t\t\t\t\t\t\t<span class=\"card-hub-articles__content flex-grow-1 d-block bg-white position-relative\">\n\t\t\t\t\t\t\t\t\t\t\t\t\t\t\t\t\t\t\t\t\t\t\t\t<span class=\"d-block unna fs-17 fs-lg-23 fs-xl-32 mb-1\">4 adresses sign\u00e9es Potel &amp; Chabot pour un s\u00e9minaire d\u2019exception<\/span>\n\t\t\t\t\t\t\t\t\t\t\t\t\t\t\t\t\t\t\t\t\t\t\t\t<span class=\"d-block fs-10 fs-lg-11 fs-xl-12 fs-xxl-14 text-black\">D\u00e9couvrez les Pavillons Potel &amp; Chabot pour des s\u00e9minaires uniques.<\/span>\n\t\t\t\t\t\t\t\t\t\t\t\t\t\t\t<\/span>\n\t\t\t\t\t\t\t\t\t\t\t\t\t\t<span class=\"btn btn-primary btn-hover-translate-right d-inline-flex justify-content-center justify-content-lg-start gap-2 gap-lg-1 z-1\">\n\t\t\t\t\t\t\t\t<span>\n\t\t\t\t\t\t\t\t\tD\u00e9couvrir\t\t\t\t\t\t\t\t<\/span>\n\t\t\t\t\t\t\t\t<svg width=\"15\" height=\"20\" aria-hidden=\"true\">\n\t\t\t\t\t\t\t\t\t<use xlink:href=\"https:\/\/www.myallmeeting.com\/wp-content\/themes\/accor\/assets\/images\/sprite.svg#btn-arrow-white\"><\/use>\n\t\t\t\t\t\t\t\t<\/svg>\n\t\t\t\t\t\t\t<\/span>\n\t\t\t\t\t\t<\/a>\n\t\t\t\t\t<\/div>\n\t\t\t\t\t\t\t\t\t\t<div class=\"splide__slide col-lg-4 col-xl-4 mb-lg-6 d-none\">\n\t\t\t\t\t\t<a href=\"https:\/\/www.myallmeeting.com\/fr\/article\/top-8-des-plus-belles-vues-de-nos-adresses-accor-a-moins-de-4-heures-de-vol-de-paris\/\" class=\"card-hub-articles text-decoration-none link-primary text-end lh-xs d-flex flex-column align-items-end h-100\">\n\t\t\t\t\t\t\t<span class=\"card-hub-articles__img d-block ratio ratio-16x9 overflow-hidden\">\n\t\t\t\t\t\t\t\t\t\t\t\t\t\t\t\t<img decoding=\"async\" src=\"https:\/\/www.myallmeeting.com\/wp-content\/uploads\/2018\/11\/MAM-baner-1920x570-42.png\" alt=\"\" width=\"616\" height=\"387\" loading=\"lazy\" \/>\t\t\t\t\t\t\t\n\t\t\t\t\t\t\t\t\t\t\t\t\t\t\t<\/span>\n\t\t\t\t\t\t\t\t\t\t\t\t\t\t<span class=\"card-hub-articles__content flex-grow-1 d-block bg-white position-relative\">\n\t\t\t\t\t\t\t\t\t\t\t\t\t\t\t\t\t\t\t\t\t\t\t\t<span class=\"d-block unna fs-17 fs-lg-23 fs-xl-32 mb-1\">Top 8 des plus belles vues de nos adresses Accor \u00e0 moins de 4 heures de vol de Paris<\/span>\n\t\t\t\t\t\t\t\t\t\t\t\t\t\t\t\t\t\t\t\t\t\t\t\t<span class=\"d-block fs-10 fs-lg-11 fs-xl-12 fs-xxl-14 text-black\">D\u00e9couvrez la s\u00e9lection d\u2019h\u00f4tels aux vues plus belles les unes que les autres \u00e0 moins de 4 heures de vol de Paris, en Europe et au Maghreb.  \n<\/span>\n\t\t\t\t\t\t\t\t\t\t\t\t\t\t\t<\/span>\n\t\t\t\t\t\t\t\t\t\t\t\t\t\t<span class=\"btn btn-primary btn-hover-translate-right d-inline-flex justify-content-center justify-content-lg-start gap-2 gap-lg-1 z-1\">\n\t\t\t\t\t\t\t\t<span>\n\t\t\t\t\t\t\t\t\tD\u00e9couvrir\t\t\t\t\t\t\t\t<\/span>\n\t\t\t\t\t\t\t\t<svg width=\"15\" height=\"20\" aria-hidden=\"true\">\n\t\t\t\t\t\t\t\t\t<use xlink:href=\"https:\/\/www.myallmeeting.com\/wp-content\/themes\/accor\/assets\/images\/sprite.svg#btn-arrow-white\"><\/use>\n\t\t\t\t\t\t\t\t<\/svg>\n\t\t\t\t\t\t\t<\/span>\n\t\t\t\t\t\t<\/a>\n\t\t\t\t\t<\/div>\n\t\t\t\t\t\t\t\t\t\t<div class=\"splide__slide col-lg-4 col-xl-4 mb-lg-6 d-none\">\n\t\t\t\t\t\t<a href=\"https:\/\/www.myallmeeting.com\/fr\/article\/top-8-des-hotels-sur-golf-chez-accor\/\" class=\"card-hub-articles text-decoration-none link-primary text-end lh-xs d-flex flex-column align-items-end h-100\">\n\t\t\t\t\t\t\t<span class=\"card-hub-articles__img d-block ratio ratio-16x9 overflow-hidden\">\n\t\t\t\t\t\t\t\t\t\t\t\t\t\t\t\t<img decoding=\"async\" src=\"https:\/\/www.myallmeeting.com\/wp-content\/uploads\/2018\/08\/Golf-1.png\" alt=\"\" width=\"616\" height=\"387\" loading=\"lazy\" \/>\t\t\t\t\t\t\t\n\t\t\t\t\t\t\t\t\t\t\t\t\t\t\t<\/span>\n\t\t\t\t\t\t\t\t\t\t\t\t\t\t<span class=\"card-hub-articles__content flex-grow-1 d-block bg-white position-relative\">\n\t\t\t\t\t\t\t\t\t\t\t\t\t\t\t\t\t\t\t\t\t\t\t\t<span class=\"d-block unna fs-17 fs-lg-23 fs-xl-32 mb-1\">Top 8 des h\u00f4tels avec golf chez Accor<\/span>\n\t\t\t\t\t\t\t\t\t\t\t\t\t\t\t\t\t\t\t\t\t\t\t\t<span class=\"d-block fs-10 fs-lg-11 fs-xl-12 fs-xxl-14 text-black\">D\u00e9couvrez les plus beaux parcours de nos h\u00f4tels pour vos \u00e9v\u00e8nements.<\/span>\n\t\t\t\t\t\t\t\t\t\t\t\t\t\t\t<\/span>\n\t\t\t\t\t\t\t\t\t\t\t\t\t\t<span class=\"btn btn-primary btn-hover-translate-right d-inline-flex justify-content-center justify-content-lg-start gap-2 gap-lg-1 z-1\">\n\t\t\t\t\t\t\t\t<span>\n\t\t\t\t\t\t\t\t\tD\u00e9couvrir\t\t\t\t\t\t\t\t<\/span>\n\t\t\t\t\t\t\t\t<svg width=\"15\" height=\"20\" aria-hidden=\"true\">\n\t\t\t\t\t\t\t\t\t<use xlink:href=\"https:\/\/www.myallmeeting.com\/wp-content\/themes\/accor\/assets\/images\/sprite.svg#btn-arrow-white\"><\/use>\n\t\t\t\t\t\t\t\t<\/svg>\n\t\t\t\t\t\t\t<\/span>\n\t\t\t\t\t\t<\/a>\n\t\t\t\t\t<\/div>\n\t\t\t\t\t\t\t\t\t\t<div class=\"splide__slide col-lg-4 col-xl-4 mb-lg-6 d-none\">\n\t\t\t\t\t\t<a href=\"https:\/\/www.myallmeeting.com\/fr\/article\/sea-sun-and-work-au-sofitel-quiberon-thalassa-sea-spa\/\" class=\"card-hub-articles text-decoration-none link-primary text-end lh-xs d-flex flex-column align-items-end h-100\">\n\t\t\t\t\t\t\t<span class=\"card-hub-articles__img d-block ratio ratio-16x9 overflow-hidden\">\n\t\t\t\t\t\t\t\t\t\t\t\t\t\t\t\t<img decoding=\"async\" src=\"https:\/\/www.myallmeeting.com\/wp-content\/uploads\/2018\/07\/MAM-baner-1920x570-35.png\" alt=\"\" width=\"616\" height=\"387\" loading=\"lazy\" \/>\t\t\t\t\t\t\t\n\t\t\t\t\t\t\t\t\t\t\t\t\t\t\t<\/span>\n\t\t\t\t\t\t\t\t\t\t\t\t\t\t<span class=\"card-hub-articles__content flex-grow-1 d-block bg-white position-relative\">\n\t\t\t\t\t\t\t\t\t\t\t\t\t\t\t\t\t\t\t\t\t\t\t\t<span class=\"d-block unna fs-17 fs-lg-23 fs-xl-32 mb-1\">Sea, sun and work au Sofitel Quiberon Thalassa sea &#038; spa<\/span>\n\t\t\t\t\t\t\t\t\t\t\t\t\t\t\t\t\t\t\t\t\t\t\t\t<span class=\"d-block fs-10 fs-lg-11 fs-xl-12 fs-xxl-14 text-black\">Que diriez-vous d\u2019organiser votre prochain s\u00e9minaire dans l\u2019un des centres r\u00e9f\u00e9rence de thalassoth\u00e9rapie de France ?<\/span>\n\t\t\t\t\t\t\t\t\t\t\t\t\t\t\t<\/span>\n\t\t\t\t\t\t\t\t\t\t\t\t\t\t<span class=\"btn btn-primary btn-hover-translate-right d-inline-flex justify-content-center justify-content-lg-start gap-2 gap-lg-1 z-1\">\n\t\t\t\t\t\t\t\t<span>\n\t\t\t\t\t\t\t\t\tD\u00e9couvrir\t\t\t\t\t\t\t\t<\/span>\n\t\t\t\t\t\t\t\t<svg width=\"15\" height=\"20\" aria-hidden=\"true\">\n\t\t\t\t\t\t\t\t\t<use xlink:href=\"https:\/\/www.myallmeeting.com\/wp-content\/themes\/accor\/assets\/images\/sprite.svg#btn-arrow-white\"><\/use>\n\t\t\t\t\t\t\t\t<\/svg>\n\t\t\t\t\t\t\t<\/span>\n\t\t\t\t\t\t<\/a>\n\t\t\t\t\t<\/div>\n\t\t\t\t\t\t\t\t\t\t<div class=\"splide__slide col-lg-4 col-xl-4 mb-lg-6 d-none\">\n\t\t\t\t\t\t<a href=\"https:\/\/www.myallmeeting.com\/fr\/article\/seminaire-ensoleille-reussite-assuree-au-novotel-nice-centre-vieux-nice\/\" class=\"card-hub-articles text-decoration-none link-primary text-end lh-xs d-flex flex-column align-items-end h-100\">\n\t\t\t\t\t\t\t<span class=\"card-hub-articles__img d-block ratio ratio-16x9 overflow-hidden\">\n\t\t\t\t\t\t\t\t\t\t\t\t\t\t\t\t<img decoding=\"async\" src=\"https:\/\/www.myallmeeting.com\/wp-content\/uploads\/2018\/06\/Novotel-Nice.png\" alt=\"\" width=\"616\" height=\"387\" loading=\"lazy\" \/>\t\t\t\t\t\t\t\n\t\t\t\t\t\t\t\t\t\t\t\t\t\t\t<\/span>\n\t\t\t\t\t\t\t\t\t\t\t\t\t\t<span class=\"card-hub-articles__content flex-grow-1 d-block bg-white position-relative\">\n\t\t\t\t\t\t\t\t\t\t\t\t\t\t\t\t\t\t\t\t\t\t\t\t<span class=\"d-block unna fs-17 fs-lg-23 fs-xl-32 mb-1\">S\u00e9minaire ensoleill\u00e9, r\u00e9ussite assur\u00e9e au Novotel Nice Centre Vieux-Nice<\/span>\n\t\t\t\t\t\t\t\t\t\t\t\t\t\t\t\t\t\t\t\t\t\t\t\t<span class=\"d-block fs-10 fs-lg-11 fs-xl-12 fs-xxl-14 text-black\">D\u00e9couvrez le soleil au c\u0153ur de la  vieille-ville de Nice gr\u00e2ce au Novotel Nice Centre Vieux-Nice.<\/span>\n\t\t\t\t\t\t\t\t\t\t\t\t\t\t\t<\/span>\n\t\t\t\t\t\t\t\t\t\t\t\t\t\t<span class=\"btn btn-primary btn-hover-translate-right d-inline-flex justify-content-center justify-content-lg-start gap-2 gap-lg-1 z-1\">\n\t\t\t\t\t\t\t\t<span>\n\t\t\t\t\t\t\t\t\tD\u00e9couvrir\t\t\t\t\t\t\t\t<\/span>\n\t\t\t\t\t\t\t\t<svg width=\"15\" height=\"20\" aria-hidden=\"true\">\n\t\t\t\t\t\t\t\t\t<use xlink:href=\"https:\/\/www.myallmeeting.com\/wp-content\/themes\/accor\/assets\/images\/sprite.svg#btn-arrow-white\"><\/use>\n\t\t\t\t\t\t\t\t<\/svg>\n\t\t\t\t\t\t\t<\/span>\n\t\t\t\t\t\t<\/a>\n\t\t\t\t\t<\/div>\n\t\t\t\t\t\t\t\t\t\t<div class=\"splide__slide col-lg-4 col-xl-4 mb-lg-6 d-none\">\n\t\t\t\t\t\t<a href=\"https:\/\/www.myallmeeting.com\/fr\/article\/les-avantages-dun-seminaire-professionnel-dans-un-hotel\/\" class=\"card-hub-articles text-decoration-none link-primary text-end lh-xs d-flex flex-column align-items-end h-100\">\n\t\t\t\t\t\t\t<span class=\"card-hub-articles__img d-block ratio ratio-16x9 overflow-hidden\">\n\t\t\t\t\t\t\t\t\t\t\t\t\t\t\t\t<img decoding=\"async\" src=\"https:\/\/www.myallmeeting.com\/wp-content\/uploads\/2018\/05\/MAM-imagery-1920-x-570-px-2.png\" alt=\"\" width=\"616\" height=\"387\" loading=\"lazy\" \/>\t\t\t\t\t\t\t\n\t\t\t\t\t\t\t\t\t\t\t\t\t\t\t<\/span>\n\t\t\t\t\t\t\t\t\t\t\t\t\t\t<span class=\"card-hub-articles__content flex-grow-1 d-block bg-white position-relative\">\n\t\t\t\t\t\t\t\t\t\t\t\t\t\t\t\t\t\t\t\t\t\t\t\t<span class=\"d-block unna fs-17 fs-lg-23 fs-xl-32 mb-1\">Les avantages d\u2019un s\u00e9minaire professionnel dans un h\u00f4tel<\/span>\n\t\t\t\t\t\t\t\t\t\t\t\t\t\t\t\t\t\t\t\t\t\t\t\t<span class=\"d-block fs-10 fs-lg-11 fs-xl-12 fs-xxl-14 text-black\">D\u00e9couvrez les atouts de nos h\u00f4tels pour des s\u00e9minaires m\u00e9morables.<\/span>\n\t\t\t\t\t\t\t\t\t\t\t\t\t\t\t<\/span>\n\t\t\t\t\t\t\t\t\t\t\t\t\t\t<span class=\"btn btn-primary btn-hover-translate-right d-inline-flex justify-content-center justify-content-lg-start gap-2 gap-lg-1 z-1\">\n\t\t\t\t\t\t\t\t<span>\n\t\t\t\t\t\t\t\t\tD\u00e9couvrir\t\t\t\t\t\t\t\t<\/span>\n\t\t\t\t\t\t\t\t<svg width=\"15\" height=\"20\" aria-hidden=\"true\">\n\t\t\t\t\t\t\t\t\t<use xlink:href=\"https:\/\/www.myallmeeting.com\/wp-content\/themes\/accor\/assets\/images\/sprite.svg#btn-arrow-white\"><\/use>\n\t\t\t\t\t\t\t\t<\/svg>\n\t\t\t\t\t\t\t<\/span>\n\t\t\t\t\t\t<\/a>\n\t\t\t\t\t<\/div>\n\t\t\t\t\t\t\t\t\t\t<div class=\"splide__slide col-lg-4 col-xl-4 mb-lg-6 d-none\">\n\t\t\t\t\t\t<a href=\"https:\/\/www.myallmeeting.com\/fr\/article\/mercure-marseille-centre-vieux-port-des-capacites-seminaires-xxl\/\" class=\"card-hub-articles text-decoration-none link-primary text-end lh-xs d-flex flex-column align-items-end h-100\">\n\t\t\t\t\t\t\t<span class=\"card-hub-articles__img d-block ratio ratio-16x9 overflow-hidden\">\n\t\t\t\t\t\t\t\t\t\t\t\t\t\t\t\t<img decoding=\"async\" src=\"https:\/\/www.myallmeeting.com\/wp-content\/uploads\/2018\/05\/MAM-baner-1920x570-60.png\" alt=\"\" width=\"616\" height=\"387\" loading=\"lazy\" \/>\t\t\t\t\t\t\t\n\t\t\t\t\t\t\t\t\t\t\t\t\t\t\t<\/span>\n\t\t\t\t\t\t\t\t\t\t\t\t\t\t<span class=\"card-hub-articles__content flex-grow-1 d-block bg-white position-relative\">\n\t\t\t\t\t\t\t\t\t\t\t\t\t\t\t\t\t\t\t\t\t\t\t\t<span class=\"d-block unna fs-17 fs-lg-23 fs-xl-32 mb-1\">Mercure Marseille Centre Vieux-Port : des capacit\u00e9s s\u00e9minaires XXL<\/span>\n\t\t\t\t\t\t\t\t\t\t\t\t\t\t\t\t\t\t\t\t\t\t\t\t<span class=\"d-block fs-10 fs-lg-11 fs-xl-12 fs-xxl-14 text-black\">Pour votre \u00e9v\u00e8nement, venez d\u00e9couvrir l\u2019h\u00f4tel disposant des plus grands espaces de r\u00e9union de Marseille <\/span>\n\t\t\t\t\t\t\t\t\t\t\t\t\t\t\t<\/span>\n\t\t\t\t\t\t\t\t\t\t\t\t\t\t<span class=\"btn btn-primary btn-hover-translate-right d-inline-flex justify-content-center justify-content-lg-start gap-2 gap-lg-1 z-1\">\n\t\t\t\t\t\t\t\t<span>\n\t\t\t\t\t\t\t\t\tD\u00e9couvrir\t\t\t\t\t\t\t\t<\/span>\n\t\t\t\t\t\t\t\t<svg width=\"15\" height=\"20\" aria-hidden=\"true\">\n\t\t\t\t\t\t\t\t\t<use xlink:href=\"https:\/\/www.myallmeeting.com\/wp-content\/themes\/accor\/assets\/images\/sprite.svg#btn-arrow-white\"><\/use>\n\t\t\t\t\t\t\t\t<\/svg>\n\t\t\t\t\t\t\t<\/span>\n\t\t\t\t\t\t<\/a>\n\t\t\t\t\t<\/div>\n\t\t\t\t\t\t\t\t\t\t<div class=\"splide__slide col-lg-4 col-xl-4 mb-lg-6 d-none\">\n\t\t\t\t\t\t<a href=\"https:\/\/www.myallmeeting.com\/fr\/article\/motivez-vos-equipes-toute-lannee-grace-au-teambuilding\/\" class=\"card-hub-articles text-decoration-none link-primary text-end lh-xs d-flex flex-column align-items-end h-100\">\n\t\t\t\t\t\t\t<span class=\"card-hub-articles__img d-block ratio ratio-16x9 overflow-hidden\">\n\t\t\t\t\t\t\t\t\t\t\t\t\t\t\t\t<img decoding=\"async\" src=\"https:\/\/www.myallmeeting.com\/wp-content\/uploads\/2018\/05\/MAM-baner-1920x570-18.png\" alt=\"\" width=\"616\" height=\"387\" loading=\"lazy\" \/>\t\t\t\t\t\t\t\n\t\t\t\t\t\t\t\t\t\t\t\t\t\t\t<\/span>\n\t\t\t\t\t\t\t\t\t\t\t\t\t\t<span class=\"card-hub-articles__content flex-grow-1 d-block bg-white position-relative\">\n\t\t\t\t\t\t\t\t\t\t\t\t\t\t\t\t\t\t\t\t\t\t\t\t<span class=\"d-block unna fs-17 fs-lg-23 fs-xl-32 mb-1\">Motivez vos \u00e9quipes toute l\u2019ann\u00e9e gr\u00e2ce au teambuilding<\/span>\n\t\t\t\t\t\t\t\t\t\t\t\t\t\t\t\t\t\t\t\t\t\t\t\t<span class=\"d-block fs-10 fs-lg-11 fs-xl-12 fs-xxl-14 text-black\">D\u00e9couvrez les conseils de nos experts pour votre prochaine activit\u00e9 de teambuilding.<\/span>\n\t\t\t\t\t\t\t\t\t\t\t\t\t\t\t<\/span>\n\t\t\t\t\t\t\t\t\t\t\t\t\t\t<span class=\"btn btn-primary btn-hover-translate-right d-inline-flex justify-content-center justify-content-lg-start gap-2 gap-lg-1 z-1\">\n\t\t\t\t\t\t\t\t<span>\n\t\t\t\t\t\t\t\t\tD\u00e9couvrir\t\t\t\t\t\t\t\t<\/span>\n\t\t\t\t\t\t\t\t<svg width=\"15\" height=\"20\" aria-hidden=\"true\">\n\t\t\t\t\t\t\t\t\t<use xlink:href=\"https:\/\/www.myallmeeting.com\/wp-content\/themes\/accor\/assets\/images\/sprite.svg#btn-arrow-white\"><\/use>\n\t\t\t\t\t\t\t\t<\/svg>\n\t\t\t\t\t\t\t<\/span>\n\t\t\t\t\t\t<\/a>\n\t\t\t\t\t<\/div>\n\t\t\t\t\t\t\t\t\t\t<div class=\"splide__slide col-lg-4 col-xl-4 mb-lg-6 d-none\">\n\t\t\t\t\t\t<a href=\"https:\/\/www.myallmeeting.com\/fr\/article\/reservez-facilement-votre-salle-de-reunion-my-all-meeting-par-accor\/\" class=\"card-hub-articles text-decoration-none link-primary text-end lh-xs d-flex flex-column align-items-end h-100\">\n\t\t\t\t\t\t\t<span class=\"card-hub-articles__img d-block ratio ratio-16x9 overflow-hidden\">\n\t\t\t\t\t\t\t\t\t\t\t\t\t\t\t\t<img decoding=\"async\" src=\"https:\/\/www.myallmeeting.com\/wp-content\/uploads\/2017\/10\/MAM-baner-1920x570-69.png\" alt=\"\" width=\"616\" height=\"387\" loading=\"lazy\" \/>\t\t\t\t\t\t\t\n\t\t\t\t\t\t\t\t\t\t\t\t\t\t\t<\/span>\n\t\t\t\t\t\t\t\t\t\t\t\t\t\t<span class=\"card-hub-articles__content flex-grow-1 d-block bg-white position-relative\">\n\t\t\t\t\t\t\t\t\t\t\t\t\t\t\t\t\t\t\t\t\t\t\t\t<span class=\"d-block unna fs-17 fs-lg-23 fs-xl-32 mb-1\">R\u00e9servez facilement votre salle de r\u00e9union My All Meeting par ACCOR<\/span>\n\t\t\t\t\t\t\t\t\t\t\t\t\t\t\t\t\t\t\t\t\t\t\t\t<span class=\"d-block fs-10 fs-lg-11 fs-xl-12 fs-xxl-14 text-black\">Lieu ad\u00e9quat en fonction de votre \u00e9v\u00e9nement, offre adapt\u00e9e \u00e0 vos besoins, r\u00e9servation en quelques clics&#8230; Le groupe Accor vous pr\u00e9sente sa plateforme My All Meeting, l\u2019outil ad\u00e9quat pour organiser un \u00e9v\u00e9nement sur mesure. <\/span>\n\t\t\t\t\t\t\t\t\t\t\t\t\t\t\t<\/span>\n\t\t\t\t\t\t\t\t\t\t\t\t\t\t<span class=\"btn btn-primary btn-hover-translate-right d-inline-flex justify-content-center justify-content-lg-start gap-2 gap-lg-1 z-1\">\n\t\t\t\t\t\t\t\t<span>\n\t\t\t\t\t\t\t\t\tD\u00e9couvrir\t\t\t\t\t\t\t\t<\/span>\n\t\t\t\t\t\t\t\t<svg width=\"15\" height=\"20\" aria-hidden=\"true\">\n\t\t\t\t\t\t\t\t\t<use xlink:href=\"https:\/\/www.myallmeeting.com\/wp-content\/themes\/accor\/assets\/images\/sprite.svg#btn-arrow-white\"><\/use>\n\t\t\t\t\t\t\t\t<\/svg>\n\t\t\t\t\t\t\t<\/span>\n\t\t\t\t\t\t<\/a>\n\t\t\t\t\t<\/div>\n\t\t\t\t\t\t\t\t\t\t<div class=\"splide__slide col-lg-4 col-xl-4 mb-lg-6 d-none\">\n\t\t\t\t\t\t<a href=\"https:\/\/www.myallmeeting.com\/fr\/article\/des-reunions-decontractees-au-novotel-lyon-gerland-musee-des-confluences\/\" class=\"card-hub-articles text-decoration-none link-primary text-end lh-xs d-flex flex-column align-items-end h-100\">\n\t\t\t\t\t\t\t<span class=\"card-hub-articles__img d-block ratio ratio-16x9 overflow-hidden\">\n\t\t\t\t\t\t\t\t\t\t\t\t\t\t\t\t<img decoding=\"async\" src=\"https:\/\/www.myallmeeting.com\/wp-content\/uploads\/2017\/10\/497A9008-1.jpg\" alt=\"Novotel Lyon Gerland Confluence\" width=\"616\" height=\"387\" loading=\"lazy\" \/>\t\t\t\t\t\t\t\n\t\t\t\t\t\t\t\t\t\t\t\t\t\t\t<\/span>\n\t\t\t\t\t\t\t\t\t\t\t\t\t\t<span class=\"card-hub-articles__content flex-grow-1 d-block bg-white position-relative\">\n\t\t\t\t\t\t\t\t\t\t\t\t\t\t\t\t\t\t\t\t\t\t\t\t<span class=\"d-block unna fs-17 fs-lg-23 fs-xl-32 mb-1\">Des r\u00e9unions d\u00e9contract\u00e9es au Novotel Lyon Gerland Mus\u00e9e des Confluences<\/span>\n\t\t\t\t\t\t\t\t\t\t\t\t\t\t\t\t\t\t\t\t\t\t\t\t<span class=\"d-block fs-10 fs-lg-11 fs-xl-12 fs-xxl-14 text-black\">Venez d\u00e9couvrir des espaces de r\u00e9union modulables dans la capitale de la gastronomie fran\u00e7aise avec cet \u00e9tablissement \u00e0 la fois contemporain, arty et proposant un large choix d\u2019espaces de r\u00e9union<\/span>\n\t\t\t\t\t\t\t\t\t\t\t\t\t\t\t<\/span>\n\t\t\t\t\t\t\t\t\t\t\t\t\t\t<span class=\"btn btn-primary btn-hover-translate-right d-inline-flex justify-content-center justify-content-lg-start gap-2 gap-lg-1 z-1\">\n\t\t\t\t\t\t\t\t<span>\n\t\t\t\t\t\t\t\t\tD\u00e9couvrir\t\t\t\t\t\t\t\t<\/span>\n\t\t\t\t\t\t\t\t<svg width=\"15\" height=\"20\" aria-hidden=\"true\">\n\t\t\t\t\t\t\t\t\t<use xlink:href=\"https:\/\/www.myallmeeting.com\/wp-content\/themes\/accor\/assets\/images\/sprite.svg#btn-arrow-white\"><\/use>\n\t\t\t\t\t\t\t\t<\/svg>\n\t\t\t\t\t\t\t<\/span>\n\t\t\t\t\t\t<\/a>\n\t\t\t\t\t<\/div>\n\t\t\t\t\t\t\t\t\t\t<div class=\"splide__slide col-lg-4 col-xl-4 mb-lg-6 d-none\">\n\t\t\t\t\t\t<a href=\"https:\/\/www.myallmeeting.com\/fr\/article\/comment-organiser-un-seminaire-a-petit-prix\/\" class=\"card-hub-articles text-decoration-none link-primary text-end lh-xs d-flex flex-column align-items-end h-100\">\n\t\t\t\t\t\t\t<span class=\"card-hub-articles__img d-block ratio ratio-16x9 overflow-hidden\">\n\t\t\t\t\t\t\t\t\t\t\t\t\t\t\t\t<img decoding=\"async\" src=\"https:\/\/www.myallmeeting.com\/wp-content\/uploads\/2017\/10\/Seminar-Accor.png\" alt=\"\" width=\"616\" height=\"387\" loading=\"lazy\" \/>\t\t\t\t\t\t\t\n\t\t\t\t\t\t\t\t\t\t\t\t\t\t\t<\/span>\n\t\t\t\t\t\t\t\t\t\t\t\t\t\t<span class=\"card-hub-articles__content flex-grow-1 d-block bg-white position-relative\">\n\t\t\t\t\t\t\t\t\t\t\t\t\t\t\t\t\t\t\t\t\t\t\t\t<span class=\"d-block unna fs-17 fs-lg-23 fs-xl-32 mb-1\">Comment organiser un s\u00e9minaire \u00e0 petit prix ?<\/span>\n\t\t\t\t\t\t\t\t\t\t\t\t\t\t\t\t\t\t\t\t\t\t\t\t<span class=\"d-block fs-10 fs-lg-11 fs-xl-12 fs-xxl-14 text-black\">D\u00e9couvrez comment allier b\u00e9n\u00e9fices d&#039;un s\u00e9minaire \u00e0 \u00e9conomies gr\u00e2ce \u00e0 nos offres \u00e0 petits prix.<\/span>\n\t\t\t\t\t\t\t\t\t\t\t\t\t\t\t<\/span>\n\t\t\t\t\t\t\t\t\t\t\t\t\t\t<span class=\"btn btn-primary btn-hover-translate-right d-inline-flex justify-content-center justify-content-lg-start gap-2 gap-lg-1 z-1\">\n\t\t\t\t\t\t\t\t<span>\n\t\t\t\t\t\t\t\t\tD\u00e9couvrir\t\t\t\t\t\t\t\t<\/span>\n\t\t\t\t\t\t\t\t<svg width=\"15\" height=\"20\" aria-hidden=\"true\">\n\t\t\t\t\t\t\t\t\t<use xlink:href=\"https:\/\/www.myallmeeting.com\/wp-content\/themes\/accor\/assets\/images\/sprite.svg#btn-arrow-white\"><\/use>\n\t\t\t\t\t\t\t\t<\/svg>\n\t\t\t\t\t\t\t<\/span>\n\t\t\t\t\t\t<\/a>\n\t\t\t\t\t<\/div>\n\t\t\t\t\t\t\t\t\t\t<div class=\"splide__slide col-lg-4 col-xl-4 mb-lg-6 d-none\">\n\t\t\t\t\t\t<a href=\"https:\/\/www.myallmeeting.com\/fr\/article\/une-selection-des-restaurants-dexception-du-groupe-accor\/\" class=\"card-hub-articles text-decoration-none link-primary text-end lh-xs d-flex flex-column align-items-end h-100\">\n\t\t\t\t\t\t\t<span class=\"card-hub-articles__img d-block ratio ratio-16x9 overflow-hidden\">\n\t\t\t\t\t\t\t\t\t\t\t\t\t\t\t\t<img decoding=\"async\" src=\"https:\/\/www.myallmeeting.com\/wp-content\/uploads\/2017\/10\/Matsuhisa-Paris.png\" alt=\"\" width=\"616\" height=\"387\" loading=\"lazy\" \/>\t\t\t\t\t\t\t\n\t\t\t\t\t\t\t\t\t\t\t\t\t\t\t<\/span>\n\t\t\t\t\t\t\t\t\t\t\t\t\t\t<span class=\"card-hub-articles__content flex-grow-1 d-block bg-white position-relative\">\n\t\t\t\t\t\t\t\t\t\t\t\t\t\t\t\t\t\t\t\t\t\t\t\t<span class=\"d-block unna fs-17 fs-lg-23 fs-xl-32 mb-1\">Une s\u00e9lection des restaurants d\u2019exception du groupe Accor<\/span>\n\t\t\t\t\t\t\t\t\t\t\t\t\t\t\t\t\t\t\t\t\t\t\t\t<span class=\"d-block fs-10 fs-lg-11 fs-xl-12 fs-xxl-14 text-black\">D\u00e9couvrez les assiettes de chefs r\u00e9put\u00e9s dans les restaurants de nos h\u00f4tels.<\/span>\n\t\t\t\t\t\t\t\t\t\t\t\t\t\t\t<\/span>\n\t\t\t\t\t\t\t\t\t\t\t\t\t\t<span class=\"btn btn-primary btn-hover-translate-right d-inline-flex justify-content-center justify-content-lg-start gap-2 gap-lg-1 z-1\">\n\t\t\t\t\t\t\t\t<span>\n\t\t\t\t\t\t\t\t\tD\u00e9couvrir\t\t\t\t\t\t\t\t<\/span>\n\t\t\t\t\t\t\t\t<svg width=\"15\" height=\"20\" aria-hidden=\"true\">\n\t\t\t\t\t\t\t\t\t<use xlink:href=\"https:\/\/www.myallmeeting.com\/wp-content\/themes\/accor\/assets\/images\/sprite.svg#btn-arrow-white\"><\/use>\n\t\t\t\t\t\t\t\t<\/svg>\n\t\t\t\t\t\t\t<\/span>\n\t\t\t\t\t\t<\/a>\n\t\t\t\t\t<\/div>\n\t\t\t\t\t\t\t\t\t\t<div class=\"splide__slide col-lg-4 col-xl-4 mb-lg-6 d-none\">\n\t\t\t\t\t\t<a href=\"https:\/\/www.myallmeeting.com\/fr\/article\/3-choix-au-menu-de-votre-reunion-petit-dejeuner-dejeuner-ou-cocktail\/\" class=\"card-hub-articles text-decoration-none link-primary text-end lh-xs d-flex flex-column align-items-end h-100\">\n\t\t\t\t\t\t\t<span class=\"card-hub-articles__img d-block ratio ratio-16x9 overflow-hidden\">\n\t\t\t\t\t\t\t\t\t\t\t\t\t\t\t\t<img decoding=\"async\" src=\"https:\/\/www.myallmeeting.com\/wp-content\/uploads\/2017\/08\/Breakfast-Swissotel-Tbilisi.png\" alt=\"\" width=\"616\" height=\"387\" loading=\"lazy\" \/>\t\t\t\t\t\t\t\n\t\t\t\t\t\t\t\t\t\t\t\t\t\t\t<\/span>\n\t\t\t\t\t\t\t\t\t\t\t\t\t\t<span class=\"card-hub-articles__content flex-grow-1 d-block bg-white position-relative\">\n\t\t\t\t\t\t\t\t\t\t\t\t\t\t\t\t\t\t\t\t\t\t\t\t<span class=\"d-block unna fs-17 fs-lg-23 fs-xl-32 mb-1\">3 choix au menu de votre r\u00e9union : petit-d\u00e9jeuner, d\u00e9jeuner ou cocktail ?<\/span>\n\t\t\t\t\t\t\t\t\t\t\t\t\t\t\t\t\t\t\t\t\t\t\t\t<span class=\"d-block fs-10 fs-lg-11 fs-xl-12 fs-xxl-14 text-black\">D\u00e9terminez l&#039;ambiance gustative pour votre prochaine r\u00e9union.<\/span>\n\t\t\t\t\t\t\t\t\t\t\t\t\t\t\t<\/span>\n\t\t\t\t\t\t\t\t\t\t\t\t\t\t<span class=\"btn btn-primary btn-hover-translate-right d-inline-flex justify-content-center justify-content-lg-start gap-2 gap-lg-1 z-1\">\n\t\t\t\t\t\t\t\t<span>\n\t\t\t\t\t\t\t\t\tD\u00e9couvrir\t\t\t\t\t\t\t\t<\/span>\n\t\t\t\t\t\t\t\t<svg width=\"15\" height=\"20\" aria-hidden=\"true\">\n\t\t\t\t\t\t\t\t\t<use xlink:href=\"https:\/\/www.myallmeeting.com\/wp-content\/themes\/accor\/assets\/images\/sprite.svg#btn-arrow-white\"><\/use>\n\t\t\t\t\t\t\t\t<\/svg>\n\t\t\t\t\t\t\t<\/span>\n\t\t\t\t\t\t<\/a>\n\t\t\t\t\t<\/div>\n\t\t\t\t\t\t\t\t\t\t<div class=\"splide__slide col-lg-4 col-xl-4 mb-lg-6 d-none\">\n\t\t\t\t\t\t<a href=\"https:\/\/www.myallmeeting.com\/fr\/article\/7-conseils-pour-faire-du-world-cafe-une-reunion-fructueuse\/\" class=\"card-hub-articles text-decoration-none link-primary text-end lh-xs d-flex flex-column align-items-end h-100\">\n\t\t\t\t\t\t\t<span class=\"card-hub-articles__img d-block ratio ratio-16x9 overflow-hidden\">\n\t\t\t\t\t\t\t\t\t\t\t\t\t\t\t\t<img decoding=\"async\" src=\"https:\/\/www.myallmeeting.com\/wp-content\/uploads\/2017\/06\/Creative-meeting.png\" alt=\"\" width=\"616\" height=\"387\" loading=\"lazy\" \/>\t\t\t\t\t\t\t\n\t\t\t\t\t\t\t\t\t\t\t\t\t\t\t<\/span>\n\t\t\t\t\t\t\t\t\t\t\t\t\t\t<span class=\"card-hub-articles__content flex-grow-1 d-block bg-white position-relative\">\n\t\t\t\t\t\t\t\t\t\t\t\t\t\t\t\t\t\t\t\t\t\t\t\t<span class=\"d-block unna fs-17 fs-lg-23 fs-xl-32 mb-1\">7 conseils pour faire du world caf\u00e9 une r\u00e9union fructueuse<\/span>\n\t\t\t\t\t\t\t\t\t\t\t\t\t\t\t\t\t\t\t\t\t\t\t\t<span class=\"d-block fs-10 fs-lg-11 fs-xl-12 fs-xxl-14 text-black\">Ouvrez la conversation de mani\u00e8re ludique avec cette m\u00e9thode.<\/span>\n\t\t\t\t\t\t\t\t\t\t\t\t\t\t\t<\/span>\n\t\t\t\t\t\t\t\t\t\t\t\t\t\t<span class=\"btn btn-primary btn-hover-translate-right d-inline-flex justify-content-center justify-content-lg-start gap-2 gap-lg-1 z-1\">\n\t\t\t\t\t\t\t\t<span>\n\t\t\t\t\t\t\t\t\tD\u00e9couvrir\t\t\t\t\t\t\t\t<\/span>\n\t\t\t\t\t\t\t\t<svg width=\"15\" height=\"20\" aria-hidden=\"true\">\n\t\t\t\t\t\t\t\t\t<use xlink:href=\"https:\/\/www.myallmeeting.com\/wp-content\/themes\/accor\/assets\/images\/sprite.svg#btn-arrow-white\"><\/use>\n\t\t\t\t\t\t\t\t<\/svg>\n\t\t\t\t\t\t\t<\/span>\n\t\t\t\t\t\t<\/a>\n\t\t\t\t\t<\/div>\n\t\t\t\t\t\t\t\t\t\t<div class=\"splide__slide col-lg-4 col-xl-4 mb-lg-6 d-none\">\n\t\t\t\t\t\t<a href=\"https:\/\/www.myallmeeting.com\/fr\/article\/le-top-5-des-activites-incentive-outdoor\/\" class=\"card-hub-articles text-decoration-none link-primary text-end lh-xs d-flex flex-column align-items-end h-100\">\n\t\t\t\t\t\t\t<span class=\"card-hub-articles__img d-block ratio ratio-16x9 overflow-hidden\">\n\t\t\t\t\t\t\t\t\t\t\t\t\t\t\t\t<img decoding=\"async\" src=\"https:\/\/www.myallmeeting.com\/wp-content\/uploads\/2017\/06\/MAM-baner-1920x570-16.png\" alt=\"\" width=\"616\" height=\"387\" loading=\"lazy\" \/>\t\t\t\t\t\t\t\n\t\t\t\t\t\t\t\t\t\t\t\t\t\t\t<\/span>\n\t\t\t\t\t\t\t\t\t\t\t\t\t\t<span class=\"card-hub-articles__content flex-grow-1 d-block bg-white position-relative\">\n\t\t\t\t\t\t\t\t\t\t\t\t\t\t\t\t\t\t\t\t\t\t\t\t<span class=\"d-block unna fs-17 fs-lg-23 fs-xl-32 mb-1\">Le top 5 des activit\u00e9s incentive outdoor<\/span>\n\t\t\t\t\t\t\t\t\t\t\t\t\t\t\t\t\t\t\t\t\t\t\t\t<span class=\"d-block fs-10 fs-lg-11 fs-xl-12 fs-xxl-14 text-black\">D\u00e9couvrez 5 activit\u00e9s vari\u00e9es et rafra\u00eechissantes pour votre \u00e9quipe.<\/span>\n\t\t\t\t\t\t\t\t\t\t\t\t\t\t\t<\/span>\n\t\t\t\t\t\t\t\t\t\t\t\t\t\t<span class=\"btn btn-primary btn-hover-translate-right d-inline-flex justify-content-center justify-content-lg-start gap-2 gap-lg-1 z-1\">\n\t\t\t\t\t\t\t\t<span>\n\t\t\t\t\t\t\t\t\tD\u00e9couvrir\t\t\t\t\t\t\t\t<\/span>\n\t\t\t\t\t\t\t\t<svg width=\"15\" height=\"20\" aria-hidden=\"true\">\n\t\t\t\t\t\t\t\t\t<use xlink:href=\"https:\/\/www.myallmeeting.com\/wp-content\/themes\/accor\/assets\/images\/sprite.svg#btn-arrow-white\"><\/use>\n\t\t\t\t\t\t\t\t<\/svg>\n\t\t\t\t\t\t\t<\/span>\n\t\t\t\t\t\t<\/a>\n\t\t\t\t\t<\/div>\n\t\t\t\t\t\t\t\t\t\t<div class=\"splide__slide col-lg-4 col-xl-4 mb-lg-6 d-none\">\n\t\t\t\t\t\t<a href=\"https:\/\/www.myallmeeting.com\/fr\/article\/une-vue-de-reve-pour-un-seminaire-haut-de-gamme-au-sofitel-marseille-vieux-port\/\" class=\"card-hub-articles text-decoration-none link-primary text-end lh-xs d-flex flex-column align-items-end h-100\">\n\t\t\t\t\t\t\t<span class=\"card-hub-articles__img d-block ratio ratio-16x9 overflow-hidden\">\n\t\t\t\t\t\t\t\t\t\t\t\t\t\t\t\t<img decoding=\"async\" src=\"https:\/\/www.myallmeeting.com\/wp-content\/uploads\/2017\/06\/Marseille.png\" alt=\"\" width=\"616\" height=\"387\" loading=\"lazy\" \/>\t\t\t\t\t\t\t\n\t\t\t\t\t\t\t\t\t\t\t\t\t\t\t<\/span>\n\t\t\t\t\t\t\t\t\t\t\t\t\t\t<span class=\"card-hub-articles__content flex-grow-1 d-block bg-white position-relative\">\n\t\t\t\t\t\t\t\t\t\t\t\t\t\t\t\t\t\t\t\t\t\t\t\t<span class=\"d-block unna fs-17 fs-lg-23 fs-xl-32 mb-1\">Une vue de r\u00eave pour un s\u00e9minaire haut de gamme au Sofitel Marseille Vieux Port<\/span>\n\t\t\t\t\t\t\t\t\t\t\t\t\t\t\t\t\t\t\t\t\t\t\t\t<span class=\"d-block fs-10 fs-lg-11 fs-xl-12 fs-xxl-14 text-black\">D\u00e9couvrez le charme du vieux port de Marseille depuis le Sofitel pour votre prochain s\u00e9minaire.<\/span>\n\t\t\t\t\t\t\t\t\t\t\t\t\t\t\t<\/span>\n\t\t\t\t\t\t\t\t\t\t\t\t\t\t<span class=\"btn btn-primary btn-hover-translate-right d-inline-flex justify-content-center justify-content-lg-start gap-2 gap-lg-1 z-1\">\n\t\t\t\t\t\t\t\t<span>\n\t\t\t\t\t\t\t\t\tD\u00e9couvrir\t\t\t\t\t\t\t\t<\/span>\n\t\t\t\t\t\t\t\t<svg width=\"15\" height=\"20\" aria-hidden=\"true\">\n\t\t\t\t\t\t\t\t\t<use xlink:href=\"https:\/\/www.myallmeeting.com\/wp-content\/themes\/accor\/assets\/images\/sprite.svg#btn-arrow-white\"><\/use>\n\t\t\t\t\t\t\t\t<\/svg>\n\t\t\t\t\t\t\t<\/span>\n\t\t\t\t\t\t<\/a>\n\t\t\t\t\t<\/div>\n\t\t\t\t\t\t\t\t\t\t<div class=\"splide__slide col-lg-4 col-xl-4 mb-lg-6 d-none\">\n\t\t\t\t\t\t<a href=\"https:\/\/www.myallmeeting.com\/fr\/article\/12-coups-de-coeur-pour-12-piscines-du-groupe-accor\/\" class=\"card-hub-articles text-decoration-none link-primary text-end lh-xs d-flex flex-column align-items-end h-100\">\n\t\t\t\t\t\t\t<span class=\"card-hub-articles__img d-block ratio ratio-16x9 overflow-hidden\">\n\t\t\t\t\t\t\t\t\t\t\t\t\t\t\t\t<img decoding=\"async\" src=\"https:\/\/www.myallmeeting.com\/wp-content\/uploads\/2017\/06\/Sofitel-Golfe-dAjaccio-piscine.png\" alt=\"\" width=\"616\" height=\"387\" loading=\"lazy\" \/>\t\t\t\t\t\t\t\n\t\t\t\t\t\t\t\t\t\t\t\t\t\t\t<\/span>\n\t\t\t\t\t\t\t\t\t\t\t\t\t\t<span class=\"card-hub-articles__content flex-grow-1 d-block bg-white position-relative\">\n\t\t\t\t\t\t\t\t\t\t\t\t\t\t\t\t<span class=\"d-block fs-10 fs-lg-12 fw-bold mb-1\">12 coups de c\u0153ur pour 12 piscines du groupe Accor<\/span>\n\t\t\t\t\t\t\t\t\t\t\t\t\t\t\t\t\t\t\t\t\t\t\t\t<span class=\"d-block unna fs-17 fs-lg-23 fs-xl-32 mb-1\">12 coups de c\u0153ur pour 12 piscines du groupe Accor<\/span>\n\t\t\t\t\t\t\t\t\t\t\t\t\t\t\t\t\t\t\t\t\t\t\t\t<span class=\"d-block fs-10 fs-lg-11 fs-xl-12 fs-xxl-14 text-black\">Faites r\u00eaver vos \u00e9quipes gr\u00e2ce aux magnifiques piscines de nos h\u00f4tels lors de votre prochain \u00e9v\u00e8nement.<\/span>\n\t\t\t\t\t\t\t\t\t\t\t\t\t\t\t<\/span>\n\t\t\t\t\t\t\t\t\t\t\t\t\t\t<span class=\"btn btn-primary btn-hover-translate-right d-inline-flex justify-content-center justify-content-lg-start gap-2 gap-lg-1 z-1\">\n\t\t\t\t\t\t\t\t<span>\n\t\t\t\t\t\t\t\t\tD\u00e9couvrir\t\t\t\t\t\t\t\t<\/span>\n\t\t\t\t\t\t\t\t<svg width=\"15\" height=\"20\" aria-hidden=\"true\">\n\t\t\t\t\t\t\t\t\t<use xlink:href=\"https:\/\/www.myallmeeting.com\/wp-content\/themes\/accor\/assets\/images\/sprite.svg#btn-arrow-white\"><\/use>\n\t\t\t\t\t\t\t\t<\/svg>\n\t\t\t\t\t\t\t<\/span>\n\t\t\t\t\t\t<\/a>\n\t\t\t\t\t<\/div>\n\t\t\t\t\t\t\t\t\t\t<div class=\"splide__slide col-lg-4 col-xl-4 mb-lg-6 d-none\">\n\t\t\t\t\t\t<a href=\"https:\/\/www.myallmeeting.com\/fr\/article\/accor-en-france-en-chiffres-cles\/\" class=\"card-hub-articles text-decoration-none link-primary text-end lh-xs d-flex flex-column align-items-end h-100\">\n\t\t\t\t\t\t\t<span class=\"card-hub-articles__img d-block ratio ratio-16x9 overflow-hidden\">\n\t\t\t\t\t\t\t\t\t\t\t\t\t\t\t\t<img decoding=\"async\" src=\"https:\/\/www.myallmeeting.com\/wp-content\/uploads\/2017\/06\/Accor-HQ-Sequana.png\" alt=\"\" width=\"616\" height=\"387\" loading=\"lazy\" \/>\t\t\t\t\t\t\t\n\t\t\t\t\t\t\t\t\t\t\t\t\t\t\t<\/span>\n\t\t\t\t\t\t\t\t\t\t\t\t\t\t<span class=\"card-hub-articles__content flex-grow-1 d-block bg-white position-relative\">\n\t\t\t\t\t\t\t\t\t\t\t\t\t\t\t\t\t\t\t\t\t\t\t\t<span class=\"d-block unna fs-17 fs-lg-23 fs-xl-32 mb-1\">Accor en France en chiffres cl\u00e9s<\/span>\n\t\t\t\t\t\t\t\t\t\t\t\t\t\t\t\t\t\t\t\t\t\t\t\t<span class=\"d-block fs-10 fs-lg-11 fs-xl-12 fs-xxl-14 text-black\">D\u00e9couvrez Accor en chiffres.<\/span>\n\t\t\t\t\t\t\t\t\t\t\t\t\t\t\t<\/span>\n\t\t\t\t\t\t\t\t\t\t\t\t\t\t<span class=\"btn btn-primary btn-hover-translate-right d-inline-flex justify-content-center justify-content-lg-start gap-2 gap-lg-1 z-1\">\n\t\t\t\t\t\t\t\t<span>\n\t\t\t\t\t\t\t\t\tD\u00e9couvrir\t\t\t\t\t\t\t\t<\/span>\n\t\t\t\t\t\t\t\t<svg width=\"15\" height=\"20\" aria-hidden=\"true\">\n\t\t\t\t\t\t\t\t\t<use xlink:href=\"https:\/\/www.myallmeeting.com\/wp-content\/themes\/accor\/assets\/images\/sprite.svg#btn-arrow-white\"><\/use>\n\t\t\t\t\t\t\t\t<\/svg>\n\t\t\t\t\t\t\t<\/span>\n\t\t\t\t\t\t<\/a>\n\t\t\t\t\t<\/div>\n\t\t\t\t\t\t\t\t\t\t<div class=\"splide__slide col-lg-4 col-xl-4 mb-lg-6 d-none\">\n\t\t\t\t\t\t<a href=\"https:\/\/www.myallmeeting.com\/fr\/article\/5-idees-de-reunions-originales\/\" class=\"card-hub-articles text-decoration-none link-primary text-end lh-xs d-flex flex-column align-items-end h-100\">\n\t\t\t\t\t\t\t<span class=\"card-hub-articles__img d-block ratio ratio-16x9 overflow-hidden\">\n\t\t\t\t\t\t\t\t\t\t\t\t\t\t\t\t<img decoding=\"async\" src=\"https:\/\/www.myallmeeting.com\/wp-content\/uploads\/2017\/05\/iStock-169878832.jpg\" alt=\"r\u00e9unions originales\" width=\"616\" height=\"387\" loading=\"lazy\" \/>\t\t\t\t\t\t\t\n\t\t\t\t\t\t\t\t\t\t\t\t\t\t\t<\/span>\n\t\t\t\t\t\t\t\t\t\t\t\t\t\t<span class=\"card-hub-articles__content flex-grow-1 d-block bg-white position-relative\">\n\t\t\t\t\t\t\t\t\t\t\t\t\t\t\t\t\t\t\t\t\t\t\t\t<span class=\"d-block unna fs-17 fs-lg-23 fs-xl-32 mb-1\">5 id\u00e9es de r\u00e9unions originales<\/span>\n\t\t\t\t\t\t\t\t\t\t\t\t\t\t\t\t\t\t\t\t\t\t\t\t<span class=\"d-block fs-10 fs-lg-11 fs-xl-12 fs-xxl-14 text-black\">Vous souhaitez insuffler une nouvelle dynamique au sein de vos r\u00e9unions professionnelles ? D\u00e9couvrez les id\u00e9es de nos experts pour des r\u00e9unions originales impliquant vos \u00e9quipes.\u00a0<\/span>\n\t\t\t\t\t\t\t\t\t\t\t\t\t\t\t<\/span>\n\t\t\t\t\t\t\t\t\t\t\t\t\t\t<span class=\"btn btn-primary btn-hover-translate-right d-inline-flex justify-content-center justify-content-lg-start gap-2 gap-lg-1 z-1\">\n\t\t\t\t\t\t\t\t<span>\n\t\t\t\t\t\t\t\t\tD\u00e9couvrir\t\t\t\t\t\t\t\t<\/span>\n\t\t\t\t\t\t\t\t<svg width=\"15\" height=\"20\" aria-hidden=\"true\">\n\t\t\t\t\t\t\t\t\t<use xlink:href=\"https:\/\/www.myallmeeting.com\/wp-content\/themes\/accor\/assets\/images\/sprite.svg#btn-arrow-white\"><\/use>\n\t\t\t\t\t\t\t\t<\/svg>\n\t\t\t\t\t\t\t<\/span>\n\t\t\t\t\t\t<\/a>\n\t\t\t\t\t<\/div>\n\t\t\t\t\t\t\t\t\t\t<div class=\"splide__slide col-lg-4 col-xl-4 mb-lg-6 d-none\">\n\t\t\t\t\t\t<a href=\"https:\/\/www.myallmeeting.com\/fr\/article\/ibis-styles-paris-bercy-un-esprit-street-art-et-start-up-pour-vos-meetings\/\" class=\"card-hub-articles text-decoration-none link-primary text-end lh-xs d-flex flex-column align-items-end h-100\">\n\t\t\t\t\t\t\t<span class=\"card-hub-articles__img d-block ratio ratio-16x9 overflow-hidden\">\n\t\t\t\t\t\t\t\t\t\t\t\t\t\t\t\t<img decoding=\"async\" src=\"https:\/\/www.myallmeeting.com\/wp-content\/uploads\/2017\/05\/MAM-imagery-1920-x-570-px-2.png\" alt=\"\" width=\"616\" height=\"387\" loading=\"lazy\" \/>\t\t\t\t\t\t\t\n\t\t\t\t\t\t\t\t\t\t\t\t\t\t\t<\/span>\n\t\t\t\t\t\t\t\t\t\t\t\t\t\t<span class=\"card-hub-articles__content flex-grow-1 d-block bg-white position-relative\">\n\t\t\t\t\t\t\t\t\t\t\t\t\t\t\t\t\t\t\t\t\t\t\t\t<span class=\"d-block unna fs-17 fs-lg-23 fs-xl-32 mb-1\">Ibis Styles Paris Bercy : un esprit street art et start-up pour vos meetings<\/span>\n\t\t\t\t\t\t\t\t\t\t\t\t\t\t\t\t\t\t\t\t\t\t\t\t<span class=\"d-block fs-10 fs-lg-11 fs-xl-12 fs-xxl-14 text-black\">D\u00e9couvrez l&#039;\u00e9tonnant Ibis Styles Paris Bercy pour vos meetings.<\/span>\n\t\t\t\t\t\t\t\t\t\t\t\t\t\t\t<\/span>\n\t\t\t\t\t\t\t\t\t\t\t\t\t\t<span class=\"btn btn-primary btn-hover-translate-right d-inline-flex justify-content-center justify-content-lg-start gap-2 gap-lg-1 z-1\">\n\t\t\t\t\t\t\t\t<span>\n\t\t\t\t\t\t\t\t\tD\u00e9couvrir\t\t\t\t\t\t\t\t<\/span>\n\t\t\t\t\t\t\t\t<svg width=\"15\" height=\"20\" aria-hidden=\"true\">\n\t\t\t\t\t\t\t\t\t<use xlink:href=\"https:\/\/www.myallmeeting.com\/wp-content\/themes\/accor\/assets\/images\/sprite.svg#btn-arrow-white\"><\/use>\n\t\t\t\t\t\t\t\t<\/svg>\n\t\t\t\t\t\t\t<\/span>\n\t\t\t\t\t\t<\/a>\n\t\t\t\t\t<\/div>\n\t\t\t\t\t\t\t\t\t\t<div class=\"splide__slide col-lg-4 col-xl-4 mb-lg-6 d-none\">\n\t\t\t\t\t\t<a href=\"https:\/\/www.myallmeeting.com\/fr\/article\/comment-organiser-un-workshop-efficacement\/\" class=\"card-hub-articles text-decoration-none link-primary text-end lh-xs d-flex flex-column align-items-end h-100\">\n\t\t\t\t\t\t\t<span class=\"card-hub-articles__img d-block ratio ratio-16x9 overflow-hidden\">\n\t\t\t\t\t\t\t\t\t\t\t\t\t\t\t\t<img decoding=\"async\" src=\"https:\/\/www.myallmeeting.com\/wp-content\/uploads\/2017\/05\/Workshop-3.png\" alt=\"\" width=\"616\" height=\"387\" loading=\"lazy\" \/>\t\t\t\t\t\t\t\n\t\t\t\t\t\t\t\t\t\t\t\t\t\t\t<\/span>\n\t\t\t\t\t\t\t\t\t\t\t\t\t\t<span class=\"card-hub-articles__content flex-grow-1 d-block bg-white position-relative\">\n\t\t\t\t\t\t\t\t\t\t\t\t\t\t\t\t\t\t\t\t\t\t\t\t<span class=\"d-block unna fs-17 fs-lg-23 fs-xl-32 mb-1\">Comment organiser un workshop efficacement ?<\/span>\n\t\t\t\t\t\t\t\t\t\t\t\t\t\t\t\t\t\t\t\t\t\t\t\t<span class=\"d-block fs-10 fs-lg-11 fs-xl-12 fs-xxl-14 text-black\">Rep\u00e9rez les \u00e9l\u00e9ments cl\u00e9s pour donner vie \u00e0 vos workshop.<\/span>\n\t\t\t\t\t\t\t\t\t\t\t\t\t\t\t<\/span>\n\t\t\t\t\t\t\t\t\t\t\t\t\t\t<span class=\"btn btn-primary btn-hover-translate-right d-inline-flex justify-content-center justify-content-lg-start gap-2 gap-lg-1 z-1\">\n\t\t\t\t\t\t\t\t<span>\n\t\t\t\t\t\t\t\t\tD\u00e9couvrir\t\t\t\t\t\t\t\t<\/span>\n\t\t\t\t\t\t\t\t<svg width=\"15\" height=\"20\" aria-hidden=\"true\">\n\t\t\t\t\t\t\t\t\t<use xlink:href=\"https:\/\/www.myallmeeting.com\/wp-content\/themes\/accor\/assets\/images\/sprite.svg#btn-arrow-white\"><\/use>\n\t\t\t\t\t\t\t\t<\/svg>\n\t\t\t\t\t\t\t<\/span>\n\t\t\t\t\t\t<\/a>\n\t\t\t\t\t<\/div>\n\t\t\t\t\t\t\t\t\t\t<div class=\"splide__slide col-lg-4 col-xl-4 mb-lg-6 d-none\">\n\t\t\t\t\t\t<a href=\"https:\/\/www.myallmeeting.com\/fr\/article\/les-7-cles-dune-reunion-dynamique\/\" class=\"card-hub-articles text-decoration-none link-primary text-end lh-xs d-flex flex-column align-items-end h-100\">\n\t\t\t\t\t\t\t<span class=\"card-hub-articles__img d-block ratio ratio-16x9 overflow-hidden\">\n\t\t\t\t\t\t\t\t\t\t\t\t\t\t\t\t<img decoding=\"async\" src=\"https:\/\/www.myallmeeting.com\/wp-content\/uploads\/2017\/04\/reunion-dynamique.png\" alt=\"\" width=\"616\" height=\"387\" loading=\"lazy\" \/>\t\t\t\t\t\t\t\n\t\t\t\t\t\t\t\t\t\t\t\t\t\t\t<\/span>\n\t\t\t\t\t\t\t\t\t\t\t\t\t\t<span class=\"card-hub-articles__content flex-grow-1 d-block bg-white position-relative\">\n\t\t\t\t\t\t\t\t\t\t\t\t\t\t\t\t\t\t\t\t\t\t\t\t<span class=\"d-block unna fs-17 fs-lg-23 fs-xl-32 mb-1\">Les 7 cl\u00e9s d\u2019une r\u00e9union dynamique<\/span>\n\t\t\t\t\t\t\t\t\t\t\t\t\t\t\t\t\t\t\t\t\t\t\t\t<span class=\"d-block fs-10 fs-lg-11 fs-xl-12 fs-xxl-14 text-black\">D\u00e9couvrez les 7 \u00e9l\u00e9ments essentiels afin de dynamiser vos \u00e9quipes en r\u00e9union.<\/span>\n\t\t\t\t\t\t\t\t\t\t\t\t\t\t\t<\/span>\n\t\t\t\t\t\t\t\t\t\t\t\t\t\t<span class=\"btn btn-primary btn-hover-translate-right d-inline-flex justify-content-center justify-content-lg-start gap-2 gap-lg-1 z-1\">\n\t\t\t\t\t\t\t\t<span>\n\t\t\t\t\t\t\t\t\tD\u00e9couvrir\t\t\t\t\t\t\t\t<\/span>\n\t\t\t\t\t\t\t\t<svg width=\"15\" height=\"20\" aria-hidden=\"true\">\n\t\t\t\t\t\t\t\t\t<use xlink:href=\"https:\/\/www.myallmeeting.com\/wp-content\/themes\/accor\/assets\/images\/sprite.svg#btn-arrow-white\"><\/use>\n\t\t\t\t\t\t\t\t<\/svg>\n\t\t\t\t\t\t\t<\/span>\n\t\t\t\t\t\t<\/a>\n\t\t\t\t\t<\/div>\n\t\t\t\t\t\t\t\t\t\t<div class=\"splide__slide col-lg-4 col-xl-4 mb-lg-6 d-none\">\n\t\t\t\t\t\t<a href=\"https:\/\/www.myallmeeting.com\/fr\/article\/comment-faire-un-compte-rendu-original\/\" class=\"card-hub-articles text-decoration-none link-primary text-end lh-xs d-flex flex-column align-items-end h-100\">\n\t\t\t\t\t\t\t<span class=\"card-hub-articles__img d-block ratio ratio-16x9 overflow-hidden\">\n\t\t\t\t\t\t\t\t\t\t\t\t\t\t\t\t<img decoding=\"async\" src=\"https:\/\/www.myallmeeting.com\/wp-content\/uploads\/2017\/04\/compte-rendu-reunion.png\" alt=\"\" width=\"616\" height=\"387\" loading=\"lazy\" \/>\t\t\t\t\t\t\t\n\t\t\t\t\t\t\t\t\t\t\t\t\t\t\t<\/span>\n\t\t\t\t\t\t\t\t\t\t\t\t\t\t<span class=\"card-hub-articles__content flex-grow-1 d-block bg-white position-relative\">\n\t\t\t\t\t\t\t\t\t\t\t\t\t\t\t\t\t\t\t\t\t\t\t\t<span class=\"d-block unna fs-17 fs-lg-23 fs-xl-32 mb-1\">Comment faire un compte-rendu original ?<\/span>\n\t\t\t\t\t\t\t\t\t\t\t\t\t\t\t\t\t\t\t\t\t\t\t\t<span class=\"d-block fs-10 fs-lg-11 fs-xl-12 fs-xxl-14 text-black\">D\u00e9couvrez de nouveaux formats afin de rendre vos compte rendus dynamiques.<\/span>\n\t\t\t\t\t\t\t\t\t\t\t\t\t\t\t<\/span>\n\t\t\t\t\t\t\t\t\t\t\t\t\t\t<span class=\"btn btn-primary btn-hover-translate-right d-inline-flex justify-content-center justify-content-lg-start gap-2 gap-lg-1 z-1\">\n\t\t\t\t\t\t\t\t<span>\n\t\t\t\t\t\t\t\t\tD\u00e9couvrir\t\t\t\t\t\t\t\t<\/span>\n\t\t\t\t\t\t\t\t<svg width=\"15\" height=\"20\" aria-hidden=\"true\">\n\t\t\t\t\t\t\t\t\t<use xlink:href=\"https:\/\/www.myallmeeting.com\/wp-content\/themes\/accor\/assets\/images\/sprite.svg#btn-arrow-white\"><\/use>\n\t\t\t\t\t\t\t\t<\/svg>\n\t\t\t\t\t\t\t<\/span>\n\t\t\t\t\t\t<\/a>\n\t\t\t\t\t<\/div>\n\t\t\t\t\t\t\t\t\t\t<div class=\"splide__slide col-lg-4 col-xl-4 mb-lg-6 d-none\">\n\t\t\t\t\t\t<a href=\"https:\/\/www.myallmeeting.com\/fr\/article\/comment-casser-la-routine-et-maintenir-lattention-en-reunion\/\" class=\"card-hub-articles text-decoration-none link-primary text-end lh-xs d-flex flex-column align-items-end h-100\">\n\t\t\t\t\t\t\t<span class=\"card-hub-articles__img d-block ratio ratio-16x9 overflow-hidden\">\n\t\t\t\t\t\t\t\t\t\t\t\t\t\t\t\t<img decoding=\"async\" src=\"https:\/\/www.myallmeeting.com\/wp-content\/uploads\/2017\/03\/4572-55.jpg\" alt=\"\" width=\"616\" height=\"387\" loading=\"lazy\" \/>\t\t\t\t\t\t\t\n\t\t\t\t\t\t\t\t\t\t\t\t\t\t\t<\/span>\n\t\t\t\t\t\t\t\t\t\t\t\t\t\t<span class=\"card-hub-articles__content flex-grow-1 d-block bg-white position-relative\">\n\t\t\t\t\t\t\t\t\t\t\t\t\t\t\t\t\t\t\t\t\t\t\t\t<span class=\"d-block unna fs-17 fs-lg-23 fs-xl-32 mb-1\">Comment casser la routine et maintenir l\u2019attention en r\u00e9union ?<\/span>\n\t\t\t\t\t\t\t\t\t\t\t\t\t\t\t\t\t\t\t\t\t\t\t\t<span class=\"d-block fs-10 fs-lg-11 fs-xl-12 fs-xxl-14 text-black\">Plongez dans de pr\u00e9cieux conseils afin de motiver vos \u00e9quipes lors de vos r\u00e9unions.<\/span>\n\t\t\t\t\t\t\t\t\t\t\t\t\t\t\t<\/span>\n\t\t\t\t\t\t\t\t\t\t\t\t\t\t<span class=\"btn btn-primary btn-hover-translate-right d-inline-flex justify-content-center justify-content-lg-start gap-2 gap-lg-1 z-1\">\n\t\t\t\t\t\t\t\t<span>\n\t\t\t\t\t\t\t\t\tD\u00e9couvrir\t\t\t\t\t\t\t\t<\/span>\n\t\t\t\t\t\t\t\t<svg width=\"15\" height=\"20\" aria-hidden=\"true\">\n\t\t\t\t\t\t\t\t\t<use xlink:href=\"https:\/\/www.myallmeeting.com\/wp-content\/themes\/accor\/assets\/images\/sprite.svg#btn-arrow-white\"><\/use>\n\t\t\t\t\t\t\t\t<\/svg>\n\t\t\t\t\t\t\t<\/span>\n\t\t\t\t\t\t<\/a>\n\t\t\t\t\t<\/div>\n\t\t\t\t\t\t\t\t\t\t<div class=\"splide__slide col-lg-4 col-xl-4 mb-lg-6 d-none\">\n\t\t\t\t\t\t<a href=\"https:\/\/www.myallmeeting.com\/fr\/article\/une-selection-des-plus-belles-vues-de-nos-adresses-en-france\/\" class=\"card-hub-articles text-decoration-none link-primary text-end lh-xs d-flex flex-column align-items-end h-100\">\n\t\t\t\t\t\t\t<span class=\"card-hub-articles__img d-block ratio ratio-16x9 overflow-hidden\">\n\t\t\t\t\t\t\t\t\t\t\t\t\t\t\t\t<img decoding=\"async\" src=\"https:\/\/www.myallmeeting.com\/wp-content\/uploads\/2017\/03\/MAM-baner-1920x570-74.png\" alt=\"\" width=\"616\" height=\"387\" loading=\"lazy\" \/>\t\t\t\t\t\t\t\n\t\t\t\t\t\t\t\t\t\t\t\t\t\t\t<\/span>\n\t\t\t\t\t\t\t\t\t\t\t\t\t\t<span class=\"card-hub-articles__content flex-grow-1 d-block bg-white position-relative\">\n\t\t\t\t\t\t\t\t\t\t\t\t\t\t\t\t\t\t\t\t\t\t\t\t<span class=\"d-block unna fs-17 fs-lg-23 fs-xl-32 mb-1\">Une s\u00e9lection des plus belles vues de nos adresses en France<\/span>\n\t\t\t\t\t\t\t\t\t\t\t\t\t\t\t\t\t\t\t\t\t\t\t\t<span class=\"d-block fs-10 fs-lg-11 fs-xl-12 fs-xxl-14 text-black\">Vous cherchez un lieu de s\u00e9minaire offrant une belle vue et situ\u00e9 en France ? Stoppez tout. Le groupe Accor vous propose une s\u00e9lection d\u2019h\u00f4tels r\u00e9pondant \u00e0 vos besoins. Vue \u00e9poustouflante garantie.<\/span>\n\t\t\t\t\t\t\t\t\t\t\t\t\t\t\t<\/span>\n\t\t\t\t\t\t\t\t\t\t\t\t\t\t<span class=\"btn btn-primary btn-hover-translate-right d-inline-flex justify-content-center justify-content-lg-start gap-2 gap-lg-1 z-1\">\n\t\t\t\t\t\t\t\t<span>\n\t\t\t\t\t\t\t\t\tD\u00e9couvrir\t\t\t\t\t\t\t\t<\/span>\n\t\t\t\t\t\t\t\t<svg width=\"15\" height=\"20\" aria-hidden=\"true\">\n\t\t\t\t\t\t\t\t\t<use xlink:href=\"https:\/\/www.myallmeeting.com\/wp-content\/themes\/accor\/assets\/images\/sprite.svg#btn-arrow-white\"><\/use>\n\t\t\t\t\t\t\t\t<\/svg>\n\t\t\t\t\t\t\t<\/span>\n\t\t\t\t\t\t<\/a>\n\t\t\t\t\t<\/div>\n\t\t\t\t\t\t\t\t\t\t<div class=\"splide__slide col-lg-4 col-xl-4 mb-lg-6 d-none\">\n\t\t\t\t\t\t<a href=\"https:\/\/www.myallmeeting.com\/fr\/article\/la-to-do-list-de-la-reunion-parfaite-en-10-points-cles\/\" class=\"card-hub-articles text-decoration-none link-primary text-end lh-xs d-flex flex-column align-items-end h-100\">\n\t\t\t\t\t\t\t<span class=\"card-hub-articles__img d-block ratio ratio-16x9 overflow-hidden\">\n\t\t\t\t\t\t\t\t\t\t\t\t\t\t\t\t<img decoding=\"async\" src=\"https:\/\/www.myallmeeting.com\/wp-content\/uploads\/2017\/03\/To-do-list.png\" alt=\"\" width=\"616\" height=\"387\" loading=\"lazy\" \/>\t\t\t\t\t\t\t\n\t\t\t\t\t\t\t\t\t\t\t\t\t\t\t<\/span>\n\t\t\t\t\t\t\t\t\t\t\t\t\t\t<span class=\"card-hub-articles__content flex-grow-1 d-block bg-white position-relative\">\n\t\t\t\t\t\t\t\t\t\t\t\t\t\t\t\t\t\t\t\t\t\t\t\t<span class=\"d-block unna fs-17 fs-lg-23 fs-xl-32 mb-1\">La to do list de la r\u00e9union parfaite en 10 points cl\u00e9s<\/span>\n\t\t\t\t\t\t\t\t\t\t\t\t\t\t\t\t\t\t\t\t\t\t\t\t<span class=\"d-block fs-10 fs-lg-11 fs-xl-12 fs-xxl-14 text-black\">D\u00e9couvrez comment captiver vos \u00e9quipes en 10 points lors de vos r\u00e9unions.<\/span>\n\t\t\t\t\t\t\t\t\t\t\t\t\t\t\t<\/span>\n\t\t\t\t\t\t\t\t\t\t\t\t\t\t<span class=\"btn btn-primary btn-hover-translate-right d-inline-flex justify-content-center justify-content-lg-start gap-2 gap-lg-1 z-1\">\n\t\t\t\t\t\t\t\t<span>\n\t\t\t\t\t\t\t\t\tD\u00e9couvrir\t\t\t\t\t\t\t\t<\/span>\n\t\t\t\t\t\t\t\t<svg width=\"15\" height=\"20\" aria-hidden=\"true\">\n\t\t\t\t\t\t\t\t\t<use xlink:href=\"https:\/\/www.myallmeeting.com\/wp-content\/themes\/accor\/assets\/images\/sprite.svg#btn-arrow-white\"><\/use>\n\t\t\t\t\t\t\t\t<\/svg>\n\t\t\t\t\t\t\t<\/span>\n\t\t\t\t\t\t<\/a>\n\t\t\t\t\t<\/div>\n\t\t\t\t\t\t\t\t\t\t<div class=\"splide__slide col-lg-4 col-xl-4 mb-lg-6 d-none\">\n\t\t\t\t\t\t<a href=\"https:\/\/www.myallmeeting.com\/fr\/article\/conflit-en-reunion-que-faire\/\" class=\"card-hub-articles text-decoration-none link-primary text-end lh-xs d-flex flex-column align-items-end h-100\">\n\t\t\t\t\t\t\t<span class=\"card-hub-articles__img d-block ratio ratio-16x9 overflow-hidden\">\n\t\t\t\t\t\t\t\t\t\t\t\t\t\t\t\t<img decoding=\"async\" src=\"https:\/\/www.myallmeeting.com\/wp-content\/uploads\/2016\/11\/illustration-conflit-reunion.png\" alt=\"\" width=\"616\" height=\"387\" loading=\"lazy\" \/>\t\t\t\t\t\t\t\n\t\t\t\t\t\t\t\t\t\t\t\t\t\t\t<\/span>\n\t\t\t\t\t\t\t\t\t\t\t\t\t\t<span class=\"card-hub-articles__content flex-grow-1 d-block bg-white position-relative\">\n\t\t\t\t\t\t\t\t\t\t\t\t\t\t\t\t\t\t\t\t\t\t\t\t<span class=\"d-block unna fs-17 fs-lg-23 fs-xl-32 mb-1\">Conflit en r\u00e9union : que faire ?<\/span>\n\t\t\t\t\t\t\t\t\t\t\t\t\t\t\t\t\t\t\t\t\t\t\t\t<span class=\"d-block fs-10 fs-lg-11 fs-xl-12 fs-xxl-14 text-black\">Apprenez les comportements \u00e0 adopter afin de g\u00e9rer les conflits et de d\u00e9tendre vos \u00e9quipes.<\/span>\n\t\t\t\t\t\t\t\t\t\t\t\t\t\t\t<\/span>\n\t\t\t\t\t\t\t\t\t\t\t\t\t\t<span class=\"btn btn-primary btn-hover-translate-right d-inline-flex justify-content-center justify-content-lg-start gap-2 gap-lg-1 z-1\">\n\t\t\t\t\t\t\t\t<span>\n\t\t\t\t\t\t\t\t\tD\u00e9couvrir\t\t\t\t\t\t\t\t<\/span>\n\t\t\t\t\t\t\t\t<svg width=\"15\" height=\"20\" aria-hidden=\"true\">\n\t\t\t\t\t\t\t\t\t<use xlink:href=\"https:\/\/www.myallmeeting.com\/wp-content\/themes\/accor\/assets\/images\/sprite.svg#btn-arrow-white\"><\/use>\n\t\t\t\t\t\t\t\t<\/svg>\n\t\t\t\t\t\t\t<\/span>\n\t\t\t\t\t\t<\/a>\n\t\t\t\t\t<\/div>\n\t\t\t\t\t\t\t\t\t\t<div class=\"splide__slide col-lg-4 col-xl-4 mb-lg-6 d-none\">\n\t\t\t\t\t\t<a href=\"https:\/\/www.myallmeeting.com\/fr\/article\/en-reunion-on-evite-de\/\" class=\"card-hub-articles text-decoration-none link-primary text-end lh-xs d-flex flex-column align-items-end h-100\">\n\t\t\t\t\t\t\t<span class=\"card-hub-articles__img d-block ratio ratio-16x9 overflow-hidden\">\n\t\t\t\t\t\t\t\t\t\t\t\t\t\t\t\t<img decoding=\"async\" src=\"https:\/\/www.myallmeeting.com\/wp-content\/uploads\/2016\/11\/MAM-baner-1920x570-26.png\" alt=\"\" width=\"616\" height=\"387\" loading=\"lazy\" \/>\t\t\t\t\t\t\t\n\t\t\t\t\t\t\t\t\t\t\t\t\t\t\t<\/span>\n\t\t\t\t\t\t\t\t\t\t\t\t\t\t<span class=\"card-hub-articles__content flex-grow-1 d-block bg-white position-relative\">\n\t\t\t\t\t\t\t\t\t\t\t\t\t\t\t\t\t\t\t\t\t\t\t\t<span class=\"d-block unna fs-17 fs-lg-23 fs-xl-32 mb-1\">En r\u00e9union, on \u00e9vite de\u2026<\/span>\n\t\t\t\t\t\t\t\t\t\t\t\t\t\t\t\t\t\t\t\t\t\t\t\t<span class=\"d-block fs-10 fs-lg-11 fs-xl-12 fs-xxl-14 text-black\">Quelles mauvaises habitudes sont \u00e0 laisser de c\u00f4t\u00e9 pour une r\u00e9union r\u00e9ussie ? Les experts Accor vous donnent leurs bons conseils. <\/span>\n\t\t\t\t\t\t\t\t\t\t\t\t\t\t\t<\/span>\n\t\t\t\t\t\t\t\t\t\t\t\t\t\t<span class=\"btn btn-primary btn-hover-translate-right d-inline-flex justify-content-center justify-content-lg-start gap-2 gap-lg-1 z-1\">\n\t\t\t\t\t\t\t\t<span>\n\t\t\t\t\t\t\t\t\tD\u00e9couvrir\t\t\t\t\t\t\t\t<\/span>\n\t\t\t\t\t\t\t\t<svg width=\"15\" height=\"20\" aria-hidden=\"true\">\n\t\t\t\t\t\t\t\t\t<use xlink:href=\"https:\/\/www.myallmeeting.com\/wp-content\/themes\/accor\/assets\/images\/sprite.svg#btn-arrow-white\"><\/use>\n\t\t\t\t\t\t\t\t<\/svg>\n\t\t\t\t\t\t\t<\/span>\n\t\t\t\t\t\t<\/a>\n\t\t\t\t\t<\/div>\n\t\t\t\t\t\t\t\t\t\t<div class=\"splide__slide col-lg-4 col-xl-4 mb-lg-6 d-none\">\n\t\t\t\t\t\t<a href=\"https:\/\/www.myallmeeting.com\/fr\/article\/comment-bien-debuter-votre-reunion\/\" class=\"card-hub-articles text-decoration-none link-primary text-end lh-xs d-flex flex-column align-items-end h-100\">\n\t\t\t\t\t\t\t<span class=\"card-hub-articles__img d-block ratio ratio-16x9 overflow-hidden\">\n\t\t\t\t\t\t\t\t\t\t\t\t\t\t\t\t<img decoding=\"async\" src=\"https:\/\/www.myallmeeting.com\/wp-content\/uploads\/2016\/11\/Meetings-generic.png\" alt=\"\" width=\"616\" height=\"387\" loading=\"lazy\" \/>\t\t\t\t\t\t\t\n\t\t\t\t\t\t\t\t\t\t\t\t\t\t\t<\/span>\n\t\t\t\t\t\t\t\t\t\t\t\t\t\t<span class=\"card-hub-articles__content flex-grow-1 d-block bg-white position-relative\">\n\t\t\t\t\t\t\t\t\t\t\t\t\t\t\t\t\t\t\t\t\t\t\t\t<span class=\"d-block unna fs-17 fs-lg-23 fs-xl-32 mb-1\">Comment bien d\u00e9buter votre r\u00e9union ?<\/span>\n\t\t\t\t\t\t\t\t\t\t\t\t\t\t\t\t\t\t\t\t\t\t\t\t<span class=\"d-block fs-10 fs-lg-11 fs-xl-12 fs-xxl-14 text-black\">D\u00e9couvrez les meilleures pratiques pour d\u00e9buter une r\u00e9union pour un effet wow assur\u00e9.<\/span>\n\t\t\t\t\t\t\t\t\t\t\t\t\t\t\t<\/span>\n\t\t\t\t\t\t\t\t\t\t\t\t\t\t<span class=\"btn btn-primary btn-hover-translate-right d-inline-flex justify-content-center justify-content-lg-start gap-2 gap-lg-1 z-1\">\n\t\t\t\t\t\t\t\t<span>\n\t\t\t\t\t\t\t\t\tD\u00e9couvrir\t\t\t\t\t\t\t\t<\/span>\n\t\t\t\t\t\t\t\t<svg width=\"15\" height=\"20\" aria-hidden=\"true\">\n\t\t\t\t\t\t\t\t\t<use xlink:href=\"https:\/\/www.myallmeeting.com\/wp-content\/themes\/accor\/assets\/images\/sprite.svg#btn-arrow-white\"><\/use>\n\t\t\t\t\t\t\t\t<\/svg>\n\t\t\t\t\t\t\t<\/span>\n\t\t\t\t\t\t<\/a>\n\t\t\t\t\t<\/div>\n\t\t\t\t\t\t\t\t\t\t<div class=\"splide__slide col-lg-4 col-xl-4 mb-lg-6 d-none\">\n\t\t\t\t\t\t<a href=\"https:\/\/www.myallmeeting.com\/fr\/article\/choisissez-le-bon-amenagement-pour-une-reunion-reussie\/\" class=\"card-hub-articles text-decoration-none link-primary text-end lh-xs d-flex flex-column align-items-end h-100\">\n\t\t\t\t\t\t\t<span class=\"card-hub-articles__img d-block ratio ratio-16x9 overflow-hidden\">\n\t\t\t\t\t\t\t\t\t\t\t\t\t\t\t\t<img decoding=\"async\" src=\"https:\/\/www.myallmeeting.com\/wp-content\/uploads\/2016\/11\/Pullman-Paris-Tour-Eiffel.png\" alt=\"\" width=\"616\" height=\"387\" loading=\"lazy\" \/>\t\t\t\t\t\t\t\n\t\t\t\t\t\t\t\t\t\t\t\t\t\t\t<\/span>\n\t\t\t\t\t\t\t\t\t\t\t\t\t\t<span class=\"card-hub-articles__content flex-grow-1 d-block bg-white position-relative\">\n\t\t\t\t\t\t\t\t\t\t\t\t\t\t\t\t\t\t\t\t\t\t\t\t<span class=\"d-block unna fs-17 fs-lg-23 fs-xl-32 mb-1\">Choisissez le bon am\u00e9nagement pour une r\u00e9union r\u00e9ussie !<\/span>\n\t\t\t\t\t\t\t\t\t\t\t\t\t\t\t\t\t\t\t\t\t\t\t\t<span class=\"d-block fs-10 fs-lg-11 fs-xl-12 fs-xxl-14 text-black\">D\u00e9couvrez les am\u00e9nagements de salles propos\u00e9s par Accor pour chacun de vos besoins.<\/span>\n\t\t\t\t\t\t\t\t\t\t\t\t\t\t\t<\/span>\n\t\t\t\t\t\t\t\t\t\t\t\t\t\t<span class=\"btn btn-primary btn-hover-translate-right d-inline-flex justify-content-center justify-content-lg-start gap-2 gap-lg-1 z-1\">\n\t\t\t\t\t\t\t\t<span>\n\t\t\t\t\t\t\t\t\tD\u00e9couvrir\t\t\t\t\t\t\t\t<\/span>\n\t\t\t\t\t\t\t\t<svg width=\"15\" height=\"20\" aria-hidden=\"true\">\n\t\t\t\t\t\t\t\t\t<use xlink:href=\"https:\/\/www.myallmeeting.com\/wp-content\/themes\/accor\/assets\/images\/sprite.svg#btn-arrow-white\"><\/use>\n\t\t\t\t\t\t\t\t<\/svg>\n\t\t\t\t\t\t\t<\/span>\n\t\t\t\t\t\t<\/a>\n\t\t\t\t\t<\/div>\n\t\t\t\t\t\t\t\t\t\t<div class=\"splide__slide col-lg-4 col-xl-4 mb-lg-6 d-none\">\n\t\t\t\t\t\t<a href=\"https:\/\/www.myallmeeting.com\/fr\/article\/organisez-votre-seminaire-au-coeur-dun-quartier-aux-multiples-facettes-au-mercure-paris-boulogne\/\" class=\"card-hub-articles text-decoration-none link-primary text-end lh-xs d-flex flex-column align-items-end h-100\">\n\t\t\t\t\t\t\t<span class=\"card-hub-articles__img d-block ratio ratio-16x9 overflow-hidden\">\n\t\t\t\t\t\t\t\t\t\t\t\t\t\t\t\t<img decoding=\"async\" src=\"https:\/\/www.myallmeeting.com\/wp-content\/uploads\/2016\/11\/MAM-baner-1920x570-14.png\" alt=\"\" width=\"616\" height=\"387\" loading=\"lazy\" \/>\t\t\t\t\t\t\t\n\t\t\t\t\t\t\t\t\t\t\t\t\t\t\t<\/span>\n\t\t\t\t\t\t\t\t\t\t\t\t\t\t<span class=\"card-hub-articles__content flex-grow-1 d-block bg-white position-relative\">\n\t\t\t\t\t\t\t\t\t\t\t\t\t\t\t\t\t\t\t\t\t\t\t\t<span class=\"d-block unna fs-17 fs-lg-23 fs-xl-32 mb-1\">Organisez votre s\u00e9minaire au c\u0153ur d&rsquo;un quartier aux multiples facettes au Mercure Paris Boulogne<\/span>\n\t\t\t\t\t\t\t\t\t\t\t\t\t\t\t\t\t\t\t\t\t\t\t\t<span class=\"d-block fs-10 fs-lg-11 fs-xl-12 fs-xxl-14 text-black\">D\u00e9couvrez le Mercure Paris Boulogne pour vos r\u00e9unions dans une ambiance unique <\/span>\n\t\t\t\t\t\t\t\t\t\t\t\t\t\t\t<\/span>\n\t\t\t\t\t\t\t\t\t\t\t\t\t\t<span class=\"btn btn-primary btn-hover-translate-right d-inline-flex justify-content-center justify-content-lg-start gap-2 gap-lg-1 z-1\">\n\t\t\t\t\t\t\t\t<span>\n\t\t\t\t\t\t\t\t\tD\u00e9couvrir\t\t\t\t\t\t\t\t<\/span>\n\t\t\t\t\t\t\t\t<svg width=\"15\" height=\"20\" aria-hidden=\"true\">\n\t\t\t\t\t\t\t\t\t<use xlink:href=\"https:\/\/www.myallmeeting.com\/wp-content\/themes\/accor\/assets\/images\/sprite.svg#btn-arrow-white\"><\/use>\n\t\t\t\t\t\t\t\t<\/svg>\n\t\t\t\t\t\t\t<\/span>\n\t\t\t\t\t\t<\/a>\n\t\t\t\t\t<\/div>\n\t\t\t\t\t\t\t\t\t\t<div class=\"splide__slide col-lg-4 col-xl-4 mb-lg-6 d-none\">\n\t\t\t\t\t\t<a href=\"https:\/\/www.myallmeeting.com\/fr\/article\/pour-une-reunion-reussie-les-6-erreurs-a-ne-pas-commettre\/\" class=\"card-hub-articles text-decoration-none link-primary text-end lh-xs d-flex flex-column align-items-end h-100\">\n\t\t\t\t\t\t\t<span class=\"card-hub-articles__img d-block ratio ratio-16x9 overflow-hidden\">\n\t\t\t\t\t\t\t\t\t\t\t\t\t\t\t\t<img decoding=\"async\" src=\"https:\/\/www.myallmeeting.com\/wp-content\/uploads\/2016\/10\/reunion-reussie.png\" alt=\"\" width=\"616\" height=\"387\" loading=\"lazy\" \/>\t\t\t\t\t\t\t\n\t\t\t\t\t\t\t\t\t\t\t\t\t\t\t<\/span>\n\t\t\t\t\t\t\t\t\t\t\t\t\t\t<span class=\"card-hub-articles__content flex-grow-1 d-block bg-white position-relative\">\n\t\t\t\t\t\t\t\t\t\t\t\t\t\t\t\t\t\t\t\t\t\t\t\t<span class=\"d-block unna fs-17 fs-lg-23 fs-xl-32 mb-1\">Pour une r\u00e9union r\u00e9ussie, les 6 erreurs \u00e0 ne pas commettre !<\/span>\n\t\t\t\t\t\t\t\t\t\t\t\t\t\t\t\t\t\t\t\t\t\t\t\t<span class=\"d-block fs-10 fs-lg-11 fs-xl-12 fs-xxl-14 text-black\">Apprenez \u00e0 exceller en r\u00e9union en ma\u00eetrisant les 6 points cl\u00e9s \u00e0 \u00e9viter.<\/span>\n\t\t\t\t\t\t\t\t\t\t\t\t\t\t\t<\/span>\n\t\t\t\t\t\t\t\t\t\t\t\t\t\t<span class=\"btn btn-primary btn-hover-translate-right d-inline-flex justify-content-center justify-content-lg-start gap-2 gap-lg-1 z-1\">\n\t\t\t\t\t\t\t\t<span>\n\t\t\t\t\t\t\t\t\tD\u00e9couvrir\t\t\t\t\t\t\t\t<\/span>\n\t\t\t\t\t\t\t\t<svg width=\"15\" height=\"20\" aria-hidden=\"true\">\n\t\t\t\t\t\t\t\t\t<use xlink:href=\"https:\/\/www.myallmeeting.com\/wp-content\/themes\/accor\/assets\/images\/sprite.svg#btn-arrow-white\"><\/use>\n\t\t\t\t\t\t\t\t<\/svg>\n\t\t\t\t\t\t\t<\/span>\n\t\t\t\t\t\t<\/a>\n\t\t\t\t\t<\/div>\n\t\t\t\t\t\t\t\t\t\t<div class=\"splide__slide col-lg-4 col-xl-4 mb-lg-6 d-none\">\n\t\t\t\t\t\t<a href=\"https:\/\/www.myallmeeting.com\/fr\/article\/chaleureux-reconfortants-et-atypiques-sont-les-maitres-mots-du-mama-shelter-paris\/\" class=\"card-hub-articles text-decoration-none link-primary text-end lh-xs d-flex flex-column align-items-end h-100\">\n\t\t\t\t\t\t\t<span class=\"card-hub-articles__img d-block ratio ratio-16x9 overflow-hidden\">\n\t\t\t\t\t\t\t\t\t\t\t\t\t\t\t\t<img decoding=\"async\" src=\"https:\/\/www.myallmeeting.com\/wp-content\/uploads\/2016\/08\/MAM-baner-1920x570-75.png\" alt=\"\" width=\"616\" height=\"387\" loading=\"lazy\" \/>\t\t\t\t\t\t\t\n\t\t\t\t\t\t\t\t\t\t\t\t\t\t\t<\/span>\n\t\t\t\t\t\t\t\t\t\t\t\t\t\t<span class=\"card-hub-articles__content flex-grow-1 d-block bg-white position-relative\">\n\t\t\t\t\t\t\t\t\t\t\t\t\t\t\t\t\t\t\t\t\t\t\t\t<span class=\"d-block unna fs-17 fs-lg-23 fs-xl-32 mb-1\">Chaleureux, r\u00e9confortants et atypiques sont les maitres mots du Mama Shelter<\/span>\n\t\t\t\t\t\t\t\t\t\t\t\t\t\t\t\t\t\t\t\t\t\t\t\t<span class=\"d-block fs-10 fs-lg-11 fs-xl-12 fs-xxl-14 text-black\">Design, g\u00e9n\u00e9rosit\u00e9, convivialit\u00e9, fait maison, chaleureux, impertinent\u2026 Autant de valeurs qui caract\u00e9rise la marque Mama Shelter.<\/span>\n\t\t\t\t\t\t\t\t\t\t\t\t\t\t\t<\/span>\n\t\t\t\t\t\t\t\t\t\t\t\t\t\t<span class=\"btn btn-primary btn-hover-translate-right d-inline-flex justify-content-center justify-content-lg-start gap-2 gap-lg-1 z-1\">\n\t\t\t\t\t\t\t\t<span>\n\t\t\t\t\t\t\t\t\tD\u00e9couvrir\t\t\t\t\t\t\t\t<\/span>\n\t\t\t\t\t\t\t\t<svg width=\"15\" height=\"20\" aria-hidden=\"true\">\n\t\t\t\t\t\t\t\t\t<use xlink:href=\"https:\/\/www.myallmeeting.com\/wp-content\/themes\/accor\/assets\/images\/sprite.svg#btn-arrow-white\"><\/use>\n\t\t\t\t\t\t\t\t<\/svg>\n\t\t\t\t\t\t\t<\/span>\n\t\t\t\t\t\t<\/a>\n\t\t\t\t\t<\/div>\n\t\t\t\t\t\t\t\t\t\t<div class=\"splide__slide col-lg-4 col-xl-4 mb-lg-6 d-none\">\n\t\t\t\t\t\t<a href=\"https:\/\/www.myallmeeting.com\/fr\/article\/comment-garder-sa-concentration-lors-dune-reunion\/\" class=\"card-hub-articles text-decoration-none link-primary text-end lh-xs d-flex flex-column align-items-end h-100\">\n\t\t\t\t\t\t\t<span class=\"card-hub-articles__img d-block ratio ratio-16x9 overflow-hidden\">\n\t\t\t\t\t\t\t\t\t\t\t\t\t\t\t\t<img decoding=\"async\" src=\"https:\/\/www.myallmeeting.com\/wp-content\/uploads\/2016\/08\/MAM-imagery-1920-x-570-px.png\" alt=\"\" width=\"616\" height=\"387\" loading=\"lazy\" \/>\t\t\t\t\t\t\t\n\t\t\t\t\t\t\t\t\t\t\t\t\t\t\t<\/span>\n\t\t\t\t\t\t\t\t\t\t\t\t\t\t<span class=\"card-hub-articles__content flex-grow-1 d-block bg-white position-relative\">\n\t\t\t\t\t\t\t\t\t\t\t\t\t\t\t\t\t\t\t\t\t\t\t\t<span class=\"d-block unna fs-17 fs-lg-23 fs-xl-32 mb-1\">Comment garder sa concentration lors d\u2019une r\u00e9union ?<\/span>\n\t\t\t\t\t\t\t\t\t\t\t\t\t\t\t\t\t\t\t\t\t\t\t\t<span class=\"d-block fs-10 fs-lg-11 fs-xl-12 fs-xxl-14 text-black\">D\u00e9couvrez comment rester concentr\u00e9 en 10 conseils.<\/span>\n\t\t\t\t\t\t\t\t\t\t\t\t\t\t\t<\/span>\n\t\t\t\t\t\t\t\t\t\t\t\t\t\t<span class=\"btn btn-primary btn-hover-translate-right d-inline-flex justify-content-center justify-content-lg-start gap-2 gap-lg-1 z-1\">\n\t\t\t\t\t\t\t\t<span>\n\t\t\t\t\t\t\t\t\tD\u00e9couvrir\t\t\t\t\t\t\t\t<\/span>\n\t\t\t\t\t\t\t\t<svg width=\"15\" height=\"20\" aria-hidden=\"true\">\n\t\t\t\t\t\t\t\t\t<use xlink:href=\"https:\/\/www.myallmeeting.com\/wp-content\/themes\/accor\/assets\/images\/sprite.svg#btn-arrow-white\"><\/use>\n\t\t\t\t\t\t\t\t<\/svg>\n\t\t\t\t\t\t\t<\/span>\n\t\t\t\t\t\t<\/a>\n\t\t\t\t\t<\/div>\n\t\t\t\t\t\t\t\t\t\t<div class=\"splide__slide col-lg-4 col-xl-4 mb-lg-6 d-none\">\n\t\t\t\t\t\t<a href=\"https:\/\/www.myallmeeting.com\/fr\/article\/les-destinations-tendance-a-linternational-pour-un-seminaire\/\" class=\"card-hub-articles text-decoration-none link-primary text-end lh-xs d-flex flex-column align-items-end h-100\">\n\t\t\t\t\t\t\t<span class=\"card-hub-articles__img d-block ratio ratio-16x9 overflow-hidden\">\n\t\t\t\t\t\t\t\t\t\t\t\t\t\t\t\t<img decoding=\"async\" src=\"https:\/\/www.myallmeeting.com\/wp-content\/uploads\/2016\/08\/MAM-baner-1920x570-65.png\" alt=\"\" width=\"616\" height=\"387\" loading=\"lazy\" \/>\t\t\t\t\t\t\t\n\t\t\t\t\t\t\t\t\t\t\t\t\t\t\t<\/span>\n\t\t\t\t\t\t\t\t\t\t\t\t\t\t<span class=\"card-hub-articles__content flex-grow-1 d-block bg-white position-relative\">\n\t\t\t\t\t\t\t\t\t\t\t\t\t\t\t\t\t\t\t\t\t\t\t\t<span class=\"d-block unna fs-17 fs-lg-23 fs-xl-32 mb-1\">Les destinations tendance \u00e0 l\u2019international pour un s\u00e9minaire<\/span>\n\t\t\t\t\t\t\t\t\t\t\t\t\t\t\t\t\t\t\t\t\t\t\t\t<span class=\"d-block fs-10 fs-lg-11 fs-xl-12 fs-xxl-14 text-black\">Le s\u00e9minaire est un outil original n\u00e9cessaire au bon fonctionnement d\u2019une entreprise<\/span>\n\t\t\t\t\t\t\t\t\t\t\t\t\t\t\t<\/span>\n\t\t\t\t\t\t\t\t\t\t\t\t\t\t<span class=\"btn btn-primary btn-hover-translate-right d-inline-flex justify-content-center justify-content-lg-start gap-2 gap-lg-1 z-1\">\n\t\t\t\t\t\t\t\t<span>\n\t\t\t\t\t\t\t\t\tD\u00e9couvrir\t\t\t\t\t\t\t\t<\/span>\n\t\t\t\t\t\t\t\t<svg width=\"15\" height=\"20\" aria-hidden=\"true\">\n\t\t\t\t\t\t\t\t\t<use xlink:href=\"https:\/\/www.myallmeeting.com\/wp-content\/themes\/accor\/assets\/images\/sprite.svg#btn-arrow-white\"><\/use>\n\t\t\t\t\t\t\t\t<\/svg>\n\t\t\t\t\t\t\t<\/span>\n\t\t\t\t\t\t<\/a>\n\t\t\t\t\t<\/div>\n\t\t\t\t\t\t\t\t\t\t<div class=\"splide__slide col-lg-4 col-xl-4 mb-lg-6 d-none\">\n\t\t\t\t\t\t<a href=\"https:\/\/www.myallmeeting.com\/fr\/article\/des-evenements-dexceptions-dans-un-hotel-iconique-le-molitor-paris\/\" class=\"card-hub-articles text-decoration-none link-primary text-end lh-xs d-flex flex-column align-items-end h-100\">\n\t\t\t\t\t\t\t<span class=\"card-hub-articles__img d-block ratio ratio-16x9 overflow-hidden\">\n\t\t\t\t\t\t\t\t\t\t\t\t\t\t\t\t<img decoding=\"async\" src=\"https:\/\/www.myallmeeting.com\/wp-content\/uploads\/2016\/05\/497A2486.jpg\" alt=\"Molitor Paris\" width=\"616\" height=\"387\" loading=\"lazy\" \/>\t\t\t\t\t\t\t\n\t\t\t\t\t\t\t\t\t\t\t\t\t\t\t<\/span>\n\t\t\t\t\t\t\t\t\t\t\t\t\t\t<span class=\"card-hub-articles__content flex-grow-1 d-block bg-white position-relative\">\n\t\t\t\t\t\t\t\t\t\t\t\t\t\t\t\t\t\t\t\t\t\t\t\t<span class=\"d-block unna fs-17 fs-lg-23 fs-xl-32 mb-1\">Des \u00e9v\u00e9nements d&rsquo;exceptions dans un h\u00f4tel iconique : le Molitor Paris<\/span>\n\t\t\t\t\t\t\t\t\t\t\t\t\t\t\t\t\t\t\t\t\t\t\t\t<span class=\"d-block fs-10 fs-lg-11 fs-xl-12 fs-xxl-14 text-black\">Pool, Art, Life\u2026 c\u2019est ainsi que se r\u00e9sument l\u2019esprit et l\u2019h\u00e9ritage de l\u2019h\u00f4tel Molitor<\/span>\n\t\t\t\t\t\t\t\t\t\t\t\t\t\t\t<\/span>\n\t\t\t\t\t\t\t\t\t\t\t\t\t\t<span class=\"btn btn-primary btn-hover-translate-right d-inline-flex justify-content-center justify-content-lg-start gap-2 gap-lg-1 z-1\">\n\t\t\t\t\t\t\t\t<span>\n\t\t\t\t\t\t\t\t\tD\u00e9couvrir\t\t\t\t\t\t\t\t<\/span>\n\t\t\t\t\t\t\t\t<svg width=\"15\" height=\"20\" aria-hidden=\"true\">\n\t\t\t\t\t\t\t\t\t<use xlink:href=\"https:\/\/www.myallmeeting.com\/wp-content\/themes\/accor\/assets\/images\/sprite.svg#btn-arrow-white\"><\/use>\n\t\t\t\t\t\t\t\t<\/svg>\n\t\t\t\t\t\t\t<\/span>\n\t\t\t\t\t\t<\/a>\n\t\t\t\t\t<\/div>\n\t\t\t\t\t\t\t\t\t\t<div class=\"splide__slide col-lg-4 col-xl-4 mb-lg-6 d-none\">\n\t\t\t\t\t\t<a href=\"https:\/\/www.myallmeeting.com\/fr\/article\/les-destinations-tendance-en-france-pour-une-cohesion-dequipe\/\" class=\"card-hub-articles text-decoration-none link-primary text-end lh-xs d-flex flex-column align-items-end h-100\">\n\t\t\t\t\t\t\t<span class=\"card-hub-articles__img d-block ratio ratio-16x9 overflow-hidden\">\n\t\t\t\t\t\t\t\t\t\t\t\t\t\t\t\t<img decoding=\"async\" src=\"https:\/\/www.myallmeeting.com\/wp-content\/uploads\/2016\/05\/130_ACCOR_6814_3_LR_72dpi.jpg\" alt=\"Destinations tendances pour coh\u00e9sion d&#039;\u00e9quipe\" width=\"616\" height=\"387\" loading=\"lazy\" \/>\t\t\t\t\t\t\t\n\t\t\t\t\t\t\t\t\t\t\t\t\t\t\t<\/span>\n\t\t\t\t\t\t\t\t\t\t\t\t\t\t<span class=\"card-hub-articles__content flex-grow-1 d-block bg-white position-relative\">\n\t\t\t\t\t\t\t\t\t\t\t\t\t\t\t\t\t\t\t\t\t\t\t\t<span class=\"d-block unna fs-17 fs-lg-23 fs-xl-32 mb-1\">Les destinations tendance en France pour une coh\u00e9sion d&rsquo;\u00e9quipe<\/span>\n\t\t\t\t\t\t\t\t\t\t\t\t\t\t\t\t\t\t\t\t\t\t\t\t<span class=\"d-block fs-10 fs-lg-11 fs-xl-12 fs-xxl-14 text-black\">Le s\u00e9minaire est un outil particuli\u00e8rement efficace pour renforcer les connexions au sein de l\u2019entreprise. <\/span>\n\t\t\t\t\t\t\t\t\t\t\t\t\t\t\t<\/span>\n\t\t\t\t\t\t\t\t\t\t\t\t\t\t<span class=\"btn btn-primary btn-hover-translate-right d-inline-flex justify-content-center justify-content-lg-start gap-2 gap-lg-1 z-1\">\n\t\t\t\t\t\t\t\t<span>\n\t\t\t\t\t\t\t\t\tD\u00e9couvrir\t\t\t\t\t\t\t\t<\/span>\n\t\t\t\t\t\t\t\t<svg width=\"15\" height=\"20\" aria-hidden=\"true\">\n\t\t\t\t\t\t\t\t\t<use xlink:href=\"https:\/\/www.myallmeeting.com\/wp-content\/themes\/accor\/assets\/images\/sprite.svg#btn-arrow-white\"><\/use>\n\t\t\t\t\t\t\t\t<\/svg>\n\t\t\t\t\t\t\t<\/span>\n\t\t\t\t\t\t<\/a>\n\t\t\t\t\t<\/div>\n\t\t\t\t\t\t\t\t\t\t\t\t<\/div>\n\t\t<\/div>\n\t<\/div>\n\t\t\t<div class=\"text-center position-absolute l-0 b-0 w-100 d-none d-lg-block\">\n\t\t\t\t<a id=\"show_more_button\" href=\"#\" class=\"hub-articles__more fs-lg-14 fw-medium lh-1 link-secondary underline-hover d-inline-flex align-items-center gap-1 py-2 px-4 px-lg-9\">\n\t\t\t<svg width=\"15\" height=\"15\" aria-hidden=\"true\">\n\t\t\t\t<use xlink:href=\"https:\/\/www.myallmeeting.com\/wp-content\/themes\/accor\/assets\/images\/sprite.svg#link-plus-secondary\"><\/use>\n\t\t\t<\/svg>\n\t\t\t<span>Voir plus d&#039;adresses<\/span>\n\t\t<\/a>\n\t\t\t<\/div>\n\t<\/div>\n<!-- END OF : Composant : block-periscope-theme-section-composant-32-hub-articles.php -->\n","protected":false},"excerpt":{"rendered":"<p>D\u00e9couvrez les derni\u00e8res actualit\u00e9s des sujets Meetings &#038; Events<\/p>\n","protected":false},"author":1,"featured_media":16039217,"parent":0,"menu_order":0,"comment_status":"closed","ping_status":"closed","template":"template-carrefour-reportages.php","meta":{"_acf_changed":true,"footnotes":""},"class_list":["post-15161112","page","type-page","status-publish","has-post-thumbnail","hentry"],"acf":[],"yoast_head":"<title>Actualit\u00e9s s\u00e9minaires - salles de r\u00e9union MyALLMeeting<\/title>\n<meta name=\"description\" content=\"D\u00e9couvrez toutes les actualit\u00e9s li\u00e9es aux salles de r\u00e9unions et s\u00e9minaires Accor MYALLMeeting\" \/>\n<meta name=\"robots\" content=\"index, follow, max-snippet:-1, max-image-preview:large, max-video-preview:-1\" \/>\n<link rel=\"canonical\" href=\"https:\/\/www.myallmeeting.com\/fr\/wp-json\/wp\/v2\/pages\/15161112\" \/>\n<meta property=\"og:locale\" content=\"fr_FR\" \/>\n<meta property=\"og:type\" content=\"article\" \/>\n<meta property=\"og:title\" content=\"Actualit\u00e9s s\u00e9minaires - salles de r\u00e9union MyALLMeeting\" \/>\n<meta property=\"og:description\" content=\"D\u00e9couvrez toutes les actualit\u00e9s li\u00e9es aux salles de r\u00e9unions et s\u00e9minaires Accor MYALLMeeting\" \/>\n<meta property=\"og:url\" content=\"https:\/\/www.myallmeeting.com\/fr\/actualite\/\" \/>\n<meta property=\"og:site_name\" content=\"Accor MyAllMeeting.com\" \/>\n<meta property=\"article:modified_time\" content=\"2025-12-05T15:10:18+00:00\" \/>\n<meta property=\"og:image\" content=\"https:\/\/myallmeeting.com\/wp-content\/uploads\/2024\/07\/Actualite-1024x304.png\" \/>\n\t<meta property=\"og:image:width\" content=\"1024\" \/>\n\t<meta property=\"og:image:height\" content=\"304\" \/>\n\t<meta property=\"og:image:type\" content=\"image\/png\" \/>\n<meta name=\"twitter:card\" content=\"summary_large_image\" \/>\n<meta name=\"twitter:label1\" content=\"Dur\u00e9e de lecture estim\u00e9e\" \/>\n\t<meta name=\"twitter:data1\" content=\"1 minute\" \/>\n<script type=\"application\/ld+json\" class=\"yoast-schema-graph\">{\"@context\":\"https:\/\/schema.org\",\"@graph\":[{\"@type\":\"WebPage\",\"@id\":\"https:\/\/www.myallmeeting.com\/fr\/actualite\/\",\"url\":\"https:\/\/www.myallmeeting.com\/fr\/actualite\/\",\"name\":\"Actualit\u00e9s s\u00e9minaires - salles de r\u00e9union MyALLMeeting\",\"isPartOf\":{\"@id\":\"https:\/\/www.myallmeeting.com\/fr\/#website\"},\"primaryImageOfPage\":{\"@id\":\"https:\/\/www.myallmeeting.com\/fr\/actualite\/#primaryimage\"},\"image\":{\"@id\":\"https:\/\/www.myallmeeting.com\/fr\/actualite\/#primaryimage\"},\"thumbnailUrl\":\"https:\/\/www.myallmeeting.com\/wp-content\/uploads\/2024\/07\/Actualite.png\",\"datePublished\":\"2024-03-21T14:17:05+00:00\",\"dateModified\":\"2025-12-05T15:10:18+00:00\",\"description\":\"D\u00e9couvrez toutes les actualit\u00e9s li\u00e9es aux salles de r\u00e9unions et s\u00e9minaires Accor MYALLMeeting\",\"breadcrumb\":{\"@id\":\"https:\/\/www.myallmeeting.com\/fr\/actualite\/#breadcrumb\"},\"inLanguage\":\"fr-FR\",\"potentialAction\":[{\"@type\":\"ReadAction\",\"target\":[\"https:\/\/www.myallmeeting.com\/fr\/actualite\/\"]}]},{\"@type\":\"ImageObject\",\"inLanguage\":\"fr-FR\",\"@id\":\"https:\/\/www.myallmeeting.com\/fr\/actualite\/#primaryimage\",\"url\":\"https:\/\/www.myallmeeting.com\/wp-content\/uploads\/2024\/07\/Actualite.png\",\"contentUrl\":\"https:\/\/www.myallmeeting.com\/wp-content\/uploads\/2024\/07\/Actualite.png\",\"width\":1920,\"height\":570,\"caption\":\"Actualit\u00e9 europe\"},{\"@type\":\"BreadcrumbList\",\"@id\":\"https:\/\/www.myallmeeting.com\/fr\/actualite\/#breadcrumb\",\"itemListElement\":[{\"@type\":\"ListItem\",\"position\":1,\"name\":\"Accueil\",\"item\":\"https:\/\/myallmeeting.com\/fr\/\"},{\"@type\":\"ListItem\",\"position\":2,\"name\":\"Actualit\u00e9\"}]},{\"@type\":\"WebSite\",\"@id\":\"https:\/\/www.myallmeeting.com\/fr\/#website\",\"url\":\"https:\/\/www.myallmeeting.com\/fr\/\",\"name\":\"Accor MyAllMeeting.com\",\"description\":\"Les Meilleurs lieux pour vos Ev\u00e9nements Professionnels\",\"publisher\":{\"@id\":\"https:\/\/www.myallmeeting.com\/fr\/#organization\"},\"potentialAction\":[{\"@type\":\"SearchAction\",\"target\":{\"@type\":\"EntryPoint\",\"urlTemplate\":\"https:\/\/www.myallmeeting.com\/fr\/?s={search_term_string}\"},\"query-input\":{\"@type\":\"PropertyValueSpecification\",\"valueRequired\":true,\"valueName\":\"search_term_string\"}}],\"inLanguage\":\"fr-FR\"},{\"@type\":\"Organization\",\"@id\":\"https:\/\/www.myallmeeting.com\/fr\/#organization\",\"name\":\"ACCOR\",\"url\":\"https:\/\/www.myallmeeting.com\/fr\/\",\"logo\":{\"@type\":\"ImageObject\",\"inLanguage\":\"fr-FR\",\"@id\":\"https:\/\/www.myallmeeting.com\/fr\/#\/schema\/logo\/image\/\",\"url\":\"\",\"contentUrl\":\"\",\"caption\":\"ACCOR\"},\"image\":{\"@id\":\"https:\/\/www.myallmeeting.com\/fr\/#\/schema\/logo\/image\/\"}}]}<\/script>","yoast_head_json":{"title":"Actualit\u00e9s s\u00e9minaires - salles de r\u00e9union MyALLMeeting","description":"D\u00e9couvrez toutes les actualit\u00e9s li\u00e9es aux salles de r\u00e9unions et s\u00e9minaires Accor MYALLMeeting","robots":{"index":"index","follow":"follow","max-snippet":"max-snippet:-1","max-image-preview":"max-image-preview:large","max-video-preview":"max-video-preview:-1"},"canonical":"https:\/\/www.myallmeeting.com\/fr\/wp-json\/wp\/v2\/pages\/15161112","og_locale":"fr_FR","og_type":"article","og_title":"Actualit\u00e9s s\u00e9minaires - salles de r\u00e9union MyALLMeeting","og_description":"D\u00e9couvrez toutes les actualit\u00e9s li\u00e9es aux salles de r\u00e9unions et s\u00e9minaires Accor MYALLMeeting","og_url":"https:\/\/www.myallmeeting.com\/fr\/actualite\/","og_site_name":"Accor MyAllMeeting.com","article_modified_time":"2025-12-05T15:10:18+00:00","og_image":[{"width":1024,"height":304,"url":"https:\/\/myallmeeting.com\/wp-content\/uploads\/2024\/07\/Actualite-1024x304.png","type":"image\/png"}],"twitter_card":"summary_large_image","twitter_misc":{"Dur\u00e9e de lecture estim\u00e9e":"1 minute"},"schema":{"@context":"https:\/\/schema.org","@graph":[{"@type":"WebPage","@id":"https:\/\/www.myallmeeting.com\/fr\/actualite\/","url":"https:\/\/www.myallmeeting.com\/fr\/actualite\/","name":"Actualit\u00e9s s\u00e9minaires - salles de r\u00e9union MyALLMeeting","isPartOf":{"@id":"https:\/\/www.myallmeeting.com\/fr\/#website"},"primaryImageOfPage":{"@id":"https:\/\/www.myallmeeting.com\/fr\/actualite\/#primaryimage"},"image":{"@id":"https:\/\/www.myallmeeting.com\/fr\/actualite\/#primaryimage"},"thumbnailUrl":"https:\/\/www.myallmeeting.com\/wp-content\/uploads\/2024\/07\/Actualite.png","datePublished":"2024-03-21T14:17:05+00:00","dateModified":"2025-12-05T15:10:18+00:00","description":"D\u00e9couvrez toutes les actualit\u00e9s li\u00e9es aux salles de r\u00e9unions et s\u00e9minaires Accor MYALLMeeting","breadcrumb":{"@id":"https:\/\/www.myallmeeting.com\/fr\/actualite\/#breadcrumb"},"inLanguage":"fr-FR","potentialAction":[{"@type":"ReadAction","target":["https:\/\/www.myallmeeting.com\/fr\/actualite\/"]}]},{"@type":"ImageObject","inLanguage":"fr-FR","@id":"https:\/\/www.myallmeeting.com\/fr\/actualite\/#primaryimage","url":"https:\/\/www.myallmeeting.com\/wp-content\/uploads\/2024\/07\/Actualite.png","contentUrl":"https:\/\/www.myallmeeting.com\/wp-content\/uploads\/2024\/07\/Actualite.png","width":1920,"height":570,"caption":"Actualit\u00e9 europe"},{"@type":"BreadcrumbList","@id":"https:\/\/www.myallmeeting.com\/fr\/actualite\/#breadcrumb","itemListElement":[{"@type":"ListItem","position":1,"name":"Accueil","item":"https:\/\/myallmeeting.com\/fr\/"},{"@type":"ListItem","position":2,"name":"Actualit\u00e9"}]},{"@type":"WebSite","@id":"https:\/\/www.myallmeeting.com\/fr\/#website","url":"https:\/\/www.myallmeeting.com\/fr\/","name":"Accor MyAllMeeting.com","description":"Les Meilleurs lieux pour vos Ev\u00e9nements Professionnels","publisher":{"@id":"https:\/\/www.myallmeeting.com\/fr\/#organization"},"potentialAction":[{"@type":"SearchAction","target":{"@type":"EntryPoint","urlTemplate":"https:\/\/www.myallmeeting.com\/fr\/?s={search_term_string}"},"query-input":{"@type":"PropertyValueSpecification","valueRequired":true,"valueName":"search_term_string"}}],"inLanguage":"fr-FR"},{"@type":"Organization","@id":"https:\/\/www.myallmeeting.com\/fr\/#organization","name":"ACCOR","url":"https:\/\/www.myallmeeting.com\/fr\/","logo":{"@type":"ImageObject","inLanguage":"fr-FR","@id":"https:\/\/www.myallmeeting.com\/fr\/#\/schema\/logo\/image\/","url":"","contentUrl":"","caption":"ACCOR"},"image":{"@id":"https:\/\/www.myallmeeting.com\/fr\/#\/schema\/logo\/image\/"}}]}},"_links":{"self":[{"href":"https:\/\/www.myallmeeting.com\/fr\/wp-json\/wp\/v2\/pages\/15161112","targetHints":{"allow":["GET"]}}],"collection":[{"href":"https:\/\/www.myallmeeting.com\/fr\/wp-json\/wp\/v2\/pages"}],"about":[{"href":"https:\/\/www.myallmeeting.com\/fr\/wp-json\/wp\/v2\/types\/page"}],"author":[{"embeddable":true,"href":"https:\/\/www.myallmeeting.com\/fr\/wp-json\/wp\/v2\/users\/1"}],"replies":[{"embeddable":true,"href":"https:\/\/www.myallmeeting.com\/fr\/wp-json\/wp\/v2\/comments?post=15161112"}],"version-history":[{"count":0,"href":"https:\/\/www.myallmeeting.com\/fr\/wp-json\/wp\/v2\/pages\/15161112\/revisions"}],"wp:featuredmedia":[{"embeddable":true,"href":"https:\/\/www.myallmeeting.com\/fr\/wp-json\/wp\/v2\/media\/16039217"}],"wp:attachment":[{"href":"https:\/\/www.myallmeeting.com\/fr\/wp-json\/wp\/v2\/media?parent=15161112"}],"curies":[{"name":"wp","href":"https:\/\/api.w.org\/{rel}","templated":true}]}}