{"id":16040175,"date":"2024-07-08T00:07:24","date_gmt":"2024-07-07T22:07:24","guid":{"rendered":"https:\/\/myallmeeting.com\/congres\/"},"modified":"2024-07-18T19:27:11","modified_gmt":"2024-07-18T17:27:11","slug":"mi-conferencia","status":"publish","type":"page","link":"https:\/\/www.myallmeeting.com\/es\/mi-conferencia\/","title":{"rendered":"Mi conferencia"},"content":{"rendered":"<!-- START OF : Composant : block-periscope-theme-section-composant-30-texte-image-citation.php -->\n<div class=\"tic position-relative fs-wysiwyg pt-9 mb-5 mb-lg-22\" data-component=\"30-texte-image-citation\">\n\t<div class=\"container-fluid\" style=\"--bs-gutter-x: 0\">\n\t\t<div class=\"row\" style=\"--bs-gutter-x: 0\">\n\t\t\t<div class=\"col-lg-6 offset-lg-1\"> \n\t\t\t\t<div class=\"tic__top__img position-relative me-2 me-lg-0\">\n\t\t\t\t\t\t\t\t\t\t<img decoding=\"async\" src=\"https:\/\/www.myallmeeting.com\/wp-content\/uploads\/2024\/07\/5611-98-932x645.jpg\" alt=\"congr\u00e8s\nespace de conf\u00e9rence, grand auditorium\" width=\"932\" height=\"562\" loading=\"lazy\" class=\"w-100\" \/>\n\t\t\t\t\t\t\t\t\t\t<div class=\"position-absolute text-white z-1 text-center t-0 l-0 w-100 p-4 pt-lg-8 pe-lg-20\">\n\t\t\t\t\t\t\t\t\t\t\t\t<div class=\"fw-medium fs-14 fs-xl-18 ls-20 lh-xs text-uppercase\">Piensa tu congreso<\/div>\n\t\t\t\t\t\t\t\t\t\t\t\t\t\t\t\t\t\t<div class=\"unna fs-italic fs-32 fs-lg-46 fs-xl-60 ls-20 lh-1\">a lo grande<\/div>\n\t\t\t\t\t\t\t\t\t\t\t<\/div>\n\t\t\t\t<\/div>\n\t\t\t<\/div>\n\t\t\t<div class=\"col-lg-4\">\n\t\t\t\t<div class=\"tic__content position-relative bg-white pt-2 pb-0 px-2 py-lg-7 py-xl-9 px-lg-5 px-xl-10 pt-lg-9\">\n\t\t\t\t\t\t\t\t\t\t<div class=\"tic__surtitre position-lg-absolute t-0 l-0 mb-2 mx-lg-3 mt-lg-2 text-primary fw-semibold text-uppercase fs-10 fs-lg-12 fs-xl-18 lh-xs\">Espacios y servicios adaptados<\/div>\n\t\t\t\t\t\t\t\t\t\t\t\t\t\t\t<div class=\"tic__content__titre unna fs-32 fs-xl-60 text-primary lh-xs mb-2 mb-lg-3 mb-xl-5\">\u00bfEst\u00e1s organizando un congreso?<\/div>\n\t\t\t\t\t\t\t\t\t\t\t\t\t\t\t<div class=\"fs-lg-13 fs-xl-18 mb-4 mb-xl-7 lh-sm\"><p>\u00bfEst\u00e1s a cargo de buscar un lugar para organizar tu conferencia? No busque m\u00e1s, el grupo Accor pone a tu disposici\u00f3n sus expertos y su red de establecimientos repartidos por toda Francia y a nivel internacional.<\/p>\n<p>No importa el n\u00famero de participantes, las salas adecuadas que necesites, la duraci\u00f3n del evento, la ubicaci\u00f3n o la calidad del alojamiento\u2026 Nuestros expertos en Meetings &#038; Events <strong>te ayudar\u00e1n a encontrar la soluci\u00f3n m\u00e1s adecuada a tus necesidades.<\/strong><\/p>\n<\/div>\n\t\t\t\t\t\t\t\t\t\t\t\t\t\t<\/div>\n\t\t\t<\/div>\n\t\t<\/div>\n\t<\/div>\n\t<div class=\"tic__blank bg-white pt-8 pt-lg-0\">\t\t\n\t\t<div class=\"container-fluid\" style=\"--bs-gutter-x: 0\">\n\t\t\t<div class=\"row\" style=\"--bs-gutter-x: 0\">\n\t\t\t\t<div class=\"col-lg-6\">\n\t\t\t\t\t<div class=\"tic__bottom position-relative bg-primary text-secondary pt-4 pb-5\">\n\t\t\t\t\t\t<div class=\"d-flex gap-1 gap-md-4\">\n\t\t\t\t\t\t\t<div class=\"tic__bottom__imgs d-flex flex-shrink-0 align-items-center\">\n\t\t\t\t\t\t\t\t\t\t\t\t\t\t\t\t<img decoding=\"async\" src=\"https:\/\/www.myallmeeting.com\/wp-content\/uploads\/2024\/07\/Congres-temoignage-2.png\" class=\"tic__bottom__img tic__bottom__img--1 of-cover rounded-3 opacity-50\" alt=\"congr\u00e8s\" width=\"192\" height=\"346\" loading=\"lazy\" \/>\n\t\t\t\t\t\t\t\t\t\t\t\t\t\t\t\t\t\t\t\t\t\t\t\t<img decoding=\"async\" src=\"https:\/\/www.myallmeeting.com\/wp-content\/uploads\/2024\/07\/Congres-temoignage-1.png\" class=\"tic__bottom__img tic__bottom__img--2 of-cover rounded-3 z-1\" alt=\"congr\u00e8s\" width=\"192\" height=\"346\" loading=\"lazy\" \/>\n\t\t\t\t\t\t\t\t\t\t\t\t\t\t\t<\/div>\n\t\t\t\t\t\t\t<div class=\"tic__bottom__quote text-secondary lh-xs\">\n\t\t\t\t\t\t\t\t\t\t\t\t\t\t\t\t<div class=\"unna fs-18 fs-lg-19 fs-xl-30 mb-2 mb-xl-3\">\u00a1Un congreso memorable!<\/div>\n\t\t\t\t\t\t\t\t\t\t\t\t\t\t\t\t\t\t\t\t\t\t\t\t<div class=\"fs-12 fs-xl-18 fw-medium mb-xl-1\">Claire B.<\/div>\n\t\t\t\t\t\t\t\t\t\t\t\t\t\t\t\t\t\t\t\t\t\t\t\t<div class=\"fs-10 fs-lg-8 fs-xl-12 fw-lg-medium text-uppercase\">Responsable de eventos<\/div>\n\t\t\t\t\t\t\t\t\t\t\t\t\t\t\t<\/div>\n\t\t\t\t\t\t<\/div>\n\t\t\t\t\t\t\t\t\t\t\t<\/div>\n\t\t\t\t<\/div>\n\t\t\t<\/div>\n\t\t<\/div>\n\t<\/div>\n<\/div>\n<!-- END OF : Composant : block-periscope-theme-section-composant-30-texte-image-citation.php -->\n\n\n<!-- START OF : Composant : block-periscope-theme-section-composant-31-bloc-image-cta.php -->\n\t<div class=\"icta position-relative fs-wysiwyg icta--reverse\" data-component=\"31-bloc-image-cta\" data-reverse=\"oui\">\n\t\t<div class=\"container-fluid\">\n\t\t\t<div class=\"row\">\n\t\t\t\t<div class=\"col-lg-5 offset-lg-1 d-lg-flex\"> \n\t\t\t\t\t<div class=\"icta__content position-relative bg-white pt-2 pb-2 px-2 pb-lg-0 pt-lg-7 pt-xl-9 px-lg-7 px-xl-10 mt-lg-9 z-1\">\n\t\t\t\t\t\t\t\t\t\t\t\t\t\t\t\t\t\t<div class=\"unna fs-32 fs-lg-39 fs-xl-60 text-primary lh-xs mb-2 mb-xl-5\">\u00bfDe qu\u00e9 servicios puedo disfrutar? <\/div>\n\t\t\t\t\t\t\t\t\t\t\t\t\t\t\t\t\t\t\t<div class=\"fs-lg-15 fs-xl-18 lh-sm \"><p><span>Cualquiera que sea la soluci\u00f3n adoptada, <strong>tienes garantizados nuestros servicios<\/strong>, independientemente del n\u00famero de participantes presentes o la duraci\u00f3n del evento. En concreto tendr\u00e1s:<\/span><\/p>\n<ul>\n<li><span><\/span><strong>Sala de conferencias<\/strong>, que incluye sala para plenarias, sala de exposiciones y zonas de descanso;<\/li>\n<li><span><\/span><strong>Restaurantes<\/strong>, que incluyen refrigerios para los intermedios, almuerzo y provisi\u00f3n de botellas de agua mineral y caf\u00e9;<\/li>\n<li><span><\/span><strong>Apoyo audiovisual<\/strong>, que incluye proyector, pantalla y una sala de control;<\/li>\n<li><span><\/span>Otros servicios como <strong>wifi de alta velocidad<\/strong>, <strong>se\u00f1alizaci\u00f3n<\/strong> y un <strong>personal dedicado<\/strong> para la recepci\u00f3n y atenci\u00f3n de los participantes.<\/li>\n<\/ul>\n<p><span><\/span><\/p>\n<p><span>Los establecimientos Accor te ofrecen todas las claves para organizar con \u00e9xito tu evento en un solo lugar. De esta forma tendr\u00e1s:<\/span><\/p>\n<ul>\n<li><span><\/span><span>La <strong>elecci\u00f3n del lugar y del hotel<\/strong>;<\/span><\/li>\n<li><span><\/span><span><strong>Alojamiento de alta calidad<\/strong>, que cumplir\u00e1 con todas las necesidades de tu grupo;<\/span><\/li>\n<li><span><\/span><span><strong>Elecci\u00f3n de la sala<\/strong>, tanto de un auditorio para plenarias como salas m\u00e1s peque\u00f1as para reuniones por grupos. <\/span><\/li>\n<\/ul>\n<\/div>\n\t\t\t\t\t\t\t\t\t\t\t\t\t\t\t\t\t<\/div>\n\t\t\t\t<\/div>\n\t\t\t\t\t\t\t\t<div class=\"col-lg-5 order-first order-lg-last\">\n\t\t\t\t\t<div class=\"icta__top__img h-100 position-relative me-2 me-lg-0\">\n\t\t\t\t\t\t<img decoding=\"async\" src=\"https:\/\/www.myallmeeting.com\/wp-content\/uploads\/2024\/07\/7201-86-932x645.jpg\" alt=\"congr\u00e8s\nsalle de congr\u00e8s\" width=\"932\" height=\"562\" loading=\"lazy\" \/>\n\t\t\t\t\t\t<div class=\"position-absolute text-white z-1 text-center t-0 l-0 w-100 pt-4 pt-lg-8\">\n\t\t\t\t\t\t\t\t\t\t\t\t\t\t\t\t\t\t<\/div>\n\t\t\t\t\t<\/div>\n\t\t\t\t<\/div>\n\t\t\t\t\t\t\t<\/div>\n\t\t<\/div>\n\t<\/div>\n<!-- END OF : Composant : block-periscope-theme-section-composant-31-bloc-image-cta.php -->\n\n\n<!-- START OF : Composant : block-periscope-theme-section-composant-31-bloc-image-cta.php -->\n\t<div class=\"icta position-relative fs-wysiwyg\" data-component=\"31-bloc-image-cta\" data-reverse=\"non\">\n\t\t<div class=\"container-fluid\">\n\t\t\t<div class=\"row\">\n\t\t\t\t\t\t\t\t<div class=\"col-lg-6 offset-lg-1\"> \n\t\t\t\t\t<div class=\"icta__top__img h-100 position-relative me-2 me-lg-0\">\n\t\t\t\t\t\t<img decoding=\"async\" src=\"https:\/\/www.myallmeeting.com\/wp-content\/uploads\/2024\/07\/1921-30-932x645.jpg\" alt=\"congr\u00e8s\nsalle de congr\u00e8s avec lumi\u00e8re naturelle\" width=\"932\" height=\"562\" loading=\"lazy\" \/>\n\t\t\t\t\t\t<div class=\"position-absolute text-white z-1 text-center t-0 l-0 w-100 pt-4 pt-lg-8\">\n\t\t\t\t\t\t\t\t\t\t\t\t\t\t\t\t\t\t<\/div>\n\t\t\t\t\t<\/div>\n\t\t\t\t<\/div>\n\t\t\t\t\t\t\t\t<div class=\"col-lg-4 d-lg-flex\">\n\t\t\t\t\t<div class=\"icta__content position-relative bg-white pt-2 pb-2 px-2 pb-lg-0 pt-lg-7 pt-xl-9 px-lg-7 px-xl-10 mt-lg-9\">\n\t\t\t\t\t\t\t\t\t\t\t\t\t\t\t\t\t\t<div class=\"unna fs-32 fs-lg-39 fs-xl-60 text-primary lh-xs mb-2 mb-xl-5\">\u00bfD\u00f3nde puedo organizar mi congreso?<\/div>\n\t\t\t\t\t\t\t\t\t\t\t\t\t\t\t\t\t\t<div class=\"fs-lg-15 fs-xl-18 lh-sm \"><p><span>Ponemos a tu disposici\u00f3n una red de <strong>310 hoteles para conferencias<\/strong>:<\/span><\/p>\n<ul>\n<li><span><\/span><strong>Distribuidos en Francia y a nivel internacional<\/strong> (Barcelona, Berl\u00edn, Londres\u2026);<\/li>\n<li><span><\/span><strong>Con transporte f\u00e1cilmente accesible y cerca de atractivos centros<\/strong> (Par\u00eds-Porte-de-Versailles, Par\u00eds-Villepinte\u2026);<\/li>\n<li><span><\/span><strong>Con capacidad para m\u00e1s de 250 personas<\/strong>;<\/li>\n<li><span><\/span><strong>Que incluyen todos los servicios y tecnolog\u00edas necesarios<\/strong> para garantizar la calidad y el \u00e9xito de tu conferencia.<\/li>\n<\/ul>\n<p>&nbsp;<\/p>\n<p><em>(im\u00e1genes: <a href=\"https:\/\/myallmeeting.com\/es\/hotel\/b4s4-swissotel-kursaal-berne\/\" target=\"_blank\" rel=\"noopener\">Swiss\u00f4tel Kursaal Bern &#8211; Suisse<\/a>, <a href=\"https:\/\/myallmeeting.com\/es\/hotel\/0511-novotel-budapest-city\/\" target=\"_blank\" rel=\"noopener\">Novotel Budapest City &#8211; Hongrie<\/a>, <a href=\"https:\/\/myallmeeting.com\/es\/hotel\/0737-novotel-london-west\/\" target=\"_blank\" rel=\"noopener\">Novotel London West &#8211; Londres &#8211; Royaume Uni<\/a>, <a href=\"https:\/\/myallmeeting.com\/es\/hotel\/1742-atria-novotel-belfort-centre\/\" target=\"_blank\" rel=\"noopener\">Novotel Belfort Centre Atria &#8211; France<\/a>)<\/em><\/p>\n<\/div>\n\t\t\t\t\t\t\t\t\t\t\t\t\t\t\t\t\t<\/div>\n\t\t\t\t<\/div>\n\t\t\t<\/div>\n\t\t<\/div>\n\t<\/div>\n<!-- END OF : Composant : block-periscope-theme-section-composant-31-bloc-image-cta.php -->\n\n\n<!-- START OF : Composant : block-periscope-theme-section-composant-31-bloc-image-cta.php -->\n\t<div class=\"icta position-relative fs-wysiwyg icta--reverse\" data-component=\"31-bloc-image-cta\" data-reverse=\"oui\">\n\t\t<div class=\"container-fluid\">\n\t\t\t<div class=\"row\">\n\t\t\t\t<div class=\"col-lg-5 offset-lg-1 d-lg-flex\"> \n\t\t\t\t\t<div class=\"icta__content position-relative bg-white pt-2 pb-2 px-2 pb-lg-0 pt-lg-7 pt-xl-9 px-lg-7 px-xl-10 mt-lg-9 z-1\">\n\t\t\t\t\t\t\t\t\t\t\t\t\t\t\t\t\t\t<div class=\"unna fs-32 fs-lg-39 fs-xl-60 text-primary lh-xs mb-2 mb-xl-5\">\u00bfC\u00f3mo me apoyar\u00e1n para la organizaci\u00f3n de mi conferencia? <\/div>\n\t\t\t\t\t\t\t\t\t\t\t\t\t\t\t\t\t\t\t<div class=\"fs-lg-15 fs-xl-18 lh-sm \"><p><strong><span>Accor te apoyar\u00e1 de principio al fin en tu proyecto<\/span><\/strong><span>. Nuestros equipos no solo te escoger\u00e1n la mejor opci\u00f3n en t\u00e9rminos del establecimiento; sino que estar\u00e1n presentes d\u00eda a d\u00eda para ayudarte a utilizar las herramientas tecnol\u00f3gicas que necesites. <\/span><\/p>\n<p><span>Tambi\u00e9n te asesorar\u00e1n para preparar tu <strong>solicitud de permisos<\/strong> ante las oficinas de convenciones y las autoridades locales.<\/span><\/p>\n<p><span>\u00bfEres responsable de una conferencia? Nuestro sistema <em>Success in Congress<\/em> fue dise\u00f1ado para <strong>responder precisamente a las necesidades de todos los que participan en la organizaci\u00f3n de una conferencia<\/strong>. Nuestros equipos trabajar\u00e1n en conjunto con las oficinas de convenciones para que te <strong>beneficies de los servicios de nuestros mejores socios locales<\/strong>. <\/span><\/p>\n<\/div>\n\t\t\t\t\t\t\t\t\t\t\t\t\t\t\t\t\t<\/div>\n\t\t\t\t<\/div>\n\t\t\t\t\t\t\t\t<div class=\"col-lg-5 order-first order-lg-last\">\n\t\t\t\t\t<div class=\"icta__top__img h-100 position-relative me-2 me-lg-0\">\n\t\t\t\t\t\t<img decoding=\"async\" src=\"https:\/\/www.myallmeeting.com\/wp-content\/uploads\/2024\/07\/3097-04-932x645.jpg\" alt=\"congr\u00e8s\nsalle de congr\u00e8s\nauditorium\" width=\"932\" height=\"562\" loading=\"lazy\" \/>\n\t\t\t\t\t\t<div class=\"position-absolute text-white z-1 text-center t-0 l-0 w-100 pt-4 pt-lg-8\">\n\t\t\t\t\t\t\t\t\t\t\t\t\t\t\t\t\t\t<\/div>\n\t\t\t\t\t<\/div>\n\t\t\t\t<\/div>\n\t\t\t\t\t\t\t<\/div>\n\t\t<\/div>\n\t<\/div>\n<!-- END OF : Composant : block-periscope-theme-section-composant-31-bloc-image-cta.php -->\n\n\n<!-- START OF : Composant : block-periscope-theme-section-composant-05-moteur.php -->\n\n\n<input type=\"hidden\" id=\"search-engine.search_url\" value=\"https:\/\/www.myallmeeting.com\/es\/su-proyecto\/#search-engine\" \/>\n<input type=\"hidden\" id=\"search-engine.anchor\" value=\"search-engine\" \/>\n<input type=\"hidden\" id=\"search-engine.gmaps_token\" value=\"AIzaSyDB40FZ7x-OURCjwxt35ll3WogU24K_hyE\" \/>\n<input type=\"hidden\" id=\"search-engine.language_code\" value=\"es,en\" \/>\n<input type=\"hidden\" id=\"search-engine.language_code_2\" value=\"es\" \/>\n<input type=\"hidden\" id=\"search-engine.filter_ids\" value=\"B0L8,B0M9,B2Q7,B2L8,B385,B4A1,B2R0,B2J3,B4C3,B2Q4,B2C6,B2C7,B2U6,B3F9,B1R3,B4T0,B636,B7M3,B4T2,B5E7,B895,B1Z1,B825,B2R8,B2R9,B816,B3F7,B660,B6A5,B7Q1,B7H3,B5L3,B5K2,B773,B8H6,B940,B6T3,B9S9,B2Q8,B8Z2,B6E2,B6E3,C096,B9R3,B4S4,B919,B542,B364,B6A9,B147,B8Q6,C1N1,B9T8,C284,C1E1,C0V5,C033,C030,B9U8,2192,9703,B637,B3X8,B0N4,B0X1,B146,B480,B4U5,B4Y6,B537,B538,B539,B540,B541,7431,8565,5425,B9Q4,B870,B814,B9E9,B857,B9E8,C0W3,0450,0449,A598,7325,1103,1546,1227,7014,A011,1230,0652,1055,0341,1098,0802,1099,0873,7236,1810,1187,5712,0869,1190,1622,1951,7386,1623,7286,1621,1508,7385,A5D1,B4I2,B4I4,8894,8954,8996,8999,9057,9131,9227,9298,9299,9347,9389,9547,9617,9619,9627,9663,9834,A073,A8M4,7332,7341,7830,7935,8017,8018,8089,8159,8321,8325,8327,8329,8331,8334,8335,8336,8342,8343,8344,8350,8353,8468,8516,5413,5396,5555,5558,5560,5562,5563,6351,6443,6515,6734,7060,3405,3408,3417,5141,3458,5282,5309,3667,5347,5366,5374,5379,3383,3385,3390,3393,C0F8,C0I0,B8W6,1540,2967,6599,3303,3306,3307,A219,3374,3375,0527,3346,3376,3347,3377,3378,2783,2906,2922,2924,2996,3167,3172,3210,3269,0771,2189,1743,0959,3724,2004,2109,2126,7427,8189,A0D3,A5D5,A5I1,A8Q1,A4C2,B1F0,A5T2,0711,0663,8612,A038,9375,A086,1169,1282,1742,1357,7575,A1B9,8988,8582,8474,0728,3740,9887,1193,2944,2748,0397,3450,8717,8951,0408,7974,9907,0349,0654,9012,0399,0434,8957,1986,2738,9084,0368,0400,0445,B1E1,7019,1560,5681,0952,1978,9920,1430,1212,5546,A593,1213,0348,2095,1217,2945,8011,0453,7076,0644,1537,1952,1675,0350,0668,9922,9593,5921,A9E9,B4I1,A7Z0,6813,A1F1,B971,1113,0530,0371,0542,5275,B8S1,C0F7,0747,0387,3546,1075,1571,0432,0390,1735,0392,1168,7383,1834,4987,3013,0587,0386,0906,1549,0380,0443,0669,0428,1294,0935,6306,0785,1609,1300,1596,7229,0389,1177,0985,5418,5650,0427,0383,1302,0385,0394,2182,0736,0994,0911,0395,0431,0444,0965,1624,0384,1175,0413,1536,0436,0403,2217,8816,0577,6188,0581,1269,1273,1037,1245,0363,0549,1298,1788,1160,1985,3225,1982,1122,2773,8817,1131,2175,1249,1572,0370,1585,0369,2904,9800,3004,2057,3448,1263,1132,3043,1233,1544,1148,9319\" \/>\n<input type=\"hidden\" id=\"search-engine.display_mode\" value=\"pre-filtered\" \/>\n\n<input type=\"hidden\" id=\"search-engine.aid\" value=\"\" \/>\n<input type=\"hidden\" id=\"search-engine.address\" value=\"\" \/>\n<input type=\"hidden\" id=\"search-engine.distance\" value=\"\" \/>\n<input type=\"hidden\" id=\"search-engine.nb_persons\" value=\"\" \/>\n<input type=\"hidden\" id=\"search-engine.nb_meeting\" value=\"\" \/>\n<input type=\"hidden\" id=\"search-engine.nb_rooms\" value=\"\" \/>\n<input type=\"hidden\" id=\"search-engine.date\" value=\"\" \/>\n<input type=\"hidden\" id=\"search-engine.duration\" value=\"\" \/>\n\n<div id=\"search\" class=\"eventsearch\" data-component=\"05-moteur-recherche-event\">\n\t<div class=\"container\">\n\t\t<div class=\"row\">\n\t\t\t<div class=\"px-0 ms-auto me-auto\" style=\"max-width:1546px\">\n\t\t\t\t<div class=\"bg-primary mb-2 rounded-5 py-2 px-3 pt-lg-3 pb-lg-2 px-lg-4\">\n\t\t\t\t\t<div id=\"search-engine\" class =\"pre-filtered\"><\/div>\n\t\t\t\t<\/div>\n\t\t\t<\/div>\n\t\t<\/div>\n\t<\/div>\n<\/div>\n<!--<div>PHP processing Time: 0.063679933547974<\/div>!-->\n<!-- END OF : Composant : block-periscope-theme-section-composant-05-moteur.php -->\n\n\n<!-- START OF : Composant : block-periscope-theme-section-composant-14-carte-resultats.php -->\n<input type=\"hidden\" id=\"map.data-map-key\" value=\"AIzaSyDB40FZ7x-OURCjwxt35ll3WogU24K_hyE\">\n<input type=\"hidden\" id=\"map.data-map-language\" value=\"es,en\">\n<div id=\"search-map-results\" data-load-mode=\"synchronous\"><\/div>\n<div class=\"modal fade\" id=\"hotel-popin\">\n\t<div class=\"modal-dialog\">\n\t\t<div class=\"modal-inner\">\n\t\t\t<div class=\"modal-header\">\n\t\t\t\t<button type=\"button\" class=\"close\" data-bs-dismiss=\"modal\">\n\t\t\t\t\t<svg width=\"16\" height=\"16\" aria-hidden=\"true\">\n\t\t\t\t\t\t<use xlink:href=\"https:\/\/www.myallmeeting.com\/wp-content\/themes\/accor\/assets\/images\/sprite.svg#btn-close-white\"><\/use>\n\t\t\t\t\t<\/svg>\n\t\t\t\t\t<span>Fermer<\/span>\n\t\t\t\t<\/button>\n\t\t\t<\/div>\n\t\t\t<div class=\"modal-body\"><\/div>\n\t\t<\/div>\n\t<\/div>\n<\/div>\n<!-- END OF : Composant : block-periscope-theme-section-composant-14-carte-resultats.php -->\n","protected":false},"excerpt":{"rendered":"<p>Los equipos de Accor te ofrecer\u00e1n una gama completa de soluciones para organizar la conferencia m\u00e1s exitosa.<\/p>\n","protected":false},"author":24,"featured_media":16021789,"parent":0,"menu_order":0,"comment_status":"closed","ping_status":"closed","template":"","meta":{"_acf_changed":true,"footnotes":""},"class_list":["post-16040175","page","type-page","status-publish","has-post-thumbnail","hentry"],"acf":[],"yoast_head":"<title>Mi conferencia - Accor MyAllMeeting.com<\/title>\n<meta name=\"description\" content=\"Planifiez votre prochain congr\u00e8s et d\u00e9couvrez nos espaces exceptionnels. Profitez de l&#039;expertise d&#039;Accor pour un \u00e9v\u00e9nement r\u00e9ussi, dot\u00e9 d&#039;installations modernes et accessibles.\" \/>\n<meta name=\"robots\" content=\"index, follow, max-snippet:-1, max-image-preview:large, max-video-preview:-1\" \/>\n<link rel=\"canonical\" href=\"https:\/\/www.myallmeeting.com\/es\/wp-json\/wp\/v2\/pages\/16040175\" \/>\n<meta property=\"og:locale\" content=\"fr_FR\" \/>\n<meta property=\"og:type\" content=\"article\" \/>\n<meta property=\"og:title\" content=\"Mi conferencia - Accor MyAllMeeting.com\" \/>\n<meta property=\"og:description\" content=\"Planifiez votre prochain congr\u00e8s et d\u00e9couvrez nos espaces exceptionnels. Profitez de l&#039;expertise d&#039;Accor pour un \u00e9v\u00e9nement r\u00e9ussi, dot\u00e9 d&#039;installations modernes et accessibles.\" \/>\n<meta property=\"og:url\" content=\"https:\/\/www.myallmeeting.com\/es\/mi-conferencia\/\" \/>\n<meta property=\"og:site_name\" content=\"Accor MyAllMeeting.com\" \/>\n<meta property=\"article:modified_time\" content=\"2024-07-18T17:27:11+00:00\" \/>\n<meta property=\"og:image\" content=\"https:\/\/myallmeeting.com\/wp-content\/uploads\/2024\/07\/5607-72.jpg\" \/>\n\t<meta property=\"og:image:width\" content=\"2048\" \/>\n\t<meta property=\"og:image:height\" content=\"914\" \/>\n\t<meta property=\"og:image:type\" content=\"image\/jpeg\" \/>\n<meta name=\"twitter:card\" content=\"summary_large_image\" \/>\n<meta name=\"twitter:label1\" content=\"Dur\u00e9e de lecture estim\u00e9e\" \/>\n\t<meta name=\"twitter:data1\" content=\"4 minutes\" \/>\n<script type=\"application\/ld+json\" class=\"yoast-schema-graph\">{\"@context\":\"https:\/\/schema.org\",\"@graph\":[{\"@type\":\"WebPage\",\"@id\":\"https:\/\/www.myallmeeting.com\/es\/mi-conferencia\/\",\"url\":\"https:\/\/www.myallmeeting.com\/es\/mi-conferencia\/\",\"name\":\"Mi conferencia - Accor MyAllMeeting.com\",\"isPartOf\":{\"@id\":\"https:\/\/www.myallmeeting.com\/fr\/#website\"},\"primaryImageOfPage\":{\"@id\":\"https:\/\/www.myallmeeting.com\/es\/mi-conferencia\/#primaryimage\"},\"image\":{\"@id\":\"https:\/\/www.myallmeeting.com\/es\/mi-conferencia\/#primaryimage\"},\"thumbnailUrl\":\"https:\/\/www.myallmeeting.com\/wp-content\/uploads\/2024\/07\/5607-72.jpg\",\"datePublished\":\"2024-07-07T22:07:24+00:00\",\"dateModified\":\"2024-07-18T17:27:11+00:00\",\"description\":\"Planifiez votre prochain congr\u00e8s et d\u00e9couvrez nos espaces exceptionnels. Profitez de l'expertise d'Accor pour un \u00e9v\u00e9nement r\u00e9ussi, dot\u00e9 d'installations modernes et accessibles.\",\"breadcrumb\":{\"@id\":\"https:\/\/www.myallmeeting.com\/es\/mi-conferencia\/#breadcrumb\"},\"inLanguage\":\"fr-FR\",\"potentialAction\":[{\"@type\":\"ReadAction\",\"target\":[\"https:\/\/www.myallmeeting.com\/es\/mi-conferencia\/\"]}]},{\"@type\":\"ImageObject\",\"inLanguage\":\"fr-FR\",\"@id\":\"https:\/\/www.myallmeeting.com\/es\/mi-conferencia\/#primaryimage\",\"url\":\"https:\/\/www.myallmeeting.com\/wp-content\/uploads\/2024\/07\/5607-72.jpg\",\"contentUrl\":\"https:\/\/www.myallmeeting.com\/wp-content\/uploads\/2024\/07\/5607-72.jpg\",\"width\":2048,\"height\":914,\"caption\":\"congr\u00e8s grand auditorium et espace de conf\u00e9rence\"},{\"@type\":\"BreadcrumbList\",\"@id\":\"https:\/\/www.myallmeeting.com\/es\/mi-conferencia\/#breadcrumb\",\"itemListElement\":[{\"@type\":\"ListItem\",\"position\":1,\"name\":\"Accueil\",\"item\":\"https:\/\/myallmeeting.com\/fr\/\"},{\"@type\":\"ListItem\",\"position\":2,\"name\":\"Mi conferencia\"}]},{\"@type\":\"WebSite\",\"@id\":\"https:\/\/www.myallmeeting.com\/fr\/#website\",\"url\":\"https:\/\/www.myallmeeting.com\/fr\/\",\"name\":\"Accor MyAllMeeting.com\",\"description\":\"Les Meilleurs lieux pour vos Ev\u00e9nements Professionnels\",\"publisher\":{\"@id\":\"https:\/\/www.myallmeeting.com\/fr\/#organization\"},\"potentialAction\":[{\"@type\":\"SearchAction\",\"target\":{\"@type\":\"EntryPoint\",\"urlTemplate\":\"https:\/\/www.myallmeeting.com\/fr\/?s={search_term_string}\"},\"query-input\":{\"@type\":\"PropertyValueSpecification\",\"valueRequired\":true,\"valueName\":\"search_term_string\"}}],\"inLanguage\":\"fr-FR\"},{\"@type\":\"Organization\",\"@id\":\"https:\/\/www.myallmeeting.com\/fr\/#organization\",\"name\":\"ACCOR\",\"url\":\"https:\/\/www.myallmeeting.com\/fr\/\",\"logo\":{\"@type\":\"ImageObject\",\"inLanguage\":\"fr-FR\",\"@id\":\"https:\/\/www.myallmeeting.com\/fr\/#\/schema\/logo\/image\/\",\"url\":\"\",\"contentUrl\":\"\",\"caption\":\"ACCOR\"},\"image\":{\"@id\":\"https:\/\/www.myallmeeting.com\/fr\/#\/schema\/logo\/image\/\"}}]}<\/script>","yoast_head_json":{"title":"Mi conferencia - Accor MyAllMeeting.com","description":"Planifiez votre prochain congr\u00e8s et d\u00e9couvrez nos espaces exceptionnels. Profitez de l'expertise d'Accor pour un \u00e9v\u00e9nement r\u00e9ussi, dot\u00e9 d'installations modernes et accessibles.","robots":{"index":"index","follow":"follow","max-snippet":"max-snippet:-1","max-image-preview":"max-image-preview:large","max-video-preview":"max-video-preview:-1"},"canonical":"https:\/\/www.myallmeeting.com\/es\/wp-json\/wp\/v2\/pages\/16040175","og_locale":"fr_FR","og_type":"article","og_title":"Mi conferencia - Accor MyAllMeeting.com","og_description":"Planifiez votre prochain congr\u00e8s et d\u00e9couvrez nos espaces exceptionnels. Profitez de l'expertise d'Accor pour un \u00e9v\u00e9nement r\u00e9ussi, dot\u00e9 d'installations modernes et accessibles.","og_url":"https:\/\/www.myallmeeting.com\/es\/mi-conferencia\/","og_site_name":"Accor MyAllMeeting.com","article_modified_time":"2024-07-18T17:27:11+00:00","og_image":[{"width":2048,"height":914,"url":"https:\/\/myallmeeting.com\/wp-content\/uploads\/2024\/07\/5607-72.jpg","type":"image\/jpeg"}],"twitter_card":"summary_large_image","twitter_misc":{"Dur\u00e9e de lecture estim\u00e9e":"4 minutes"},"schema":{"@context":"https:\/\/schema.org","@graph":[{"@type":"WebPage","@id":"https:\/\/www.myallmeeting.com\/es\/mi-conferencia\/","url":"https:\/\/www.myallmeeting.com\/es\/mi-conferencia\/","name":"Mi conferencia - Accor MyAllMeeting.com","isPartOf":{"@id":"https:\/\/www.myallmeeting.com\/fr\/#website"},"primaryImageOfPage":{"@id":"https:\/\/www.myallmeeting.com\/es\/mi-conferencia\/#primaryimage"},"image":{"@id":"https:\/\/www.myallmeeting.com\/es\/mi-conferencia\/#primaryimage"},"thumbnailUrl":"https:\/\/www.myallmeeting.com\/wp-content\/uploads\/2024\/07\/5607-72.jpg","datePublished":"2024-07-07T22:07:24+00:00","dateModified":"2024-07-18T17:27:11+00:00","description":"Planifiez votre prochain congr\u00e8s et d\u00e9couvrez nos espaces exceptionnels. Profitez de l'expertise d'Accor pour un \u00e9v\u00e9nement r\u00e9ussi, dot\u00e9 d'installations modernes et accessibles.","breadcrumb":{"@id":"https:\/\/www.myallmeeting.com\/es\/mi-conferencia\/#breadcrumb"},"inLanguage":"fr-FR","potentialAction":[{"@type":"ReadAction","target":["https:\/\/www.myallmeeting.com\/es\/mi-conferencia\/"]}]},{"@type":"ImageObject","inLanguage":"fr-FR","@id":"https:\/\/www.myallmeeting.com\/es\/mi-conferencia\/#primaryimage","url":"https:\/\/www.myallmeeting.com\/wp-content\/uploads\/2024\/07\/5607-72.jpg","contentUrl":"https:\/\/www.myallmeeting.com\/wp-content\/uploads\/2024\/07\/5607-72.jpg","width":2048,"height":914,"caption":"congr\u00e8s grand auditorium et espace de conf\u00e9rence"},{"@type":"BreadcrumbList","@id":"https:\/\/www.myallmeeting.com\/es\/mi-conferencia\/#breadcrumb","itemListElement":[{"@type":"ListItem","position":1,"name":"Accueil","item":"https:\/\/myallmeeting.com\/fr\/"},{"@type":"ListItem","position":2,"name":"Mi conferencia"}]},{"@type":"WebSite","@id":"https:\/\/www.myallmeeting.com\/fr\/#website","url":"https:\/\/www.myallmeeting.com\/fr\/","name":"Accor MyAllMeeting.com","description":"Les Meilleurs lieux pour vos Ev\u00e9nements Professionnels","publisher":{"@id":"https:\/\/www.myallmeeting.com\/fr\/#organization"},"potentialAction":[{"@type":"SearchAction","target":{"@type":"EntryPoint","urlTemplate":"https:\/\/www.myallmeeting.com\/fr\/?s={search_term_string}"},"query-input":{"@type":"PropertyValueSpecification","valueRequired":true,"valueName":"search_term_string"}}],"inLanguage":"fr-FR"},{"@type":"Organization","@id":"https:\/\/www.myallmeeting.com\/fr\/#organization","name":"ACCOR","url":"https:\/\/www.myallmeeting.com\/fr\/","logo":{"@type":"ImageObject","inLanguage":"fr-FR","@id":"https:\/\/www.myallmeeting.com\/fr\/#\/schema\/logo\/image\/","url":"","contentUrl":"","caption":"ACCOR"},"image":{"@id":"https:\/\/www.myallmeeting.com\/fr\/#\/schema\/logo\/image\/"}}]}},"_links":{"self":[{"href":"https:\/\/www.myallmeeting.com\/fr\/wp-json\/wp\/v2\/pages\/16040175","targetHints":{"allow":["GET"]}}],"collection":[{"href":"https:\/\/www.myallmeeting.com\/fr\/wp-json\/wp\/v2\/pages"}],"about":[{"href":"https:\/\/www.myallmeeting.com\/fr\/wp-json\/wp\/v2\/types\/page"}],"author":[{"embeddable":true,"href":"https:\/\/www.myallmeeting.com\/fr\/wp-json\/wp\/v2\/users\/24"}],"replies":[{"embeddable":true,"href":"https:\/\/www.myallmeeting.com\/fr\/wp-json\/wp\/v2\/comments?post=16040175"}],"version-history":[{"count":0,"href":"https:\/\/www.myallmeeting.com\/fr\/wp-json\/wp\/v2\/pages\/16040175\/revisions"}],"wp:featuredmedia":[{"embeddable":true,"href":"https:\/\/www.myallmeeting.com\/fr\/wp-json\/wp\/v2\/media\/16021789"}],"wp:attachment":[{"href":"https:\/\/www.myallmeeting.com\/fr\/wp-json\/wp\/v2\/media?parent=16040175"}],"curies":[{"name":"wp","href":"https:\/\/api.w.org\/{rel}","templated":true}]}}